


{"id":8694,"date":"2019-05-09T08:33:35","date_gmt":"2019-05-09T08:33:35","guid":{"rendered":"https:\/\/euprevent.eu\/?page_id=8694"},"modified":"2022-02-02T15:51:19","modified_gmt":"2022-02-02T14:51:19","slug":"publicaties","status":"publish","type":"page","link":"https:\/\/euprevent.eu\/nl\/producten\/publicaties\/","title":{"rendered":"Publicaties"},"content":{"rendered":"<section class=\"wpb-content-wrapper\"><p>[vc_row][vc_column][vc_column_text]        <div id=\"eye-all-publications\" data-filter-programms=\"all\">\n            <div class=\"clearfix\"><\/div>\n\n            <div class=\"row mb-10\" style=\"padding-left: 15px; padding-right: 15px\">\n                <div class=\"col-12\">\n                    <div class=\"dropdown pull-right\" id=\"programmFilter\">\n                        <button class=\"btn btn-default dropdown-toggle\" type=\"button\" id=\"programmFilterMenu\"\n                                data-toggle=\"dropdown\" aria-haspopup=\"true\" aria-expanded=\"true\">\n                            Alle                            <span class=\"caret\"><\/span>\n                        <\/button>\n                        <ul class=\"dropdown-menu filters-menu\" aria-labelledby=\"programmFilterMenu\">\n                            <li><a href=\"javascript:void(0);\" type=\"button\" class=\"active\"\n                                   data-filter-programm-value=\"all\">\n                                    Alle                                <\/a><\/li>\n                                                            <li>\n\n                                    <a href=\"javascript:void(0);\" type=\"button\"\n                                       data-filter-programm-value=\"addiction\">\n                                        <span> Addiction<\/span>\n                                        <span class=\"pull-right programme-indicator\"\n                                              style=\"background-color:#ff7f2f\">&nbsp;<\/span>\n                                    <\/a>\n                                <\/li>\n                                                                <li>\n\n                                    <a href=\"javascript:void(0);\" type=\"button\"\n                                       data-filter-programm-value=\"crossing-programmes\">\n                                        <span> Crossing Programmes<\/span>\n                                        <span class=\"pull-right programme-indicator\"\n                                              style=\"background-color:#282562\">&nbsp;<\/span>\n                                    <\/a>\n                                <\/li>\n                                                                <li>\n\n                                    <a href=\"javascript:void(0);\" type=\"button\"\n                                       data-filter-programm-value=\"environmental-health\">\n                                        <span> Environmental Health<\/span>\n                                        <span class=\"pull-right programme-indicator\"\n                                              style=\"background-color:#72d54a\">&nbsp;<\/span>\n                                    <\/a>\n                                <\/li>\n                                                                <li>\n\n                                    <a href=\"javascript:void(0);\" type=\"button\"\n                                       data-filter-programm-value=\"infectious-diseases\">\n                                        <span> Infectious Diseases<\/span>\n                                        <span class=\"pull-right programme-indicator\"\n                                              style=\"background-color:#ffb819\">&nbsp;<\/span>\n                                    <\/a>\n                                <\/li>\n                                                                <li>\n\n                                    <a href=\"javascript:void(0);\" type=\"button\"\n                                       data-filter-programm-value=\"mental-health\">\n                                        <span> Mental Health<\/span>\n                                        <span class=\"pull-right programme-indicator\"\n                                              style=\"background-color:#e4457d\">&nbsp;<\/span>\n                                    <\/a>\n                                <\/li>\n                                                                <li>\n\n                                    <a href=\"javascript:void(0);\" type=\"button\"\n                                       data-filter-programm-value=\"overweight\">\n                                        <span> Overweight<\/span>\n                                        <span class=\"pull-right programme-indicator\"\n                                              style=\"background-color:#3b5cad\">&nbsp;<\/span>\n                                    <\/a>\n                                <\/li>\n                                                                <li>\n\n                                    <a href=\"javascript:void(0);\" type=\"button\"\n                                       data-filter-programm-value=\"patient-empowerment\">\n                                        <span> Patient Empowerment<\/span>\n                                        <span class=\"pull-right programme-indicator\"\n                                              style=\"background-color:#26cad3\">&nbsp;<\/span>\n                                    <\/a>\n                                <\/li>\n                                                        <\/ul>\n\n                    <\/div>\n                    <h2>Publicaties<\/h2>\n                <\/div>\n            <\/div>\n            <div class=\"clearfix\"><\/div>\n\n            <ul id=\"all-list-publications\" class=\"list-publications list-publications-month list-group\">\n                                    <li class=\"list-group-item infectious-diseases \">\n                        <a href=\"https:\/\/euprevent.eu\/wp-content\/uploads\/2024\/11\/Factsheet-GRENSIMPACT_DE.pdf\" target=\"_blank\">\n                            <div class=\"row vcenter\">\n                                <div class=\"col-img col-xs-1 text-center\"><img decoding=\"async\"\n                                            src=\"https:\/\/euprevent.eu\/wp-content\/uploads\/2024\/11\/factsheet-GRENSimpact.png\"\/>\n                                <\/div>\n                                <div class=\"col-xs-8\">\n                                    <div class=\"publication-title\">Factsheet GRENSimpact DE<\/div>\n                                <\/div>\n                                <div class=\"col-xs-2 align-programm-indicator\">\n                                                                                <span class=\"programme-indicator \"\n                                                  style=\"background-color:#ffb819\">&nbsp;<\/span>\n                                                                            <\/div>\n                                <div class=\"col-xs-1\">\n                                                                            <span class=\"label label-light\"><i\n                                                    class=\"fa fa-download\"><\/i><\/span>\n                                                                        <\/div>\n                            <\/div>\n                        <\/a>\n                    <\/li>\n                                        <li class=\"list-group-item infectious-diseases \">\n                        <a href=\"https:\/\/euprevent.eu\/wp-content\/uploads\/2024\/11\/Factsheet-GRENSIMPACT_FR.pdf\" target=\"_blank\">\n                            <div class=\"row vcenter\">\n                                <div class=\"col-img col-xs-1 text-center\"><img decoding=\"async\"\n                                            src=\"https:\/\/euprevent.eu\/wp-content\/uploads\/2024\/11\/factsheet-GRENSimpact.png\"\/>\n                                <\/div>\n                                <div class=\"col-xs-8\">\n                                    <div class=\"publication-title\">Factsheet GRENSimpact FR<\/div>\n                                <\/div>\n                                <div class=\"col-xs-2 align-programm-indicator\">\n                                                                                <span class=\"programme-indicator \"\n                                                  style=\"background-color:#ffb819\">&nbsp;<\/span>\n                                                                            <\/div>\n                                <div class=\"col-xs-1\">\n                                                                            <span class=\"label label-light\"><i\n                                                    class=\"fa fa-download\"><\/i><\/span>\n                                                                        <\/div>\n                            <\/div>\n                        <\/a>\n                    <\/li>\n                                        <li class=\"list-group-item infectious-diseases \">\n                        <a href=\"https:\/\/euprevent.eu\/wp-content\/uploads\/2024\/11\/Factsheet-GRENSIMPACT_NL.pdf\" target=\"_blank\">\n                            <div class=\"row vcenter\">\n                                <div class=\"col-img col-xs-1 text-center\"><img decoding=\"async\"\n                                            src=\"https:\/\/euprevent.eu\/wp-content\/uploads\/2024\/11\/factsheet-GRENSimpact.png\"\/>\n                                <\/div>\n                                <div class=\"col-xs-8\">\n                                    <div class=\"publication-title\">Factsheet GRENSimpact NL<\/div>\n                                <\/div>\n                                <div class=\"col-xs-2 align-programm-indicator\">\n                                                                                <span class=\"programme-indicator \"\n                                                  style=\"background-color:#ffb819\">&nbsp;<\/span>\n                                                                            <\/div>\n                                <div class=\"col-xs-1\">\n                                                                            <span class=\"label label-light\"><i\n                                                    class=\"fa fa-download\"><\/i><\/span>\n                                                                        <\/div>\n                            <\/div>\n                        <\/a>\n                    <\/li>\n                                        <li class=\"list-group-item infectious-diseases \">\n                        <a href=\"https:\/\/euprevent.eu\/wp-content\/uploads\/2024\/11\/Factsheet-GRENSIMPACT_EN.pdf\" target=\"_blank\">\n                            <div class=\"row vcenter\">\n                                <div class=\"col-img col-xs-1 text-center\"><img decoding=\"async\"\n                                            src=\"https:\/\/euprevent.eu\/wp-content\/uploads\/2024\/11\/factsheet-GRENSimpact.png\"\/>\n                                <\/div>\n                                <div class=\"col-xs-8\">\n                                    <div class=\"publication-title\">Factsheet GRENSimpact EN<\/div>\n                                <\/div>\n                                <div class=\"col-xs-2 align-programm-indicator\">\n                                                                                <span class=\"programme-indicator \"\n                                                  style=\"background-color:#ffb819\">&nbsp;<\/span>\n                                                                            <\/div>\n                                <div class=\"col-xs-1\">\n                                                                            <span class=\"label label-light\"><i\n                                                    class=\"fa fa-download\"><\/i><\/span>\n                                                                        <\/div>\n                            <\/div>\n                        <\/a>\n                    <\/li>\n                                        <li class=\"list-group-item addiction \">\n                        <a href=\"https:\/\/euprevent.eu\/wp-content\/uploads\/2024\/05\/DE-cannabis-FR.pdf\" target=\"_blank\">\n                            <div class=\"row vcenter\">\n                                <div class=\"col-img col-xs-1 text-center\"><img decoding=\"async\"\n                                            src=\"https:\/\/euprevent.eu\/wp-content\/uploads\/2024\/05\/Screenshot-2024-05-17.png\"\/>\n                                <\/div>\n                                <div class=\"col-xs-8\">\n                                    <div class=\"publication-title\">Cannabis Legalization in DE (FR)<\/div>\n                                <\/div>\n                                <div class=\"col-xs-2 align-programm-indicator\">\n                                                                                <span class=\"programme-indicator \"\n                                                  style=\"background-color:#ff7f2f\">&nbsp;<\/span>\n                                                                            <\/div>\n                                <div class=\"col-xs-1\">\n                                                                            <span class=\"label label-light\"><i\n                                                    class=\"fa fa-download\"><\/i><\/span>\n                                                                        <\/div>\n                            <\/div>\n                        <\/a>\n                    <\/li>\n                                        <li class=\"list-group-item addiction \">\n                        <a href=\"https:\/\/euprevent.eu\/wp-content\/uploads\/2024\/05\/DE-cannabis-DE.pdf\" target=\"_blank\">\n                            <div class=\"row vcenter\">\n                                <div class=\"col-img col-xs-1 text-center\"><img decoding=\"async\"\n                                            src=\"https:\/\/euprevent.eu\/wp-content\/uploads\/2024\/05\/Screenshot-2024-05-17.png\"\/>\n                                <\/div>\n                                <div class=\"col-xs-8\">\n                                    <div class=\"publication-title\">Cannabis Legalization in DE (DE)<\/div>\n                                <\/div>\n                                <div class=\"col-xs-2 align-programm-indicator\">\n                                                                                <span class=\"programme-indicator \"\n                                                  style=\"background-color:#ff7f2f\">&nbsp;<\/span>\n                                                                            <\/div>\n                                <div class=\"col-xs-1\">\n                                                                            <span class=\"label label-light\"><i\n                                                    class=\"fa fa-download\"><\/i><\/span>\n                                                                        <\/div>\n                            <\/div>\n                        <\/a>\n                    <\/li>\n                                        <li class=\"list-group-item addiction \">\n                        <a href=\"https:\/\/euprevent.eu\/wp-content\/uploads\/2024\/05\/DE-cannabis-NL.pdf\" target=\"_blank\">\n                            <div class=\"row vcenter\">\n                                <div class=\"col-img col-xs-1 text-center\"><img decoding=\"async\"\n                                            src=\"https:\/\/euprevent.eu\/wp-content\/uploads\/2024\/05\/Screenshot-2024-05-17.png\"\/>\n                                <\/div>\n                                <div class=\"col-xs-8\">\n                                    <div class=\"publication-title\">Cannabis Legalisation in DE (NL)<\/div>\n                                <\/div>\n                                <div class=\"col-xs-2 align-programm-indicator\">\n                                                                                <span class=\"programme-indicator \"\n                                                  style=\"background-color:#ff7f2f\">&nbsp;<\/span>\n                                                                            <\/div>\n                                <div class=\"col-xs-1\">\n                                                                            <span class=\"label label-light\"><i\n                                                    class=\"fa fa-download\"><\/i><\/span>\n                                                                        <\/div>\n                            <\/div>\n                        <\/a>\n                    <\/li>\n                                        <li class=\"list-group-item addiction \">\n                        <a href=\"https:\/\/euprevent.eu\/wp-content\/uploads\/2024\/05\/DE-cannabis-EN.pdf\" target=\"_blank\">\n                            <div class=\"row vcenter\">\n                                <div class=\"col-img col-xs-1 text-center\"><img decoding=\"async\"\n                                            src=\"https:\/\/euprevent.eu\/wp-content\/uploads\/2024\/05\/Screenshot-2024-05-17.png\"\/>\n                                <\/div>\n                                <div class=\"col-xs-8\">\n                                    <div class=\"publication-title\">Cannabis legalization in DE (EN)<\/div>\n                                <\/div>\n                                <div class=\"col-xs-2 align-programm-indicator\">\n                                                                                <span class=\"programme-indicator \"\n                                                  style=\"background-color:#ff7f2f\">&nbsp;<\/span>\n                                                                            <\/div>\n                                <div class=\"col-xs-1\">\n                                                                            <span class=\"label label-light\"><i\n                                                    class=\"fa fa-download\"><\/i><\/span>\n                                                                        <\/div>\n                            <\/div>\n                        <\/a>\n                    <\/li>\n                                        <li class=\"list-group-item \">\n                        <a href=\"https:\/\/euprevent.eu\/wp-content\/uploads\/2024\/03\/euPrevent-Factsheet-2023-RGB-DE-1.pdf\" target=\"_blank\">\n                            <div class=\"row vcenter\">\n                                <div class=\"col-img col-xs-1 text-center\"><img decoding=\"async\"\n                                            src=\"https:\/\/euprevent.eu\/wp-content\/uploads\/2024\/03\/Screenshot-2024-03-02-143309.png\"\/>\n                                <\/div>\n                                <div class=\"col-xs-8\">\n                                    <div class=\"publication-title\">euPrevent Factsheet 2023 (DE) <\/div>\n                                <\/div>\n                                <div class=\"col-xs-2 align-programm-indicator\">\n                                                                    <\/div>\n                                <div class=\"col-xs-1\">\n                                                                            <span class=\"label label-light\"><i\n                                                    class=\"fa fa-download\"><\/i><\/span>\n                                                                        <\/div>\n                            <\/div>\n                        <\/a>\n                    <\/li>\n                                        <li class=\"list-group-item \">\n                        <a href=\"https:\/\/euprevent.eu\/wp-content\/uploads\/2024\/03\/euPrevent-Factsheet-2023-RGB-FR.pdf\" target=\"_blank\">\n                            <div class=\"row vcenter\">\n                                <div class=\"col-img col-xs-1 text-center\"><img decoding=\"async\"\n                                            src=\"https:\/\/euprevent.eu\/wp-content\/uploads\/2024\/03\/Screenshot-2024-03-02-143309.png\"\/>\n                                <\/div>\n                                <div class=\"col-xs-8\">\n                                    <div class=\"publication-title\">euPrevent Factsheet 2023 (FR)<\/div>\n                                <\/div>\n                                <div class=\"col-xs-2 align-programm-indicator\">\n                                                                    <\/div>\n                                <div class=\"col-xs-1\">\n                                                                            <span class=\"label label-light\"><i\n                                                    class=\"fa fa-download\"><\/i><\/span>\n                                                                        <\/div>\n                            <\/div>\n                        <\/a>\n                    <\/li>\n                                        <li class=\"list-group-item \">\n                        <a href=\"https:\/\/euprevent.eu\/wp-content\/uploads\/2024\/03\/euPrevent-Factsheet-2023-CMYK-NL.pdf\" target=\"_blank\">\n                            <div class=\"row vcenter\">\n                                <div class=\"col-img col-xs-1 text-center\"><img decoding=\"async\"\n                                            src=\"https:\/\/euprevent.eu\/wp-content\/uploads\/2024\/03\/Screenshot-2024-03-02-143309.png\"\/>\n                                <\/div>\n                                <div class=\"col-xs-8\">\n                                    <div class=\"publication-title\">euPrevent Factsheet 2023 (NL)<\/div>\n                                <\/div>\n                                <div class=\"col-xs-2 align-programm-indicator\">\n                                                                    <\/div>\n                                <div class=\"col-xs-1\">\n                                                                            <span class=\"label label-light\"><i\n                                                    class=\"fa fa-download\"><\/i><\/span>\n                                                                        <\/div>\n                            <\/div>\n                        <\/a>\n                    <\/li>\n                                        <li class=\"list-group-item \">\n                        <a href=\"https:\/\/euprevent.eu\/wp-content\/uploads\/2024\/03\/euPrevent-Factsheet-2023-RGB-EN.pdf\" target=\"_blank\">\n                            <div class=\"row vcenter\">\n                                <div class=\"col-img col-xs-1 text-center\"><img decoding=\"async\"\n                                            src=\"https:\/\/euprevent.eu\/wp-content\/uploads\/2024\/03\/Screenshot-2024-03-02-143309.png\"\/>\n                                <\/div>\n                                <div class=\"col-xs-8\">\n                                    <div class=\"publication-title\">euPrevent Factsheet 2023 (EN)<\/div>\n                                <\/div>\n                                <div class=\"col-xs-2 align-programm-indicator\">\n                                                                    <\/div>\n                                <div class=\"col-xs-1\">\n                                                                            <span class=\"label label-light\"><i\n                                                    class=\"fa fa-download\"><\/i><\/span>\n                                                                        <\/div>\n                            <\/div>\n                        <\/a>\n                    <\/li>\n                                        <li class=\"list-group-item mental-health \">\n                        <a href=\"https:\/\/euprevent.eu\/wp-content\/uploads\/2023\/08\/mailchi_mp_euprevent_lonely_lets_unite_news_euprevent_profile_aot_2023-1.pdf\" target=\"_blank\">\n                            <div class=\"row vcenter\">\n                                <div class=\"col-img col-xs-1 text-center\"><img decoding=\"async\"\n                                            src=\"https:\/\/euprevent.eu\/wp-content\/uploads\/2022\/04\/euPrevent-PROFILE-Projectafbeelding-1.jpg\"\/>\n                                <\/div>\n                                <div class=\"col-xs-8\">\n                                    <div class=\"publication-title\">Lonely? Let\u2019s unite! News! euPrevent PROFILE \u2013 Ao\u00fbt 2023 (FR)<\/div>\n                                <\/div>\n                                <div class=\"col-xs-2 align-programm-indicator\">\n                                                                                <span class=\"programme-indicator \"\n                                                  style=\"background-color:#e4457d\">&nbsp;<\/span>\n                                                                            <\/div>\n                                <div class=\"col-xs-1\">\n                                                                            <span class=\"label label-light\"><i\n                                                    class=\"fa fa-download\"><\/i><\/span>\n                                                                        <\/div>\n                            <\/div>\n                        <\/a>\n                    <\/li>\n                                        <li class=\"list-group-item mental-health \">\n                        <a href=\"https:\/\/euprevent.eu\/wp-content\/uploads\/2023\/08\/mailchi_mp_euprevent_lonely_lets_unite_news_euprevent_profile_augustus_2023-1.pdf\" target=\"_blank\">\n                            <div class=\"row vcenter\">\n                                <div class=\"col-img col-xs-1 text-center\"><img decoding=\"async\"\n                                            src=\"https:\/\/euprevent.eu\/wp-content\/uploads\/2022\/04\/euPrevent-PROFILE-Projectafbeelding-1.jpg\"\/>\n                                <\/div>\n                                <div class=\"col-xs-8\">\n                                    <div class=\"publication-title\">Lonely? Let\u2019s unite! News! euPrevent PROFILE - Augustus 2023 (NL)<\/div>\n                                <\/div>\n                                <div class=\"col-xs-2 align-programm-indicator\">\n                                                                                <span class=\"programme-indicator \"\n                                                  style=\"background-color:#e4457d\">&nbsp;<\/span>\n                                                                            <\/div>\n                                <div class=\"col-xs-1\">\n                                                                            <span class=\"label label-light\"><i\n                                                    class=\"fa fa-download\"><\/i><\/span>\n                                                                        <\/div>\n                            <\/div>\n                        <\/a>\n                    <\/li>\n                                        <li class=\"list-group-item mental-health \">\n                        <a href=\"https:\/\/euprevent.eu\/wp-content\/uploads\/2023\/08\/mailchi_mp_euprevent_lonely_lets_unite_news_euprevent_profile_august_2023-DE.pdf\" target=\"_blank\">\n                            <div class=\"row vcenter\">\n                                <div class=\"col-img col-xs-1 text-center\"><img decoding=\"async\"\n                                            src=\"https:\/\/euprevent.eu\/wp-content\/uploads\/2022\/04\/euPrevent-PROFILE-Projectafbeelding-1.jpg\"\/>\n                                <\/div>\n                                <div class=\"col-xs-8\">\n                                    <div class=\"publication-title\">Lonely? Let\u2019s unite! News! euPrevent PROFILE - August 2023 (DE)<\/div>\n                                <\/div>\n                                <div class=\"col-xs-2 align-programm-indicator\">\n                                                                                <span class=\"programme-indicator \"\n                                                  style=\"background-color:#e4457d\">&nbsp;<\/span>\n                                                                            <\/div>\n                                <div class=\"col-xs-1\">\n                                                                            <span class=\"label label-light\"><i\n                                                    class=\"fa fa-download\"><\/i><\/span>\n                                                                        <\/div>\n                            <\/div>\n                        <\/a>\n                    <\/li>\n                                        <li class=\"list-group-item mental-health \">\n                        <a href=\"https:\/\/euprevent.eu\/wp-content\/uploads\/2023\/08\/mailchi_mp_euprevent_lonely_lets_unite_news_euprevent_profile_august_2023_ENG.pdf\" target=\"_blank\">\n                            <div class=\"row vcenter\">\n                                <div class=\"col-img col-xs-1 text-center\"><img decoding=\"async\"\n                                            src=\"https:\/\/euprevent.eu\/wp-content\/uploads\/2022\/04\/euPrevent-PROFILE-Projectafbeelding-1.jpg\"\/>\n                                <\/div>\n                                <div class=\"col-xs-8\">\n                                    <div class=\"publication-title\">Lonely? Let\u2019s unite! News! euPrevent PROFILE - August 2023 (EN)<\/div>\n                                <\/div>\n                                <div class=\"col-xs-2 align-programm-indicator\">\n                                                                                <span class=\"programme-indicator \"\n                                                  style=\"background-color:#e4457d\">&nbsp;<\/span>\n                                                                            <\/div>\n                                <div class=\"col-xs-1\">\n                                                                            <span class=\"label label-light\"><i\n                                                    class=\"fa fa-download\"><\/i><\/span>\n                                                                        <\/div>\n                            <\/div>\n                        <\/a>\n                    <\/li>\n                                        <li class=\"list-group-item mental-health \">\n                        <a href=\"https:\/\/euprevent.eu\/wp-content\/uploads\/2023\/07\/mailchi_mp_euprevent_lonely_lets_unite_news_euprevent_profile_april_2023_en.pdf\" target=\"_blank\">\n                            <div class=\"row vcenter\">\n                                <div class=\"col-img col-xs-1 text-center\"><img decoding=\"async\"\n                                            src=\"https:\/\/euprevent.eu\/wp-content\/uploads\/2022\/04\/euPrevent-PROFILE-Projectafbeelding.jpg\"\/>\n                                <\/div>\n                                <div class=\"col-xs-8\">\n                                    <div class=\"publication-title\">Lonely? Let\u2019s unite! News! euPrevent PROFILE \u2013 April 2023 (EN)<\/div>\n                                <\/div>\n                                <div class=\"col-xs-2 align-programm-indicator\">\n                                                                                <span class=\"programme-indicator \"\n                                                  style=\"background-color:#e4457d\">&nbsp;<\/span>\n                                                                            <\/div>\n                                <div class=\"col-xs-1\">\n                                                                            <span class=\"label label-light\"><i\n                                                    class=\"fa fa-download\"><\/i><\/span>\n                                                                        <\/div>\n                            <\/div>\n                        <\/a>\n                    <\/li>\n                                        <li class=\"list-group-item mental-health \">\n                        <a href=\"https:\/\/euprevent.eu\/wp-content\/uploads\/2023\/07\/mailchi_mp_euprevent_lonely_lets_unite_news_euprevent_profile_april_2023_nl.pdf\" target=\"_blank\">\n                            <div class=\"row vcenter\">\n                                <div class=\"col-img col-xs-1 text-center\"><img decoding=\"async\"\n                                            src=\"https:\/\/euprevent.eu\/wp-content\/uploads\/2022\/04\/euPrevent-PROFILE-Projectafbeelding.jpg\"\/>\n                                <\/div>\n                                <div class=\"col-xs-8\">\n                                    <div class=\"publication-title\">Lonely? Let\u2019s unite! News! euPrevent PROFILE \u2013 April 2023 (NL)<\/div>\n                                <\/div>\n                                <div class=\"col-xs-2 align-programm-indicator\">\n                                                                                <span class=\"programme-indicator \"\n                                                  style=\"background-color:#e4457d\">&nbsp;<\/span>\n                                                                            <\/div>\n                                <div class=\"col-xs-1\">\n                                                                            <span class=\"label label-light\"><i\n                                                    class=\"fa fa-download\"><\/i><\/span>\n                                                                        <\/div>\n                            <\/div>\n                        <\/a>\n                    <\/li>\n                                        <li class=\"list-group-item mental-health \">\n                        <a href=\"https:\/\/euprevent.eu\/wp-content\/uploads\/2023\/07\/mailchi_mp_euprevent_lonely_lets_unite_news_euprevent_profile_avril_2023_fr.pdf\" target=\"_blank\">\n                            <div class=\"row vcenter\">\n                                <div class=\"col-img col-xs-1 text-center\"><img decoding=\"async\"\n                                            src=\"https:\/\/euprevent.eu\/wp-content\/uploads\/2022\/04\/euPrevent-PROFILE-Projectafbeelding.jpg\"\/>\n                                <\/div>\n                                <div class=\"col-xs-8\">\n                                    <div class=\"publication-title\">Lonely? Let\u2019s unite! News! euPrevent PROFILE \u2013 Avril 2023 (FR)<\/div>\n                                <\/div>\n                                <div class=\"col-xs-2 align-programm-indicator\">\n                                                                                <span class=\"programme-indicator \"\n                                                  style=\"background-color:#e4457d\">&nbsp;<\/span>\n                                                                            <\/div>\n                                <div class=\"col-xs-1\">\n                                                                            <span class=\"label label-light\"><i\n                                                    class=\"fa fa-download\"><\/i><\/span>\n                                                                        <\/div>\n                            <\/div>\n                        <\/a>\n                    <\/li>\n                                        <li class=\"list-group-item mental-health \">\n                        <a href=\"https:\/\/euprevent.eu\/wp-content\/uploads\/2023\/07\/mailchi_mp_euprevent_lonely_lets_unite_news_euprevent_profile_april_2023_de.pdf\" target=\"_blank\">\n                            <div class=\"row vcenter\">\n                                <div class=\"col-img col-xs-1 text-center\"><img decoding=\"async\"\n                                            src=\"https:\/\/euprevent.eu\/wp-content\/uploads\/2022\/04\/euPrevent-PROFILE-Projectafbeelding.jpg\"\/>\n                                <\/div>\n                                <div class=\"col-xs-8\">\n                                    <div class=\"publication-title\">Lonely? Let\u2019s unite! News! euPrevent PROFILE - April 2023 (DE)<\/div>\n                                <\/div>\n                                <div class=\"col-xs-2 align-programm-indicator\">\n                                                                                <span class=\"programme-indicator \"\n                                                  style=\"background-color:#e4457d\">&nbsp;<\/span>\n                                                                            <\/div>\n                                <div class=\"col-xs-1\">\n                                                                            <span class=\"label label-light\"><i\n                                                    class=\"fa fa-download\"><\/i><\/span>\n                                                                        <\/div>\n                            <\/div>\n                        <\/a>\n                    <\/li>\n                                        <li class=\"list-group-item \">\n                        <a href=\"https:\/\/euprevent.eu\/wp-content\/uploads\/2023\/06\/euPrevent-Factsheet-2022-RGB-DE.pdf\" target=\"_blank\">\n                            <div class=\"row vcenter\">\n                                <div class=\"col-img col-xs-1 text-center\"><img decoding=\"async\"\n                                            src=\"\"\/>\n                                <\/div>\n                                <div class=\"col-xs-8\">\n                                    <div class=\"publication-title\">euPrevent Factsheet 2022 (DE)<\/div>\n                                <\/div>\n                                <div class=\"col-xs-2 align-programm-indicator\">\n                                                                    <\/div>\n                                <div class=\"col-xs-1\">\n                                                                            <span class=\"label label-light\"><i\n                                                    class=\"fa fa-download\"><\/i><\/span>\n                                                                        <\/div>\n                            <\/div>\n                        <\/a>\n                    <\/li>\n                                        <li class=\"list-group-item \">\n                        <a href=\"https:\/\/euprevent.eu\/wp-content\/uploads\/2023\/06\/euPrevent-Factsheet-2022-RGB-FR.pdf\" target=\"_blank\">\n                            <div class=\"row vcenter\">\n                                <div class=\"col-img col-xs-1 text-center\"><img decoding=\"async\"\n                                            src=\"\"\/>\n                                <\/div>\n                                <div class=\"col-xs-8\">\n                                    <div class=\"publication-title\">euPrevent Factsheet 2022 (FR)<\/div>\n                                <\/div>\n                                <div class=\"col-xs-2 align-programm-indicator\">\n                                                                    <\/div>\n                                <div class=\"col-xs-1\">\n                                                                            <span class=\"label label-light\"><i\n                                                    class=\"fa fa-download\"><\/i><\/span>\n                                                                        <\/div>\n                            <\/div>\n                        <\/a>\n                    <\/li>\n                                        <li class=\"list-group-item \">\n                        <a href=\"https:\/\/euprevent.eu\/wp-content\/uploads\/2023\/06\/euPrevent-Factsheet-2022-RGB-NL-1.pdf\" target=\"_blank\">\n                            <div class=\"row vcenter\">\n                                <div class=\"col-img col-xs-1 text-center\"><img decoding=\"async\"\n                                            src=\"\"\/>\n                                <\/div>\n                                <div class=\"col-xs-8\">\n                                    <div class=\"publication-title\">euPrevent Factsheet 2022 (NL)<\/div>\n                                <\/div>\n                                <div class=\"col-xs-2 align-programm-indicator\">\n                                                                    <\/div>\n                                <div class=\"col-xs-1\">\n                                                                            <span class=\"label label-light\"><i\n                                                    class=\"fa fa-download\"><\/i><\/span>\n                                                                        <\/div>\n                            <\/div>\n                        <\/a>\n                    <\/li>\n                                        <li class=\"list-group-item \">\n                        <a href=\"https:\/\/euprevent.eu\/wp-content\/uploads\/2023\/06\/euPrevent-Factsheet-2022-RGB-EN.pdf\" target=\"_blank\">\n                            <div class=\"row vcenter\">\n                                <div class=\"col-img col-xs-1 text-center\"><img decoding=\"async\"\n                                            src=\"\"\/>\n                                <\/div>\n                                <div class=\"col-xs-8\">\n                                    <div class=\"publication-title\">euPrevent Factsheet 2022 (EN)<\/div>\n                                <\/div>\n                                <div class=\"col-xs-2 align-programm-indicator\">\n                                                                    <\/div>\n                                <div class=\"col-xs-1\">\n                                                                            <span class=\"label label-light\"><i\n                                                    class=\"fa fa-download\"><\/i><\/span>\n                                                                        <\/div>\n                            <\/div>\n                        <\/a>\n                    <\/li>\n                                        <li class=\"list-group-item environmental-health \">\n                        <a href=\"https:\/\/euprevent.eu\/wp-content\/uploads\/2023\/05\/Report_env_health_final.pdf\" target=\"_blank\">\n                            <div class=\"row vcenter\">\n                                <div class=\"col-img col-xs-1 text-center\"><img decoding=\"async\"\n                                            src=\"https:\/\/euprevent.eu\/wp-content\/uploads\/2023\/05\/logo_envhealth-1.png\"\/>\n                                <\/div>\n                                <div class=\"col-xs-8\">\n                                    <div class=\"publication-title\">Environmental Health in the EMR<\/div>\n                                <\/div>\n                                <div class=\"col-xs-2 align-programm-indicator\">\n                                                                                <span class=\"programme-indicator \"\n                                                  style=\"background-color:#72d54a\">&nbsp;<\/span>\n                                                                            <\/div>\n                                <div class=\"col-xs-1\">\n                                                                            <span class=\"label label-light\"><i\n                                                    class=\"fa fa-download\"><\/i><\/span>\n                                                                        <\/div>\n                            <\/div>\n                        <\/a>\n                    <\/li>\n                                        <li class=\"list-group-item mental-health \">\n                        <a href=\"https:\/\/euprevent.eu\/wp-content\/uploads\/2022\/11\/mailchi_mp_euprevent_lonely_lets_unite_news_euprevent_profile_october_de-2.pdf\" target=\"_blank\">\n                            <div class=\"row vcenter\">\n                                <div class=\"col-img col-xs-1 text-center\"><img decoding=\"async\"\n                                            src=\"https:\/\/euprevent.eu\/wp-content\/uploads\/2022\/04\/euPrevent-PROFILE-Projectafbeelding-1.jpg\"\/>\n                                <\/div>\n                                <div class=\"col-xs-8\">\n                                    <div class=\"publication-title\">Lonely? Let's unite! News! euPrevent PROFILE - Oktober 2022 (DE)<\/div>\n                                <\/div>\n                                <div class=\"col-xs-2 align-programm-indicator\">\n                                                                                <span class=\"programme-indicator \"\n                                                  style=\"background-color:#e4457d\">&nbsp;<\/span>\n                                                                            <\/div>\n                                <div class=\"col-xs-1\">\n                                                                            <span class=\"label label-light\"><i\n                                                    class=\"fa fa-download\"><\/i><\/span>\n                                                                        <\/div>\n                            <\/div>\n                        <\/a>\n                    <\/li>\n                                        <li class=\"list-group-item mental-health \">\n                        <a href=\"https:\/\/euprevent.eu\/wp-content\/uploads\/2022\/11\/mailchi_mp_euprevent_lonely_lets_unite_news_euprevent_profile_october_fr.pdf\" target=\"_blank\">\n                            <div class=\"row vcenter\">\n                                <div class=\"col-img col-xs-1 text-center\"><img decoding=\"async\"\n                                            src=\"https:\/\/euprevent.eu\/wp-content\/uploads\/2022\/04\/euPrevent-PROFILE-Projectafbeelding-1.jpg\"\/>\n                                <\/div>\n                                <div class=\"col-xs-8\">\n                                    <div class=\"publication-title\">Lonely? Let's unite! News! euPrevent PROFILE - Octobre 2022 (FR)<\/div>\n                                <\/div>\n                                <div class=\"col-xs-2 align-programm-indicator\">\n                                                                                <span class=\"programme-indicator \"\n                                                  style=\"background-color:#e4457d\">&nbsp;<\/span>\n                                                                            <\/div>\n                                <div class=\"col-xs-1\">\n                                                                            <span class=\"label label-light\"><i\n                                                    class=\"fa fa-download\"><\/i><\/span>\n                                                                        <\/div>\n                            <\/div>\n                        <\/a>\n                    <\/li>\n                                        <li class=\"list-group-item mental-health \">\n                        <a href=\"https:\/\/euprevent.eu\/wp-content\/uploads\/2022\/11\/mailchi_mp_euprevent_lonely_lets_unite_news_euprevent_profile_october_en-1.pdf\" target=\"_blank\">\n                            <div class=\"row vcenter\">\n                                <div class=\"col-img col-xs-1 text-center\"><img decoding=\"async\"\n                                            src=\"https:\/\/euprevent.eu\/wp-content\/uploads\/2022\/04\/euPrevent-PROFILE-Projectafbeelding-1.jpg\"\/>\n                                <\/div>\n                                <div class=\"col-xs-8\">\n                                    <div class=\"publication-title\">Lonely? Let's unite! News! euPrevent PROFILE - October 2022 (EN)<\/div>\n                                <\/div>\n                                <div class=\"col-xs-2 align-programm-indicator\">\n                                                                                <span class=\"programme-indicator \"\n                                                  style=\"background-color:#e4457d\">&nbsp;<\/span>\n                                                                            <\/div>\n                                <div class=\"col-xs-1\">\n                                                                            <span class=\"label label-light\"><i\n                                                    class=\"fa fa-download\"><\/i><\/span>\n                                                                        <\/div>\n                            <\/div>\n                        <\/a>\n                    <\/li>\n                                        <li class=\"list-group-item mental-health \">\n                        <a href=\"https:\/\/euprevent.eu\/wp-content\/uploads\/2022\/11\/mailchi_mp_euprevent_lonely_lets_unite_news_euprevent_profile_oktober_nl.pdf\" target=\"_blank\">\n                            <div class=\"row vcenter\">\n                                <div class=\"col-img col-xs-1 text-center\"><img decoding=\"async\"\n                                            src=\"https:\/\/euprevent.eu\/wp-content\/uploads\/2022\/04\/euPrevent-PROFILE-Projectafbeelding-1.jpg\"\/>\n                                <\/div>\n                                <div class=\"col-xs-8\">\n                                    <div class=\"publication-title\">Lonely? Let's unite! News! euPrevent PROFILE - October 2022 (NL)<\/div>\n                                <\/div>\n                                <div class=\"col-xs-2 align-programm-indicator\">\n                                                                                <span class=\"programme-indicator \"\n                                                  style=\"background-color:#e4457d\">&nbsp;<\/span>\n                                                                            <\/div>\n                                <div class=\"col-xs-1\">\n                                                                            <span class=\"label label-light\"><i\n                                                    class=\"fa fa-download\"><\/i><\/span>\n                                                                        <\/div>\n                            <\/div>\n                        <\/a>\n                    <\/li>\n                                        <li class=\"list-group-item crossing-programmes \">\n                        <a href=\"https:\/\/euprevent.eu\/wp-content\/uploads\/2022\/05\/Report-b-solutions-euPrevent-GDPR.pdf\" target=\"_blank\">\n                            <div class=\"row vcenter\">\n                                <div class=\"col-img col-xs-1 text-center\"><img decoding=\"async\"\n                                            src=\"https:\/\/euprevent.eu\/wp-content\/uploads\/2022\/05\/b-solutions.png\"\/>\n                                <\/div>\n                                <div class=\"col-xs-8\">\n                                    <div class=\"publication-title\">Report b-solutions euPrevent GDPR (EN)<\/div>\n                                <\/div>\n                                <div class=\"col-xs-2 align-programm-indicator\">\n                                                                                <span class=\"programme-indicator \"\n                                                  style=\"background-color:#282562\">&nbsp;<\/span>\n                                                                            <\/div>\n                                <div class=\"col-xs-1\">\n                                                                            <span class=\"label label-light\"><i\n                                                    class=\"fa fa-download\"><\/i><\/span>\n                                                                        <\/div>\n                            <\/div>\n                        <\/a>\n                    <\/li>\n                                        <li class=\"list-group-item mental-health \">\n                        <a href=\"https:\/\/euprevent.eu\/wp-content\/uploads\/2023\/03\/mailchi_mp_euprevent_lonely_lets_unite_news_euprevent_profile_april_de.pdf\" target=\"_blank\">\n                            <div class=\"row vcenter\">\n                                <div class=\"col-img col-xs-1 text-center\"><img decoding=\"async\"\n                                            src=\"https:\/\/euprevent.eu\/wp-content\/uploads\/2022\/04\/euPrevent-PROFILE-Projectafbeelding-1.jpg\"\/>\n                                <\/div>\n                                <div class=\"col-xs-8\">\n                                    <div class=\"publication-title\">Lonely? Let\u2019s unite! News! euPrevent PROFILE \u2013 April 2022 (DE)<\/div>\n                                <\/div>\n                                <div class=\"col-xs-2 align-programm-indicator\">\n                                                                                <span class=\"programme-indicator \"\n                                                  style=\"background-color:#e4457d\">&nbsp;<\/span>\n                                                                            <\/div>\n                                <div class=\"col-xs-1\">\n                                                                            <span class=\"label label-light\"><i\n                                                    class=\"fa fa-download\"><\/i><\/span>\n                                                                        <\/div>\n                            <\/div>\n                        <\/a>\n                    <\/li>\n                                        <li class=\"list-group-item mental-health \">\n                        <a href=\"https:\/\/euprevent.eu\/wp-content\/uploads\/2023\/03\/mailchi_mp_euprevent_lonely_lets_unite_news_euprevent_profile_avril_fr.pdf\" target=\"_blank\">\n                            <div class=\"row vcenter\">\n                                <div class=\"col-img col-xs-1 text-center\"><img decoding=\"async\"\n                                            src=\"https:\/\/euprevent.eu\/wp-content\/uploads\/2022\/04\/euPrevent-PROFILE-Projectafbeelding-1.jpg\"\/>\n                                <\/div>\n                                <div class=\"col-xs-8\">\n                                    <div class=\"publication-title\">Lonely? Let\u2019s unite! News! euPrevent PROFILE \u2013 Avril 2022 (FR)<\/div>\n                                <\/div>\n                                <div class=\"col-xs-2 align-programm-indicator\">\n                                                                                <span class=\"programme-indicator \"\n                                                  style=\"background-color:#e4457d\">&nbsp;<\/span>\n                                                                            <\/div>\n                                <div class=\"col-xs-1\">\n                                                                            <span class=\"label label-light\"><i\n                                                    class=\"fa fa-download\"><\/i><\/span>\n                                                                        <\/div>\n                            <\/div>\n                        <\/a>\n                    <\/li>\n                                        <li class=\"list-group-item mental-health \">\n                        <a href=\"https:\/\/euprevent.eu\/wp-content\/uploads\/2023\/03\/mailchi_mp_euprevent_lonely_lets_unite_news_euprevent_profile_april_en.pdf\" target=\"_blank\">\n                            <div class=\"row vcenter\">\n                                <div class=\"col-img col-xs-1 text-center\"><img decoding=\"async\"\n                                            src=\"https:\/\/euprevent.eu\/wp-content\/uploads\/2022\/04\/euPrevent-PROFILE-Projectafbeelding-1.jpg\"\/>\n                                <\/div>\n                                <div class=\"col-xs-8\">\n                                    <div class=\"publication-title\">Lonely? Let\u2019s unite! News! euPrevent PROFILE \u2013 April 2022 (EN)<\/div>\n                                <\/div>\n                                <div class=\"col-xs-2 align-programm-indicator\">\n                                                                                <span class=\"programme-indicator \"\n                                                  style=\"background-color:#e4457d\">&nbsp;<\/span>\n                                                                            <\/div>\n                                <div class=\"col-xs-1\">\n                                                                            <span class=\"label label-light\"><i\n                                                    class=\"fa fa-download\"><\/i><\/span>\n                                                                        <\/div>\n                            <\/div>\n                        <\/a>\n                    <\/li>\n                                        <li class=\"list-group-item mental-health \">\n                        <a href=\"https:\/\/euprevent.eu\/wp-content\/uploads\/2023\/03\/mailchi_mp_euprevent_lonely_lets_unite_news_euprevent_profile_april_nl.pdf\" target=\"_blank\">\n                            <div class=\"row vcenter\">\n                                <div class=\"col-img col-xs-1 text-center\"><img decoding=\"async\"\n                                            src=\"https:\/\/euprevent.eu\/wp-content\/uploads\/2022\/04\/euPrevent-PROFILE-Projectafbeelding-1.jpg\"\/>\n                                <\/div>\n                                <div class=\"col-xs-8\">\n                                    <div class=\"publication-title\">Lonely? Let\u2019s unite! News! euPrevent PROFILE \u2013 April 2022 (NL)<\/div>\n                                <\/div>\n                                <div class=\"col-xs-2 align-programm-indicator\">\n                                                                                <span class=\"programme-indicator \"\n                                                  style=\"background-color:#e4457d\">&nbsp;<\/span>\n                                                                            <\/div>\n                                <div class=\"col-xs-1\">\n                                                                            <span class=\"label label-light\"><i\n                                                    class=\"fa fa-download\"><\/i><\/span>\n                                                                        <\/div>\n                            <\/div>\n                        <\/a>\n                    <\/li>\n                                        <li class=\"list-group-item crossing-programmes \">\n                        <a href=\"https:\/\/euprevent.eu\/wp-content\/uploads\/2022\/03\/euPrevent-Factsheet-2021-DE.pdf\" target=\"_blank\">\n                            <div class=\"row vcenter\">\n                                <div class=\"col-img col-xs-1 text-center\"><img decoding=\"async\"\n                                            src=\"https:\/\/euprevent.eu\/wp-content\/uploads\/2022\/03\/euPrevent-Factsheet-2021-DE.png\"\/>\n                                <\/div>\n                                <div class=\"col-xs-8\">\n                                    <div class=\"publication-title\">euPrevent Factsheet 2021 (DE)<\/div>\n                                <\/div>\n                                <div class=\"col-xs-2 align-programm-indicator\">\n                                                                                <span class=\"programme-indicator \"\n                                                  style=\"background-color:#282562\">&nbsp;<\/span>\n                                                                            <\/div>\n                                <div class=\"col-xs-1\">\n                                                                            <span class=\"label label-light\"><i\n                                                    class=\"fa fa-download\"><\/i><\/span>\n                                                                        <\/div>\n                            <\/div>\n                        <\/a>\n                    <\/li>\n                                        <li class=\"list-group-item crossing-programmes \">\n                        <a href=\"https:\/\/euprevent.eu\/wp-content\/uploads\/2022\/03\/euPrevent-Factsheet-2021-FR.pdf\" target=\"_blank\">\n                            <div class=\"row vcenter\">\n                                <div class=\"col-img col-xs-1 text-center\"><img decoding=\"async\"\n                                            src=\"https:\/\/euprevent.eu\/wp-content\/uploads\/2022\/03\/euPrevent-Factsheet-2021-FR.png\"\/>\n                                <\/div>\n                                <div class=\"col-xs-8\">\n                                    <div class=\"publication-title\">euPrevent Factsheet 2021 (FR)<\/div>\n                                <\/div>\n                                <div class=\"col-xs-2 align-programm-indicator\">\n                                                                                <span class=\"programme-indicator \"\n                                                  style=\"background-color:#282562\">&nbsp;<\/span>\n                                                                            <\/div>\n                                <div class=\"col-xs-1\">\n                                                                            <span class=\"label label-light\"><i\n                                                    class=\"fa fa-download\"><\/i><\/span>\n                                                                        <\/div>\n                            <\/div>\n                        <\/a>\n                    <\/li>\n                                        <li class=\"list-group-item crossing-programmes \">\n                        <a href=\"https:\/\/euprevent.eu\/wp-content\/uploads\/2022\/03\/euPrevent-Factsheet-2021-EN.pdf\" target=\"_blank\">\n                            <div class=\"row vcenter\">\n                                <div class=\"col-img col-xs-1 text-center\"><img decoding=\"async\"\n                                            src=\"https:\/\/euprevent.eu\/wp-content\/uploads\/2022\/03\/euPrevent-Factsheet-2021-EN.png\"\/>\n                                <\/div>\n                                <div class=\"col-xs-8\">\n                                    <div class=\"publication-title\">euPrevent Factsheet 2021 (EN)<\/div>\n                                <\/div>\n                                <div class=\"col-xs-2 align-programm-indicator\">\n                                                                                <span class=\"programme-indicator \"\n                                                  style=\"background-color:#282562\">&nbsp;<\/span>\n                                                                            <\/div>\n                                <div class=\"col-xs-1\">\n                                                                            <span class=\"label label-light\"><i\n                                                    class=\"fa fa-download\"><\/i><\/span>\n                                                                        <\/div>\n                            <\/div>\n                        <\/a>\n                    <\/li>\n                                        <li class=\"list-group-item crossing-programmes \">\n                        <a href=\"https:\/\/euprevent.eu\/wp-content\/uploads\/2022\/03\/euPrevent-Factsheet-2021-NL.pdf\" target=\"_blank\">\n                            <div class=\"row vcenter\">\n                                <div class=\"col-img col-xs-1 text-center\"><img decoding=\"async\"\n                                            src=\"https:\/\/euprevent.eu\/wp-content\/uploads\/2022\/03\/euPrevent-Factsheet-2021-NL.png\"\/>\n                                <\/div>\n                                <div class=\"col-xs-8\">\n                                    <div class=\"publication-title\">euPrevent Factsheet 2021 (NL)<\/div>\n                                <\/div>\n                                <div class=\"col-xs-2 align-programm-indicator\">\n                                                                                <span class=\"programme-indicator \"\n                                                  style=\"background-color:#282562\">&nbsp;<\/span>\n                                                                            <\/div>\n                                <div class=\"col-xs-1\">\n                                                                            <span class=\"label label-light\"><i\n                                                    class=\"fa fa-download\"><\/i><\/span>\n                                                                        <\/div>\n                            <\/div>\n                        <\/a>\n                    <\/li>\n                                        <li class=\"list-group-item crossing-programmes \">\n                        <a href=\"https:\/\/euprevent.eu\/wp-content\/uploads\/2022\/03\/euPrevent-Factsheet-2020-DE.pdf\" target=\"_blank\">\n                            <div class=\"row vcenter\">\n                                <div class=\"col-img col-xs-1 text-center\"><img decoding=\"async\"\n                                            src=\"https:\/\/euprevent.eu\/wp-content\/uploads\/2022\/03\/euPrevent-Factsheet-2020-DE.png\"\/>\n                                <\/div>\n                                <div class=\"col-xs-8\">\n                                    <div class=\"publication-title\">euPrevent Factsheet 2020 (DE)<\/div>\n                                <\/div>\n                                <div class=\"col-xs-2 align-programm-indicator\">\n                                                                                <span class=\"programme-indicator \"\n                                                  style=\"background-color:#282562\">&nbsp;<\/span>\n                                                                            <\/div>\n                                <div class=\"col-xs-1\">\n                                                                            <span class=\"label label-light\"><i\n                                                    class=\"fa fa-download\"><\/i><\/span>\n                                                                        <\/div>\n                            <\/div>\n                        <\/a>\n                    <\/li>\n                                        <li class=\"list-group-item crossing-programmes \">\n                        <a href=\"https:\/\/euprevent.eu\/wp-content\/uploads\/2022\/03\/euPrevent-Factsheet-2020-FR.pdf\" target=\"_blank\">\n                            <div class=\"row vcenter\">\n                                <div class=\"col-img col-xs-1 text-center\"><img decoding=\"async\"\n                                            src=\"https:\/\/euprevent.eu\/wp-content\/uploads\/2022\/03\/euPrevent-Factsheet-2020-FR.png\"\/>\n                                <\/div>\n                                <div class=\"col-xs-8\">\n                                    <div class=\"publication-title\">euPrevent Factsheet 2020 (FR)<\/div>\n                                <\/div>\n                                <div class=\"col-xs-2 align-programm-indicator\">\n                                                                                <span class=\"programme-indicator \"\n                                                  style=\"background-color:#282562\">&nbsp;<\/span>\n                                                                            <\/div>\n                                <div class=\"col-xs-1\">\n                                                                            <span class=\"label label-light\"><i\n                                                    class=\"fa fa-download\"><\/i><\/span>\n                                                                        <\/div>\n                            <\/div>\n                        <\/a>\n                    <\/li>\n                                        <li class=\"list-group-item crossing-programmes \">\n                        <a href=\"https:\/\/euprevent.eu\/wp-content\/uploads\/2022\/03\/euPrevent-Factsheet-2020-EN.pdf\" target=\"_blank\">\n                            <div class=\"row vcenter\">\n                                <div class=\"col-img col-xs-1 text-center\"><img decoding=\"async\"\n                                            src=\"https:\/\/euprevent.eu\/wp-content\/uploads\/2022\/03\/euPrevent-Factsheet-2020-EN.png\"\/>\n                                <\/div>\n                                <div class=\"col-xs-8\">\n                                    <div class=\"publication-title\">euPrevent Factsheet 2020 (EN)<\/div>\n                                <\/div>\n                                <div class=\"col-xs-2 align-programm-indicator\">\n                                                                                <span class=\"programme-indicator \"\n                                                  style=\"background-color:#282562\">&nbsp;<\/span>\n                                                                            <\/div>\n                                <div class=\"col-xs-1\">\n                                                                            <span class=\"label label-light\"><i\n                                                    class=\"fa fa-download\"><\/i><\/span>\n                                                                        <\/div>\n                            <\/div>\n                        <\/a>\n                    <\/li>\n                                        <li class=\"list-group-item crossing-programmes \">\n                        <a href=\"https:\/\/euprevent.eu\/wp-content\/uploads\/2022\/03\/euPrevent-Factsheet-2020-NL.pdf\" target=\"_blank\">\n                            <div class=\"row vcenter\">\n                                <div class=\"col-img col-xs-1 text-center\"><img decoding=\"async\"\n                                            src=\"https:\/\/euprevent.eu\/wp-content\/uploads\/2022\/03\/euPrevent-Factsheet-2020-NL.png\"\/>\n                                <\/div>\n                                <div class=\"col-xs-8\">\n                                    <div class=\"publication-title\">euPrevent Factsheet 2020 (NL)<\/div>\n                                <\/div>\n                                <div class=\"col-xs-2 align-programm-indicator\">\n                                                                                <span class=\"programme-indicator \"\n                                                  style=\"background-color:#282562\">&nbsp;<\/span>\n                                                                            <\/div>\n                                <div class=\"col-xs-1\">\n                                                                            <span class=\"label label-light\"><i\n                                                    class=\"fa fa-download\"><\/i><\/span>\n                                                                        <\/div>\n                            <\/div>\n                        <\/a>\n                    <\/li>\n                                        <li class=\"list-group-item infectious-diseases \">\n                        <a href=\"https:\/\/euprevent.eu\/wp-content\/uploads\/2021\/12\/Factsheet_EMR-_Studie_NL.pdf\" target=\"_blank\">\n                            <div class=\"row vcenter\">\n                                <div class=\"col-img col-xs-1 text-center\"><img decoding=\"async\"\n                                            src=\"https:\/\/euprevent.eu\/wp-content\/uploads\/2021\/11\/covid_factsheet.png\"\/>\n                                <\/div>\n                                <div class=\"col-xs-8\">\n                                    <div class=\"publication-title\">Factsheet Impact COVID-19 op Euregio Maas-Rijn (NL)<\/div>\n                                <\/div>\n                                <div class=\"col-xs-2 align-programm-indicator\">\n                                                                                <span class=\"programme-indicator \"\n                                                  style=\"background-color:#ffb819\">&nbsp;<\/span>\n                                                                            <\/div>\n                                <div class=\"col-xs-1\">\n                                                                            <span class=\"label label-light\"><i\n                                                    class=\"fa fa-download\"><\/i><\/span>\n                                                                        <\/div>\n                            <\/div>\n                        <\/a>\n                    <\/li>\n                                        <li class=\"list-group-item infectious-diseases \">\n                        <a href=\"https:\/\/euprevent.eu\/wp-content\/uploads\/2021\/12\/Factsheet_EMR-_Studie_FR.pdf\" target=\"_blank\">\n                            <div class=\"row vcenter\">\n                                <div class=\"col-img col-xs-1 text-center\"><img decoding=\"async\"\n                                            src=\"https:\/\/euprevent.eu\/wp-content\/uploads\/2021\/11\/covid_factsheet.png\"\/>\n                                <\/div>\n                                <div class=\"col-xs-8\">\n                                    <div class=\"publication-title\">Factsheet Impact du COVID-19 sur l\u2019Eur\u00e9gion Meuse-Rhin (FR)<\/div>\n                                <\/div>\n                                <div class=\"col-xs-2 align-programm-indicator\">\n                                                                                <span class=\"programme-indicator \"\n                                                  style=\"background-color:#ffb819\">&nbsp;<\/span>\n                                                                            <\/div>\n                                <div class=\"col-xs-1\">\n                                                                            <span class=\"label label-light\"><i\n                                                    class=\"fa fa-download\"><\/i><\/span>\n                                                                        <\/div>\n                            <\/div>\n                        <\/a>\n                    <\/li>\n                                        <li class=\"list-group-item infectious-diseases \">\n                        <a href=\"https:\/\/euprevent.eu\/wp-content\/uploads\/2021\/12\/Factsheet_EMR-_Studie_DE.pdf\" target=\"_blank\">\n                            <div class=\"row vcenter\">\n                                <div class=\"col-img col-xs-1 text-center\"><img decoding=\"async\"\n                                            src=\"https:\/\/euprevent.eu\/wp-content\/uploads\/2021\/11\/covid_factsheet.png\"\/>\n                                <\/div>\n                                <div class=\"col-xs-8\">\n                                    <div class=\"publication-title\">Factsheet Auswirkungen von COVID-19 auf die Euregio Maas-Rhein (DE)<\/div>\n                                <\/div>\n                                <div class=\"col-xs-2 align-programm-indicator\">\n                                                                                <span class=\"programme-indicator \"\n                                                  style=\"background-color:#ffb819\">&nbsp;<\/span>\n                                                                            <\/div>\n                                <div class=\"col-xs-1\">\n                                                                            <span class=\"label label-light\"><i\n                                                    class=\"fa fa-download\"><\/i><\/span>\n                                                                        <\/div>\n                            <\/div>\n                        <\/a>\n                    <\/li>\n                                        <li class=\"list-group-item infectious-diseases \">\n                        <a href=\"https:\/\/euprevent.eu\/wp-content\/uploads\/2021\/12\/Factsheet_EMR-_Studie_EN.pdf\" target=\"_blank\">\n                            <div class=\"row vcenter\">\n                                <div class=\"col-img col-xs-1 text-center\"><img decoding=\"async\"\n                                            src=\"https:\/\/euprevent.eu\/wp-content\/uploads\/2021\/11\/covid_factsheet.png\"\/>\n                                <\/div>\n                                <div class=\"col-xs-8\">\n                                    <div class=\"publication-title\">Factsheet Impact of COVID-19 on the Meuse-Rhine Euregion (EN)<\/div>\n                                <\/div>\n                                <div class=\"col-xs-2 align-programm-indicator\">\n                                                                                <span class=\"programme-indicator \"\n                                                  style=\"background-color:#ffb819\">&nbsp;<\/span>\n                                                                            <\/div>\n                                <div class=\"col-xs-1\">\n                                                                            <span class=\"label label-light\"><i\n                                                    class=\"fa fa-download\"><\/i><\/span>\n                                                                        <\/div>\n                            <\/div>\n                        <\/a>\n                    <\/li>\n                                        <li class=\"list-group-item infectious-diseases \">\n                        <a href=\"https:\/\/euprevent.eu\/wp-content\/uploads\/2021\/12\/Rapportage-Citizens-Summits-on-COVID-19_DE.pdf\" target=\"_blank\">\n                            <div class=\"row vcenter\">\n                                <div class=\"col-img col-xs-1 text-center\"><img decoding=\"async\"\n                                            src=\"https:\/\/euprevent.eu\/wp-content\/uploads\/2021\/12\/covid19_rapportage.png\"\/>\n                                <\/div>\n                                <div class=\"col-xs-8\">\n                                    <div class=\"publication-title\">Rapportage Citizens' Summits on COVID-19 (DE)<\/div>\n                                <\/div>\n                                <div class=\"col-xs-2 align-programm-indicator\">\n                                                                                <span class=\"programme-indicator \"\n                                                  style=\"background-color:#ffb819\">&nbsp;<\/span>\n                                                                            <\/div>\n                                <div class=\"col-xs-1\">\n                                                                            <span class=\"label label-light\"><i\n                                                    class=\"fa fa-download\"><\/i><\/span>\n                                                                        <\/div>\n                            <\/div>\n                        <\/a>\n                    <\/li>\n                                        <li class=\"list-group-item infectious-diseases \">\n                        <a href=\"https:\/\/euprevent.eu\/wp-content\/uploads\/2021\/12\/Rapportage-Citizens-Summits-on-COVID-19_FR.pdf\" target=\"_blank\">\n                            <div class=\"row vcenter\">\n                                <div class=\"col-img col-xs-1 text-center\"><img decoding=\"async\"\n                                            src=\"https:\/\/euprevent.eu\/wp-content\/uploads\/2021\/12\/covid19_rapportage.png\"\/>\n                                <\/div>\n                                <div class=\"col-xs-8\">\n                                    <div class=\"publication-title\">Rapportage Citizens' Summits on COVID-19 (FR)<\/div>\n                                <\/div>\n                                <div class=\"col-xs-2 align-programm-indicator\">\n                                                                                <span class=\"programme-indicator \"\n                                                  style=\"background-color:#ffb819\">&nbsp;<\/span>\n                                                                            <\/div>\n                                <div class=\"col-xs-1\">\n                                                                            <span class=\"label label-light\"><i\n                                                    class=\"fa fa-download\"><\/i><\/span>\n                                                                        <\/div>\n                            <\/div>\n                        <\/a>\n                    <\/li>\n                                        <li class=\"list-group-item infectious-diseases \">\n                        <a href=\"https:\/\/euprevent.eu\/wp-content\/uploads\/2021\/12\/Rapportage-Citizens-Summits-on-COVID-19_NL-Version-2.pdf\" target=\"_blank\">\n                            <div class=\"row vcenter\">\n                                <div class=\"col-img col-xs-1 text-center\"><img decoding=\"async\"\n                                            src=\"https:\/\/euprevent.eu\/wp-content\/uploads\/2021\/12\/covid19_rapportage.png\"\/>\n                                <\/div>\n                                <div class=\"col-xs-8\">\n                                    <div class=\"publication-title\">Rapportage Citizens' Summits on COVID-19 (NL)<\/div>\n                                <\/div>\n                                <div class=\"col-xs-2 align-programm-indicator\">\n                                                                                <span class=\"programme-indicator \"\n                                                  style=\"background-color:#ffb819\">&nbsp;<\/span>\n                                                                            <\/div>\n                                <div class=\"col-xs-1\">\n                                                                            <span class=\"label label-light\"><i\n                                                    class=\"fa fa-download\"><\/i><\/span>\n                                                                        <\/div>\n                            <\/div>\n                        <\/a>\n                    <\/li>\n                                        <li class=\"list-group-item infectious-diseases \">\n                        <a href=\"https:\/\/euprevent.eu\/wp-content\/uploads\/2021\/12\/Rapportage-Citizens-Summits-on-COVID-19_EN.pdf\" target=\"_blank\">\n                            <div class=\"row vcenter\">\n                                <div class=\"col-img col-xs-1 text-center\"><img decoding=\"async\"\n                                            src=\"https:\/\/euprevent.eu\/wp-content\/uploads\/2021\/12\/covid19_rapportage.png\"\/>\n                                <\/div>\n                                <div class=\"col-xs-8\">\n                                    <div class=\"publication-title\">Rapportage Citizens' Summits on COVID-19 (EN)<\/div>\n                                <\/div>\n                                <div class=\"col-xs-2 align-programm-indicator\">\n                                                                                <span class=\"programme-indicator \"\n                                                  style=\"background-color:#ffb819\">&nbsp;<\/span>\n                                                                            <\/div>\n                                <div class=\"col-xs-1\">\n                                                                            <span class=\"label label-light\"><i\n                                                    class=\"fa fa-download\"><\/i><\/span>\n                                                                        <\/div>\n                            <\/div>\n                        <\/a>\n                    <\/li>\n                                        <li class=\"list-group-item infectious-diseases \">\n                        <a href=\"https:\/\/euprevent.eu\/wp-content\/uploads\/2021\/12\/Factsheet-Citizens-Summits-on-COVID-19_DE.pdf\" target=\"_blank\">\n                            <div class=\"row vcenter\">\n                                <div class=\"col-img col-xs-1 text-center\"><img decoding=\"async\"\n                                            src=\"https:\/\/euprevent.eu\/wp-content\/uploads\/2021\/12\/covid19_factsheets.png\"\/>\n                                <\/div>\n                                <div class=\"col-xs-8\">\n                                    <div class=\"publication-title\">Factsheet Citizens' Summits on COVID-19 (DE)<\/div>\n                                <\/div>\n                                <div class=\"col-xs-2 align-programm-indicator\">\n                                                                                <span class=\"programme-indicator \"\n                                                  style=\"background-color:#ffb819\">&nbsp;<\/span>\n                                                                            <\/div>\n                                <div class=\"col-xs-1\">\n                                                                            <span class=\"label label-light\"><i\n                                                    class=\"fa fa-download\"><\/i><\/span>\n                                                                        <\/div>\n                            <\/div>\n                        <\/a>\n                    <\/li>\n                                        <li class=\"list-group-item infectious-diseases \">\n                        <a href=\"https:\/\/euprevent.eu\/wp-content\/uploads\/2021\/12\/Factsheet-Citizens-Summits-on-COVID-19_FR.pdf\" target=\"_blank\">\n                            <div class=\"row vcenter\">\n                                <div class=\"col-img col-xs-1 text-center\"><img decoding=\"async\"\n                                            src=\"https:\/\/euprevent.eu\/wp-content\/uploads\/2021\/12\/covid19_factsheets.png\"\/>\n                                <\/div>\n                                <div class=\"col-xs-8\">\n                                    <div class=\"publication-title\">Factsheet Citizens' Summits on COVID-19 (FR)<\/div>\n                                <\/div>\n                                <div class=\"col-xs-2 align-programm-indicator\">\n                                                                                <span class=\"programme-indicator \"\n                                                  style=\"background-color:#ffb819\">&nbsp;<\/span>\n                                                                            <\/div>\n                                <div class=\"col-xs-1\">\n                                                                            <span class=\"label label-light\"><i\n                                                    class=\"fa fa-download\"><\/i><\/span>\n                                                                        <\/div>\n                            <\/div>\n                        <\/a>\n                    <\/li>\n                                        <li class=\"list-group-item infectious-diseases \">\n                        <a href=\"https:\/\/euprevent.eu\/wp-content\/uploads\/2021\/12\/Factsheet-Citizens-Summits-on-COVID-19_NL.pdf\" target=\"_blank\">\n                            <div class=\"row vcenter\">\n                                <div class=\"col-img col-xs-1 text-center\"><img decoding=\"async\"\n                                            src=\"https:\/\/euprevent.eu\/wp-content\/uploads\/2021\/12\/covid19_factsheets.png\"\/>\n                                <\/div>\n                                <div class=\"col-xs-8\">\n                                    <div class=\"publication-title\">Factsheet Citizens' Summits on COVID-19 (NL)<\/div>\n                                <\/div>\n                                <div class=\"col-xs-2 align-programm-indicator\">\n                                                                                <span class=\"programme-indicator \"\n                                                  style=\"background-color:#ffb819\">&nbsp;<\/span>\n                                                                            <\/div>\n                                <div class=\"col-xs-1\">\n                                                                            <span class=\"label label-light\"><i\n                                                    class=\"fa fa-download\"><\/i><\/span>\n                                                                        <\/div>\n                            <\/div>\n                        <\/a>\n                    <\/li>\n                                        <li class=\"list-group-item infectious-diseases \">\n                        <a href=\"https:\/\/euprevent.eu\/wp-content\/uploads\/2021\/12\/Factsheet-Citizens-Summits-on-COVID-19_EN.pdf\" target=\"_blank\">\n                            <div class=\"row vcenter\">\n                                <div class=\"col-img col-xs-1 text-center\"><img decoding=\"async\"\n                                            src=\"https:\/\/euprevent.eu\/wp-content\/uploads\/2021\/12\/covid19_factsheets.png\"\/>\n                                <\/div>\n                                <div class=\"col-xs-8\">\n                                    <div class=\"publication-title\">Factsheet Citizens' Summits on COVID-19 (EN)<\/div>\n                                <\/div>\n                                <div class=\"col-xs-2 align-programm-indicator\">\n                                                                                <span class=\"programme-indicator \"\n                                                  style=\"background-color:#ffb819\">&nbsp;<\/span>\n                                                                            <\/div>\n                                <div class=\"col-xs-1\">\n                                                                            <span class=\"label label-light\"><i\n                                                    class=\"fa fa-download\"><\/i><\/span>\n                                                                        <\/div>\n                            <\/div>\n                        <\/a>\n                    <\/li>\n                                        <li class=\"list-group-item mental-health \">\n                        <a href=\"https:\/\/euprevent.eu\/wp-content\/uploads\/2021\/12\/mailchi_mp_euprevent_lonely_lets_unite_news_euprevent_profile_de.pdf\" target=\"_blank\">\n                            <div class=\"row vcenter\">\n                                <div class=\"col-img col-xs-1 text-center\"><img decoding=\"async\"\n                                            src=\"https:\/\/euprevent.eu\/wp-content\/uploads\/2021\/12\/PROFILE_workinprogress.png\"\/>\n                                <\/div>\n                                <div class=\"col-xs-8\">\n                                    <div class=\"publication-title\">Lonely? Let's unite! News! euPrevent PROFILE | Dezember 2021 (DE)<\/div>\n                                <\/div>\n                                <div class=\"col-xs-2 align-programm-indicator\">\n                                                                                <span class=\"programme-indicator \"\n                                                  style=\"background-color:#e4457d\">&nbsp;<\/span>\n                                                                            <\/div>\n                                <div class=\"col-xs-1\">\n                                                                            <span class=\"label label-light\"><i\n                                                    class=\"fa fa-download\"><\/i><\/span>\n                                                                        <\/div>\n                            <\/div>\n                        <\/a>\n                    <\/li>\n                                        <li class=\"list-group-item mental-health \">\n                        <a href=\"https:\/\/euprevent.eu\/wp-content\/uploads\/2021\/12\/mailchi_mp_euprevent_lonely_lets_unite_news_euprevent_profile_fr.pdf\" target=\"_blank\">\n                            <div class=\"row vcenter\">\n                                <div class=\"col-img col-xs-1 text-center\"><img decoding=\"async\"\n                                            src=\"https:\/\/euprevent.eu\/wp-content\/uploads\/2021\/12\/PROFILE_workinprogress.png\"\/>\n                                <\/div>\n                                <div class=\"col-xs-8\">\n                                    <div class=\"publication-title\">Lonely? Let's unite! News! euPrevent PROFILE | D\u00e9cembre 2021 (FR)<\/div>\n                                <\/div>\n                                <div class=\"col-xs-2 align-programm-indicator\">\n                                                                                <span class=\"programme-indicator \"\n                                                  style=\"background-color:#e4457d\">&nbsp;<\/span>\n                                                                            <\/div>\n                                <div class=\"col-xs-1\">\n                                                                            <span class=\"label label-light\"><i\n                                                    class=\"fa fa-download\"><\/i><\/span>\n                                                                        <\/div>\n                            <\/div>\n                        <\/a>\n                    <\/li>\n                                        <li class=\"list-group-item mental-health \">\n                        <a href=\"https:\/\/euprevent.eu\/wp-content\/uploads\/2021\/12\/mailchi_mp_euprevent_lonely_lets_unite_news_euprevent_profile_nl.pdf\" target=\"_blank\">\n                            <div class=\"row vcenter\">\n                                <div class=\"col-img col-xs-1 text-center\"><img decoding=\"async\"\n                                            src=\"https:\/\/euprevent.eu\/wp-content\/uploads\/2021\/12\/PROFILE_workinprogress.png\"\/>\n                                <\/div>\n                                <div class=\"col-xs-8\">\n                                    <div class=\"publication-title\">Lonely? Let's unite! News! euPrevent PROFILE | December 2021 (NL)<\/div>\n                                <\/div>\n                                <div class=\"col-xs-2 align-programm-indicator\">\n                                                                                <span class=\"programme-indicator \"\n                                                  style=\"background-color:#e4457d\">&nbsp;<\/span>\n                                                                            <\/div>\n                                <div class=\"col-xs-1\">\n                                                                            <span class=\"label label-light\"><i\n                                                    class=\"fa fa-download\"><\/i><\/span>\n                                                                        <\/div>\n                            <\/div>\n                        <\/a>\n                    <\/li>\n                                        <li class=\"list-group-item mental-health \">\n                        <a href=\"https:\/\/euprevent.eu\/wp-content\/uploads\/2021\/12\/mailchi_mp_euprevent_lonely_lets_unite_news_euprevent_profile.pdf\" target=\"_blank\">\n                            <div class=\"row vcenter\">\n                                <div class=\"col-img col-xs-1 text-center\"><img decoding=\"async\"\n                                            src=\"https:\/\/euprevent.eu\/wp-content\/uploads\/2021\/12\/PROFILE_workinprogress.png\"\/>\n                                <\/div>\n                                <div class=\"col-xs-8\">\n                                    <div class=\"publication-title\">Lonely? Let's unite! News! euPrevent PROFILE | December 2021 (EN)<\/div>\n                                <\/div>\n                                <div class=\"col-xs-2 align-programm-indicator\">\n                                                                                <span class=\"programme-indicator \"\n                                                  style=\"background-color:#e4457d\">&nbsp;<\/span>\n                                                                            <\/div>\n                                <div class=\"col-xs-1\">\n                                                                            <span class=\"label label-light\"><i\n                                                    class=\"fa fa-download\"><\/i><\/span>\n                                                                        <\/div>\n                            <\/div>\n                        <\/a>\n                    <\/li>\n                                        <li class=\"list-group-item mental-health \">\n                        <a href=\"https:\/\/euprevent.eu\/wp-content\/uploads\/2021\/12\/PROFILE-Factsheet-EN.pdf\" target=\"_blank\">\n                            <div class=\"row vcenter\">\n                                <div class=\"col-img col-xs-1 text-center\"><img decoding=\"async\"\n                                            src=\"https:\/\/euprevent.eu\/wp-content\/uploads\/2021\/11\/Artboard-85-scaled.jpg\"\/>\n                                <\/div>\n                                <div class=\"col-xs-8\">\n                                    <div class=\"publication-title\">euPrevent PROFILE Factsheet (EN)<\/div>\n                                <\/div>\n                                <div class=\"col-xs-2 align-programm-indicator\">\n                                                                                <span class=\"programme-indicator \"\n                                                  style=\"background-color:#e4457d\">&nbsp;<\/span>\n                                                                            <\/div>\n                                <div class=\"col-xs-1\">\n                                                                            <span class=\"label label-light\"><i\n                                                    class=\"fa fa-download\"><\/i><\/span>\n                                                                        <\/div>\n                            <\/div>\n                        <\/a>\n                    <\/li>\n                                        <li class=\"list-group-item mental-health \">\n                        <a href=\"https:\/\/euprevent.eu\/wp-content\/uploads\/2021\/12\/PROFILE-Factsheet-DE.pdf\" target=\"_blank\">\n                            <div class=\"row vcenter\">\n                                <div class=\"col-img col-xs-1 text-center\"><img decoding=\"async\"\n                                            src=\"https:\/\/euprevent.eu\/wp-content\/uploads\/2021\/11\/Artboard-85-scaled.jpg\"\/>\n                                <\/div>\n                                <div class=\"col-xs-8\">\n                                    <div class=\"publication-title\">euPrevent PROFILE Factsheet (DE)<\/div>\n                                <\/div>\n                                <div class=\"col-xs-2 align-programm-indicator\">\n                                                                                <span class=\"programme-indicator \"\n                                                  style=\"background-color:#e4457d\">&nbsp;<\/span>\n                                                                            <\/div>\n                                <div class=\"col-xs-1\">\n                                                                            <span class=\"label label-light\"><i\n                                                    class=\"fa fa-download\"><\/i><\/span>\n                                                                        <\/div>\n                            <\/div>\n                        <\/a>\n                    <\/li>\n                                        <li class=\"list-group-item mental-health \">\n                        <a href=\"https:\/\/euprevent.eu\/wp-content\/uploads\/2021\/12\/PROFILE-Factsheet-FR.pdf\" target=\"_blank\">\n                            <div class=\"row vcenter\">\n                                <div class=\"col-img col-xs-1 text-center\"><img decoding=\"async\"\n                                            src=\"https:\/\/euprevent.eu\/wp-content\/uploads\/2021\/11\/Artboard-85-scaled.jpg\"\/>\n                                <\/div>\n                                <div class=\"col-xs-8\">\n                                    <div class=\"publication-title\">euPrevent PROFILE Factsheet (FR)<\/div>\n                                <\/div>\n                                <div class=\"col-xs-2 align-programm-indicator\">\n                                                                                <span class=\"programme-indicator \"\n                                                  style=\"background-color:#e4457d\">&nbsp;<\/span>\n                                                                            <\/div>\n                                <div class=\"col-xs-1\">\n                                                                            <span class=\"label label-light\"><i\n                                                    class=\"fa fa-download\"><\/i><\/span>\n                                                                        <\/div>\n                            <\/div>\n                        <\/a>\n                    <\/li>\n                                        <li class=\"list-group-item mental-health \">\n                        <a href=\"https:\/\/euprevent.eu\/wp-content\/uploads\/2021\/12\/PROFILE-Factsheet-NL.pdf\" target=\"_blank\">\n                            <div class=\"row vcenter\">\n                                <div class=\"col-img col-xs-1 text-center\"><img decoding=\"async\"\n                                            src=\"https:\/\/euprevent.eu\/wp-content\/uploads\/2021\/11\/Artboard-85-scaled.jpg\"\/>\n                                <\/div>\n                                <div class=\"col-xs-8\">\n                                    <div class=\"publication-title\">euPrevent PROFILE Factsheet (NL)<\/div>\n                                <\/div>\n                                <div class=\"col-xs-2 align-programm-indicator\">\n                                                                                <span class=\"programme-indicator \"\n                                                  style=\"background-color:#e4457d\">&nbsp;<\/span>\n                                                                            <\/div>\n                                <div class=\"col-xs-1\">\n                                                                            <span class=\"label label-light\"><i\n                                                    class=\"fa fa-download\"><\/i><\/span>\n                                                                        <\/div>\n                            <\/div>\n                        <\/a>\n                    <\/li>\n                                        <li class=\"list-group-item infectious-diseases \">\n                        <a href=\"https:\/\/euprevent.eu\/wp-content\/uploads\/2021\/11\/Auswirkungen-von-COVID-19-auf-die-Euregio-Maas-Rhein.pdf\" target=\"_blank\">\n                            <div class=\"row vcenter\">\n                                <div class=\"col-img col-xs-1 text-center\"><img decoding=\"async\"\n                                            src=\"https:\/\/euprevent.eu\/wp-content\/uploads\/2021\/11\/covid_factsheet.png\"\/>\n                                <\/div>\n                                <div class=\"col-xs-8\">\n                                    <div class=\"publication-title\">Auswirkungen von COVID-19 auf die Euregio Maas-Rhein (DE)<\/div>\n                                <\/div>\n                                <div class=\"col-xs-2 align-programm-indicator\">\n                                                                                <span class=\"programme-indicator \"\n                                                  style=\"background-color:#ffb819\">&nbsp;<\/span>\n                                                                            <\/div>\n                                <div class=\"col-xs-1\">\n                                                                            <span class=\"label label-light\"><i\n                                                    class=\"fa fa-download\"><\/i><\/span>\n                                                                        <\/div>\n                            <\/div>\n                        <\/a>\n                    <\/li>\n                                        <li class=\"list-group-item infectious-diseases \">\n                        <a href=\"https:\/\/euprevent.eu\/wp-content\/uploads\/2021\/11\/Impact-of-COVID-19-on-the-Meuse-Rhine-Euroregion.pdf\" target=\"_blank\">\n                            <div class=\"row vcenter\">\n                                <div class=\"col-img col-xs-1 text-center\"><img decoding=\"async\"\n                                            src=\"https:\/\/euprevent.eu\/wp-content\/uploads\/2021\/11\/covid_factsheet.png\"\/>\n                                <\/div>\n                                <div class=\"col-xs-8\">\n                                    <div class=\"publication-title\">Impact of COVID-19 on the Meuse-Rhine Euroregion (EN)<\/div>\n                                <\/div>\n                                <div class=\"col-xs-2 align-programm-indicator\">\n                                                                                <span class=\"programme-indicator \"\n                                                  style=\"background-color:#ffb819\">&nbsp;<\/span>\n                                                                            <\/div>\n                                <div class=\"col-xs-1\">\n                                                                            <span class=\"label label-light\"><i\n                                                    class=\"fa fa-download\"><\/i><\/span>\n                                                                        <\/div>\n                            <\/div>\n                        <\/a>\n                    <\/li>\n                                        <li class=\"list-group-item infectious-diseases \">\n                        <a href=\"https:\/\/euprevent.eu\/wp-content\/uploads\/2021\/11\/Impact-COVID-19-op-Euregio-Maas-Rijn.pdf\" target=\"_blank\">\n                            <div class=\"row vcenter\">\n                                <div class=\"col-img col-xs-1 text-center\"><img decoding=\"async\"\n                                            src=\"https:\/\/euprevent.eu\/wp-content\/uploads\/2021\/11\/covid_factsheet.png\"\/>\n                                <\/div>\n                                <div class=\"col-xs-8\">\n                                    <div class=\"publication-title\">Impact COVID-19 op Euregio Maas-Rijn (NL)<\/div>\n                                <\/div>\n                                <div class=\"col-xs-2 align-programm-indicator\">\n                                                                                <span class=\"programme-indicator \"\n                                                  style=\"background-color:#ffb819\">&nbsp;<\/span>\n                                                                            <\/div>\n                                <div class=\"col-xs-1\">\n                                                                            <span class=\"label label-light\"><i\n                                                    class=\"fa fa-download\"><\/i><\/span>\n                                                                        <\/div>\n                            <\/div>\n                        <\/a>\n                    <\/li>\n                                        <li class=\"list-group-item infectious-diseases \">\n                        <a href=\"https:\/\/euprevent.eu\/wp-content\/uploads\/2021\/11\/Impact-du-COVID-19-sur-lEure\u0301gion-Meuse-Rhin.pdf\" target=\"_blank\">\n                            <div class=\"row vcenter\">\n                                <div class=\"col-img col-xs-1 text-center\"><img decoding=\"async\"\n                                            src=\"https:\/\/euprevent.eu\/wp-content\/uploads\/2021\/11\/covid_factsheet.png\"\/>\n                                <\/div>\n                                <div class=\"col-xs-8\">\n                                    <div class=\"publication-title\">Impact du COVID-19 sur l\u2019Eure\u0301gion Meuse-Rhin (FR)<\/div>\n                                <\/div>\n                                <div class=\"col-xs-2 align-programm-indicator\">\n                                                                                <span class=\"programme-indicator \"\n                                                  style=\"background-color:#ffb819\">&nbsp;<\/span>\n                                                                            <\/div>\n                                <div class=\"col-xs-1\">\n                                                                            <span class=\"label label-light\"><i\n                                                    class=\"fa fa-download\"><\/i><\/span>\n                                                                        <\/div>\n                            <\/div>\n                        <\/a>\n                    <\/li>\n                                        <li class=\"list-group-item infectious-diseases \">\n                        <a href=\"https:\/\/euprevent.eu\/wp-content\/uploads\/2021\/10\/Perspericht-eerste-resultaten-euPrevent-NL.pdf\" target=\"_blank\">\n                            <div class=\"row vcenter\">\n                                <div class=\"col-img col-xs-1 text-center\"><img decoding=\"async\"\n                                            src=\"https:\/\/euprevent.eu\/wp-content\/uploads\/2021\/11\/covid_factsheet.png\"\/>\n                                <\/div>\n                                <div class=\"col-xs-8\">\n                                    <div class=\"publication-title\">Persbericht: Grote overeenkomsten tussen landen van de Euregio Maas-Rijn: Tussentijdse resultaten naar impact van COVID-19 op de grensregio (NL)<\/div>\n                                <\/div>\n                                <div class=\"col-xs-2 align-programm-indicator\">\n                                                                                <span class=\"programme-indicator \"\n                                                  style=\"background-color:#ffb819\">&nbsp;<\/span>\n                                                                            <\/div>\n                                <div class=\"col-xs-1\">\n                                                                            <span class=\"label label-light\"><i\n                                                    class=\"fa fa-download\"><\/i><\/span>\n                                                                        <\/div>\n                            <\/div>\n                        <\/a>\n                    <\/li>\n                                        <li class=\"list-group-item infectious-diseases \">\n                        <a href=\"https:\/\/euprevent.eu\/wp-content\/uploads\/2021\/10\/Perspericht-eerste-resultaten-euPrevent-DE.pdf\" target=\"_blank\">\n                            <div class=\"row vcenter\">\n                                <div class=\"col-img col-xs-1 text-center\"><img decoding=\"async\"\n                                            src=\"https:\/\/euprevent.eu\/wp-content\/uploads\/2021\/11\/covid_factsheet.png\"\/>\n                                <\/div>\n                                <div class=\"col-xs-8\">\n                                    <div class=\"publication-title\">Pressemitteilung: Gro\u00dfe \u00c4hnlichkeiten zwischen den L\u00e4ndern der Euregio Maas-Rhein: Zwischenergebnisse zu den Auswirkungen von COVID-19 auf die Grenzregion (DE)<\/div>\n                                <\/div>\n                                <div class=\"col-xs-2 align-programm-indicator\">\n                                                                                <span class=\"programme-indicator \"\n                                                  style=\"background-color:#ffb819\">&nbsp;<\/span>\n                                                                            <\/div>\n                                <div class=\"col-xs-1\">\n                                                                            <span class=\"label label-light\"><i\n                                                    class=\"fa fa-download\"><\/i><\/span>\n                                                                        <\/div>\n                            <\/div>\n                        <\/a>\n                    <\/li>\n                                        <li class=\"list-group-item infectious-diseases \">\n                        <a href=\"https:\/\/euprevent.eu\/wp-content\/uploads\/2021\/10\/Perspericht-eerste-resultaten-euPrevent-FR.pdf\" target=\"_blank\">\n                            <div class=\"row vcenter\">\n                                <div class=\"col-img col-xs-1 text-center\"><img decoding=\"async\"\n                                            src=\"https:\/\/euprevent.eu\/wp-content\/uploads\/2021\/11\/covid_factsheet.png\"\/>\n                                <\/div>\n                                <div class=\"col-xs-8\">\n                                    <div class=\"publication-title\">Le communiqu\u00e9 de presse : De grandes similitudes entre les pays de l\u2019Euregio Meuse-Rhin : R\u00e9sultats interm\u00e9diaires sur l\u2019impact du COVID-19 sur la r\u00e9gion frontali\u00e8re (FR)<\/div>\n                                <\/div>\n                                <div class=\"col-xs-2 align-programm-indicator\">\n                                                                                <span class=\"programme-indicator \"\n                                                  style=\"background-color:#ffb819\">&nbsp;<\/span>\n                                                                            <\/div>\n                                <div class=\"col-xs-1\">\n                                                                            <span class=\"label label-light\"><i\n                                                    class=\"fa fa-download\"><\/i><\/span>\n                                                                        <\/div>\n                            <\/div>\n                        <\/a>\n                    <\/li>\n                                        <li class=\"list-group-item infectious-diseases \">\n                        <a href=\"https:\/\/euprevent.eu\/wp-content\/uploads\/2021\/10\/Perspericht-eerste-resultaten-euPrevent-EN.pdf\" target=\"_blank\">\n                            <div class=\"row vcenter\">\n                                <div class=\"col-img col-xs-1 text-center\"><img decoding=\"async\"\n                                            src=\"https:\/\/euprevent.eu\/wp-content\/uploads\/2021\/11\/covid_factsheet.png\"\/>\n                                <\/div>\n                                <div class=\"col-xs-8\">\n                                    <div class=\"publication-title\">Press release: Great similarities between countries of the Meuse-Rhine Euroregion: Interim results on the impact of COVID-19 on the border region (EN)<\/div>\n                                <\/div>\n                                <div class=\"col-xs-2 align-programm-indicator\">\n                                                                                <span class=\"programme-indicator \"\n                                                  style=\"background-color:#ffb819\">&nbsp;<\/span>\n                                                                            <\/div>\n                                <div class=\"col-xs-1\">\n                                                                            <span class=\"label label-light\"><i\n                                                    class=\"fa fa-download\"><\/i><\/span>\n                                                                        <\/div>\n                            <\/div>\n                        <\/a>\n                    <\/li>\n                                        <li class=\"list-group-item infectious-diseases \">\n                        <a href=\"https:\/\/euprevent.eu\/wp-content\/uploads\/2021\/09\/Euregio-Dashboard-Covid_19_A3_spread_web.pdf\" target=\"_blank\">\n                            <div class=\"row vcenter\">\n                                <div class=\"col-img col-xs-1 text-center\"><img decoding=\"async\"\n                                            src=\"https:\/\/euprevent.eu\/wp-content\/uploads\/2021\/09\/Euregio-Dashboard-Covid_19_A3_spread_web.jpg\"\/>\n                                <\/div>\n                                <div class=\"col-xs-8\">\n                                    <div class=\"publication-title\">The COVID-19 Euregional Atlas (EN, NL, DE and FR)<\/div>\n                                <\/div>\n                                <div class=\"col-xs-2 align-programm-indicator\">\n                                                                                <span class=\"programme-indicator \"\n                                                  style=\"background-color:#ffb819\">&nbsp;<\/span>\n                                                                            <\/div>\n                                <div class=\"col-xs-1\">\n                                                                            <span class=\"label label-light\"><i\n                                                    class=\"fa fa-download\"><\/i><\/span>\n                                                                        <\/div>\n                            <\/div>\n                        <\/a>\n                    <\/li>\n                                        <li class=\"list-group-item infectious-diseases \">\n                        <a href=\"https:\/\/euprevent.eu\/wp-content\/uploads\/2021\/10\/rapport-covid-NL-NRW-BE-FR.pdf\" target=\"_blank\">\n                            <div class=\"row vcenter\">\n                                <div class=\"col-img col-xs-1 text-center\"><img decoding=\"async\"\n                                            src=\"https:\/\/euprevent.eu\/wp-content\/uploads\/2021\/09\/Euregio-Dashboard-Covid_19_A3_spread_web.jpg\"\/>\n                                <\/div>\n                                <div class=\"col-xs-8\">\n                                    <div class=\"publication-title\">Le d\u00e9veloppement de la COVID-19 dans la zone frontali\u00e8re des Pays-Bas, de la Rh\u00e9nanie du Nord-Westphalie et de la Belgique (FR)<\/div>\n                                <\/div>\n                                <div class=\"col-xs-2 align-programm-indicator\">\n                                                                                <span class=\"programme-indicator \"\n                                                  style=\"background-color:#ffb819\">&nbsp;<\/span>\n                                                                            <\/div>\n                                <div class=\"col-xs-1\">\n                                                                            <span class=\"label label-light\"><i\n                                                    class=\"fa fa-download\"><\/i><\/span>\n                                                                        <\/div>\n                            <\/div>\n                        <\/a>\n                    <\/li>\n                                        <li class=\"list-group-item infectious-diseases \">\n                        <a href=\"https:\/\/euprevent.eu\/wp-content\/uploads\/2021\/10\/Bericht-Covid-im-Grenzgebiet-NL-NRW-BE-1.pdf\" target=\"_blank\">\n                            <div class=\"row vcenter\">\n                                <div class=\"col-img col-xs-1 text-center\"><img decoding=\"async\"\n                                            src=\"https:\/\/euprevent.eu\/wp-content\/uploads\/2021\/09\/Euregio-Dashboard-Covid_19_A3_spread_web.jpg\"\/>\n                                <\/div>\n                                <div class=\"col-xs-8\">\n                                    <div class=\"publication-title\">Die Entwicklung von COVID-19 im Grenzgebiet der Niederlande, Nordrhein-Westfalens und Belgiens (DE)<\/div>\n                                <\/div>\n                                <div class=\"col-xs-2 align-programm-indicator\">\n                                                                                <span class=\"programme-indicator \"\n                                                  style=\"background-color:#ffb819\">&nbsp;<\/span>\n                                                                            <\/div>\n                                <div class=\"col-xs-1\">\n                                                                            <span class=\"label label-light\"><i\n                                                    class=\"fa fa-download\"><\/i><\/span>\n                                                                        <\/div>\n                            <\/div>\n                        <\/a>\n                    <\/li>\n                                        <li class=\"list-group-item infectious-diseases \">\n                        <a href=\"https:\/\/euprevent.eu\/wp-content\/uploads\/2021\/10\/Rapport-Covid-in-het-grensgebied-NL-NRW-BE.pdf\" target=\"_blank\">\n                            <div class=\"row vcenter\">\n                                <div class=\"col-img col-xs-1 text-center\"><img decoding=\"async\"\n                                            src=\"https:\/\/euprevent.eu\/wp-content\/uploads\/2021\/09\/Euregio-Dashboard-Covid_19_A3_spread_web.jpg\"\/>\n                                <\/div>\n                                <div class=\"col-xs-8\">\n                                    <div class=\"publication-title\">Rapport: De ontwikkeling van COVID-19 in het grensgebied van Nederland, Noordrijn-Westfalen en Belgi\u00eb (NL)<\/div>\n                                <\/div>\n                                <div class=\"col-xs-2 align-programm-indicator\">\n                                                                                <span class=\"programme-indicator \"\n                                                  style=\"background-color:#ffb819\">&nbsp;<\/span>\n                                                                            <\/div>\n                                <div class=\"col-xs-1\">\n                                                                            <span class=\"label label-light\"><i\n                                                    class=\"fa fa-download\"><\/i><\/span>\n                                                                        <\/div>\n                            <\/div>\n                        <\/a>\n                    <\/li>\n                                        <li class=\"list-group-item infectious-diseases \">\n                        <a href=\"https:\/\/euprevent.eu\/wp-content\/uploads\/2021\/10\/report-covid-in-the-border-region-NL-NRW-BE-2.pdf\" target=\"_blank\">\n                            <div class=\"row vcenter\">\n                                <div class=\"col-img col-xs-1 text-center\"><img decoding=\"async\"\n                                            src=\"https:\/\/euprevent.eu\/wp-content\/uploads\/2021\/09\/Euregio-Dashboard-Covid_19_A3_spread_web.jpg\"\/>\n                                <\/div>\n                                <div class=\"col-xs-8\">\n                                    <div class=\"publication-title\">The development of COVID-19 in the border area of the Netherlands, North Rhine-Westphalia and Belgium (EN)<\/div>\n                                <\/div>\n                                <div class=\"col-xs-2 align-programm-indicator\">\n                                                                                <span class=\"programme-indicator \"\n                                                  style=\"background-color:#ffb819\">&nbsp;<\/span>\n                                                                            <\/div>\n                                <div class=\"col-xs-1\">\n                                                                            <span class=\"label label-light\"><i\n                                                    class=\"fa fa-download\"><\/i><\/span>\n                                                                        <\/div>\n                            <\/div>\n                        <\/a>\n                    <\/li>\n                                        <li class=\"list-group-item addiction \">\n                        <a href=\"https:\/\/euprevent.eu\/wp-content\/uploads\/2021\/03\/euPrevent-SNA-Flyer-educational-professional-EN.pdf\" target=\"_blank\">\n                            <div class=\"row vcenter\">\n                                <div class=\"col-img col-xs-1 text-center\"><img decoding=\"async\"\n                                            src=\"https:\/\/euprevent.eu\/wp-content\/uploads\/2021\/12\/img_edu-scaled.jpg\"\/>\n                                <\/div>\n                                <div class=\"col-xs-8\">\n                                    <div class=\"publication-title\">euPrevent SNA Flyer Educational professional (EN)<\/div>\n                                <\/div>\n                                <div class=\"col-xs-2 align-programm-indicator\">\n                                                                                <span class=\"programme-indicator \"\n                                                  style=\"background-color:#ff7f2f\">&nbsp;<\/span>\n                                                                            <\/div>\n                                <div class=\"col-xs-1\">\n                                                                            <span class=\"label label-light\"><i\n                                                    class=\"fa fa-download\"><\/i><\/span>\n                                                                        <\/div>\n                            <\/div>\n                        <\/a>\n                    <\/li>\n                                        <li class=\"list-group-item addiction \">\n                        <a href=\"https:\/\/euprevent.eu\/wp-content\/uploads\/2021\/12\/img_edu-scaled.jpg\" target=\"_blank\">\n                            <div class=\"row vcenter\">\n                                <div class=\"col-img col-xs-1 text-center\"><img decoding=\"async\"\n                                            src=\"https:\/\/euprevent.eu\/wp-content\/uploads\/2021\/12\/img_edu-scaled.jpg\"\/>\n                                <\/div>\n                                <div class=\"col-xs-8\">\n                                    <div class=\"publication-title\">euPrevent SNA Flyer Onderwijsprofessionals (NL)<\/div>\n                                <\/div>\n                                <div class=\"col-xs-2 align-programm-indicator\">\n                                                                                <span class=\"programme-indicator \"\n                                                  style=\"background-color:#ff7f2f\">&nbsp;<\/span>\n                                                                            <\/div>\n                                <div class=\"col-xs-1\">\n                                                                            <span class=\"label label-light\"><i\n                                                    class=\"fa fa-download\"><\/i><\/span>\n                                                                        <\/div>\n                            <\/div>\n                        <\/a>\n                    <\/li>\n                                        <li class=\"list-group-item addiction \">\n                        <a href=\"https:\/\/euprevent.eu\/wp-content\/uploads\/2021\/03\/euPrevent-SNA-Flyer-professionnel\u00b7le-de-leducation-FR.pdf\" target=\"_blank\">\n                            <div class=\"row vcenter\">\n                                <div class=\"col-img col-xs-1 text-center\"><img decoding=\"async\"\n                                            src=\"https:\/\/euprevent.eu\/wp-content\/uploads\/2021\/12\/img_edu-scaled.jpg\"\/>\n                                <\/div>\n                                <div class=\"col-xs-8\">\n                                    <div class=\"publication-title\">euPrevent SNA Flyer Professionnel\u00b7le de l'education (FR)<\/div>\n                                <\/div>\n                                <div class=\"col-xs-2 align-programm-indicator\">\n                                                                                <span class=\"programme-indicator \"\n                                                  style=\"background-color:#ff7f2f\">&nbsp;<\/span>\n                                                                            <\/div>\n                                <div class=\"col-xs-1\">\n                                                                            <span class=\"label label-light\"><i\n                                                    class=\"fa fa-download\"><\/i><\/span>\n                                                                        <\/div>\n                            <\/div>\n                        <\/a>\n                    <\/li>\n                                        <li class=\"list-group-item addiction \">\n                        <a href=\"https:\/\/euprevent.eu\/wp-content\/uploads\/2021\/03\/euPrevent-SNA-Flyer-Lehrkraft-DE.pdf\" target=\"_blank\">\n                            <div class=\"row vcenter\">\n                                <div class=\"col-img col-xs-1 text-center\"><img decoding=\"async\"\n                                            src=\"https:\/\/euprevent.eu\/wp-content\/uploads\/2021\/12\/img_edu-scaled.jpg\"\/>\n                                <\/div>\n                                <div class=\"col-xs-8\">\n                                    <div class=\"publication-title\">euPrevent SNA Flyer Lehrkraft (DE)<\/div>\n                                <\/div>\n                                <div class=\"col-xs-2 align-programm-indicator\">\n                                                                                <span class=\"programme-indicator \"\n                                                  style=\"background-color:#ff7f2f\">&nbsp;<\/span>\n                                                                            <\/div>\n                                <div class=\"col-xs-1\">\n                                                                            <span class=\"label label-light\"><i\n                                                    class=\"fa fa-download\"><\/i><\/span>\n                                                                        <\/div>\n                            <\/div>\n                        <\/a>\n                    <\/li>\n                                        <li class=\"list-group-item addiction \">\n                        <a href=\"https:\/\/euprevent.eu\/wp-content\/uploads\/2021\/03\/euPrevent-SNA-Flyer-Arzt-DE.pdf\" target=\"_blank\">\n                            <div class=\"row vcenter\">\n                                <div class=\"col-img col-xs-1 text-center\"><img decoding=\"async\"\n                                            src=\"https:\/\/euprevent.eu\/wp-content\/uploads\/2021\/12\/img_arts-scaled.jpg\"\/>\n                                <\/div>\n                                <div class=\"col-xs-8\">\n                                    <div class=\"publication-title\">euPrevent SNA Flyer Arzt (DE)<\/div>\n                                <\/div>\n                                <div class=\"col-xs-2 align-programm-indicator\">\n                                                                                <span class=\"programme-indicator \"\n                                                  style=\"background-color:#ff7f2f\">&nbsp;<\/span>\n                                                                            <\/div>\n                                <div class=\"col-xs-1\">\n                                                                            <span class=\"label label-light\"><i\n                                                    class=\"fa fa-download\"><\/i><\/span>\n                                                                        <\/div>\n                            <\/div>\n                        <\/a>\n                    <\/li>\n                                        <li class=\"list-group-item addiction \">\n                        <a href=\"https:\/\/euprevent.eu\/wp-content\/uploads\/2021\/03\/euPrevent-SNA-Flyer-healthcare-professional-EN.pdf\" target=\"_blank\">\n                            <div class=\"row vcenter\">\n                                <div class=\"col-img col-xs-1 text-center\"><img decoding=\"async\"\n                                            src=\"https:\/\/euprevent.eu\/wp-content\/uploads\/2021\/12\/img_arts-scaled.jpg\"\/>\n                                <\/div>\n                                <div class=\"col-xs-8\">\n                                    <div class=\"publication-title\">euPrevent SNA Flyer Healthcare Professional (EN)<\/div>\n                                <\/div>\n                                <div class=\"col-xs-2 align-programm-indicator\">\n                                                                                <span class=\"programme-indicator \"\n                                                  style=\"background-color:#ff7f2f\">&nbsp;<\/span>\n                                                                            <\/div>\n                                <div class=\"col-xs-1\">\n                                                                            <span class=\"label label-light\"><i\n                                                    class=\"fa fa-download\"><\/i><\/span>\n                                                                        <\/div>\n                            <\/div>\n                        <\/a>\n                    <\/li>\n                                        <li class=\"list-group-item addiction \">\n                        <a href=\"https:\/\/euprevent.eu\/wp-content\/uploads\/2021\/03\/euPrevent-SNA-Flyer-professionnel\u00b7le-de-sante-FR.pdf\" target=\"_blank\">\n                            <div class=\"row vcenter\">\n                                <div class=\"col-img col-xs-1 text-center\"><img decoding=\"async\"\n                                            src=\"https:\/\/euprevent.eu\/wp-content\/uploads\/2021\/12\/img_arts-scaled.jpg\"\/>\n                                <\/div>\n                                <div class=\"col-xs-8\">\n                                    <div class=\"publication-title\">euPrevent SNA Flyer Professionnelle de Sante (FR)<\/div>\n                                <\/div>\n                                <div class=\"col-xs-2 align-programm-indicator\">\n                                                                                <span class=\"programme-indicator \"\n                                                  style=\"background-color:#ff7f2f\">&nbsp;<\/span>\n                                                                            <\/div>\n                                <div class=\"col-xs-1\">\n                                                                            <span class=\"label label-light\"><i\n                                                    class=\"fa fa-download\"><\/i><\/span>\n                                                                        <\/div>\n                            <\/div>\n                        <\/a>\n                    <\/li>\n                                        <li class=\"list-group-item addiction \">\n                        <a href=\"https:\/\/euprevent.eu\/wp-content\/uploads\/2021\/03\/euPrevent-SNA-Flyer-zorgprofessionals-NL.pdf\" target=\"_blank\">\n                            <div class=\"row vcenter\">\n                                <div class=\"col-img col-xs-1 text-center\"><img decoding=\"async\"\n                                            src=\"https:\/\/euprevent.eu\/wp-content\/uploads\/2021\/12\/img_arts-scaled.jpg\"\/>\n                                <\/div>\n                                <div class=\"col-xs-8\">\n                                    <div class=\"publication-title\">euPrevent SNA Flyer Zorgprofessionals (NL)<\/div>\n                                <\/div>\n                                <div class=\"col-xs-2 align-programm-indicator\">\n                                                                                <span class=\"programme-indicator \"\n                                                  style=\"background-color:#ff7f2f\">&nbsp;<\/span>\n                                                                            <\/div>\n                                <div class=\"col-xs-1\">\n                                                                            <span class=\"label label-light\"><i\n                                                    class=\"fa fa-download\"><\/i><\/span>\n                                                                        <\/div>\n                            <\/div>\n                        <\/a>\n                    <\/li>\n                                        <li class=\"list-group-item addiction \">\n                        <a href=\"https:\/\/euprevent.eu\/wp-content\/uploads\/2021\/03\/euPrevent-SNA-Flyer-municipal-employees-and-managers-EN.pdf\" target=\"_blank\">\n                            <div class=\"row vcenter\">\n                                <div class=\"col-img col-xs-1 text-center\"><img decoding=\"async\"\n                                            src=\"https:\/\/euprevent.eu\/wp-content\/uploads\/2021\/12\/img_ambt-scaled.jpg\"\/>\n                                <\/div>\n                                <div class=\"col-xs-8\">\n                                    <div class=\"publication-title\">euPrevent SNA Flyer Municipal employees and managers (EN)<\/div>\n                                <\/div>\n                                <div class=\"col-xs-2 align-programm-indicator\">\n                                                                                <span class=\"programme-indicator \"\n                                                  style=\"background-color:#ff7f2f\">&nbsp;<\/span>\n                                                                            <\/div>\n                                <div class=\"col-xs-1\">\n                                                                            <span class=\"label label-light\"><i\n                                                    class=\"fa fa-download\"><\/i><\/span>\n                                                                        <\/div>\n                            <\/div>\n                        <\/a>\n                    <\/li>\n                                        <li class=\"list-group-item addiction \">\n                        <a href=\"https:\/\/euprevent.eu\/wp-content\/uploads\/2021\/03\/euPrevent-SNA-Flyer-employe\u00b7e\u00b7s-et-responsables-communaux\u00b7ales-FR.pdf\" target=\"_blank\">\n                            <div class=\"row vcenter\">\n                                <div class=\"col-img col-xs-1 text-center\"><img decoding=\"async\"\n                                            src=\"https:\/\/euprevent.eu\/wp-content\/uploads\/2021\/12\/img_ambt-scaled.jpg\"\/>\n                                <\/div>\n                                <div class=\"col-xs-8\">\n                                    <div class=\"publication-title\">euPrevent SNA Flyer Employe\u00b7e\u00b7s et responsables communaux\u00b7ales (FR)<\/div>\n                                <\/div>\n                                <div class=\"col-xs-2 align-programm-indicator\">\n                                                                                <span class=\"programme-indicator \"\n                                                  style=\"background-color:#ff7f2f\">&nbsp;<\/span>\n                                                                            <\/div>\n                                <div class=\"col-xs-1\">\n                                                                            <span class=\"label label-light\"><i\n                                                    class=\"fa fa-download\"><\/i><\/span>\n                                                                        <\/div>\n                            <\/div>\n                        <\/a>\n                    <\/li>\n                                        <li class=\"list-group-item addiction \">\n                        <a href=\"https:\/\/euprevent.eu\/wp-content\/uploads\/2021\/03\/euPrevent-SNA-Flyer-Kommunalbeamter-bzw.-verwalter-DE.pdf\" target=\"_blank\">\n                            <div class=\"row vcenter\">\n                                <div class=\"col-img col-xs-1 text-center\"><img decoding=\"async\"\n                                            src=\"https:\/\/euprevent.eu\/wp-content\/uploads\/2021\/12\/img_ambt-scaled.jpg\"\/>\n                                <\/div>\n                                <div class=\"col-xs-8\">\n                                    <div class=\"publication-title\">euPrevent SNA Flyer Kommunalbeamter bzw. verwalter (DE)<\/div>\n                                <\/div>\n                                <div class=\"col-xs-2 align-programm-indicator\">\n                                                                                <span class=\"programme-indicator \"\n                                                  style=\"background-color:#ff7f2f\">&nbsp;<\/span>\n                                                                            <\/div>\n                                <div class=\"col-xs-1\">\n                                                                            <span class=\"label label-light\"><i\n                                                    class=\"fa fa-download\"><\/i><\/span>\n                                                                        <\/div>\n                            <\/div>\n                        <\/a>\n                    <\/li>\n                                        <li class=\"list-group-item addiction \">\n                        <a href=\"https:\/\/euprevent.eu\/wp-content\/uploads\/2021\/03\/euPrevent-SNA-Flyer-gemeenteambtenaren-NL.pdf\" target=\"_blank\">\n                            <div class=\"row vcenter\">\n                                <div class=\"col-img col-xs-1 text-center\"><img decoding=\"async\"\n                                            src=\"https:\/\/euprevent.eu\/wp-content\/uploads\/2021\/12\/img_ambt-scaled.jpg\"\/>\n                                <\/div>\n                                <div class=\"col-xs-8\">\n                                    <div class=\"publication-title\">euPrevent SNA Flyer Gemeenteambtenaren (NL)<\/div>\n                                <\/div>\n                                <div class=\"col-xs-2 align-programm-indicator\">\n                                                                                <span class=\"programme-indicator \"\n                                                  style=\"background-color:#ff7f2f\">&nbsp;<\/span>\n                                                                            <\/div>\n                                <div class=\"col-xs-1\">\n                                                                            <span class=\"label label-light\"><i\n                                                    class=\"fa fa-download\"><\/i><\/span>\n                                                                        <\/div>\n                            <\/div>\n                        <\/a>\n                    <\/li>\n                                        <li class=\"list-group-item addiction \">\n                        <a href=\"https:\/\/euprevent.eu\/wp-content\/uploads\/2021\/03\/euPrevent-SNA-Flyer-Allgemeine-Informationen-DE.pdf\" target=\"_blank\">\n                            <div class=\"row vcenter\">\n                                <div class=\"col-img col-xs-1 text-center\"><img decoding=\"async\"\n                                            src=\"https:\/\/euprevent.eu\/wp-content\/uploads\/2021\/12\/image-000.png\"\/>\n                                <\/div>\n                                <div class=\"col-xs-8\">\n                                    <div class=\"publication-title\">euPrevent SNA Flyer Allgemeine Informationen (DE)<\/div>\n                                <\/div>\n                                <div class=\"col-xs-2 align-programm-indicator\">\n                                                                                <span class=\"programme-indicator \"\n                                                  style=\"background-color:#ff7f2f\">&nbsp;<\/span>\n                                                                            <\/div>\n                                <div class=\"col-xs-1\">\n                                                                            <span class=\"label label-light\"><i\n                                                    class=\"fa fa-download\"><\/i><\/span>\n                                                                        <\/div>\n                            <\/div>\n                        <\/a>\n                    <\/li>\n                                        <li class=\"list-group-item addiction \">\n                        <a href=\"https:\/\/euprevent.eu\/wp-content\/uploads\/2021\/03\/euPrevent-SNA-Flyer-Algemeen-NL.pdf\" target=\"_blank\">\n                            <div class=\"row vcenter\">\n                                <div class=\"col-img col-xs-1 text-center\"><img decoding=\"async\"\n                                            src=\"https:\/\/euprevent.eu\/wp-content\/uploads\/2021\/12\/image-000.png\"\/>\n                                <\/div>\n                                <div class=\"col-xs-8\">\n                                    <div class=\"publication-title\">euPrevent SNA Flyer Algemeen (NL)<\/div>\n                                <\/div>\n                                <div class=\"col-xs-2 align-programm-indicator\">\n                                                                                <span class=\"programme-indicator \"\n                                                  style=\"background-color:#ff7f2f\">&nbsp;<\/span>\n                                                                            <\/div>\n                                <div class=\"col-xs-1\">\n                                                                            <span class=\"label label-light\"><i\n                                                    class=\"fa fa-download\"><\/i><\/span>\n                                                                        <\/div>\n                            <\/div>\n                        <\/a>\n                    <\/li>\n                                        <li class=\"list-group-item addiction \">\n                        <a href=\"https:\/\/euprevent.eu\/wp-content\/uploads\/2021\/03\/euPrevent-SNA-General-Flyer-EN.pdf\" target=\"_blank\">\n                            <div class=\"row vcenter\">\n                                <div class=\"col-img col-xs-1 text-center\"><img decoding=\"async\"\n                                            src=\"https:\/\/euprevent.eu\/wp-content\/uploads\/2021\/12\/image-000.png\"\/>\n                                <\/div>\n                                <div class=\"col-xs-8\">\n                                    <div class=\"publication-title\">euPrevent SNA General Flyer (EN)<\/div>\n                                <\/div>\n                                <div class=\"col-xs-2 align-programm-indicator\">\n                                                                                <span class=\"programme-indicator \"\n                                                  style=\"background-color:#ff7f2f\">&nbsp;<\/span>\n                                                                            <\/div>\n                                <div class=\"col-xs-1\">\n                                                                            <span class=\"label label-light\"><i\n                                                    class=\"fa fa-download\"><\/i><\/span>\n                                                                        <\/div>\n                            <\/div>\n                        <\/a>\n                    <\/li>\n                                        <li class=\"list-group-item addiction \">\n                        <a href=\"https:\/\/euprevent.eu\/wp-content\/uploads\/2021\/03\/euPrevent-SNA-Flyer-general-FR.pdf\" target=\"_blank\">\n                            <div class=\"row vcenter\">\n                                <div class=\"col-img col-xs-1 text-center\"><img decoding=\"async\"\n                                            src=\"https:\/\/euprevent.eu\/wp-content\/uploads\/2021\/12\/image-000.png\"\/>\n                                <\/div>\n                                <div class=\"col-xs-8\">\n                                    <div class=\"publication-title\">euPrevent SNA Flyer General (FR)<\/div>\n                                <\/div>\n                                <div class=\"col-xs-2 align-programm-indicator\">\n                                                                                <span class=\"programme-indicator \"\n                                                  style=\"background-color:#ff7f2f\">&nbsp;<\/span>\n                                                                            <\/div>\n                                <div class=\"col-xs-1\">\n                                                                            <span class=\"label label-light\"><i\n                                                    class=\"fa fa-download\"><\/i><\/span>\n                                                                        <\/div>\n                            <\/div>\n                        <\/a>\n                    <\/li>\n                                        <li class=\"list-group-item addiction \">\n                        <a href=\"https:\/\/euprevent.eu\/wp-content\/uploads\/2021\/01\/Infographic-Euroregional-Health-Survey-Resultats-Seniors-55-ans-et-plus.pdf\" target=\"_blank\">\n                            <div class=\"row vcenter\">\n                                <div class=\"col-img col-xs-1 text-center\"><img decoding=\"async\"\n                                            src=\"https:\/\/euprevent.eu\/wp-content\/uploads\/2021\/01\/image-55.png\"\/>\n                                <\/div>\n                                <div class=\"col-xs-8\">\n                                    <div class=\"publication-title\">Infographic Euroregional Health Survey R\u00e9sultats S\u00e9niors 55 ans et plus (FR)<\/div>\n                                <\/div>\n                                <div class=\"col-xs-2 align-programm-indicator\">\n                                                                                <span class=\"programme-indicator \"\n                                                  style=\"background-color:#ff7f2f\">&nbsp;<\/span>\n                                                                            <\/div>\n                                <div class=\"col-xs-1\">\n                                                                            <span class=\"label label-light\"><i\n                                                    class=\"fa fa-download\"><\/i><\/span>\n                                                                        <\/div>\n                            <\/div>\n                        <\/a>\n                    <\/li>\n                                        <li class=\"list-group-item addiction \">\n                        <a href=\"https:\/\/euprevent.eu\/wp-content\/uploads\/2021\/05\/FR_SNA_Report_Resultats_EHS_Seniors_55.pdf\" target=\"_blank\">\n                            <div class=\"row vcenter\">\n                                <div class=\"col-img col-xs-1 text-center\"><img decoding=\"async\"\n                                            src=\"https:\/\/euprevent.eu\/wp-content\/uploads\/2021\/01\/image-55.png\"\/>\n                                <\/div>\n                                <div class=\"col-xs-8\">\n                                    <div class=\"publication-title\">Report R\u00e9sultats de l\u2019Enqu\u00eate de Sant\u00e9 Eur\u00e9gionale Groupe cible personnes de 55 ans et plus (FR)<\/div>\n                                <\/div>\n                                <div class=\"col-xs-2 align-programm-indicator\">\n                                                                                <span class=\"programme-indicator \"\n                                                  style=\"background-color:#ff7f2f\">&nbsp;<\/span>\n                                                                            <\/div>\n                                <div class=\"col-xs-1\">\n                                                                            <span class=\"label label-light\"><i\n                                                    class=\"fa fa-download\"><\/i><\/span>\n                                                                        <\/div>\n                            <\/div>\n                        <\/a>\n                    <\/li>\n                                        <li class=\"list-group-item addiction \">\n                        <a href=\"https:\/\/euprevent.eu\/wp-content\/uploads\/2021\/01\/Infographic-Ergebnisse-Euroregional-Health-Survey-Zielgruppe-Senioren-55.pdf\" target=\"_blank\">\n                            <div class=\"row vcenter\">\n                                <div class=\"col-img col-xs-1 text-center\"><img decoding=\"async\"\n                                            src=\"https:\/\/euprevent.eu\/wp-content\/uploads\/2021\/01\/image-55.png\"\/>\n                                <\/div>\n                                <div class=\"col-xs-8\">\n                                    <div class=\"publication-title\">Infographic Ergebnisse Euroregional Health Survey Zielgruppe Senioren (55+) (DE)<\/div>\n                                <\/div>\n                                <div class=\"col-xs-2 align-programm-indicator\">\n                                                                                <span class=\"programme-indicator \"\n                                                  style=\"background-color:#ff7f2f\">&nbsp;<\/span>\n                                                                            <\/div>\n                                <div class=\"col-xs-1\">\n                                                                            <span class=\"label label-light\"><i\n                                                    class=\"fa fa-download\"><\/i><\/span>\n                                                                        <\/div>\n                            <\/div>\n                        <\/a>\n                    <\/li>\n                                        <li class=\"list-group-item addiction \">\n                        <a href=\"https:\/\/euprevent.eu\/wp-content\/uploads\/2021\/05\/DE_SNA_Rapport_Ergebnisse_EHS_Senioren_55.pdf\" target=\"_blank\">\n                            <div class=\"row vcenter\">\n                                <div class=\"col-img col-xs-1 text-center\"><img decoding=\"async\"\n                                            src=\"https:\/\/euprevent.eu\/wp-content\/uploads\/2021\/01\/image-55.png\"\/>\n                                <\/div>\n                                <div class=\"col-xs-8\">\n                                    <div class=\"publication-title\">Rapport Ergebnisse der Gesundheitsumfrage Euroregional Health Survey Zielgruppe Senioren (55+) (DE)<\/div>\n                                <\/div>\n                                <div class=\"col-xs-2 align-programm-indicator\">\n                                                                                <span class=\"programme-indicator \"\n                                                  style=\"background-color:#ff7f2f\">&nbsp;<\/span>\n                                                                            <\/div>\n                                <div class=\"col-xs-1\">\n                                                                            <span class=\"label label-light\"><i\n                                                    class=\"fa fa-download\"><\/i><\/span>\n                                                                        <\/div>\n                            <\/div>\n                        <\/a>\n                    <\/li>\n                                        <li class=\"list-group-item addiction \">\n                        <a href=\"https:\/\/euprevent.eu\/wp-content\/uploads\/2021\/01\/Infographic-Resultaten-Euroregional-Health-Survey-Doelgroep-55-plussers.pdf\" target=\"_blank\">\n                            <div class=\"row vcenter\">\n                                <div class=\"col-img col-xs-1 text-center\"><img decoding=\"async\"\n                                            src=\"https:\/\/euprevent.eu\/wp-content\/uploads\/2021\/01\/image-55.png\"\/>\n                                <\/div>\n                                <div class=\"col-xs-8\">\n                                    <div class=\"publication-title\">Infographic Resultaten Euroregional Health Survey Doelgroep 55-plussers (NL)<\/div>\n                                <\/div>\n                                <div class=\"col-xs-2 align-programm-indicator\">\n                                                                                <span class=\"programme-indicator \"\n                                                  style=\"background-color:#ff7f2f\">&nbsp;<\/span>\n                                                                            <\/div>\n                                <div class=\"col-xs-1\">\n                                                                            <span class=\"label label-light\"><i\n                                                    class=\"fa fa-download\"><\/i><\/span>\n                                                                        <\/div>\n                            <\/div>\n                        <\/a>\n                    <\/li>\n                                        <li class=\"list-group-item addiction \">\n                        <a href=\"https:\/\/euprevent.eu\/wp-content\/uploads\/2021\/05\/NL_SNA_Rapport_Resultaten_EHS_Senioren_55.pdf\" target=\"_blank\">\n                            <div class=\"row vcenter\">\n                                <div class=\"col-img col-xs-1 text-center\"><img decoding=\"async\"\n                                            src=\"https:\/\/euprevent.eu\/wp-content\/uploads\/2021\/01\/image-55.png\"\/>\n                                <\/div>\n                                <div class=\"col-xs-8\">\n                                    <div class=\"publication-title\">Rapport Resultaten Euroregional Health Survey Doelgroep 55-plussers (NL)<\/div>\n                                <\/div>\n                                <div class=\"col-xs-2 align-programm-indicator\">\n                                                                                <span class=\"programme-indicator \"\n                                                  style=\"background-color:#ff7f2f\">&nbsp;<\/span>\n                                                                            <\/div>\n                                <div class=\"col-xs-1\">\n                                                                            <span class=\"label label-light\"><i\n                                                    class=\"fa fa-download\"><\/i><\/span>\n                                                                        <\/div>\n                            <\/div>\n                        <\/a>\n                    <\/li>\n                                        <li class=\"list-group-item addiction \">\n                        <a href=\"https:\/\/euprevent.eu\/wp-content\/uploads\/2021\/01\/Infographic-Results-Euroregional-Health-Survey-Target-Group-Senior-Citizens-55.pdf\" target=\"_blank\">\n                            <div class=\"row vcenter\">\n                                <div class=\"col-img col-xs-1 text-center\"><img decoding=\"async\"\n                                            src=\"https:\/\/euprevent.eu\/wp-content\/uploads\/2021\/01\/image-55.png\"\/>\n                                <\/div>\n                                <div class=\"col-xs-8\">\n                                    <div class=\"publication-title\">Infographic Results Euroregional Health Survey Target Group Senior Citizens (55+) (EN)<\/div>\n                                <\/div>\n                                <div class=\"col-xs-2 align-programm-indicator\">\n                                                                                <span class=\"programme-indicator \"\n                                                  style=\"background-color:#ff7f2f\">&nbsp;<\/span>\n                                                                            <\/div>\n                                <div class=\"col-xs-1\">\n                                                                            <span class=\"label label-light\"><i\n                                                    class=\"fa fa-download\"><\/i><\/span>\n                                                                        <\/div>\n                            <\/div>\n                        <\/a>\n                    <\/li>\n                                        <li class=\"list-group-item addiction \">\n                        <a href=\"https:\/\/euprevent.eu\/wp-content\/uploads\/2021\/05\/ENG_SNA_Report_Results_EHS_Senior_55_Citizens.pdf\" target=\"_blank\">\n                            <div class=\"row vcenter\">\n                                <div class=\"col-img col-xs-1 text-center\"><img decoding=\"async\"\n                                            src=\"https:\/\/euprevent.eu\/wp-content\/uploads\/2021\/01\/image-55.png\"\/>\n                                <\/div>\n                                <div class=\"col-xs-8\">\n                                    <div class=\"publication-title\">Report Results Euroregional Health Survey Target Group Senior Citizens (55+) (EN)<\/div>\n                                <\/div>\n                                <div class=\"col-xs-2 align-programm-indicator\">\n                                                                                <span class=\"programme-indicator \"\n                                                  style=\"background-color:#ff7f2f\">&nbsp;<\/span>\n                                                                            <\/div>\n                                <div class=\"col-xs-1\">\n                                                                            <span class=\"label label-light\"><i\n                                                    class=\"fa fa-download\"><\/i><\/span>\n                                                                        <\/div>\n                            <\/div>\n                        <\/a>\n                    <\/li>\n                                        <li class=\"list-group-item addiction \">\n                        <a href=\"https:\/\/euprevent.eu\/wp-content\/uploads\/2021\/01\/Infographic-Euroregional-Health-Survey-Resultats-jeunes-12-26-ans.pdf\" target=\"_blank\">\n                            <div class=\"row vcenter\">\n                                <div class=\"col-img col-xs-1 text-center\"><img decoding=\"async\"\n                                            src=\"https:\/\/euprevent.eu\/wp-content\/uploads\/2021\/01\/image-young-people.png\"\/>\n                                <\/div>\n                                <div class=\"col-xs-8\">\n                                    <div class=\"publication-title\">Infographic Euroregional Health Survey R\u00e9sultats jeunes 12-26 ans (FR)<\/div>\n                                <\/div>\n                                <div class=\"col-xs-2 align-programm-indicator\">\n                                                                                <span class=\"programme-indicator \"\n                                                  style=\"background-color:#ff7f2f\">&nbsp;<\/span>\n                                                                            <\/div>\n                                <div class=\"col-xs-1\">\n                                                                            <span class=\"label label-light\"><i\n                                                    class=\"fa fa-download\"><\/i><\/span>\n                                                                        <\/div>\n                            <\/div>\n                        <\/a>\n                    <\/li>\n                                        <li class=\"list-group-item addiction \">\n                        <a href=\"https:\/\/euprevent.eu\/wp-content\/uploads\/2021\/02\/euPrevent-SNA_FR_Report_Resultats_EHS_Jeunes.pdf\" target=\"_blank\">\n                            <div class=\"row vcenter\">\n                                <div class=\"col-img col-xs-1 text-center\"><img decoding=\"async\"\n                                            src=\"https:\/\/euprevent.eu\/wp-content\/uploads\/2021\/01\/image-young-people.png\"\/>\n                                <\/div>\n                                <div class=\"col-xs-8\">\n                                    <div class=\"publication-title\">Report R\u00e9sultats de l\u2019Enqu\u00eate de Sant\u00e9 Eur\u00e9gionale Groupe cible les jeunes entre 12 et 26 ans (FR)<\/div>\n                                <\/div>\n                                <div class=\"col-xs-2 align-programm-indicator\">\n                                                                                <span class=\"programme-indicator \"\n                                                  style=\"background-color:#ff7f2f\">&nbsp;<\/span>\n                                                                            <\/div>\n                                <div class=\"col-xs-1\">\n                                                                            <span class=\"label label-light\"><i\n                                                    class=\"fa fa-download\"><\/i><\/span>\n                                                                        <\/div>\n                            <\/div>\n                        <\/a>\n                    <\/li>\n                                        <li class=\"list-group-item addiction \">\n                        <a href=\"https:\/\/euprevent.eu\/wp-content\/uploads\/2021\/01\/Infographic-Ergebnisse-Euroregional-Health-Survey-Zielgruppe-Jugendliche-12\u201326-Jahre.pdf\" target=\"_blank\">\n                            <div class=\"row vcenter\">\n                                <div class=\"col-img col-xs-1 text-center\"><img decoding=\"async\"\n                                            src=\"https:\/\/euprevent.eu\/wp-content\/uploads\/2021\/01\/image-young-people.png\"\/>\n                                <\/div>\n                                <div class=\"col-xs-8\">\n                                    <div class=\"publication-title\">Infographic Ergebnisse Euroregional Health Survey Zielgruppe Jugendliche (12\u201326 Jahre) (DE)<\/div>\n                                <\/div>\n                                <div class=\"col-xs-2 align-programm-indicator\">\n                                                                                <span class=\"programme-indicator \"\n                                                  style=\"background-color:#ff7f2f\">&nbsp;<\/span>\n                                                                            <\/div>\n                                <div class=\"col-xs-1\">\n                                                                            <span class=\"label label-light\"><i\n                                                    class=\"fa fa-download\"><\/i><\/span>\n                                                                        <\/div>\n                            <\/div>\n                        <\/a>\n                    <\/li>\n                                        <li class=\"list-group-item addiction \">\n                        <a href=\"https:\/\/euprevent.eu\/wp-content\/uploads\/2021\/02\/euPrevent-SNA_DE_Rapport_Ergebnisse_EHS_Jugendliche.pdf\" target=\"_blank\">\n                            <div class=\"row vcenter\">\n                                <div class=\"col-img col-xs-1 text-center\"><img decoding=\"async\"\n                                            src=\"https:\/\/euprevent.eu\/wp-content\/uploads\/2021\/01\/image-young-people.png\"\/>\n                                <\/div>\n                                <div class=\"col-xs-8\">\n                                    <div class=\"publication-title\">Rapport Ergebnisse der Gesundheitsumfrage Euroregional Health Survey Zielgruppe Jugendliche (12\u201326 Jahre) (DE)<\/div>\n                                <\/div>\n                                <div class=\"col-xs-2 align-programm-indicator\">\n                                                                                <span class=\"programme-indicator \"\n                                                  style=\"background-color:#ff7f2f\">&nbsp;<\/span>\n                                                                            <\/div>\n                                <div class=\"col-xs-1\">\n                                                                            <span class=\"label label-light\"><i\n                                                    class=\"fa fa-download\"><\/i><\/span>\n                                                                        <\/div>\n                            <\/div>\n                        <\/a>\n                    <\/li>\n                                        <li class=\"list-group-item addiction \">\n                        <a href=\"https:\/\/euprevent.eu\/wp-content\/uploads\/2021\/01\/Infographic-Resultaten-Euroregional-Health-Survey-Doelgroep-jongeren-12-26-jaar.pdf\" target=\"_blank\">\n                            <div class=\"row vcenter\">\n                                <div class=\"col-img col-xs-1 text-center\"><img decoding=\"async\"\n                                            src=\"https:\/\/euprevent.eu\/wp-content\/uploads\/2021\/01\/image-young-people.png\"\/>\n                                <\/div>\n                                <div class=\"col-xs-8\">\n                                    <div class=\"publication-title\">Infographic Resultaten Euroregional Health Survey Doelgroep jongeren (12-26 jaar) (NL)<\/div>\n                                <\/div>\n                                <div class=\"col-xs-2 align-programm-indicator\">\n                                                                                <span class=\"programme-indicator \"\n                                                  style=\"background-color:#ff7f2f\">&nbsp;<\/span>\n                                                                            <\/div>\n                                <div class=\"col-xs-1\">\n                                                                            <span class=\"label label-light\"><i\n                                                    class=\"fa fa-download\"><\/i><\/span>\n                                                                        <\/div>\n                            <\/div>\n                        <\/a>\n                    <\/li>\n                                        <li class=\"list-group-item addiction \">\n                        <a href=\"https:\/\/euprevent.eu\/wp-content\/uploads\/2021\/02\/euPrevent-SNA_EN_Report_Results_EHS_Young_People.pdf\" target=\"_blank\">\n                            <div class=\"row vcenter\">\n                                <div class=\"col-img col-xs-1 text-center\"><img decoding=\"async\"\n                                            src=\"https:\/\/euprevent.eu\/wp-content\/uploads\/2021\/01\/image-young-people.png\"\/>\n                                <\/div>\n                                <div class=\"col-xs-8\">\n                                    <div class=\"publication-title\">Report Results Euroregional Health Survey Target Group Young people (12\u201326 years) (EN)<\/div>\n                                <\/div>\n                                <div class=\"col-xs-2 align-programm-indicator\">\n                                                                                <span class=\"programme-indicator \"\n                                                  style=\"background-color:#ff7f2f\">&nbsp;<\/span>\n                                                                            <\/div>\n                                <div class=\"col-xs-1\">\n                                                                            <span class=\"label label-light\"><i\n                                                    class=\"fa fa-download\"><\/i><\/span>\n                                                                        <\/div>\n                            <\/div>\n                        <\/a>\n                    <\/li>\n                                        <li class=\"list-group-item addiction \">\n                        <a href=\"https:\/\/euprevent.eu\/wp-content\/uploads\/2021\/02\/euprevent-SNA_NL_Rapport_Resultaten_EHS_Jongeren.pdf\" target=\"_blank\">\n                            <div class=\"row vcenter\">\n                                <div class=\"col-img col-xs-1 text-center\"><img decoding=\"async\"\n                                            src=\"https:\/\/euprevent.eu\/wp-content\/uploads\/2021\/01\/image-young-people.png\"\/>\n                                <\/div>\n                                <div class=\"col-xs-8\">\n                                    <div class=\"publication-title\">Rapport Resultaten Euroregional Health Survey Doelgroep jongeren (12-26 jaar) (NL)<\/div>\n                                <\/div>\n                                <div class=\"col-xs-2 align-programm-indicator\">\n                                                                                <span class=\"programme-indicator \"\n                                                  style=\"background-color:#ff7f2f\">&nbsp;<\/span>\n                                                                            <\/div>\n                                <div class=\"col-xs-1\">\n                                                                            <span class=\"label label-light\"><i\n                                                    class=\"fa fa-download\"><\/i><\/span>\n                                                                        <\/div>\n                            <\/div>\n                        <\/a>\n                    <\/li>\n                                        <li class=\"list-group-item addiction \">\n                        <a href=\"https:\/\/euprevent.eu\/wp-content\/uploads\/2021\/01\/Infographic-Results-Euroregional-Health-Survey-Target-Group-Young-People-12-26-years.pdf\" target=\"_blank\">\n                            <div class=\"row vcenter\">\n                                <div class=\"col-img col-xs-1 text-center\"><img decoding=\"async\"\n                                            src=\"https:\/\/euprevent.eu\/wp-content\/uploads\/2021\/01\/image-young-people.png\"\/>\n                                <\/div>\n                                <div class=\"col-xs-8\">\n                                    <div class=\"publication-title\">Infographic Results Euroregional Health Survey Target Group Young People (12-26 years) (EN)<\/div>\n                                <\/div>\n                                <div class=\"col-xs-2 align-programm-indicator\">\n                                                                                <span class=\"programme-indicator \"\n                                                  style=\"background-color:#ff7f2f\">&nbsp;<\/span>\n                                                                            <\/div>\n                                <div class=\"col-xs-1\">\n                                                                            <span class=\"label label-light\"><i\n                                                    class=\"fa fa-download\"><\/i><\/span>\n                                                                        <\/div>\n                            <\/div>\n                        <\/a>\n                    <\/li>\n                                        <li class=\"list-group-item addiction \">\n                        <a href=\"https:\/\/euprevent.eu\/wp-content\/uploads\/2019\/10\/Flyer-Euregional-Health-survey_young-people-FR.pdf\" target=\"_blank\">\n                            <div class=\"row vcenter\">\n                                <div class=\"col-img col-xs-1 text-center\"><img decoding=\"async\"\n                                            src=\"https:\/\/euprevent.eu\/wp-content\/uploads\/2021\/12\/SNA_survey2.png\"\/>\n                                <\/div>\n                                <div class=\"col-xs-8\">\n                                    <div class=\"publication-title\">Flyer Euregional health survey young people (FR)<\/div>\n                                <\/div>\n                                <div class=\"col-xs-2 align-programm-indicator\">\n                                                                                <span class=\"programme-indicator \"\n                                                  style=\"background-color:#ff7f2f\">&nbsp;<\/span>\n                                                                            <\/div>\n                                <div class=\"col-xs-1\">\n                                                                            <span class=\"label label-light\"><i\n                                                    class=\"fa fa-download\"><\/i><\/span>\n                                                                        <\/div>\n                            <\/div>\n                        <\/a>\n                    <\/li>\n                                        <li class=\"list-group-item addiction \">\n                        <a href=\"https:\/\/euprevent.eu\/wp-content\/uploads\/2019\/10\/Flyer-Euregional-Health-survey_youth-NL.pdf\" target=\"_blank\">\n                            <div class=\"row vcenter\">\n                                <div class=\"col-img col-xs-1 text-center\"><img decoding=\"async\"\n                                            src=\"https:\/\/euprevent.eu\/wp-content\/uploads\/2021\/12\/SNA_survey2.png\"\/>\n                                <\/div>\n                                <div class=\"col-xs-8\">\n                                    <div class=\"publication-title\">Flyer Euregional health survey young people (NL)<\/div>\n                                <\/div>\n                                <div class=\"col-xs-2 align-programm-indicator\">\n                                                                                <span class=\"programme-indicator \"\n                                                  style=\"background-color:#ff7f2f\">&nbsp;<\/span>\n                                                                            <\/div>\n                                <div class=\"col-xs-1\">\n                                                                            <span class=\"label label-light\"><i\n                                                    class=\"fa fa-download\"><\/i><\/span>\n                                                                        <\/div>\n                            <\/div>\n                        <\/a>\n                    <\/li>\n                                        <li class=\"list-group-item addiction \">\n                        <a href=\"https:\/\/euprevent.eu\/wp-content\/uploads\/2019\/10\/Flyer-Euregional-Health-survey_young-people-DE.pdf\" target=\"_blank\">\n                            <div class=\"row vcenter\">\n                                <div class=\"col-img col-xs-1 text-center\"><img decoding=\"async\"\n                                            src=\"https:\/\/euprevent.eu\/wp-content\/uploads\/2021\/12\/SNA_survey2.png\"\/>\n                                <\/div>\n                                <div class=\"col-xs-8\">\n                                    <div class=\"publication-title\">Flyer Euregional health survey young people (DE)<\/div>\n                                <\/div>\n                                <div class=\"col-xs-2 align-programm-indicator\">\n                                                                                <span class=\"programme-indicator \"\n                                                  style=\"background-color:#ff7f2f\">&nbsp;<\/span>\n                                                                            <\/div>\n                                <div class=\"col-xs-1\">\n                                                                            <span class=\"label label-light\"><i\n                                                    class=\"fa fa-download\"><\/i><\/span>\n                                                                        <\/div>\n                            <\/div>\n                        <\/a>\n                    <\/li>\n                                        <li class=\"list-group-item addiction \">\n                        <a href=\"https:\/\/euprevent.eu\/wp-content\/uploads\/2019\/10\/Flyer-Euregional-Health-survey_55-FR.pdf\" target=\"_blank\">\n                            <div class=\"row vcenter\">\n                                <div class=\"col-img col-xs-1 text-center\"><img decoding=\"async\"\n                                            src=\"https:\/\/euprevent.eu\/wp-content\/uploads\/2021\/12\/SNA_survey1.png\"\/>\n                                <\/div>\n                                <div class=\"col-xs-8\">\n                                    <div class=\"publication-title\">Flyer Euregional health survey 55+ (FR)<\/div>\n                                <\/div>\n                                <div class=\"col-xs-2 align-programm-indicator\">\n                                                                                <span class=\"programme-indicator \"\n                                                  style=\"background-color:#ff7f2f\">&nbsp;<\/span>\n                                                                            <\/div>\n                                <div class=\"col-xs-1\">\n                                                                            <span class=\"label label-light\"><i\n                                                    class=\"fa fa-download\"><\/i><\/span>\n                                                                        <\/div>\n                            <\/div>\n                        <\/a>\n                    <\/li>\n                                        <li class=\"list-group-item addiction \">\n                        <a href=\"https:\/\/euprevent.eu\/wp-content\/uploads\/2019\/10\/Flyer-Euregional-Health-survey_55-NL.pdf\" target=\"_blank\">\n                            <div class=\"row vcenter\">\n                                <div class=\"col-img col-xs-1 text-center\"><img decoding=\"async\"\n                                            src=\"https:\/\/euprevent.eu\/wp-content\/uploads\/2021\/12\/SNA_survey1.png\"\/>\n                                <\/div>\n                                <div class=\"col-xs-8\">\n                                    <div class=\"publication-title\">Flyer Euregional health survey 55+ (NL)<\/div>\n                                <\/div>\n                                <div class=\"col-xs-2 align-programm-indicator\">\n                                                                                <span class=\"programme-indicator \"\n                                                  style=\"background-color:#ff7f2f\">&nbsp;<\/span>\n                                                                            <\/div>\n                                <div class=\"col-xs-1\">\n                                                                            <span class=\"label label-light\"><i\n                                                    class=\"fa fa-download\"><\/i><\/span>\n                                                                        <\/div>\n                            <\/div>\n                        <\/a>\n                    <\/li>\n                                        <li class=\"list-group-item addiction \">\n                        <a href=\"https:\/\/euprevent.eu\/wp-content\/uploads\/2019\/10\/Flyer-Euregional-Health-survey_55-DE.pdf\" target=\"_blank\">\n                            <div class=\"row vcenter\">\n                                <div class=\"col-img col-xs-1 text-center\"><img decoding=\"async\"\n                                            src=\"https:\/\/euprevent.eu\/wp-content\/uploads\/2021\/12\/SNA_survey1.png\"\/>\n                                <\/div>\n                                <div class=\"col-xs-8\">\n                                    <div class=\"publication-title\">Flyer Euregional health survey 55+ (DE)<\/div>\n                                <\/div>\n                                <div class=\"col-xs-2 align-programm-indicator\">\n                                                                                <span class=\"programme-indicator \"\n                                                  style=\"background-color:#ff7f2f\">&nbsp;<\/span>\n                                                                            <\/div>\n                                <div class=\"col-xs-1\">\n                                                                            <span class=\"label label-light\"><i\n                                                    class=\"fa fa-download\"><\/i><\/span>\n                                                                        <\/div>\n                            <\/div>\n                        <\/a>\n                    <\/li>\n                                        <li class=\"list-group-item mental-health \">\n                        <a href=\"https:\/\/euprevent.eu\/wp-content\/themes\/euprevent\/pageflip\/the-art-of-growing-older\/\" target=\"_blank\">\n                            <div class=\"row vcenter\">\n                                <div class=\"col-img col-xs-1 text-center\"><img decoding=\"async\"\n                                            src=\"https:\/\/euprevent.eu\/wp-content\/uploads\/2019\/12\/SFC_ArtBook_cover2.jpg\"\/>\n                                <\/div>\n                                <div class=\"col-xs-8\">\n                                    <div class=\"publication-title\">The art of growing older. Old age depression expressed in art.<\/div>\n                                <\/div>\n                                <div class=\"col-xs-2 align-programm-indicator\">\n                                                                                <span class=\"programme-indicator \"\n                                                  style=\"background-color:#e4457d\">&nbsp;<\/span>\n                                                                            <\/div>\n                                <div class=\"col-xs-1\">\n                                                                            <span class=\"label label-light\"><i\n                                                    class=\"fa fa-link\"><\/i><\/span>\n                                                                        <\/div>\n                            <\/div>\n                        <\/a>\n                    <\/li>\n                                        <li class=\"list-group-item mental-health \">\n                        <a href=\"https:\/\/euprevent.eu\/wp-content\/uploads\/2020\/02\/Guide_Comment-devenir-une-commune-r\u00e9siliente-et-pr\u00e9venir-la-d\u00e9pression-chez-les-seniors.pdf\" target=\"_blank\">\n                            <div class=\"row vcenter\">\n                                <div class=\"col-img col-xs-1 text-center\"><img decoding=\"async\"\n                                            src=\"https:\/\/euprevent.eu\/wp-content\/uploads\/2020\/07\/Image-Guidline_How-to-become-a-resilient-community-and-prevent-depression.png\"\/>\n                                <\/div>\n                                <div class=\"col-xs-8\">\n                                    <div class=\"publication-title\">Guideline \u2018Comment devenir une commune r\u00e9siliente et pr\u00e9venir la d\u00e9pression chez les seniors ? \u2018(FR)<\/div>\n                                <\/div>\n                                <div class=\"col-xs-2 align-programm-indicator\">\n                                                                                <span class=\"programme-indicator \"\n                                                  style=\"background-color:#e4457d\">&nbsp;<\/span>\n                                                                            <\/div>\n                                <div class=\"col-xs-1\">\n                                                                            <span class=\"label label-light\"><i\n                                                    class=\"fa fa-download\"><\/i><\/span>\n                                                                        <\/div>\n                            <\/div>\n                        <\/a>\n                    <\/li>\n                                        <li class=\"list-group-item mental-health \">\n                        <a href=\"https:\/\/euprevent.eu\/wp-content\/uploads\/2020\/02\/Leitfaden_Wie-man-eine-widerstandsf\u00e4hige-Gemeinde-wird-und-Depressionen-bei-\u00e4lteren-Menschen-verhindert.pdf\" target=\"_blank\">\n                            <div class=\"row vcenter\">\n                                <div class=\"col-img col-xs-1 text-center\"><img decoding=\"async\"\n                                            src=\"https:\/\/euprevent.eu\/wp-content\/uploads\/2020\/07\/Image-Guidline_How-to-become-a-resilient-community-and-prevent-depression.png\"\/>\n                                <\/div>\n                                <div class=\"col-xs-8\">\n                                    <div class=\"publication-title\">Guideline \u2018Wie wird man eine resiliente Gemeinde und wie verhindert man Depressionen bei \u00e4lteren Menschen?\u2019 (DE)<\/div>\n                                <\/div>\n                                <div class=\"col-xs-2 align-programm-indicator\">\n                                                                                <span class=\"programme-indicator \"\n                                                  style=\"background-color:#e4457d\">&nbsp;<\/span>\n                                                                            <\/div>\n                                <div class=\"col-xs-1\">\n                                                                            <span class=\"label label-light\"><i\n                                                    class=\"fa fa-download\"><\/i><\/span>\n                                                                        <\/div>\n                            <\/div>\n                        <\/a>\n                    <\/li>\n                                        <li class=\"list-group-item mental-health \">\n                        <a href=\"https:\/\/euprevent.eu\/wp-content\/uploads\/2020\/02\/Richtlijn_Hoe-een-veerkrachtige-gemeente-worden-en-depressie-bij-ouderen-te-voorkomen.pdf\" target=\"_blank\">\n                            <div class=\"row vcenter\">\n                                <div class=\"col-img col-xs-1 text-center\"><img decoding=\"async\"\n                                            src=\"https:\/\/euprevent.eu\/wp-content\/uploads\/2020\/07\/Image-Guidline_How-to-become-a-resilient-community-and-prevent-depression.png\"\/>\n                                <\/div>\n                                <div class=\"col-xs-8\">\n                                    <div class=\"publication-title\">Guideline \u2018Hoe word je een veerkrachtige gemeente en voorkom je depressie bij ouderen? (NL)<\/div>\n                                <\/div>\n                                <div class=\"col-xs-2 align-programm-indicator\">\n                                                                                <span class=\"programme-indicator \"\n                                                  style=\"background-color:#e4457d\">&nbsp;<\/span>\n                                                                            <\/div>\n                                <div class=\"col-xs-1\">\n                                                                            <span class=\"label label-light\"><i\n                                                    class=\"fa fa-download\"><\/i><\/span>\n                                                                        <\/div>\n                            <\/div>\n                        <\/a>\n                    <\/li>\n                                        <li class=\"list-group-item mental-health \">\n                        <a href=\"https:\/\/euprevent.eu\/wp-content\/uploads\/2020\/02\/Guideline_How-to-become-a-resilient-community-and-prevent-depression.pdf\" target=\"_blank\">\n                            <div class=\"row vcenter\">\n                                <div class=\"col-img col-xs-1 text-center\"><img decoding=\"async\"\n                                            src=\"https:\/\/euprevent.eu\/wp-content\/uploads\/2020\/07\/Image-Guidline_How-to-become-a-resilient-community-and-prevent-depression.png\"\/>\n                                <\/div>\n                                <div class=\"col-xs-8\">\n                                    <div class=\"publication-title\">Guideline \u2018How to become a resilient community & prevent depression\u2018 (EN)<\/div>\n                                <\/div>\n                                <div class=\"col-xs-2 align-programm-indicator\">\n                                                                                <span class=\"programme-indicator \"\n                                                  style=\"background-color:#e4457d\">&nbsp;<\/span>\n                                                                            <\/div>\n                                <div class=\"col-xs-1\">\n                                                                            <span class=\"label label-light\"><i\n                                                    class=\"fa fa-download\"><\/i><\/span>\n                                                                        <\/div>\n                            <\/div>\n                        <\/a>\n                    <\/li>\n                                        <li class=\"list-group-item mental-health \">\n                        <a href=\"https:\/\/euprevent.eu\/wp-content\/uploads\/2020\/02\/Content-book_Pour-que-les-communes-amies-des-seniors-soient-en-mouvement-et-puissent-le-rester.pdf\" target=\"_blank\">\n                            <div class=\"row vcenter\">\n                                <div class=\"col-img col-xs-1 text-center\"><img decoding=\"async\"\n                                            src=\"https:\/\/euprevent.eu\/wp-content\/uploads\/2020\/07\/Image-Book_-building-and-sustaining-a-senior-friendly-community-movement.png\"\/>\n                                <\/div>\n                                <div class=\"col-xs-8\">\n                                    <div class=\"publication-title\">Livre \u2018Pour que les communes amies des seniors soient en mouvement et puissent le rester\u2018 (FR)<\/div>\n                                <\/div>\n                                <div class=\"col-xs-2 align-programm-indicator\">\n                                                                                <span class=\"programme-indicator \"\n                                                  style=\"background-color:#e4457d\">&nbsp;<\/span>\n                                                                            <\/div>\n                                <div class=\"col-xs-1\">\n                                                                            <span class=\"label label-light\"><i\n                                                    class=\"fa fa-download\"><\/i><\/span>\n                                                                        <\/div>\n                            <\/div>\n                        <\/a>\n                    <\/li>\n                                        <li class=\"list-group-item mental-health \">\n                        <a href=\"https:\/\/euprevent.eu\/wp-content\/uploads\/2020\/02\/Content-Book_Een-seniorvriendelijke-gemeente-in-beweging-brengen-en-houden.pdf\" target=\"_blank\">\n                            <div class=\"row vcenter\">\n                                <div class=\"col-img col-xs-1 text-center\"><img decoding=\"async\"\n                                            src=\"https:\/\/euprevent.eu\/wp-content\/uploads\/2020\/07\/Image-Book_-building-and-sustaining-a-senior-friendly-community-movement.png\"\/>\n                                <\/div>\n                                <div class=\"col-xs-8\">\n                                    <div class=\"publication-title\">Boek \u2018Een seniorvriendelijke gemeente in beweging brengen en houden\u2019 (NL)<\/div>\n                                <\/div>\n                                <div class=\"col-xs-2 align-programm-indicator\">\n                                                                                <span class=\"programme-indicator \"\n                                                  style=\"background-color:#e4457d\">&nbsp;<\/span>\n                                                                            <\/div>\n                                <div class=\"col-xs-1\">\n                                                                            <span class=\"label label-light\"><i\n                                                    class=\"fa fa-download\"><\/i><\/span>\n                                                                        <\/div>\n                            <\/div>\n                        <\/a>\n                    <\/li>\n                                        <li class=\"list-group-item mental-health \">\n                        <a href=\"https:\/\/euprevent.eu\/wp-content\/uploads\/2020\/02\/Content-book_Building-and-sustaining-a-seniorfriendly-community-movement.pdf\" target=\"_blank\">\n                            <div class=\"row vcenter\">\n                                <div class=\"col-img col-xs-1 text-center\"><img decoding=\"async\"\n                                            src=\"https:\/\/euprevent.eu\/wp-content\/uploads\/2020\/07\/Image-Book_-building-and-sustaining-a-senior-friendly-community-movement.png\"\/>\n                                <\/div>\n                                <div class=\"col-xs-8\">\n                                    <div class=\"publication-title\">Book \u2018Building and sustaining a senior friendly community movement\u2018 (EN)<\/div>\n                                <\/div>\n                                <div class=\"col-xs-2 align-programm-indicator\">\n                                                                                <span class=\"programme-indicator \"\n                                                  style=\"background-color:#e4457d\">&nbsp;<\/span>\n                                                                            <\/div>\n                                <div class=\"col-xs-1\">\n                                                                            <span class=\"label label-light\"><i\n                                                    class=\"fa fa-download\"><\/i><\/span>\n                                                                        <\/div>\n                            <\/div>\n                        <\/a>\n                    <\/li>\n                                        <li class=\"list-group-item mental-health \">\n                        <a href=\"https:\/\/euprevent.eu\/wp-content\/uploads\/2020\/02\/Content-book_Eine-seniorenfreundliche-Gemeinde-in-Bewegung-bringen-und-erhalten.pdf\" target=\"_blank\">\n                            <div class=\"row vcenter\">\n                                <div class=\"col-img col-xs-1 text-center\"><img decoding=\"async\"\n                                            src=\"https:\/\/euprevent.eu\/wp-content\/uploads\/2020\/07\/Image-Book_-building-and-sustaining-a-senior-friendly-community-movement.png\"\/>\n                                <\/div>\n                                <div class=\"col-xs-8\">\n                                    <div class=\"publication-title\">Buch \u2018Eine seniorenfreundliche Gemeinde in Bewegung bringen und in Bewegung halten\u2018 (DE)<\/div>\n                                <\/div>\n                                <div class=\"col-xs-2 align-programm-indicator\">\n                                                                                <span class=\"programme-indicator \"\n                                                  style=\"background-color:#e4457d\">&nbsp;<\/span>\n                                                                            <\/div>\n                                <div class=\"col-xs-1\">\n                                                                            <span class=\"label label-light\"><i\n                                                    class=\"fa fa-download\"><\/i><\/span>\n                                                                        <\/div>\n                            <\/div>\n                        <\/a>\n                    <\/li>\n                                        <li class=\"list-group-item crossing-programmes \">\n                        <a href=\"https:\/\/euprevent.eu\/wp-content\/uploads\/2019\/10\/20191008-h1720-RHN-Aachen.pdf\" target=\"_blank\">\n                            <div class=\"row vcenter\">\n                                <div class=\"col-img col-xs-1 text-center\"><img decoding=\"async\"\n                                            src=\"https:\/\/euprevent.eu\/wp-content\/uploads\/2019\/10\/WHORHN_annualreport_2019.jpg\"\/>\n                                <\/div>\n                                <div class=\"col-xs-8\">\n                                    <div class=\"publication-title\">\u2018How to keep people at the centre of health and sustainable development policies\u2019 (EN)<\/div>\n                                <\/div>\n                                <div class=\"col-xs-2 align-programm-indicator\">\n                                                                                <span class=\"programme-indicator \"\n                                                  style=\"background-color:#282562\">&nbsp;<\/span>\n                                                                            <\/div>\n                                <div class=\"col-xs-1\">\n                                                                            <span class=\"label label-light\"><i\n                                                    class=\"fa fa-download\"><\/i><\/span>\n                                                                        <\/div>\n                            <\/div>\n                        <\/a>\n                    <\/li>\n                                        <li class=\"list-group-item crossing-programmes \">\n                        <a href=\"https:\/\/euprevent.eu\/wp-content\/uploads\/2019\/06\/digital-version-Final-Report-Citizen-Summit.pdf\" target=\"_blank\">\n                            <div class=\"row vcenter\">\n                                <div class=\"col-img col-xs-1 text-center\"><img decoding=\"async\"\n                                            src=\"https:\/\/euprevent.eu\/wp-content\/uploads\/2019\/06\/CS_image.png\"\/>\n                                <\/div>\n                                <div class=\"col-xs-8\">\n                                    <div class=\"publication-title\">Report  \u2018Citizen Summits\u2019 (EN)<\/div>\n                                <\/div>\n                                <div class=\"col-xs-2 align-programm-indicator\">\n                                                                                <span class=\"programme-indicator \"\n                                                  style=\"background-color:#282562\">&nbsp;<\/span>\n                                                                            <\/div>\n                                <div class=\"col-xs-1\">\n                                                                            <span class=\"label label-light\"><i\n                                                    class=\"fa fa-download\"><\/i><\/span>\n                                                                        <\/div>\n                            <\/div>\n                        <\/a>\n                    <\/li>\n                                        <li class=\"list-group-item crossing-programmes \">\n                        <a href=\"https:\/\/euprevent.eu\/wp-content\/uploads\/2019\/06\/digital-version-Vademecum-euPrevent.pdf\" target=\"_blank\">\n                            <div class=\"row vcenter\">\n                                <div class=\"col-img col-xs-1 text-center\"><img decoding=\"async\"\n                                            src=\"https:\/\/euprevent.eu\/wp-content\/uploads\/2019\/06\/Vademecum_image.png\"\/>\n                                <\/div>\n                                <div class=\"col-xs-8\">\n                                    <div class=\"publication-title\">Best Practices in the Euregio Meuse Rhine (EN)<\/div>\n                                <\/div>\n                                <div class=\"col-xs-2 align-programm-indicator\">\n                                                                                <span class=\"programme-indicator \"\n                                                  style=\"background-color:#282562\">&nbsp;<\/span>\n                                                                            <\/div>\n                                <div class=\"col-xs-1\">\n                                                                            <span class=\"label label-light\"><i\n                                                    class=\"fa fa-download\"><\/i><\/span>\n                                                                        <\/div>\n                            <\/div>\n                        <\/a>\n                    <\/li>\n                                        <li class=\"list-group-item environmental-health \">\n                        <a href=\"https:\/\/euprevent.eu\/wp-content\/uploads\/2019\/12\/20191219-HIE-Infographic-Raam-open-FR.pdf\" target=\"_blank\">\n                            <div class=\"row vcenter\">\n                                <div class=\"col-img col-xs-1 text-center\"><img decoding=\"async\"\n                                            src=\"https:\/\/euprevent.eu\/wp-content\/uploads\/2019\/07\/HIE_Zetjeraamopen.png\"\/>\n                                <\/div>\n                                <div class=\"col-xs-8\">\n                                    <div class=\"publication-title\">Infographic \u2018Ouvrez votre fen\u00eatre\u2019 (FR)<\/div>\n                                <\/div>\n                                <div class=\"col-xs-2 align-programm-indicator\">\n                                                                                <span class=\"programme-indicator \"\n                                                  style=\"background-color:#72d54a\">&nbsp;<\/span>\n                                                                            <\/div>\n                                <div class=\"col-xs-1\">\n                                                                            <span class=\"label label-light\"><i\n                                                    class=\"fa fa-download\"><\/i><\/span>\n                                                                        <\/div>\n                            <\/div>\n                        <\/a>\n                    <\/li>\n                                        <li class=\"list-group-item environmental-health \">\n                        <a href=\"https:\/\/euprevent.eu\/wp-content\/uploads\/2019\/12\/20191219-HIE-Infographic-Raam-open-DE.pdf\" target=\"_blank\">\n                            <div class=\"row vcenter\">\n                                <div class=\"col-img col-xs-1 text-center\"><img decoding=\"async\"\n                                            src=\"https:\/\/euprevent.eu\/wp-content\/uploads\/2019\/07\/HIE_Zetjeraamopen.png\"\/>\n                                <\/div>\n                                <div class=\"col-xs-8\">\n                                    <div class=\"publication-title\">Infographic \u2018\u00d6ffne dein Fenster\u2019 (DE)<\/div>\n                                <\/div>\n                                <div class=\"col-xs-2 align-programm-indicator\">\n                                                                                <span class=\"programme-indicator \"\n                                                  style=\"background-color:#72d54a\">&nbsp;<\/span>\n                                                                            <\/div>\n                                <div class=\"col-xs-1\">\n                                                                            <span class=\"label label-light\"><i\n                                                    class=\"fa fa-download\"><\/i><\/span>\n                                                                        <\/div>\n                            <\/div>\n                        <\/a>\n                    <\/li>\n                                        <li class=\"list-group-item environmental-health \">\n                        <a href=\"https:\/\/euprevent.eu\/wp-content\/uploads\/2019\/12\/20191219-HIE-Infographic-Raam-open-EN.pdf\" target=\"_blank\">\n                            <div class=\"row vcenter\">\n                                <div class=\"col-img col-xs-1 text-center\"><img decoding=\"async\"\n                                            src=\"https:\/\/euprevent.eu\/wp-content\/uploads\/2019\/07\/HIE_Zetjeraamopen.png\"\/>\n                                <\/div>\n                                <div class=\"col-xs-8\">\n                                    <div class=\"publication-title\">Infographic \u2018Open your windows\u2019 (EN)<\/div>\n                                <\/div>\n                                <div class=\"col-xs-2 align-programm-indicator\">\n                                                                                <span class=\"programme-indicator \"\n                                                  style=\"background-color:#72d54a\">&nbsp;<\/span>\n                                                                            <\/div>\n                                <div class=\"col-xs-1\">\n                                                                            <span class=\"label label-light\"><i\n                                                    class=\"fa fa-download\"><\/i><\/span>\n                                                                        <\/div>\n                            <\/div>\n                        <\/a>\n                    <\/li>\n                                        <li class=\"list-group-item environmental-health \">\n                        <a href=\"https:\/\/euprevent.eu\/wp-content\/uploads\/2019\/07\/2019-HIE-Infographic-Raam-open.pdf\" target=\"_blank\">\n                            <div class=\"row vcenter\">\n                                <div class=\"col-img col-xs-1 text-center\"><img decoding=\"async\"\n                                            src=\"https:\/\/euprevent.eu\/wp-content\/uploads\/2019\/07\/HIE_Zetjeraamopen.png\"\/>\n                                <\/div>\n                                <div class=\"col-xs-8\">\n                                    <div class=\"publication-title\">Infographic \u2018Open je raam\u2019 (NL)<\/div>\n                                <\/div>\n                                <div class=\"col-xs-2 align-programm-indicator\">\n                                                                                <span class=\"programme-indicator \"\n                                                  style=\"background-color:#72d54a\">&nbsp;<\/span>\n                                                                            <\/div>\n                                <div class=\"col-xs-1\">\n                                                                            <span class=\"label label-light\"><i\n                                                    class=\"fa fa-download\"><\/i><\/span>\n                                                                        <\/div>\n                            <\/div>\n                        <\/a>\n                    <\/li>\n                                        <li class=\"list-group-item environmental-health \">\n                        <a href=\"https:\/\/euprevent.eu\/wp-content\/uploads\/2019\/12\/20191219-HIE-Infographic-Projectresultaten-FR.pdf\" target=\"_blank\">\n                            <div class=\"row vcenter\">\n                                <div class=\"col-img col-xs-1 text-center\"><img decoding=\"async\"\n                                            src=\"https:\/\/euprevent.eu\/wp-content\/uploads\/2019\/07\/HIE_Resultaten.png\"\/>\n                                <\/div>\n                                <div class=\"col-xs-8\">\n                                    <div class=\"publication-title\">Infographic Projet Environnement Int\u00e9rieur Sain (FR)<\/div>\n                                <\/div>\n                                <div class=\"col-xs-2 align-programm-indicator\">\n                                                                                <span class=\"programme-indicator \"\n                                                  style=\"background-color:#72d54a\">&nbsp;<\/span>\n                                                                            <\/div>\n                                <div class=\"col-xs-1\">\n                                                                            <span class=\"label label-light\"><i\n                                                    class=\"fa fa-download\"><\/i><\/span>\n                                                                        <\/div>\n                            <\/div>\n                        <\/a>\n                    <\/li>\n                                        <li class=\"list-group-item environmental-health \">\n                        <a href=\"https:\/\/euprevent.eu\/wp-content\/uploads\/2019\/12\/20191219-HIE-Infographic-Projectresultaten-DE.pdf\" target=\"_blank\">\n                            <div class=\"row vcenter\">\n                                <div class=\"col-img col-xs-1 text-center\"><img decoding=\"async\"\n                                            src=\"https:\/\/euprevent.eu\/wp-content\/uploads\/2019\/07\/HIE_Resultaten.png\"\/>\n                                <\/div>\n                                <div class=\"col-xs-8\">\n                                    <div class=\"publication-title\">Infographic Projekt Gesundes Raumklima (DE)<\/div>\n                                <\/div>\n                                <div class=\"col-xs-2 align-programm-indicator\">\n                                                                                <span class=\"programme-indicator \"\n                                                  style=\"background-color:#72d54a\">&nbsp;<\/span>\n                                                                            <\/div>\n                                <div class=\"col-xs-1\">\n                                                                            <span class=\"label label-light\"><i\n                                                    class=\"fa fa-download\"><\/i><\/span>\n                                                                        <\/div>\n                            <\/div>\n                        <\/a>\n                    <\/li>\n                                        <li class=\"list-group-item environmental-health \">\n                        <a href=\"https:\/\/euprevent.eu\/wp-content\/uploads\/2019\/12\/20191219-HIE-Infographic-Projectresultaten-EN.pdf\" target=\"_blank\">\n                            <div class=\"row vcenter\">\n                                <div class=\"col-img col-xs-1 text-center\"><img decoding=\"async\"\n                                            src=\"https:\/\/euprevent.eu\/wp-content\/uploads\/2019\/07\/HIE_Resultaten.png\"\/>\n                                <\/div>\n                                <div class=\"col-xs-8\">\n                                    <div class=\"publication-title\">Infographic Project Healthy Indoor Environment (EN)<\/div>\n                                <\/div>\n                                <div class=\"col-xs-2 align-programm-indicator\">\n                                                                                <span class=\"programme-indicator \"\n                                                  style=\"background-color:#72d54a\">&nbsp;<\/span>\n                                                                            <\/div>\n                                <div class=\"col-xs-1\">\n                                                                            <span class=\"label label-light\"><i\n                                                    class=\"fa fa-download\"><\/i><\/span>\n                                                                        <\/div>\n                            <\/div>\n                        <\/a>\n                    <\/li>\n                                        <li class=\"list-group-item environmental-health \">\n                        <a href=\"https:\/\/euprevent.eu\/wp-content\/uploads\/2019\/07\/2019-HIE-Infographic-Projectresultaten.pdf\" target=\"_blank\">\n                            <div class=\"row vcenter\">\n                                <div class=\"col-img col-xs-1 text-center\"><img decoding=\"async\"\n                                            src=\"https:\/\/euprevent.eu\/wp-content\/uploads\/2019\/07\/HIE_Resultaten.png\"\/>\n                                <\/div>\n                                <div class=\"col-xs-8\">\n                                    <div class=\"publication-title\">Infographic Project Gezond Binnenmilieu (NL)<\/div>\n                                <\/div>\n                                <div class=\"col-xs-2 align-programm-indicator\">\n                                                                                <span class=\"programme-indicator \"\n                                                  style=\"background-color:#72d54a\">&nbsp;<\/span>\n                                                                            <\/div>\n                                <div class=\"col-xs-1\">\n                                                                            <span class=\"label label-light\"><i\n                                                    class=\"fa fa-download\"><\/i><\/span>\n                                                                        <\/div>\n                            <\/div>\n                        <\/a>\n                    <\/li>\n                                        <li class=\"list-group-item mental-health \">\n                        <a href=\"https:\/\/euprevent.eu\/wp-content\/uploads\/2019\/03\/euPrevent-SFC-Information-Flyer-FR.pdf\" target=\"_blank\">\n                            <div class=\"row vcenter\">\n                                <div class=\"col-img col-xs-1 text-center\"><img decoding=\"async\"\n                                            src=\"https:\/\/euprevent.eu\/wp-content\/uploads\/2021\/12\/img31.jpg\"\/>\n                                <\/div>\n                                <div class=\"col-xs-8\">\n                                    <div class=\"publication-title\">euPrevent SFC Brochure d\u2019Information (FR)<\/div>\n                                <\/div>\n                                <div class=\"col-xs-2 align-programm-indicator\">\n                                                                                <span class=\"programme-indicator \"\n                                                  style=\"background-color:#e4457d\">&nbsp;<\/span>\n                                                                            <\/div>\n                                <div class=\"col-xs-1\">\n                                                                            <span class=\"label label-light\"><i\n                                                    class=\"fa fa-download\"><\/i><\/span>\n                                                                        <\/div>\n                            <\/div>\n                        <\/a>\n                    <\/li>\n                                        <li class=\"list-group-item mental-health \">\n                        <a href=\"https:\/\/euprevent.eu\/wp-content\/uploads\/2019\/03\/euPrevent-SFC-Information-Flyer-DE.pdf\" target=\"_blank\">\n                            <div class=\"row vcenter\">\n                                <div class=\"col-img col-xs-1 text-center\"><img decoding=\"async\"\n                                            src=\"https:\/\/euprevent.eu\/wp-content\/uploads\/2021\/12\/img31.jpg\"\/>\n                                <\/div>\n                                <div class=\"col-xs-8\">\n                                    <div class=\"publication-title\">euPrevent SFC Information Flyer (DE)<\/div>\n                                <\/div>\n                                <div class=\"col-xs-2 align-programm-indicator\">\n                                                                                <span class=\"programme-indicator \"\n                                                  style=\"background-color:#e4457d\">&nbsp;<\/span>\n                                                                            <\/div>\n                                <div class=\"col-xs-1\">\n                                                                            <span class=\"label label-light\"><i\n                                                    class=\"fa fa-download\"><\/i><\/span>\n                                                                        <\/div>\n                            <\/div>\n                        <\/a>\n                    <\/li>\n                                        <li class=\"list-group-item mental-health \">\n                        <a href=\"https:\/\/euprevent.eu\/wp-content\/uploads\/2019\/03\/euPrevent-SFC-Information-Flyer-EN.pdf\" target=\"_blank\">\n                            <div class=\"row vcenter\">\n                                <div class=\"col-img col-xs-1 text-center\"><img decoding=\"async\"\n                                            src=\"https:\/\/euprevent.eu\/wp-content\/uploads\/2021\/12\/img31.jpg\"\/>\n                                <\/div>\n                                <div class=\"col-xs-8\">\n                                    <div class=\"publication-title\">euPrevent SFC Information Flyer (EN)<\/div>\n                                <\/div>\n                                <div class=\"col-xs-2 align-programm-indicator\">\n                                                                                <span class=\"programme-indicator \"\n                                                  style=\"background-color:#e4457d\">&nbsp;<\/span>\n                                                                            <\/div>\n                                <div class=\"col-xs-1\">\n                                                                            <span class=\"label label-light\"><i\n                                                    class=\"fa fa-download\"><\/i><\/span>\n                                                                        <\/div>\n                            <\/div>\n                        <\/a>\n                    <\/li>\n                                        <li class=\"list-group-item mental-health \">\n                        <a href=\"https:\/\/euprevent.eu\/wp-content\/uploads\/2019\/03\/euPrevent-SFC-Information-Flyer-NL.pdf\" target=\"_blank\">\n                            <div class=\"row vcenter\">\n                                <div class=\"col-img col-xs-1 text-center\"><img decoding=\"async\"\n                                            src=\"https:\/\/euprevent.eu\/wp-content\/uploads\/2021\/12\/img31.jpg\"\/>\n                                <\/div>\n                                <div class=\"col-xs-8\">\n                                    <div class=\"publication-title\">euPrevent SFC Informatie Flyer (NL)<\/div>\n                                <\/div>\n                                <div class=\"col-xs-2 align-programm-indicator\">\n                                                                                <span class=\"programme-indicator \"\n                                                  style=\"background-color:#e4457d\">&nbsp;<\/span>\n                                                                            <\/div>\n                                <div class=\"col-xs-1\">\n                                                                            <span class=\"label label-light\"><i\n                                                    class=\"fa fa-download\"><\/i><\/span>\n                                                                        <\/div>\n                            <\/div>\n                        <\/a>\n                    <\/li>\n                                        <li class=\"list-group-item mental-health \">\n                        <a href=\"https:\/\/euprevent.eu\/wp-content\/uploads\/2019\/01\/2019-01-Invitation-or-letter-euPrevent-SFC.docx\" target=\"_blank\">\n                            <div class=\"row vcenter\">\n                                <div class=\"col-img col-xs-1 text-center\"><img decoding=\"async\"\n                                            src=\"https:\/\/euprevent.eu\/wp-content\/uploads\/2021\/12\/img41-1.jpg\"\/>\n                                <\/div>\n                                <div class=\"col-xs-8\">\n                                    <div class=\"publication-title\">SFC Invitation or letter (Word template) (EN, NL, DE and FR)<\/div>\n                                <\/div>\n                                <div class=\"col-xs-2 align-programm-indicator\">\n                                                                                <span class=\"programme-indicator \"\n                                                  style=\"background-color:#e4457d\">&nbsp;<\/span>\n                                                                            <\/div>\n                                <div class=\"col-xs-1\">\n                                                                            <span class=\"label label-light\"><i\n                                                    class=\"fa fa-download\"><\/i><\/span>\n                                                                        <\/div>\n                            <\/div>\n                        <\/a>\n                    <\/li>\n                                        <li class=\"list-group-item mental-health \">\n                        <a href=\"https:\/\/euprevent.eu\/wp-content\/uploads\/2019\/01\/euPrevent-SFC-Activity-posters.zip\" target=\"_blank\">\n                            <div class=\"row vcenter\">\n                                <div class=\"col-img col-xs-1 text-center\"><img decoding=\"async\"\n                                            src=\"https:\/\/euprevent.eu\/wp-content\/uploads\/2021\/12\/img71.jpg\"\/>\n                                <\/div>\n                                <div class=\"col-xs-8\">\n                                    <div class=\"publication-title\">SFC Activity posters (Word template | 15 posters | 53MB) (EN, NL, DE and FR)<\/div>\n                                <\/div>\n                                <div class=\"col-xs-2 align-programm-indicator\">\n                                                                                <span class=\"programme-indicator \"\n                                                  style=\"background-color:#e4457d\">&nbsp;<\/span>\n                                                                            <\/div>\n                                <div class=\"col-xs-1\">\n                                                                            <span class=\"label label-light\"><i\n                                                    class=\"fa fa-download\"><\/i><\/span>\n                                                                        <\/div>\n                            <\/div>\n                        <\/a>\n                    <\/li>\n                                        <li class=\"list-group-item addiction \">\n                        <a href=\"https:\/\/euprevent.eu\/wp-content\/uploads\/2020\/07\/General-Poster-euPrevent-SNA-.docx\" target=\"_blank\">\n                            <div class=\"row vcenter\">\n                                <div class=\"col-img col-xs-1 text-center\"><img decoding=\"async\"\n                                            src=\"https:\/\/euprevent.eu\/wp-content\/uploads\/2021\/12\/SNA1-1.png\"\/>\n                                <\/div>\n                                <div class=\"col-xs-8\">\n                                    <div class=\"publication-title\">General Poster euPrevent SNA (Word template)<\/div>\n                                <\/div>\n                                <div class=\"col-xs-2 align-programm-indicator\">\n                                                                                <span class=\"programme-indicator \"\n                                                  style=\"background-color:#ff7f2f\">&nbsp;<\/span>\n                                                                            <\/div>\n                                <div class=\"col-xs-1\">\n                                                                            <span class=\"label label-light\"><i\n                                                    class=\"fa fa-download\"><\/i><\/span>\n                                                                        <\/div>\n                            <\/div>\n                        <\/a>\n                    <\/li>\n                                        <li class=\"list-group-item mental-health \">\n                        <a href=\"https:\/\/euprevent.eu\/wp-content\/uploads\/2018\/07\/Algemene-Poster-SFC-NL-EN.zip\" target=\"_blank\">\n                            <div class=\"row vcenter\">\n                                <div class=\"col-img col-xs-1 text-center\"><img decoding=\"async\"\n                                            src=\"https:\/\/euprevent.eu\/wp-content\/uploads\/2021\/12\/img87.jpg\"\/>\n                                <\/div>\n                                <div class=\"col-xs-8\">\n                                    <div class=\"publication-title\">General Poster SFC (Word template) (EN and NL)<\/div>\n                                <\/div>\n                                <div class=\"col-xs-2 align-programm-indicator\">\n                                                                                <span class=\"programme-indicator \"\n                                                  style=\"background-color:#e4457d\">&nbsp;<\/span>\n                                                                            <\/div>\n                                <div class=\"col-xs-1\">\n                                                                            <span class=\"label label-light\"><i\n                                                    class=\"fa fa-download\"><\/i><\/span>\n                                                                        <\/div>\n                            <\/div>\n                        <\/a>\n                    <\/li>\n                                        <li class=\"list-group-item mental-health \">\n                        <a href=\"https:\/\/euprevent.eu\/wp-content\/uploads\/2018\/07\/Allgemeines-SFC-Poster.zip\" target=\"_blank\">\n                            <div class=\"row vcenter\">\n                                <div class=\"col-img col-xs-1 text-center\"><img decoding=\"async\"\n                                            src=\"https:\/\/euprevent.eu\/wp-content\/uploads\/2021\/12\/img87.jpg\"\/>\n                                <\/div>\n                                <div class=\"col-xs-8\">\n                                    <div class=\"publication-title\">Allgemeines SFC Poster (Word template) (DE)<\/div>\n                                <\/div>\n                                <div class=\"col-xs-2 align-programm-indicator\">\n                                                                                <span class=\"programme-indicator \"\n                                                  style=\"background-color:#e4457d\">&nbsp;<\/span>\n                                                                            <\/div>\n                                <div class=\"col-xs-1\">\n                                                                            <span class=\"label label-light\"><i\n                                                    class=\"fa fa-download\"><\/i><\/span>\n                                                                        <\/div>\n                            <\/div>\n                        <\/a>\n                    <\/li>\n                                        <li class=\"list-group-item mental-health \">\n                        <a href=\"https:\/\/euprevent.eu\/wp-content\/uploads\/2018\/07\/Affiche-g\u00e9n\u00e9rale-du-projet-SFC.zip\" target=\"_blank\">\n                            <div class=\"row vcenter\">\n                                <div class=\"col-img col-xs-1 text-center\"><img decoding=\"async\"\n                                            src=\"https:\/\/euprevent.eu\/wp-content\/uploads\/2021\/12\/img87.jpg\"\/>\n                                <\/div>\n                                <div class=\"col-xs-8\">\n                                    <div class=\"publication-title\">Affiche g\u00e9n\u00e9rale du projet SFC (FR)<\/div>\n                                <\/div>\n                                <div class=\"col-xs-2 align-programm-indicator\">\n                                                                                <span class=\"programme-indicator \"\n                                                  style=\"background-color:#e4457d\">&nbsp;<\/span>\n                                                                            <\/div>\n                                <div class=\"col-xs-1\">\n                                                                            <span class=\"label label-light\"><i\n                                                    class=\"fa fa-download\"><\/i><\/span>\n                                                                        <\/div>\n                            <\/div>\n                        <\/a>\n                    <\/li>\n                                        <li class=\"list-group-item crossing-programmes \">\n                        <a href=\"https:\/\/euprevent.eu\/wp-content\/uploads\/2019\/05\/Synthese_A_la_recherche_du_facteur.pdf\" target=\"_blank\">\n                            <div class=\"row vcenter\">\n                                <div class=\"col-img col-xs-1 text-center\"><img decoding=\"async\"\n                                            src=\"https:\/\/euprevent.eu\/wp-content\/uploads\/2018\/02\/Afbeelding-Euregio-Factor-LOGO.jpg\"\/>\n                                <\/div>\n                                <div class=\"col-xs-8\">\n                                    <div class=\"publication-title\">Synthese \u2018A la recherche du facteur Euregio\u2019 (FR)<\/div>\n                                <\/div>\n                                <div class=\"col-xs-2 align-programm-indicator\">\n                                                                                <span class=\"programme-indicator \"\n                                                  style=\"background-color:#282562\">&nbsp;<\/span>\n                                                                            <\/div>\n                                <div class=\"col-xs-1\">\n                                                                            <span class=\"label label-light\"><i\n                                                    class=\"fa fa-download\"><\/i><\/span>\n                                                                        <\/div>\n                            <\/div>\n                        <\/a>\n                    <\/li>\n                                        <li class=\"list-group-item crossing-programmes \">\n                        <a href=\"https:\/\/euprevent.eu\/wp-content\/uploads\/2019\/05\/Zusammenfassung_Auf_der_Suche_nach_dem_Euregio-Faktor.pdf\" target=\"_blank\">\n                            <div class=\"row vcenter\">\n                                <div class=\"col-img col-xs-1 text-center\"><img decoding=\"async\"\n                                            src=\"https:\/\/euprevent.eu\/wp-content\/uploads\/2018\/02\/Afbeelding-Euregio-Factor-LOGO.jpg\"\/>\n                                <\/div>\n                                <div class=\"col-xs-8\">\n                                    <div class=\"publication-title\">Zusammenfassung \u2018Auf der Suche nach dem Euregio-Faktor\u2019 (DE)<\/div>\n                                <\/div>\n                                <div class=\"col-xs-2 align-programm-indicator\">\n                                                                                <span class=\"programme-indicator \"\n                                                  style=\"background-color:#282562\">&nbsp;<\/span>\n                                                                            <\/div>\n                                <div class=\"col-xs-1\">\n                                                                            <span class=\"label label-light\"><i\n                                                    class=\"fa fa-download\"><\/i><\/span>\n                                                                        <\/div>\n                            <\/div>\n                        <\/a>\n                    <\/li>\n                                        <li class=\"list-group-item crossing-programmes \">\n                        <a href=\"https:\/\/euprevent.eu\/wp-content\/uploads\/2019\/05\/Samenvatting_Op_zoek_naar_de_Euregio-factor.pdf\" target=\"_blank\">\n                            <div class=\"row vcenter\">\n                                <div class=\"col-img col-xs-1 text-center\"><img decoding=\"async\"\n                                            src=\"https:\/\/euprevent.eu\/wp-content\/uploads\/2018\/02\/Afbeelding-Euregio-Factor-LOGO.jpg\"\/>\n                                <\/div>\n                                <div class=\"col-xs-8\">\n                                    <div class=\"publication-title\">Samenvatting \u2018Op zoek naar de Euregio \u2013 factor\u2019 (NL)<\/div>\n                                <\/div>\n                                <div class=\"col-xs-2 align-programm-indicator\">\n                                                                                <span class=\"programme-indicator \"\n                                                  style=\"background-color:#282562\">&nbsp;<\/span>\n                                                                            <\/div>\n                                <div class=\"col-xs-1\">\n                                                                            <span class=\"label label-light\"><i\n                                                    class=\"fa fa-download\"><\/i><\/span>\n                                                                        <\/div>\n                            <\/div>\n                        <\/a>\n                    <\/li>\n                                        <li class=\"list-group-item crossing-programmes \">\n                        <a href=\"https:\/\/euprevent.eu\/wp-content\/uploads\/2019\/05\/Op_zoek_naar_de_Euregio-factor.pdf\" target=\"_blank\">\n                            <div class=\"row vcenter\">\n                                <div class=\"col-img col-xs-1 text-center\"><img decoding=\"async\"\n                                            src=\"https:\/\/euprevent.eu\/wp-content\/uploads\/2018\/02\/Afbeelding-Euregio-Factor-LOGO.jpg\"\/>\n                                <\/div>\n                                <div class=\"col-xs-8\">\n                                    <div class=\"publication-title\">Rapport \u2018Op zoek naar de Euregio-factor\u2019 (NL)<\/div>\n                                <\/div>\n                                <div class=\"col-xs-2 align-programm-indicator\">\n                                                                                <span class=\"programme-indicator \"\n                                                  style=\"background-color:#282562\">&nbsp;<\/span>\n                                                                            <\/div>\n                                <div class=\"col-xs-1\">\n                                                                            <span class=\"label label-light\"><i\n                                                    class=\"fa fa-download\"><\/i><\/span>\n                                                                        <\/div>\n                            <\/div>\n                        <\/a>\n                    <\/li>\n                                        <li class=\"list-group-item mental-health \">\n                        <a href=\"https:\/\/euprevent.eu\/wp-content\/uploads\/2018\/04\/FINAL-EMR-Report-FR-2018.pdf\" target=\"_blank\">\n                            <div class=\"row vcenter\">\n                                <div class=\"col-img col-xs-1 text-center\"><img decoding=\"async\"\n                                            src=\"https:\/\/euprevent.eu\/wp-content\/uploads\/2021\/12\/img69.jpg\"\/>\n                                <\/div>\n                                <div class=\"col-xs-8\">\n                                    <div class=\"publication-title\">SFC EMR rapport d\u2019\u00e9valuation (FR)<\/div>\n                                <\/div>\n                                <div class=\"col-xs-2 align-programm-indicator\">\n                                                                                <span class=\"programme-indicator \"\n                                                  style=\"background-color:#e4457d\">&nbsp;<\/span>\n                                                                            <\/div>\n                                <div class=\"col-xs-1\">\n                                                                            <span class=\"label label-light\"><i\n                                                    class=\"fa fa-download\"><\/i><\/span>\n                                                                        <\/div>\n                            <\/div>\n                        <\/a>\n                    <\/li>\n                                        <li class=\"list-group-item mental-health \">\n                        <a href=\"https:\/\/euprevent.eu\/wp-content\/uploads\/2018\/04\/FINAL-EMR-Report-DE-2018.pdf\" target=\"_blank\">\n                            <div class=\"row vcenter\">\n                                <div class=\"col-img col-xs-1 text-center\"><img decoding=\"async\"\n                                            src=\"https:\/\/euprevent.eu\/wp-content\/uploads\/2021\/12\/img69.jpg\"\/>\n                                <\/div>\n                                <div class=\"col-xs-8\">\n                                    <div class=\"publication-title\">SFC EMR Assessment Bericht (DE)<\/div>\n                                <\/div>\n                                <div class=\"col-xs-2 align-programm-indicator\">\n                                                                                <span class=\"programme-indicator \"\n                                                  style=\"background-color:#e4457d\">&nbsp;<\/span>\n                                                                            <\/div>\n                                <div class=\"col-xs-1\">\n                                                                            <span class=\"label label-light\"><i\n                                                    class=\"fa fa-download\"><\/i><\/span>\n                                                                        <\/div>\n                            <\/div>\n                        <\/a>\n                    <\/li>\n                                        <li class=\"list-group-item mental-health \">\n                        <a href=\"https:\/\/euprevent.eu\/wp-content\/uploads\/2018\/04\/FINAL-EMR-Report-NL-2018.pdf\" target=\"_blank\">\n                            <div class=\"row vcenter\">\n                                <div class=\"col-img col-xs-1 text-center\"><img decoding=\"async\"\n                                            src=\"https:\/\/euprevent.eu\/wp-content\/uploads\/2021\/12\/img69.jpg\"\/>\n                                <\/div>\n                                <div class=\"col-xs-8\">\n                                    <div class=\"publication-title\">SFC EMR assessment rapport (NL)<\/div>\n                                <\/div>\n                                <div class=\"col-xs-2 align-programm-indicator\">\n                                                                                <span class=\"programme-indicator \"\n                                                  style=\"background-color:#e4457d\">&nbsp;<\/span>\n                                                                            <\/div>\n                                <div class=\"col-xs-1\">\n                                                                            <span class=\"label label-light\"><i\n                                                    class=\"fa fa-download\"><\/i><\/span>\n                                                                        <\/div>\n                            <\/div>\n                        <\/a>\n                    <\/li>\n                                        <li class=\"list-group-item mental-health \">\n                        <a href=\"https:\/\/euprevent.eu\/wp-content\/uploads\/2018\/04\/FINAL-EMR-Report-EN-2018.pdf\" target=\"_blank\">\n                            <div class=\"row vcenter\">\n                                <div class=\"col-img col-xs-1 text-center\"><img decoding=\"async\"\n                                            src=\"https:\/\/euprevent.eu\/wp-content\/uploads\/2021\/12\/img69.jpg\"\/>\n                                <\/div>\n                                <div class=\"col-xs-8\">\n                                    <div class=\"publication-title\">SFC EMR assessment report (EN)<\/div>\n                                <\/div>\n                                <div class=\"col-xs-2 align-programm-indicator\">\n                                                                                <span class=\"programme-indicator \"\n                                                  style=\"background-color:#e4457d\">&nbsp;<\/span>\n                                                                            <\/div>\n                                <div class=\"col-xs-1\">\n                                                                            <span class=\"label label-light\"><i\n                                                    class=\"fa fa-download\"><\/i><\/span>\n                                                                        <\/div>\n                            <\/div>\n                        <\/a>\n                    <\/li>\n                                        <li class=\"list-group-item mental-health \">\n                        <a href=\"https:\/\/euprevent.eu\/wp-content\/uploads\/2018\/02\/WEB-Brochure-Activiteitencongres-FR.pdf\" target=\"_blank\">\n                            <div class=\"row vcenter\">\n                                <div class=\"col-img col-xs-1 text-center\"><img decoding=\"async\"\n                                            src=\"https:\/\/euprevent.eu\/wp-content\/uploads\/2021\/12\/img67.jpg\"\/>\n                                <\/div>\n                                <div class=\"col-xs-8\">\n                                    <div class=\"publication-title\">SFC Brochure d\u2019Information sur les Activit\u00e9s (FR)<\/div>\n                                <\/div>\n                                <div class=\"col-xs-2 align-programm-indicator\">\n                                                                                <span class=\"programme-indicator \"\n                                                  style=\"background-color:#e4457d\">&nbsp;<\/span>\n                                                                            <\/div>\n                                <div class=\"col-xs-1\">\n                                                                            <span class=\"label label-light\"><i\n                                                    class=\"fa fa-download\"><\/i><\/span>\n                                                                        <\/div>\n                            <\/div>\n                        <\/a>\n                    <\/li>\n                                        <li class=\"list-group-item mental-health \">\n                        <a href=\"https:\/\/euprevent.eu\/wp-content\/uploads\/2018\/02\/WEB-Brochure-Activiteitencongres-DE.pdf\" target=\"_blank\">\n                            <div class=\"row vcenter\">\n                                <div class=\"col-img col-xs-1 text-center\"><img decoding=\"async\"\n                                            src=\"https:\/\/euprevent.eu\/wp-content\/uploads\/2021\/12\/img67.jpg\"\/>\n                                <\/div>\n                                <div class=\"col-xs-8\">\n                                    <div class=\"publication-title\">SFC Informationshandbuch zu den Aktivit\u00e4ten (DE)<\/div>\n                                <\/div>\n                                <div class=\"col-xs-2 align-programm-indicator\">\n                                                                                <span class=\"programme-indicator \"\n                                                  style=\"background-color:#e4457d\">&nbsp;<\/span>\n                                                                            <\/div>\n                                <div class=\"col-xs-1\">\n                                                                            <span class=\"label label-light\"><i\n                                                    class=\"fa fa-download\"><\/i><\/span>\n                                                                        <\/div>\n                            <\/div>\n                        <\/a>\n                    <\/li>\n                                        <li class=\"list-group-item mental-health \">\n                        <a href=\"https:\/\/euprevent.eu\/wp-content\/uploads\/2018\/02\/WEB-Brochure-Activiteitencongres-NL.pdf\" target=\"_blank\">\n                            <div class=\"row vcenter\">\n                                <div class=\"col-img col-xs-1 text-center\"><img decoding=\"async\"\n                                            src=\"https:\/\/euprevent.eu\/wp-content\/uploads\/2021\/12\/img67.jpg\"\/>\n                                <\/div>\n                                <div class=\"col-xs-8\">\n                                    <div class=\"publication-title\">SFC Informatiebrochure activiteiten (NL)<\/div>\n                                <\/div>\n                                <div class=\"col-xs-2 align-programm-indicator\">\n                                                                                <span class=\"programme-indicator \"\n                                                  style=\"background-color:#e4457d\">&nbsp;<\/span>\n                                                                            <\/div>\n                                <div class=\"col-xs-1\">\n                                                                            <span class=\"label label-light\"><i\n                                                    class=\"fa fa-download\"><\/i><\/span>\n                                                                        <\/div>\n                            <\/div>\n                        <\/a>\n                    <\/li>\n                                        <li class=\"list-group-item mental-health \">\n                        <a href=\"https:\/\/euprevent.eu\/wp-content\/uploads\/2018\/02\/WEB-Brochure-Activiteitencongres-EN.pdf\" target=\"_blank\">\n                            <div class=\"row vcenter\">\n                                <div class=\"col-img col-xs-1 text-center\"><img decoding=\"async\"\n                                            src=\"https:\/\/euprevent.eu\/wp-content\/uploads\/2021\/12\/img67.jpg\"\/>\n                                <\/div>\n                                <div class=\"col-xs-8\">\n                                    <div class=\"publication-title\">SFC Activities Brochure (EN)<\/div>\n                                <\/div>\n                                <div class=\"col-xs-2 align-programm-indicator\">\n                                                                                <span class=\"programme-indicator \"\n                                                  style=\"background-color:#e4457d\">&nbsp;<\/span>\n                                                                            <\/div>\n                                <div class=\"col-xs-1\">\n                                                                            <span class=\"label label-light\"><i\n                                                    class=\"fa fa-download\"><\/i><\/span>\n                                                                        <\/div>\n                            <\/div>\n                        <\/a>\n                    <\/li>\n                                        <li class=\"list-group-item crossing-programmes \">\n                        <a href=\"https:\/\/euprevent.eu\/wp-content\/uploads\/2019\/05\/181113_Umsetzungsplan_Sondierung_DE.pdf\" target=\"_blank\">\n                            <div class=\"row vcenter\">\n                                <div class=\"col-img col-xs-1 text-center\"><img decoding=\"async\"\n                                            src=\"https:\/\/euprevent.eu\/wp-content\/uploads\/2019\/05\/Verkenning.png\"\/>\n                                <\/div>\n                                <div class=\"col-xs-8\">\n                                    <div class=\"publication-title\">Umsetzungsplan Sondierung (DE)<\/div>\n                                <\/div>\n                                <div class=\"col-xs-2 align-programm-indicator\">\n                                                                                <span class=\"programme-indicator \"\n                                                  style=\"background-color:#282562\">&nbsp;<\/span>\n                                                                            <\/div>\n                                <div class=\"col-xs-1\">\n                                                                            <span class=\"label label-light\"><i\n                                                    class=\"fa fa-download\"><\/i><\/span>\n                                                                        <\/div>\n                            <\/div>\n                        <\/a>\n                    <\/li>\n                                        <li class=\"list-group-item crossing-programmes \">\n                        <a href=\"https:\/\/euprevent.eu\/wp-content\/uploads\/2019\/05\/181113_Plan_de_mise_en_oevre_Exploration_FR.pdf\" target=\"_blank\">\n                            <div class=\"row vcenter\">\n                                <div class=\"col-img col-xs-1 text-center\"><img decoding=\"async\"\n                                            src=\"https:\/\/euprevent.eu\/wp-content\/uploads\/2019\/05\/Verkenning.png\"\/>\n                                <\/div>\n                                <div class=\"col-xs-8\">\n                                    <div class=\"publication-title\">Plan de mise en oevre Exploration (FR)<\/div>\n                                <\/div>\n                                <div class=\"col-xs-2 align-programm-indicator\">\n                                                                                <span class=\"programme-indicator \"\n                                                  style=\"background-color:#282562\">&nbsp;<\/span>\n                                                                            <\/div>\n                                <div class=\"col-xs-1\">\n                                                                            <span class=\"label label-light\"><i\n                                                    class=\"fa fa-download\"><\/i><\/span>\n                                                                        <\/div>\n                            <\/div>\n                        <\/a>\n                    <\/li>\n                                        <li class=\"list-group-item crossing-programmes \">\n                        <a href=\"https:\/\/euprevent.eu\/wp-content\/uploads\/2018\/12\/181113-Uitvoeringsplan-Verkenning-NL.pdf\" target=\"_blank\">\n                            <div class=\"row vcenter\">\n                                <div class=\"col-img col-xs-1 text-center\"><img decoding=\"async\"\n                                            src=\"https:\/\/euprevent.eu\/wp-content\/uploads\/2019\/05\/Verkenning.png\"\/>\n                                <\/div>\n                                <div class=\"col-xs-8\">\n                                    <div class=\"publication-title\">Uitvoeringsplan Verkenning (NL)<\/div>\n                                <\/div>\n                                <div class=\"col-xs-2 align-programm-indicator\">\n                                                                                <span class=\"programme-indicator \"\n                                                  style=\"background-color:#282562\">&nbsp;<\/span>\n                                                                            <\/div>\n                                <div class=\"col-xs-1\">\n                                                                            <span class=\"label label-light\"><i\n                                                    class=\"fa fa-download\"><\/i><\/span>\n                                                                        <\/div>\n                            <\/div>\n                        <\/a>\n                    <\/li>\n                                        <li class=\"list-group-item crossing-programmes \">\n                        <a href=\"https:\/\/euprevent.eu\/wp-content\/uploads\/2016\/09\/Scaling-up-reports-projects-concepts-practice.pdf\" target=\"_blank\">\n                            <div class=\"row vcenter\">\n                                <div class=\"col-img col-xs-1 text-center\"><img decoding=\"async\"\n                                            src=\"https:\/\/euprevent.eu\/wp-content\/uploads\/2016\/09\/Scaling-up-reports-projects-concepts-practice-gesleept.png\"\/>\n                                <\/div>\n                                <div class=\"col-xs-8\">\n                                    <div class=\"publication-title\">Publication \u2018Scaling up projects and initiatives for better health: from concepts to practice (EN)<\/div>\n                                <\/div>\n                                <div class=\"col-xs-2 align-programm-indicator\">\n                                                                                <span class=\"programme-indicator \"\n                                                  style=\"background-color:#282562\">&nbsp;<\/span>\n                                                                            <\/div>\n                                <div class=\"col-xs-1\">\n                                                                            <span class=\"label label-light\"><i\n                                                    class=\"fa fa-download\"><\/i><\/span>\n                                                                        <\/div>\n                            <\/div>\n                        <\/a>\n                    <\/li>\n                    \n            <\/ul>\n            <div class=\"no-publications text-center text-muted\" style=\"padding-top:80px; display: none\">\n                <p>Er zijn geen publicaties gevonden voor je criteria.<\/p>\n            <\/div>\n        <\/div>\n        [\/vc_column_text][\/vc_column][\/vc_row]<\/p>\n<\/section>","protected":false},"excerpt":{"rendered":"<p>[vc_row][vc_column][vc_column_text][\/vc_column_text][\/vc_column][\/vc_row]<\/p>\n","protected":false},"author":5,"featured_media":0,"parent":8417,"menu_order":0,"comment_status":"closed","ping_status":"closed","template":"page-with-products-menu.php","meta":{"_acf_changed":false,"footnotes":""},"class_list":["post-8694","page","type-page","status-publish","hentry"],"acf":[],"yoast_head":"<!-- This site is optimized with the Yoast SEO plugin v27.5 - https:\/\/yoast.com\/product\/yoast-seo-wordpress\/ -->\n<title>Publicaties - euPrevent<\/title>\n<meta name=\"robots\" content=\"index, follow, max-snippet:-1, max-image-preview:large, max-video-preview:-1\" \/>\n<link rel=\"canonical\" href=\"https:\/\/euprevent.eu\/nl\/producten\/publicaties\/\" \/>\n<meta property=\"og:locale\" content=\"nl_NL\" \/>\n<meta property=\"og:type\" content=\"article\" \/>\n<meta property=\"og:title\" content=\"Publicaties - euPrevent\" \/>\n<meta property=\"og:description\" content=\"[vc_row][vc_column][vc_column_text][\/vc_column_text][\/vc_column][\/vc_row]\" \/>\n<meta property=\"og:url\" content=\"https:\/\/euprevent.eu\/nl\/producten\/publicaties\/\" \/>\n<meta property=\"og:site_name\" content=\"euPrevent\" \/>\n<meta property=\"article:modified_time\" content=\"2022-02-02T14:51:19+00:00\" \/>\n<meta name=\"twitter:card\" content=\"summary_large_image\" \/>\n<meta name=\"twitter:label1\" content=\"Geschatte leestijd\" \/>\n\t<meta name=\"twitter:data1\" content=\"5 minuten\" \/>\n<script type=\"application\/ld+json\" class=\"yoast-schema-graph\">{\"@context\":\"https:\\\/\\\/schema.org\",\"@graph\":[{\"@type\":\"WebPage\",\"@id\":\"https:\\\/\\\/euprevent.eu\\\/nl\\\/producten\\\/publicaties\\\/\",\"url\":\"https:\\\/\\\/euprevent.eu\\\/nl\\\/producten\\\/publicaties\\\/\",\"name\":\"Publicaties - euPrevent\",\"isPartOf\":{\"@id\":\"https:\\\/\\\/euprevent.eu\\\/nl\\\/#website\"},\"datePublished\":\"2019-05-09T08:33:35+00:00\",\"dateModified\":\"2022-02-02T14:51:19+00:00\",\"breadcrumb\":{\"@id\":\"https:\\\/\\\/euprevent.eu\\\/nl\\\/producten\\\/publicaties\\\/#breadcrumb\"},\"inLanguage\":\"nl-NL\",\"potentialAction\":[{\"@type\":\"ReadAction\",\"target\":[\"https:\\\/\\\/euprevent.eu\\\/nl\\\/producten\\\/publicaties\\\/\"]}]},{\"@type\":\"BreadcrumbList\",\"@id\":\"https:\\\/\\\/euprevent.eu\\\/nl\\\/producten\\\/publicaties\\\/#breadcrumb\",\"itemListElement\":[{\"@type\":\"ListItem\",\"position\":1,\"name\":\"Home\",\"item\":\"https:\\\/\\\/euprevent.eu\\\/nl\\\/\"},{\"@type\":\"ListItem\",\"position\":2,\"name\":\"Producten\",\"item\":\"https:\\\/\\\/euprevent.eu\\\/nl\\\/producten\\\/\"},{\"@type\":\"ListItem\",\"position\":3,\"name\":\"Publicaties\"}]},{\"@type\":\"WebSite\",\"@id\":\"https:\\\/\\\/euprevent.eu\\\/nl\\\/#website\",\"url\":\"https:\\\/\\\/euprevent.eu\\\/nl\\\/\",\"name\":\"euPrevent\",\"description\":\"euPrevent is a Euroregional network that focuses on promoting health. Within this network, sustainable partnerships seek to increase the quality of life of residents in the border region between the Netherlands, Belgium and Germany.\",\"potentialAction\":[{\"@type\":\"SearchAction\",\"target\":{\"@type\":\"EntryPoint\",\"urlTemplate\":\"https:\\\/\\\/euprevent.eu\\\/nl\\\/?s={search_term_string}\"},\"query-input\":{\"@type\":\"PropertyValueSpecification\",\"valueRequired\":true,\"valueName\":\"search_term_string\"}}],\"inLanguage\":\"nl-NL\"}]}<\/script>\n<!-- \/ Yoast SEO plugin. -->","yoast_head_json":{"title":"Publicaties - euPrevent","robots":{"index":"index","follow":"follow","max-snippet":"max-snippet:-1","max-image-preview":"max-image-preview:large","max-video-preview":"max-video-preview:-1"},"canonical":"https:\/\/euprevent.eu\/nl\/producten\/publicaties\/","og_locale":"nl_NL","og_type":"article","og_title":"Publicaties - euPrevent","og_description":"[vc_row][vc_column][vc_column_text][\/vc_column_text][\/vc_column][\/vc_row]","og_url":"https:\/\/euprevent.eu\/nl\/producten\/publicaties\/","og_site_name":"euPrevent","article_modified_time":"2022-02-02T14:51:19+00:00","twitter_card":"summary_large_image","twitter_misc":{"Geschatte leestijd":"5 minuten"},"schema":{"@context":"https:\/\/schema.org","@graph":[{"@type":"WebPage","@id":"https:\/\/euprevent.eu\/nl\/producten\/publicaties\/","url":"https:\/\/euprevent.eu\/nl\/producten\/publicaties\/","name":"Publicaties - euPrevent","isPartOf":{"@id":"https:\/\/euprevent.eu\/nl\/#website"},"datePublished":"2019-05-09T08:33:35+00:00","dateModified":"2022-02-02T14:51:19+00:00","breadcrumb":{"@id":"https:\/\/euprevent.eu\/nl\/producten\/publicaties\/#breadcrumb"},"inLanguage":"nl-NL","potentialAction":[{"@type":"ReadAction","target":["https:\/\/euprevent.eu\/nl\/producten\/publicaties\/"]}]},{"@type":"BreadcrumbList","@id":"https:\/\/euprevent.eu\/nl\/producten\/publicaties\/#breadcrumb","itemListElement":[{"@type":"ListItem","position":1,"name":"Home","item":"https:\/\/euprevent.eu\/nl\/"},{"@type":"ListItem","position":2,"name":"Producten","item":"https:\/\/euprevent.eu\/nl\/producten\/"},{"@type":"ListItem","position":3,"name":"Publicaties"}]},{"@type":"WebSite","@id":"https:\/\/euprevent.eu\/nl\/#website","url":"https:\/\/euprevent.eu\/nl\/","name":"euPrevent","description":"euPrevent is a Euroregional network that focuses on promoting health. Within this network, sustainable partnerships seek to increase the quality of life of residents in the border region between the Netherlands, Belgium and Germany.","potentialAction":[{"@type":"SearchAction","target":{"@type":"EntryPoint","urlTemplate":"https:\/\/euprevent.eu\/nl\/?s={search_term_string}"},"query-input":{"@type":"PropertyValueSpecification","valueRequired":true,"valueName":"search_term_string"}}],"inLanguage":"nl-NL"}]}},"_links":{"self":[{"href":"https:\/\/euprevent.eu\/nl\/wp-json\/wp\/v2\/pages\/8694","targetHints":{"allow":["GET"]}}],"collection":[{"href":"https:\/\/euprevent.eu\/nl\/wp-json\/wp\/v2\/pages"}],"about":[{"href":"https:\/\/euprevent.eu\/nl\/wp-json\/wp\/v2\/types\/page"}],"author":[{"embeddable":true,"href":"https:\/\/euprevent.eu\/nl\/wp-json\/wp\/v2\/users\/5"}],"replies":[{"embeddable":true,"href":"https:\/\/euprevent.eu\/nl\/wp-json\/wp\/v2\/comments?post=8694"}],"version-history":[{"count":55,"href":"https:\/\/euprevent.eu\/nl\/wp-json\/wp\/v2\/pages\/8694\/revisions"}],"predecessor-version":[{"id":17542,"href":"https:\/\/euprevent.eu\/nl\/wp-json\/wp\/v2\/pages\/8694\/revisions\/17542"}],"up":[{"embeddable":true,"href":"https:\/\/euprevent.eu\/nl\/wp-json\/wp\/v2\/pages\/8417"}],"wp:attachment":[{"href":"https:\/\/euprevent.eu\/nl\/wp-json\/wp\/v2\/media?parent=8694"}],"curies":[{"name":"wp","href":"https:\/\/api.w.org\/{rel}","templated":true}]}}