


{"id":8000,"date":"2019-04-10T07:58:39","date_gmt":"2019-04-10T07:58:39","guid":{"rendered":"https:\/\/euprevent.eu\/?page_id=8000"},"modified":"2019-05-06T13:23:15","modified_gmt":"2019-05-06T13:23:15","slug":"drittes-altenheimsiegel","status":"publish","type":"page","link":"https:\/\/euprevent.eu\/nl\/euprevent-qualitatssiegel\/drittes-altenheimsiegel\/","title":{"rendered":"Drittes Altenheimsiegel"},"content":{"rendered":"<section class=\"wpb-content-wrapper\"><p>[vc_row][vc_column][vc_column_text el_class=&#8221;alert alert-info&#8221;]Deze informatie is alleen beschikbaar in het Duits. \/ The information below is only available in German. \/\u00a0Cette information est seulement disponible en allemand.[\/vc_column_text][\/vc_column][\/vc_row][vc_row css=&#8221;.vc_custom_1483999173497{margin-bottom: 0px !important;}&#8221;][vc_column][vc_column_text css=&#8221;.vc_custom_1554882812435{margin-bottom: 20px !important;}&#8221;]Drittes Altenheimsiegel[\/vc_column_text][vc_column_text]Die dritte Stufe des Qualit\u00e4ts- und Transparenzsiegels wurde vom MRE-Koordinatorennetzwerk entwickelt. Das vorliegende Siegel setzt seinen Schwerpunkt auf den Aspekt der Verstetigung. So wurden dort viele der Ziele wieder aufgegriffen, die bereits in den ersten beiden Siegelstufen abgefragt wurden. Dies erm\u00f6glicht es den teilnehmenden Einrichtungen zu \u00fcberpr\u00fcfen, wo sie jetzt stehen und welche Entwicklung sie bereits durchlaufen haben. Das Thema Influenzapr\u00e4vention wurde als neues Qualit\u00e4tsziel eingef\u00fchrt.[\/vc_column_text][\/vc_column][\/vc_row][vc_row][vc_column width=&#8221;5\/6&#8243;][\/vc_column][vc_column width=&#8221;1\/6&#8243;][vc_single_image image=&#8221;280&#8243; img_size=&#8221;full&#8221;][\/vc_column][\/vc_row][vc_row][vc_column][vc_tta_tour][vc_tta_section title=&#8221;Anforderungen&#8221; tab_id=&#8221;1484000608824-71c7e040-63bd&#8221;][vc_column_text]Anforderungen[\/vc_column_text][vc_row_inner][vc_column_inner][vc_btn title=&#8221;Drittes Altenheimsiegel&#8221; color=&#8221;white&#8221; align=&#8221;left&#8221; i_icon_fontawesome=&#8221;fa fa-file-pdf-o&#8221; button_block=&#8221;true&#8221; add_icon=&#8221;true&#8221; link=&#8221;url:https%3A%2F%2Feuprevent.eu%2Fwp-content%2Fuploads%2F2019%2F04%2FDrittes-Altenheimsiegel.pdf|||&#8221;][\/vc_column_inner][\/vc_row_inner][\/vc_tta_section][vc_tta_section title=&#8221;Auditoren&#8221; tab_id=&#8221;1554969049167-177e7fc3-a20e&#8221;][vc_column_text]Auditoren[\/vc_column_text][vc_row_inner][vc_column_inner][vc_btn title=&#8221;Auditorenhandbuch&#8221; color=&#8221;white&#8221; align=&#8221;left&#8221; i_icon_fontawesome=&#8221;fa fa-file-pdf-o&#8221; button_block=&#8221;true&#8221; add_icon=&#8221;true&#8221; link=&#8221;url:https%3A%2F%2Feuprevent.eu%2Fwp-content%2Fuploads%2F2019%2F05%2FAuditorenhandbuch-3.-Altenheimsiegel.pdf|||&#8221;][\/vc_column_inner][\/vc_row_inner][\/vc_tta_section][vc_tta_section title=&#8221;Erstellungshilfen&#8221; tab_id=&#8221;1484393256536-f9374851-419b&#8221;][vc_column_text]Erstellungshilfen und Richtlinien[\/vc_column_text][vc_row_inner][vc_column_inner][vc_column_text]QZ 2 &#8211; H\u00e4ndehygiene &#8211; Erstellungshilfen[\/vc_column_text][vc_btn title=&#8221;Tabelle Erfassung des Desinfektionsmittelverbrauchs 140822&#8243; color=&#8221;white&#8221; align=&#8221;left&#8221; i_icon_fontawesome=&#8221;fa fa-file-pdf-o&#8221; button_block=&#8221;true&#8221; add_icon=&#8221;true&#8221; link=&#8221;url:https%3A%2F%2Feuprevent.eu%2Fwp-content%2Fuploads%2F2019%2F04%2FTabelle-Erfassung-des-Desinfektionsmittelverbrauchs-140822.pdf|||&#8221;][vc_column_text]QZ 6 &#8211; Hausinternes Hygiene-Audit &#8211; Erstellungshilfen[\/vc_column_text][vc_btn title=&#8221;Check Liste Internes Audit 140820&#8243; color=&#8221;white&#8221; align=&#8221;left&#8221; i_icon_fontawesome=&#8221;fa fa-file-pdf-o&#8221; button_block=&#8221;true&#8221; add_icon=&#8221;true&#8221; link=&#8221;url:https%3A%2F%2Feuprevent.eu%2Fwp-content%2Fuploads%2F2019%2F04%2FCheck-Liste-Internes-Audit-140820-1.pdf|||&#8221;][vc_column_text]QZ 7 &#8211; Verfahrensanweisung Ausbruchsmanagement &#8211; Erstellungshilfen[\/vc_column_text][vc_btn title=&#8221;Tabelle PEG DK&#8221; color=&#8221;white&#8221; align=&#8221;left&#8221; i_icon_fontawesome=&#8221;fa fa-file-pdf-o&#8221; button_block=&#8221;true&#8221; add_icon=&#8221;true&#8221; link=&#8221;url:https%3A%2F%2Feuprevent.eu%2Fwp-content%2Fuploads%2F2019%2F04%2FTabelle-PEG-DK.pdf|||&#8221;][vc_column_text]QZ 8 &#8211; Wundversorgung und Verbandwechsel[\/vc_column_text][vc_btn title=&#8221;Tabelle Antibiotika&#8221; color=&#8221;white&#8221; align=&#8221;left&#8221; i_icon_fontawesome=&#8221;fa fa-file-pdf-o&#8221; button_block=&#8221;true&#8221; add_icon=&#8221;true&#8221; link=&#8221;url:https%3A%2F%2Feuprevent.eu%2Fwp-content%2Fuploads%2F2019%2F04%2FTabelle-Antibiotika.pdf|||&#8221;][\/vc_column_inner][\/vc_row_inner][\/vc_tta_section][vc_tta_section title=&#8221;Schulungsdateien&#8221; tab_id=&#8221;1484050886209-38c89531-fbd1&#8243;][vc_column_text]Schulungsdateien[\/vc_column_text][vc_row_inner][vc_column_inner][vc_btn title=&#8221;Anleitung HAND-KISS P Alten und Pflegeheime 10.2014&#8243; color=&#8221;white&#8221; align=&#8221;left&#8221; i_icon_fontawesome=&#8221;fa fa-file-pdf-o&#8221; button_block=&#8221;true&#8221; add_icon=&#8221;true&#8221; link=&#8221;url:https%3A%2F%2Feuprevent.eu%2Fwp-content%2Fuploads%2F2019%2F04%2FAnleitung_HAND-KISS_P_Alten_undPflegeheime_10.2014.ppt|||&#8221;][vc_btn title=&#8221;Haendedesinfektion Handschuhe Alten Pflegeheime 10.2014&#8243; color=&#8221;white&#8221; align=&#8221;left&#8221; i_icon_fontawesome=&#8221;fa fa-file-pdf-o&#8221; button_block=&#8221;true&#8221; add_icon=&#8221;true&#8221; link=&#8221;url:https%3A%2F%2Feuprevent.eu%2Fwp-content%2Fuploads%2F2019%2F04%2FHaendedesinfektion_Handschuhe_Alten_Pflegeheime_10.2014-1.ppt|||&#8221;][vc_btn title=&#8221;H\u00e4ndehygiene&#8221; color=&#8221;white&#8221; align=&#8221;left&#8221; i_icon_fontawesome=&#8221;fa fa-file-pdf-o&#8221; button_block=&#8221;true&#8221; add_icon=&#8221;true&#8221; link=&#8221;url:https%3A%2F%2Feuprevent.eu%2Fwp-content%2Fuploads%2F2019%2F04%2FH%C3%A4ndehygiene_Haendehygiene.pdf|||&#8221;][vc_btn title=&#8221;Hintergrundinformationen Vortrag Haendedesinfektion&#8221; color=&#8221;white&#8221; align=&#8221;left&#8221; i_icon_fontawesome=&#8221;fa fa-file-pdf-o&#8221; button_block=&#8221;true&#8221; add_icon=&#8221;true&#8221; link=&#8221;url:https%3A%2F%2Feuprevent.eu%2Fwp-content%2Fuploads%2F2019%2F04%2FHintergrundinformationen_Vortrag_Haendedesinfektion_Handschuhe_Alten_Pflegeheimen_10.2014.pdf|||&#8221;][vc_btn title=&#8221;Hintergrundinformationen Vortrag Indikationen Haendedesinfektion&#8221; color=&#8221;white&#8221; align=&#8221;left&#8221; i_icon_fontawesome=&#8221;fa fa-file-pdf-o&#8221; button_block=&#8221;true&#8221; add_icon=&#8221;true&#8221; link=&#8221;url:https%3A%2F%2Feuprevent.eu%2Fwp-content%2Fuploads%2F2019%2F04%2FHintergrundinformationen_Vortrag_Indikationen_Haendedesinfektion_Alten_Pflegeheimen_10.2014.pdf|||&#8221;][vc_btn title=&#8221;Indikationen Haendedesinfektion Alten Pflegeheimen 10.2014&#8243; color=&#8221;white&#8221; align=&#8221;left&#8221; i_icon_fontawesome=&#8221;fa fa-file-pdf-o&#8221; button_block=&#8221;true&#8221; add_icon=&#8221;true&#8221; link=&#8221;url:https%3A%2F%2Feuprevent.eu%2Fwp-content%2Fuploads%2F2019%2F04%2FIndikationen_Haendedesinfektion_Alten_Pflegeheimen_10.2014.ppt|||&#8221;][vc_btn title=&#8221;Kasuistik Grundpflege Alten Pflegeheime 10.2014&#8243; color=&#8221;white&#8221; align=&#8221;left&#8221; i_icon_fontawesome=&#8221;fa fa-file-pdf-o&#8221; button_block=&#8221;true&#8221; add_icon=&#8221;true&#8221; link=&#8221;url:https%3A%2F%2Feuprevent.eu%2Fwp-content%2Fuploads%2F2019%2F04%2FKasuistik_Grundpflege_Alten_Pflegeheime_10.2014.ppt|||&#8221;][vc_btn title=&#8221;NiSiP-SD-Personalhygiene&#8221; color=&#8221;white&#8221; align=&#8221;left&#8221; i_icon_fontawesome=&#8221;fa fa-file-pdf-o&#8221; button_block=&#8221;true&#8221; add_icon=&#8221;true&#8221; link=&#8221;url:https%3A%2F%2Feuprevent.eu%2Fwp-content%2Fuploads%2F2019%2F04%2FNiSiP-SD-Personalhygiene.pdf|||&#8221;][vc_btn title=&#8221;S-Chronische Wunden 1503&#8243; color=&#8221;white&#8221; align=&#8221;left&#8221; i_icon_fontawesome=&#8221;fa fa-file-pdf-o&#8221; button_block=&#8221;true&#8221; add_icon=&#8221;true&#8221; link=&#8221;url:https%3A%2F%2Feuprevent.eu%2Fwp-content%2Fuploads%2F2019%2F04%2FS-Chronische_Wunden-1503.ppt|||&#8221;][\/vc_column_inner][\/vc_row_inner][\/vc_tta_section][vc_tta_section title=&#8221;Siegel&#8221; tab_id=&#8221;1554972360417-2520de7b-defd&#8221;][vc_column_text]Siegel[\/vc_column_text][vc_row_inner][vc_column_inner][\/vc_column_inner][\/vc_row_inner][\/vc_tta_section][\/vc_tta_tour][\/vc_column][\/vc_row]<\/p>\n<\/section>","protected":false},"excerpt":{"rendered":"<p>[vc_row][vc_column][vc_column_text el_class=&#8221;alert alert-info&#8221;]Deze informatie is alleen beschikbaar in het Duits. \/ The information below is only available in German. \/\u00a0Cette information est seulement disponible en allemand.[\/vc_column_text][\/vc_column][\/vc_row][vc_row css=&#8221;.vc_custom_1483999173497{margin-bottom: 0px !important;}&#8221;][vc_column][vc_column_text css=&#8221;.vc_custom_1554882812435{margin-bottom: 20px !important;}&#8221;]Drittes Altenheimsiegel[\/vc_column_text][vc_column_text]Die dritte Stufe des Qualit\u00e4ts- und Transparenzsiegels wurde vom MRE-Koordinatorennetzwerk entwickelt. Das vorliegende Siegel setzt seinen Schwerpunkt auf den Aspekt der Verstetigung. So [&hellip;]<\/p>\n","protected":false},"author":1,"featured_media":0,"parent":245,"menu_order":0,"comment_status":"closed","ping_status":"closed","template":"","meta":{"_acf_changed":false,"footnotes":""},"class_list":["post-8000","page","type-page","status-publish","hentry","programmes-infectious-diseases"],"acf":[],"yoast_head":"<!-- This site is optimized with the Yoast SEO plugin v27.5 - https:\/\/yoast.com\/product\/yoast-seo-wordpress\/ -->\n<title>Drittes Altenheimsiegel - euPrevent<\/title>\n<meta name=\"robots\" content=\"index, follow, max-snippet:-1, max-image-preview:large, max-video-preview:-1\" \/>\n<link rel=\"canonical\" href=\"https:\/\/euprevent.eu\/nl\/euprevent-qualitatssiegel\/drittes-altenheimsiegel\/\" \/>\n<meta property=\"og:locale\" content=\"nl_NL\" \/>\n<meta property=\"og:type\" content=\"article\" \/>\n<meta property=\"og:title\" content=\"Drittes Altenheimsiegel - euPrevent\" \/>\n<meta property=\"og:description\" content=\"[vc_row][vc_column][vc_column_text el_class=&#8221;alert alert-info&#8221;]Deze informatie is alleen beschikbaar in het Duits. \/ The information below is only available in German. \/\u00a0Cette information est seulement disponible en allemand.[\/vc_column_text][\/vc_column][\/vc_row][vc_row css=&#8221;.vc_custom_1483999173497{margin-bottom: 0px !important;}&#8221;][vc_column][vc_column_text css=&#8221;.vc_custom_1554882812435{margin-bottom: 20px !important;}&#8221;]Drittes Altenheimsiegel[\/vc_column_text][vc_column_text]Die dritte Stufe des Qualit\u00e4ts- und Transparenzsiegels wurde vom MRE-Koordinatorennetzwerk entwickelt. Das vorliegende Siegel setzt seinen Schwerpunkt auf den Aspekt der Verstetigung. So [&hellip;]\" \/>\n<meta property=\"og:url\" content=\"https:\/\/euprevent.eu\/nl\/euprevent-qualitatssiegel\/drittes-altenheimsiegel\/\" \/>\n<meta property=\"og:site_name\" content=\"euPrevent\" \/>\n<meta property=\"article:modified_time\" content=\"2019-05-06T13:23:15+00:00\" \/>\n<meta name=\"twitter:card\" content=\"summary_large_image\" \/>\n<meta name=\"twitter:label1\" content=\"Geschatte leestijd\" \/>\n\t<meta name=\"twitter:data1\" content=\"5 minuten\" \/>\n<script type=\"application\/ld+json\" class=\"yoast-schema-graph\">{\"@context\":\"https:\\\/\\\/schema.org\",\"@graph\":[{\"@type\":\"WebPage\",\"@id\":\"https:\\\/\\\/euprevent.eu\\\/nl\\\/euprevent-qualitatssiegel\\\/drittes-altenheimsiegel\\\/\",\"url\":\"https:\\\/\\\/euprevent.eu\\\/nl\\\/euprevent-qualitatssiegel\\\/drittes-altenheimsiegel\\\/\",\"name\":\"Drittes Altenheimsiegel - euPrevent\",\"isPartOf\":{\"@id\":\"https:\\\/\\\/euprevent.eu\\\/nl\\\/#website\"},\"datePublished\":\"2019-04-10T07:58:39+00:00\",\"dateModified\":\"2019-05-06T13:23:15+00:00\",\"breadcrumb\":{\"@id\":\"https:\\\/\\\/euprevent.eu\\\/nl\\\/euprevent-qualitatssiegel\\\/drittes-altenheimsiegel\\\/#breadcrumb\"},\"inLanguage\":\"nl-NL\",\"potentialAction\":[{\"@type\":\"ReadAction\",\"target\":[\"https:\\\/\\\/euprevent.eu\\\/nl\\\/euprevent-qualitatssiegel\\\/drittes-altenheimsiegel\\\/\"]}]},{\"@type\":\"BreadcrumbList\",\"@id\":\"https:\\\/\\\/euprevent.eu\\\/nl\\\/euprevent-qualitatssiegel\\\/drittes-altenheimsiegel\\\/#breadcrumb\",\"itemListElement\":[{\"@type\":\"ListItem\",\"position\":1,\"name\":\"Home\",\"item\":\"https:\\\/\\\/euprevent.eu\\\/nl\\\/\"},{\"@type\":\"ListItem\",\"position\":2,\"name\":\"euPrevent Qualit\u00e4tssiegel\",\"item\":\"https:\\\/\\\/euprevent.eu\\\/nl\\\/euprevent-qualitatssiegel\\\/\"},{\"@type\":\"ListItem\",\"position\":3,\"name\":\"Drittes Altenheimsiegel\"}]},{\"@type\":\"WebSite\",\"@id\":\"https:\\\/\\\/euprevent.eu\\\/nl\\\/#website\",\"url\":\"https:\\\/\\\/euprevent.eu\\\/nl\\\/\",\"name\":\"euPrevent\",\"description\":\"euPrevent is a Euroregional network that focuses on promoting health. Within this network, sustainable partnerships seek to increase the quality of life of residents in the border region between the Netherlands, Belgium and Germany.\",\"potentialAction\":[{\"@type\":\"SearchAction\",\"target\":{\"@type\":\"EntryPoint\",\"urlTemplate\":\"https:\\\/\\\/euprevent.eu\\\/nl\\\/?s={search_term_string}\"},\"query-input\":{\"@type\":\"PropertyValueSpecification\",\"valueRequired\":true,\"valueName\":\"search_term_string\"}}],\"inLanguage\":\"nl-NL\"}]}<\/script>\n<!-- \/ Yoast SEO plugin. -->","yoast_head_json":{"title":"Drittes Altenheimsiegel - euPrevent","robots":{"index":"index","follow":"follow","max-snippet":"max-snippet:-1","max-image-preview":"max-image-preview:large","max-video-preview":"max-video-preview:-1"},"canonical":"https:\/\/euprevent.eu\/nl\/euprevent-qualitatssiegel\/drittes-altenheimsiegel\/","og_locale":"nl_NL","og_type":"article","og_title":"Drittes Altenheimsiegel - euPrevent","og_description":"[vc_row][vc_column][vc_column_text el_class=&#8221;alert alert-info&#8221;]Deze informatie is alleen beschikbaar in het Duits. \/ The information below is only available in German. \/\u00a0Cette information est seulement disponible en allemand.[\/vc_column_text][\/vc_column][\/vc_row][vc_row css=&#8221;.vc_custom_1483999173497{margin-bottom: 0px !important;}&#8221;][vc_column][vc_column_text css=&#8221;.vc_custom_1554882812435{margin-bottom: 20px !important;}&#8221;]Drittes Altenheimsiegel[\/vc_column_text][vc_column_text]Die dritte Stufe des Qualit\u00e4ts- und Transparenzsiegels wurde vom MRE-Koordinatorennetzwerk entwickelt. Das vorliegende Siegel setzt seinen Schwerpunkt auf den Aspekt der Verstetigung. So [&hellip;]","og_url":"https:\/\/euprevent.eu\/nl\/euprevent-qualitatssiegel\/drittes-altenheimsiegel\/","og_site_name":"euPrevent","article_modified_time":"2019-05-06T13:23:15+00:00","twitter_card":"summary_large_image","twitter_misc":{"Geschatte leestijd":"5 minuten"},"schema":{"@context":"https:\/\/schema.org","@graph":[{"@type":"WebPage","@id":"https:\/\/euprevent.eu\/nl\/euprevent-qualitatssiegel\/drittes-altenheimsiegel\/","url":"https:\/\/euprevent.eu\/nl\/euprevent-qualitatssiegel\/drittes-altenheimsiegel\/","name":"Drittes Altenheimsiegel - euPrevent","isPartOf":{"@id":"https:\/\/euprevent.eu\/nl\/#website"},"datePublished":"2019-04-10T07:58:39+00:00","dateModified":"2019-05-06T13:23:15+00:00","breadcrumb":{"@id":"https:\/\/euprevent.eu\/nl\/euprevent-qualitatssiegel\/drittes-altenheimsiegel\/#breadcrumb"},"inLanguage":"nl-NL","potentialAction":[{"@type":"ReadAction","target":["https:\/\/euprevent.eu\/nl\/euprevent-qualitatssiegel\/drittes-altenheimsiegel\/"]}]},{"@type":"BreadcrumbList","@id":"https:\/\/euprevent.eu\/nl\/euprevent-qualitatssiegel\/drittes-altenheimsiegel\/#breadcrumb","itemListElement":[{"@type":"ListItem","position":1,"name":"Home","item":"https:\/\/euprevent.eu\/nl\/"},{"@type":"ListItem","position":2,"name":"euPrevent Qualit\u00e4tssiegel","item":"https:\/\/euprevent.eu\/nl\/euprevent-qualitatssiegel\/"},{"@type":"ListItem","position":3,"name":"Drittes Altenheimsiegel"}]},{"@type":"WebSite","@id":"https:\/\/euprevent.eu\/nl\/#website","url":"https:\/\/euprevent.eu\/nl\/","name":"euPrevent","description":"euPrevent is a Euroregional network that focuses on promoting health. Within this network, sustainable partnerships seek to increase the quality of life of residents in the border region between the Netherlands, Belgium and Germany.","potentialAction":[{"@type":"SearchAction","target":{"@type":"EntryPoint","urlTemplate":"https:\/\/euprevent.eu\/nl\/?s={search_term_string}"},"query-input":{"@type":"PropertyValueSpecification","valueRequired":true,"valueName":"search_term_string"}}],"inLanguage":"nl-NL"}]}},"_links":{"self":[{"href":"https:\/\/euprevent.eu\/nl\/wp-json\/wp\/v2\/pages\/8000","targetHints":{"allow":["GET"]}}],"collection":[{"href":"https:\/\/euprevent.eu\/nl\/wp-json\/wp\/v2\/pages"}],"about":[{"href":"https:\/\/euprevent.eu\/nl\/wp-json\/wp\/v2\/types\/page"}],"author":[{"embeddable":true,"href":"https:\/\/euprevent.eu\/nl\/wp-json\/wp\/v2\/users\/1"}],"replies":[{"embeddable":true,"href":"https:\/\/euprevent.eu\/nl\/wp-json\/wp\/v2\/comments?post=8000"}],"version-history":[{"count":10,"href":"https:\/\/euprevent.eu\/nl\/wp-json\/wp\/v2\/pages\/8000\/revisions"}],"predecessor-version":[{"id":8500,"href":"https:\/\/euprevent.eu\/nl\/wp-json\/wp\/v2\/pages\/8000\/revisions\/8500"}],"up":[{"embeddable":true,"href":"https:\/\/euprevent.eu\/nl\/wp-json\/wp\/v2\/pages\/245"}],"wp:attachment":[{"href":"https:\/\/euprevent.eu\/nl\/wp-json\/wp\/v2\/media?parent=8000"}],"curies":[{"name":"wp","href":"https:\/\/api.w.org\/{rel}","templated":true}]}}