


{"id":8937,"date":"2019-05-14T11:34:51","date_gmt":"2019-05-14T11:34:51","guid":{"rendered":"https:\/\/euprevent.eu\/?page_id=8937"},"modified":"2021-03-17T08:25:25","modified_gmt":"2021-03-17T08:25:25","slug":"elements-fondamentaux","status":"publish","type":"page","link":"https:\/\/euprevent.eu\/fr\/elements-fondamentaux\/","title":{"rendered":"El\u00e9ments fondamentaux"},"content":{"rendered":"<section class=\"wpb-content-wrapper\"><p>[vc_row][vc_column][vc_column_text]<\/p>\n<h1><strong>El\u00e9ments fondamentaux <\/strong><\/h1>\n<p>[\/vc_column_text][\/vc_column][\/vc_row][vc_row][vc_column el_class=\u00a0\u00bbfundament\u00a0\u00bb][vc_column_text]Les r\u00e9gions frontali\u00e8res europ\u00e9ennes connaissent un taux de ch\u00f4mage plus \u00e9lev\u00e9, une sant\u00e9 moins bonne, un double vieillissement (cela signifie que non seulement les gens vieillissent, mais aussi les jeunes quittent une region) et plus de pauvret\u00e9. Vivre \u00e0 proximit\u00e9 d&rsquo;une fronti\u00e8re signifie moins de possibilit\u00e9s dans les domaines du travail, de l&rsquo;\u00e9ducation, de la mobilit\u00e9, des soins et du bien-\u00eatre. Apr\u00e8s tout, la politique est principalement orient\u00e9e vers le niveau national. Le franchissement de cette fronti\u00e8re n&rsquo;est donc pas une \u00e9vidence.<\/p>\n<ul>\n<li><strong>euPrevent<\/strong> souhaite que la coop\u00e9ration transfrontali\u00e8re en mati\u00e8re de promotion de la sant\u00e9 devienne une \u00e9vidence.<\/li>\n<li><strong>euPrevent<\/strong> est un r\u00e9seau eur\u00e9gional de coop\u00e9ration durable qui am\u00e9liore la qualit\u00e9 de vie des habitants de la zone frontali\u00e8re entre les Pays-Bas, la Belgique et l&rsquo;Allemagne (la\u00a0r\u00e9gion frontali\u00e8re).<\/li>\n<\/ul>\n<p>[\/vc_column_text][vc_column_text el_class=\u00a0\u00bbconclusion\u00a0\u00bb]<\/p>\n<h2>euPrevent souhaite la meilleure qualit\u00e9 de vie possible pour les r\u00e9sidents de la r\u00e9gion frontali\u00e8re.<\/h2>\n<p>[\/vc_column_text][\/vc_column][\/vc_row][vc_row][vc_column el_class=\u00a0\u00bbfundament\u00a0\u00bb][vc_column_text]Les citoyens traversent r\u00e9guli\u00e8rement la fronti\u00e8re. Au sein d&rsquo;euPrevent, les connaissances et l&rsquo;exp\u00e9rience vont \u00e9galement \u00e0 l&rsquo;\u00e9tranger.<\/p>\n<ul>\n<li><strong>euPrevent<\/strong> tire sa force de la diversit\u00e9 des syst\u00e8mes, structures et initiatives de l&rsquo;Euror\u00e9gio: Un ensemble riche de connaissances et d\u2019exp\u00e9rience est disponible \u00e0 proximit\u00e9.<\/li>\n<li><strong>euPrevent <\/strong>sollicite les cadres internationaux et la recherche en communaut\u00e9s locales (par exemple, la sant\u00e9 positive, la sant\u00e9 dans toutes les politiques, les objectifs du d\u00e9veloppement durable).<\/li>\n<li><\/li>\n<\/ul>\n<p>[\/vc_column_text][vc_column_text el_class=\u00a0\u00bbconclusion\u00a0\u00bb]<\/p>\n<h2>euPrevent est un laboratoire d&rsquo;innovation en sant\u00e9.<\/h2>\n<p>[\/vc_column_text][\/vc_column][\/vc_row][vc_row][vc_column el_class=\u00a0\u00bbfundament\u00a0\u00bb][vc_column_text]Les 42\u00a0partenaires structurels sont au fondement d&rsquo;euPrevent.. Ils travaillent ensemble en sous-groupes sur diff\u00e9rents sujets de sant\u00e9.<\/p>\n<ul>\n<li><strong>euPrevent<\/strong> initie des collaborations et des projets eur\u00e9gionaux concrets qui sefocalisent sur ce qu\u2019il peut \u00eatre influenc\u00e9 actuellement<\/li>\n<li><strong>euPrevent <\/strong>vise toujours des r\u00e9sultats et des produits concrets et durables.<\/li>\n<\/ul>\n<p>[\/vc_column_text][vc_column_text el_class=\u00a0\u00bbconclusion\u00a0\u00bb]<\/p>\n<h2>euPrevent soutient l&rsquo;orientation th\u00e9matique et les r\u00e9sultats concrets<\/h2>\n<p>[\/vc_column_text][\/vc_column][\/vc_row][vc_row][vc_column el_class=\u00a0\u00bbfundament\u00a0\u00bb][vc_column_text]Les organisations ont souvent une orientation nationale et sont invit\u00e9es aux r\u00e9seaux et \u00e9changes nationaux. Dans les r\u00e9gions frontali\u00e8res, il est \u00e9galement n\u00e9cessaire de mieux conna\u00eetre ses voisins imm\u00e9diats et de travailler ensemble pour une Euror\u00e9gion saine.<\/p>\n<ul>\n<li><strong>euPrevent<\/strong> investit dans la cooperation eur\u00e9gionale durableLes professionnels \u00e9changent des bonnes pratiques et favorisent les relations de confiance:ce sont les conditions de base d&rsquo;une coop\u00e9ration durable.<\/li>\n<li><strong>euPrevent<\/strong> implique toujours les citoyens.<\/li>\n<\/ul>\n<p>[\/vc_column_text][vc_column_text el_class=\u00a0\u00bbconclusion\u00a0\u00bb]<\/p>\n<h2>euPrevent sait qu&rsquo;en se rassemblant nous allons plus loin.<\/h2>\n<p>[\/vc_column_text][\/vc_column][\/vc_row]<\/p>\n<\/section>","protected":false},"excerpt":{"rendered":"<p>[vc_row][vc_column][vc_column_text] El\u00e9ments fondamentaux [\/vc_column_text][\/vc_column][\/vc_row][vc_row][vc_column el_class=\u00a0\u00bbfundament\u00a0\u00bb][vc_column_text]Les r\u00e9gions frontali\u00e8res europ\u00e9ennes connaissent un taux de ch\u00f4mage plus \u00e9lev\u00e9, une sant\u00e9 moins bonne, un double vieillissement (cela signifie que non seulement les gens vieillissent, mais aussi les jeunes quittent une region) et plus de pauvret\u00e9. Vivre \u00e0 proximit\u00e9 d&rsquo;une fronti\u00e8re signifie moins de possibilit\u00e9s dans les domaines du travail, [&hellip;]<\/p>\n","protected":false},"author":5,"featured_media":0,"parent":0,"menu_order":0,"comment_status":"closed","ping_status":"closed","template":"page-with-about-menu.php","meta":{"_acf_changed":false,"footnotes":""},"class_list":["post-8937","page","type-page","status-publish","hentry"],"acf":[],"yoast_head":"<!-- This site is optimized with the Yoast SEO plugin v27.5 - https:\/\/yoast.com\/product\/yoast-seo-wordpress\/ -->\n<title>El\u00e9ments fondamentaux - euPrevent<\/title>\n<meta name=\"robots\" content=\"index, follow, max-snippet:-1, max-image-preview:large, max-video-preview:-1\" \/>\n<link rel=\"canonical\" href=\"https:\/\/euprevent.eu\/fr\/elements-fondamentaux\/\" \/>\n<meta property=\"og:locale\" content=\"fr_FR\" \/>\n<meta property=\"og:type\" content=\"article\" \/>\n<meta property=\"og:title\" content=\"El\u00e9ments fondamentaux - euPrevent\" \/>\n<meta property=\"og:description\" content=\"[vc_row][vc_column][vc_column_text] El\u00e9ments fondamentaux [\/vc_column_text][\/vc_column][\/vc_row][vc_row][vc_column el_class=\u00a0\u00bbfundament\u00a0\u00bb][vc_column_text]Les r\u00e9gions frontali\u00e8res europ\u00e9ennes connaissent un taux de ch\u00f4mage plus \u00e9lev\u00e9, une sant\u00e9 moins bonne, un double vieillissement (cela signifie que non seulement les gens vieillissent, mais aussi les jeunes quittent une region) et plus de pauvret\u00e9. Vivre \u00e0 proximit\u00e9 d&rsquo;une fronti\u00e8re signifie moins de possibilit\u00e9s dans les domaines du travail, [&hellip;]\" \/>\n<meta property=\"og:url\" content=\"https:\/\/euprevent.eu\/fr\/elements-fondamentaux\/\" \/>\n<meta property=\"og:site_name\" content=\"euPrevent\" \/>\n<meta property=\"article:modified_time\" content=\"2021-03-17T08:25:25+00:00\" \/>\n<meta name=\"twitter:card\" content=\"summary_large_image\" \/>\n<meta name=\"twitter:label1\" content=\"Dur\u00e9e de lecture estim\u00e9e\" \/>\n\t<meta name=\"twitter:data1\" content=\"2 minutes\" \/>\n<script type=\"application\/ld+json\" class=\"yoast-schema-graph\">{\"@context\":\"https:\\\/\\\/schema.org\",\"@graph\":[{\"@type\":\"WebPage\",\"@id\":\"https:\\\/\\\/euprevent.eu\\\/fr\\\/elements-fondamentaux\\\/\",\"url\":\"https:\\\/\\\/euprevent.eu\\\/fr\\\/elements-fondamentaux\\\/\",\"name\":\"El\u00e9ments fondamentaux - euPrevent\",\"isPartOf\":{\"@id\":\"https:\\\/\\\/euprevent.eu\\\/fr\\\/#website\"},\"datePublished\":\"2019-05-14T11:34:51+00:00\",\"dateModified\":\"2021-03-17T08:25:25+00:00\",\"breadcrumb\":{\"@id\":\"https:\\\/\\\/euprevent.eu\\\/fr\\\/elements-fondamentaux\\\/#breadcrumb\"},\"inLanguage\":\"fr-FR\",\"potentialAction\":[{\"@type\":\"ReadAction\",\"target\":[\"https:\\\/\\\/euprevent.eu\\\/fr\\\/elements-fondamentaux\\\/\"]}]},{\"@type\":\"BreadcrumbList\",\"@id\":\"https:\\\/\\\/euprevent.eu\\\/fr\\\/elements-fondamentaux\\\/#breadcrumb\",\"itemListElement\":[{\"@type\":\"ListItem\",\"position\":1,\"name\":\"Home\",\"item\":\"https:\\\/\\\/euprevent.eu\\\/fr\\\/\"},{\"@type\":\"ListItem\",\"position\":2,\"name\":\"El\u00e9ments fondamentaux\"}]},{\"@type\":\"WebSite\",\"@id\":\"https:\\\/\\\/euprevent.eu\\\/fr\\\/#website\",\"url\":\"https:\\\/\\\/euprevent.eu\\\/fr\\\/\",\"name\":\"euPrevent\",\"description\":\"euPrevent is a Euroregional network that focuses on promoting health. Within this network, sustainable partnerships seek to increase the quality of life of residents in the border region between the Netherlands, Belgium and Germany.\",\"potentialAction\":[{\"@type\":\"SearchAction\",\"target\":{\"@type\":\"EntryPoint\",\"urlTemplate\":\"https:\\\/\\\/euprevent.eu\\\/fr\\\/?s={search_term_string}\"},\"query-input\":{\"@type\":\"PropertyValueSpecification\",\"valueRequired\":true,\"valueName\":\"search_term_string\"}}],\"inLanguage\":\"fr-FR\"}]}<\/script>\n<!-- \/ Yoast SEO plugin. -->","yoast_head_json":{"title":"El\u00e9ments fondamentaux - euPrevent","robots":{"index":"index","follow":"follow","max-snippet":"max-snippet:-1","max-image-preview":"max-image-preview:large","max-video-preview":"max-video-preview:-1"},"canonical":"https:\/\/euprevent.eu\/fr\/elements-fondamentaux\/","og_locale":"fr_FR","og_type":"article","og_title":"El\u00e9ments fondamentaux - euPrevent","og_description":"[vc_row][vc_column][vc_column_text] El\u00e9ments fondamentaux [\/vc_column_text][\/vc_column][\/vc_row][vc_row][vc_column el_class=\u00a0\u00bbfundament\u00a0\u00bb][vc_column_text]Les r\u00e9gions frontali\u00e8res europ\u00e9ennes connaissent un taux de ch\u00f4mage plus \u00e9lev\u00e9, une sant\u00e9 moins bonne, un double vieillissement (cela signifie que non seulement les gens vieillissent, mais aussi les jeunes quittent une region) et plus de pauvret\u00e9. Vivre \u00e0 proximit\u00e9 d&rsquo;une fronti\u00e8re signifie moins de possibilit\u00e9s dans les domaines du travail, [&hellip;]","og_url":"https:\/\/euprevent.eu\/fr\/elements-fondamentaux\/","og_site_name":"euPrevent","article_modified_time":"2021-03-17T08:25:25+00:00","twitter_card":"summary_large_image","twitter_misc":{"Dur\u00e9e de lecture estim\u00e9e":"2 minutes"},"schema":{"@context":"https:\/\/schema.org","@graph":[{"@type":"WebPage","@id":"https:\/\/euprevent.eu\/fr\/elements-fondamentaux\/","url":"https:\/\/euprevent.eu\/fr\/elements-fondamentaux\/","name":"El\u00e9ments fondamentaux - euPrevent","isPartOf":{"@id":"https:\/\/euprevent.eu\/fr\/#website"},"datePublished":"2019-05-14T11:34:51+00:00","dateModified":"2021-03-17T08:25:25+00:00","breadcrumb":{"@id":"https:\/\/euprevent.eu\/fr\/elements-fondamentaux\/#breadcrumb"},"inLanguage":"fr-FR","potentialAction":[{"@type":"ReadAction","target":["https:\/\/euprevent.eu\/fr\/elements-fondamentaux\/"]}]},{"@type":"BreadcrumbList","@id":"https:\/\/euprevent.eu\/fr\/elements-fondamentaux\/#breadcrumb","itemListElement":[{"@type":"ListItem","position":1,"name":"Home","item":"https:\/\/euprevent.eu\/fr\/"},{"@type":"ListItem","position":2,"name":"El\u00e9ments fondamentaux"}]},{"@type":"WebSite","@id":"https:\/\/euprevent.eu\/fr\/#website","url":"https:\/\/euprevent.eu\/fr\/","name":"euPrevent","description":"euPrevent is a Euroregional network that focuses on promoting health. Within this network, sustainable partnerships seek to increase the quality of life of residents in the border region between the Netherlands, Belgium and Germany.","potentialAction":[{"@type":"SearchAction","target":{"@type":"EntryPoint","urlTemplate":"https:\/\/euprevent.eu\/fr\/?s={search_term_string}"},"query-input":{"@type":"PropertyValueSpecification","valueRequired":true,"valueName":"search_term_string"}}],"inLanguage":"fr-FR"}]}},"_links":{"self":[{"href":"https:\/\/euprevent.eu\/fr\/wp-json\/wp\/v2\/pages\/8937","targetHints":{"allow":["GET"]}}],"collection":[{"href":"https:\/\/euprevent.eu\/fr\/wp-json\/wp\/v2\/pages"}],"about":[{"href":"https:\/\/euprevent.eu\/fr\/wp-json\/wp\/v2\/types\/page"}],"author":[{"embeddable":true,"href":"https:\/\/euprevent.eu\/fr\/wp-json\/wp\/v2\/users\/5"}],"replies":[{"embeddable":true,"href":"https:\/\/euprevent.eu\/fr\/wp-json\/wp\/v2\/comments?post=8937"}],"version-history":[{"count":2,"href":"https:\/\/euprevent.eu\/fr\/wp-json\/wp\/v2\/pages\/8937\/revisions"}],"predecessor-version":[{"id":14160,"href":"https:\/\/euprevent.eu\/fr\/wp-json\/wp\/v2\/pages\/8937\/revisions\/14160"}],"wp:attachment":[{"href":"https:\/\/euprevent.eu\/fr\/wp-json\/wp\/v2\/media?parent=8937"}],"curies":[{"name":"wp","href":"https:\/\/api.w.org\/{rel}","templated":true}]}}