


{"id":820,"date":"2017-02-14T13:42:16","date_gmt":"2017-02-14T13:42:16","guid":{"rendered":"http:\/\/euprevent.eu\/?page_id=820\/"},"modified":"2022-02-10T17:27:54","modified_gmt":"2022-02-10T16:27:54","slug":"sfc","status":"publish","type":"page","link":"https:\/\/euprevent.eu\/fr\/sfc\/","title":{"rendered":"Projet Senior Friendly Communities"},"content":{"rendered":"<section class=\"wpb-content-wrapper\"><p>[vc_row][vc_column width=\u00a0\u00bb1\/3&Prime;][\/vc_column][vc_column width=\u00a0\u00bb1\/3&Prime;][\/vc_column][vc_column width=\u00a0\u00bb1\/3&Prime;][vc_single_image image=\u00a0\u00bb7392&Prime; img_size=\u00a0\u00bbfull\u00a0\u00bb onclick=\u00a0\u00bbcustom_link\u00a0\u00bb img_link_target=\u00a0\u00bb_blank\u00a0\u00bb link=\u00a0\u00bbhttps:\/\/www.interregemr.eu\/home-fr\u00a0\u00bb][\/vc_column][\/vc_row][vc_row][vc_column][vc_column_text]<\/p>\n<h2 style=\"text-align: center;\"><em>Vivez sainement, profitez de la vie et restez impliqu\u00e9.<\/em><\/h2>\n<p style=\"text-align: center;\">\u00ab Ensemble, nous cr\u00e9ons des communaut\u00e9s attentives aux besoins des seniors dans un contexte transfrontalier<br \/>\nafin de garantir que tous les citoyens seniors dans l\u2019Euregio Meuse-Rhin puissent continuer \u00e0 participer<br \/>\navec plaisir \u00e0 la vie quotidienne. \u00bb<\/p>\n<p>[\/vc_column_text][\/vc_column][\/vc_row][vc_row][vc_column][vc_column_text]En septembre 2016, euPrevent a lanc\u00e9 un projet triennal intitul\u00e9 \u00ab Senior Friendly Communities \u00bb(Communes Amies des Seniors). Plusieurs partenaires de l\u2019Euregio Meuse-Rhin (EMR) y participent. Ce projet porte sur le vieillissement actif dans des communes conviviales pour les seniors. Il met l\u2019accent sur la sant\u00e9 psychique, avec une attention sp\u00e9ciale pour la d\u00e9mence et la d\u00e9pression chez les seniors.[\/vc_column_text][\/vc_column][\/vc_row][vc_row][vc_column][vc_btn title=\u00a0\u00bbPartenaires du projet\u00a0\u00bb link=\u00a0\u00bburl:http%3A%2F%2Feuprevent.eu%2Ffr%2Fpartenaires-du-projet-communes-amies-des-seniors%2F|||\u00a0\u00bb][vc_btn title=\u00a0\u00bbCommunes participantes\u00a0\u00bb link=\u00a0\u00bburl:http%3A%2F%2Feuprevent.eu%2Fparticipating-communities%2F|||\u00a0\u00bb][\/vc_column][\/vc_row][vc_row][vc_column][vc_column_text]<\/p>\n<h2>Objectif<\/h2>\n<p>Au sein de ce projet, les partenaires eur\u00e9gionaux coop\u00e8rent avec 31 communes de l\u2019Euregio Meuse-Rhin. Le but est de cr\u00e9er des communes conviviales pour les seniors, c. \u00e0 d. des communes favorisant l\u2019inclusion sociale, soutenant les aidants proches et proposant des actions d\u2019information et de pr\u00e9vention, de telle sorte que les seniors puissent continuer \u00e0 participer normalement \u00e0 la vie sociale.<\/p>\n<p>Pour atteindre cet objectif, les partenaires de l\u2019Euregio Meuse-Rhin misent sur les activit\u00e9s suivantes :<\/p>\n<ul>\n<li>veiller \u00e0 ce que les groupes cibles (voir ci-apr\u00e8s) soient et restent en bonne sant\u00e9 physique et mentale;<\/li>\n<li>encourager l\u2019int\u00e9gration \u00e9conomique et sociale des groupes cibles;<\/li>\n<li>am\u00e9liorer l\u2019efficacit\u00e9 des syst\u00e8mes de soins au sein de l\u2019EMR;<\/li>\n<li>accro\u00eetre la solidarit\u00e9 transg\u00e9n\u00e9rationnelle.<\/li>\n<\/ul>\n<h2>Groupes cibles<\/h2>\n<p>Avec ce projet, les partenaires et les communes s\u2019adressent particuli\u00e8rement aux trois groupes cibles suivants :<\/p>\n<ul>\n<li>aux personnes qui sont aujourd\u2019hui des aidants proches;<\/li>\n<li>aux aidants proches potentiels et:<\/li>\n<li>aux personnes n\u00e9cessitant des soins: aux seniors pr\u00e9sentant les premiers signes de d\u00e9pression et\/ou de d\u00e9mence.<\/li>\n<\/ul>\n<h2>Travail cibl\u00e9 par la commune<\/h2>\n<p>L\u2019offre sera modul\u00e9e suivant les besoins locaux de chacune des communes. Le projet est r\u00e9alis\u00e9 en 4 \u00e9tapes :<\/p>\n<ol>\n<li>analyse des besoins des communes participantes,<\/li>\n<li>choix des activit\u00e9s concr\u00e8tes propos\u00e9es par commune, sur base d\u2019un buffet d\u2019activit\u00e9s,<\/li>\n<li>mise en \u0153uvre des activit\u00e9s dans les communes, avec le soutien d\u2019euPrevent et des partenaires,<\/li>\n<li>r\u00e9daction d\u2019un plan de gestion durable.<\/li>\n<\/ol>\n<p>&nbsp;<\/p>\n<p>Le projet \u00ab\u00a0Senior Friendly Communities \u00bb est r\u00e9alis\u00e9 dans le cadre du programme Interreg V-A Euregio Meuse-Rhin et est soutenu par l\u2019Union Europ\u00e9enne et le Fond europ\u00e9en de d\u00e9veloppement r\u00e9gional \u00e0 hauteur de 983.167,50 euros. Le projet re\u00e7oit \u00e9galement un cofinancement et les partenaires du projet paient leur propre contribution.[\/vc_column_text][\/vc_column][\/vc_row][vc_row][vc_column][vc_column_text]\t<div class=\"clearfix\"><\/div>\r\n\t<div class=\"panel-events_and_news\">\r\n\t\t<div class=\"row\">\r\n\r\n            \r\n            \t\t\t<div class=\"col-sm-12 col-md-6\" id=\"events\">\r\n\t\t\t\t<h3>Ev\u00e9nements<\/h3>\r\n\t\t\t\t\t\t\t\t\t\t\t\t\t\t\t\t<h2><span class=\"hidden\">Ev\u00e9nements - <\/span>R\u00e9trospective<\/h2>\r\n\t\t\t\t\t\t\t\r\n\t\t\t\t\t\t<div class=\"event media past\">\r\n\t\t\t\t\t\t\t<a class=\"overlay\" href=\"https:\/\/euprevent.eu\/fr\/event\/senior-friendly-communities-end-conference\/\"><\/a>\r\n\t\t\t\t\t\t\t\t\t\t\t\t\t\t<div class=\"thumb pull-left\" style=\"background-image: url('https:\/\/euprevent.eu\/wp-content\/uploads\/2016\/12\/sfc-event.jpg');\"><\/div>\r\n\t\t\t\t\t\t\t<div class=\"event-info-table\">\r\n\t\t\t\t\t\t\t\t<div class=\"event-info-table-row\">\r\n\t\t\t\t\t\t\t\t\t<div class=\"event-info-table-cell\">\r\n\t\t\t\t\t\t\t\t\t\t<h3>Congr\u00e8s de cl\u00f4ture du projet euPrevent \"Communes Amies des Seniors\"<\/h3>\r\n                                        <p>21 novembre 2019<\/p>\r\n\t\t\t\t\t\t\t\t\t<\/div>\r\n\t\t\t\t\t\t\t\t<\/div>\r\n\t\t\t\t\t\t\t<\/div>\r\n\t\t\t\t\t\t<\/div>\r\n\r\n\t\t\t\t\t\t\r\n\t\t\t\t\t\t<div class=\"event media past\">\r\n\t\t\t\t\t\t\t<a class=\"overlay\" href=\"https:\/\/euprevent.eu\/fr\/event\/activiteiten-congres-euprevent-sfc\/\"><\/a>\r\n\t\t\t\t\t\t\t\t\t\t\t\t\t\t<div class=\"thumb pull-left\" style=\"background-image: url('https:\/\/euprevent.eu\/wp-content\/uploads\/2016\/12\/sfc-event.jpg');\"><\/div>\r\n\t\t\t\t\t\t\t<div class=\"event-info-table\">\r\n\t\t\t\t\t\t\t\t<div class=\"event-info-table-row\">\r\n\t\t\t\t\t\t\t\t\t<div class=\"event-info-table-cell\">\r\n\t\t\t\t\t\t\t\t\t\t<h3>Congr\u00e8s d\u2019Activit\u00e9s euPrevent SFC<\/h3>\r\n                                        <p>23 novembre 2017<\/p>\r\n\t\t\t\t\t\t\t\t\t<\/div>\r\n\t\t\t\t\t\t\t\t<\/div>\r\n\t\t\t\t\t\t\t<\/div>\r\n\t\t\t\t\t\t<\/div>\r\n\r\n\t\t\t\t\t\t\r\n\t\t\t\t\t\t<div class=\"event media past\">\r\n\t\t\t\t\t\t\t<a class=\"overlay\" href=\"https:\/\/euprevent.eu\/fr\/event\/kick-off-congres-euprevent-sfc\/\"><\/a>\r\n\t\t\t\t\t\t\t\t\t\t\t\t\t\t<div class=\"thumb pull-left\" style=\"background-image: url('https:\/\/euprevent.eu\/wp-content\/uploads\/2016\/12\/sfc-event.jpg');\"><\/div>\r\n\t\t\t\t\t\t\t<div class=\"event-info-table\">\r\n\t\t\t\t\t\t\t\t<div class=\"event-info-table-row\">\r\n\t\t\t\t\t\t\t\t\t<div class=\"event-info-table-cell\">\r\n\t\t\t\t\t\t\t\t\t\t<h3>Kick-off Congress euPrevent SFC<\/h3>\r\n                                        <p>31 janvier 2017<\/p>\r\n\t\t\t\t\t\t\t\t\t<\/div>\r\n\t\t\t\t\t\t\t\t<\/div>\r\n\t\t\t\t\t\t\t<\/div>\r\n\t\t\t\t\t\t<\/div>\r\n\r\n\t\t\t\t\t\t\t\t\t\t\t<div class=\"text-center p-5\"><a class=\"btn btn-sm btn-default\" href=\"https:\/\/euprevent.eu\/fr\/event\/\">tous les \u00e9v\u00e9nements<\/a><\/div>\r\n\t\t\t\t\t\t\t\t<\/div>\r\n\r\n            \r\n            \t\t\t<div class=\"col-sm-12 col-md-6\" id=\"news\">\r\n\t\t\t\t<h3>Nouvelles<\/h3>\r\n\t\t\t\t\t\t\t\t\t\t\t\t\t\t\t<div class=\"newsitem\">\r\n\t\t\t\t\t\t\t<a class=\"overlay\" href=\"https:\/\/euprevent.eu\/fr\/atlas-euregional-de-la-sante\/\"><\/a>\r\n                            <div class=\"thumb pull-left\" style=\"background-image: url('https:\/\/euprevent.eu\/wp-content\/uploads\/2020\/07\/eha-2.png');\"><\/div>\r\n\t\t\t\t\t\t\t<div class=\"news-info-table\">\r\n\t\t\t\t\t\t\t\t<div class=\"news-info-table-row\">\r\n\t\t\t\t\t\t\t\t\t<div class=\"news-info-table-cell\">\r\n\t\t\t\t\t\t\t\t\t\t<p>16 July 2020<\/p>\r\n\t\t\t\t\t\t\t\t\t\t<h3>Atlas Eur\u00e9gional de la Sant\u00e9<\/h3>\r\n\t\t\t\t\t\t\t\t\t<\/div>\r\n\t\t\t\t\t\t\t\t<\/div>\r\n\t\t\t\t\t\t\t<\/div>\r\n\t\t\t\t\t\t<\/div>\r\n\t\t\t\t\t\t\t\t\t\t\t\t<div class=\"newsitem\">\r\n\t\t\t\t\t\t\t<a class=\"overlay\" href=\"https:\/\/euprevent.eu\/fr\/livre-pour-que-les-communes-amies-des-seniors-soient-en-mouvement-et-puissent-le-rester\/\"><\/a>\r\n                            <div class=\"thumb pull-left\" style=\"background-image: url('https:\/\/euprevent.eu\/wp-content\/uploads\/2016\/12\/sfc-event.jpg');\"><\/div>\r\n\t\t\t\t\t\t\t<div class=\"news-info-table\">\r\n\t\t\t\t\t\t\t\t<div class=\"news-info-table-row\">\r\n\t\t\t\t\t\t\t\t\t<div class=\"news-info-table-cell\">\r\n\t\t\t\t\t\t\t\t\t\t<p>10 February 2020<\/p>\r\n\t\t\t\t\t\t\t\t\t\t<h3>Livre : \"Pour que les communes amies des seniors soient en mouvement et puissent le rester\"<\/h3>\r\n\t\t\t\t\t\t\t\t\t<\/div>\r\n\t\t\t\t\t\t\t\t<\/div>\r\n\t\t\t\t\t\t\t<\/div>\r\n\t\t\t\t\t\t<\/div>\r\n\t\t\t\t\t\t\t\t\t\t\t\t<div class=\"newsitem\">\r\n\t\t\t\t\t\t\t<a class=\"overlay\" href=\"https:\/\/euprevent.eu\/fr\/comment-devenir-une-commune-resiliente-et-prevenir-la-depression-chez-les-seniors\/\"><\/a>\r\n                            <div class=\"thumb pull-left\" style=\"background-image: url('https:\/\/euprevent.eu\/wp-content\/uploads\/2016\/12\/sfc-event.jpg');\"><\/div>\r\n\t\t\t\t\t\t\t<div class=\"news-info-table\">\r\n\t\t\t\t\t\t\t\t<div class=\"news-info-table-row\">\r\n\t\t\t\t\t\t\t\t\t<div class=\"news-info-table-cell\">\r\n\t\t\t\t\t\t\t\t\t\t<p>5 February 2020<\/p>\r\n\t\t\t\t\t\t\t\t\t\t<h3>Comment devenir une commune r\u00e9siliente et pr\u00e9venir la d\u00e9pression chez les seniors ?<\/h3>\r\n\t\t\t\t\t\t\t\t\t<\/div>\r\n\t\t\t\t\t\t\t\t<\/div>\r\n\t\t\t\t\t\t\t<\/div>\r\n\t\t\t\t\t\t<\/div>\r\n\t\t\t\t\t\t\t\t\t\t\t<div class=\"text-center p-5\"><a class=\"btn btn-sm btn-default\" href=\"https:\/\/euprevent.eu\/fr\/nouvelles\/\">Toutes les nouvelles<\/a><\/div>\r\n\t\t\t\t\t\t\t\t<\/div>\r\n            \r\n\t\t<\/div>\r\n\t<\/div>\r\n\r\n\t[\/vc_column_text][\/vc_column][\/vc_row][vc_row][vc_column][vc_column_text]        <div class=\"clearfix\"><\/div>\n\n        <h2>Publications<\/h2>\n        <div class=\"expandable-wrapper\">\n            <ul class=\"list-publications list-publications-month list-group  list-publications-gradienteffect\">\n                                    <li class=\"list-group-item\">\n                        <a href=\"https:\/\/euprevent.eu\/wp-content\/themes\/euprevent\/pageflip\/the-art-of-growing-older\/\" target=\"_blank\">\n                            <div class=\"row vcenter\">\n                                <div class=\"col-img col-xs-1 text-center\"><img decoding=\"async\"\n                                            src=\"https:\/\/euprevent.eu\/wp-content\/uploads\/2019\/12\/SFC_ArtBook_cover2.jpg\"\/>\n                                <\/div>\n                                <div class=\"col-xs-10\">\n                                    <div class=\"publication-title\">The art of growing older. Old age depression expressed in art.<\/div>\n                                <\/div>\n                                <div class=\"col-xs-1\">\n                                                                            <span class=\"label label-light\"><i\n                                                    class=\"fa fa-link\"><\/i><\/span>\n                                                                        <\/div>\n                            <\/div>\n                        <\/a>\n                    <\/li>\n                                        <li class=\"list-group-item\">\n                        <a href=\"https:\/\/euprevent.eu\/wp-content\/uploads\/2020\/02\/Leitfaden_Wie-man-eine-widerstandsf\u00e4hige-Gemeinde-wird-und-Depressionen-bei-\u00e4lteren-Menschen-verhindert.pdf\" target=\"_blank\">\n                            <div class=\"row vcenter\">\n                                <div class=\"col-img col-xs-1 text-center\"><img decoding=\"async\"\n                                            src=\"https:\/\/euprevent.eu\/wp-content\/uploads\/2020\/07\/Image-Guidline_How-to-become-a-resilient-community-and-prevent-depression.png\"\/>\n                                <\/div>\n                                <div class=\"col-xs-10\">\n                                    <div class=\"publication-title\">Guideline \u2018Wie wird man eine resiliente Gemeinde und wie verhindert man Depressionen bei \u00e4lteren Menschen?\u2019 (DE)<\/div>\n                                <\/div>\n                                <div class=\"col-xs-1\">\n                                                                            <span class=\"label label-light\"><i\n                                                    class=\"fa fa-download\"><\/i><\/span>\n                                                                        <\/div>\n                            <\/div>\n                        <\/a>\n                    <\/li>\n                                        <li class=\"list-group-item\">\n                        <a href=\"https:\/\/euprevent.eu\/wp-content\/uploads\/2020\/02\/Guide_Comment-devenir-une-commune-r\u00e9siliente-et-pr\u00e9venir-la-d\u00e9pression-chez-les-seniors.pdf\" target=\"_blank\">\n                            <div class=\"row vcenter\">\n                                <div class=\"col-img col-xs-1 text-center\"><img decoding=\"async\"\n                                            src=\"https:\/\/euprevent.eu\/wp-content\/uploads\/2020\/07\/Image-Guidline_How-to-become-a-resilient-community-and-prevent-depression.png\"\/>\n                                <\/div>\n                                <div class=\"col-xs-10\">\n                                    <div class=\"publication-title\">Guideline \u2018Comment devenir une commune r\u00e9siliente et pr\u00e9venir la d\u00e9pression chez les seniors ? \u2018(FR)<\/div>\n                                <\/div>\n                                <div class=\"col-xs-1\">\n                                                                            <span class=\"label label-light\"><i\n                                                    class=\"fa fa-download\"><\/i><\/span>\n                                                                        <\/div>\n                            <\/div>\n                        <\/a>\n                    <\/li>\n                                        <li class=\"list-group-item\">\n                        <a href=\"https:\/\/euprevent.eu\/wp-content\/uploads\/2020\/02\/Richtlijn_Hoe-een-veerkrachtige-gemeente-worden-en-depressie-bij-ouderen-te-voorkomen.pdf\" target=\"_blank\">\n                            <div class=\"row vcenter\">\n                                <div class=\"col-img col-xs-1 text-center\"><img decoding=\"async\"\n                                            src=\"https:\/\/euprevent.eu\/wp-content\/uploads\/2020\/07\/Image-Guidline_How-to-become-a-resilient-community-and-prevent-depression.png\"\/>\n                                <\/div>\n                                <div class=\"col-xs-10\">\n                                    <div class=\"publication-title\">Guideline \u2018Hoe word je een veerkrachtige gemeente en voorkom je depressie bij ouderen? (NL)<\/div>\n                                <\/div>\n                                <div class=\"col-xs-1\">\n                                                                            <span class=\"label label-light\"><i\n                                                    class=\"fa fa-download\"><\/i><\/span>\n                                                                        <\/div>\n                            <\/div>\n                        <\/a>\n                    <\/li>\n                                        <li class=\"list-group-item\">\n                        <a href=\"https:\/\/euprevent.eu\/wp-content\/uploads\/2020\/02\/Guideline_How-to-become-a-resilient-community-and-prevent-depression.pdf\" target=\"_blank\">\n                            <div class=\"row vcenter\">\n                                <div class=\"col-img col-xs-1 text-center\"><img decoding=\"async\"\n                                            src=\"https:\/\/euprevent.eu\/wp-content\/uploads\/2020\/07\/Image-Guidline_How-to-become-a-resilient-community-and-prevent-depression.png\"\/>\n                                <\/div>\n                                <div class=\"col-xs-10\">\n                                    <div class=\"publication-title\">Guideline \u2018How to become a resilient community & prevent depression\u2018 (EN)<\/div>\n                                <\/div>\n                                <div class=\"col-xs-1\">\n                                                                            <span class=\"label label-light\"><i\n                                                    class=\"fa fa-download\"><\/i><\/span>\n                                                                        <\/div>\n                            <\/div>\n                        <\/a>\n                    <\/li>\n                                        <li class=\"list-group-item\">\n                        <a href=\"https:\/\/euprevent.eu\/wp-content\/uploads\/2020\/02\/Content-book_Pour-que-les-communes-amies-des-seniors-soient-en-mouvement-et-puissent-le-rester.pdf\" target=\"_blank\">\n                            <div class=\"row vcenter\">\n                                <div class=\"col-img col-xs-1 text-center\"><img decoding=\"async\"\n                                            src=\"https:\/\/euprevent.eu\/wp-content\/uploads\/2020\/07\/Image-Book_-building-and-sustaining-a-senior-friendly-community-movement.png\"\/>\n                                <\/div>\n                                <div class=\"col-xs-10\">\n                                    <div class=\"publication-title\">Livre \u2018Pour que les communes amies des seniors soient en mouvement et puissent le rester\u2018 (FR)<\/div>\n                                <\/div>\n                                <div class=\"col-xs-1\">\n                                                                            <span class=\"label label-light\"><i\n                                                    class=\"fa fa-download\"><\/i><\/span>\n                                                                        <\/div>\n                            <\/div>\n                        <\/a>\n                    <\/li>\n                                        <li class=\"list-group-item\">\n                        <a href=\"https:\/\/euprevent.eu\/wp-content\/uploads\/2020\/02\/Content-book_Building-and-sustaining-a-seniorfriendly-community-movement.pdf\" target=\"_blank\">\n                            <div class=\"row vcenter\">\n                                <div class=\"col-img col-xs-1 text-center\"><img decoding=\"async\"\n                                            src=\"https:\/\/euprevent.eu\/wp-content\/uploads\/2020\/07\/Image-Book_-building-and-sustaining-a-senior-friendly-community-movement.png\"\/>\n                                <\/div>\n                                <div class=\"col-xs-10\">\n                                    <div class=\"publication-title\">Book \u2018Building and sustaining a senior friendly community movement\u2018 (EN)<\/div>\n                                <\/div>\n                                <div class=\"col-xs-1\">\n                                                                            <span class=\"label label-light\"><i\n                                                    class=\"fa fa-download\"><\/i><\/span>\n                                                                        <\/div>\n                            <\/div>\n                        <\/a>\n                    <\/li>\n                                        <li class=\"list-group-item\">\n                        <a href=\"https:\/\/euprevent.eu\/wp-content\/uploads\/2020\/02\/Content-Book_Een-seniorvriendelijke-gemeente-in-beweging-brengen-en-houden.pdf\" target=\"_blank\">\n                            <div class=\"row vcenter\">\n                                <div class=\"col-img col-xs-1 text-center\"><img decoding=\"async\"\n                                            src=\"https:\/\/euprevent.eu\/wp-content\/uploads\/2020\/07\/Image-Book_-building-and-sustaining-a-senior-friendly-community-movement.png\"\/>\n                                <\/div>\n                                <div class=\"col-xs-10\">\n                                    <div class=\"publication-title\">Boek \u2018Een seniorvriendelijke gemeente in beweging brengen en houden\u2019 (NL)<\/div>\n                                <\/div>\n                                <div class=\"col-xs-1\">\n                                                                            <span class=\"label label-light\"><i\n                                                    class=\"fa fa-download\"><\/i><\/span>\n                                                                        <\/div>\n                            <\/div>\n                        <\/a>\n                    <\/li>\n                                        <li class=\"list-group-item\">\n                        <a href=\"https:\/\/euprevent.eu\/wp-content\/uploads\/2020\/02\/Content-book_Eine-seniorenfreundliche-Gemeinde-in-Bewegung-bringen-und-erhalten.pdf\" target=\"_blank\">\n                            <div class=\"row vcenter\">\n                                <div class=\"col-img col-xs-1 text-center\"><img decoding=\"async\"\n                                            src=\"https:\/\/euprevent.eu\/wp-content\/uploads\/2020\/07\/Image-Book_-building-and-sustaining-a-senior-friendly-community-movement.png\"\/>\n                                <\/div>\n                                <div class=\"col-xs-10\">\n                                    <div class=\"publication-title\">Buch \u2018Eine seniorenfreundliche Gemeinde in Bewegung bringen und in Bewegung halten\u2018 (DE)<\/div>\n                                <\/div>\n                                <div class=\"col-xs-1\">\n                                                                            <span class=\"label label-light\"><i\n                                                    class=\"fa fa-download\"><\/i><\/span>\n                                                                        <\/div>\n                            <\/div>\n                        <\/a>\n                    <\/li>\n                                        <li class=\"list-group-item\">\n                        <a href=\"https:\/\/euprevent.eu\/wp-content\/uploads\/2019\/03\/euPrevent-SFC-Information-Flyer-FR.pdf\" target=\"_blank\">\n                            <div class=\"row vcenter\">\n                                <div class=\"col-img col-xs-1 text-center\"><img decoding=\"async\"\n                                            src=\"https:\/\/euprevent.eu\/wp-content\/uploads\/2021\/12\/img31.jpg\"\/>\n                                <\/div>\n                                <div class=\"col-xs-10\">\n                                    <div class=\"publication-title\">euPrevent SFC Brochure d\u2019Information (FR)<\/div>\n                                <\/div>\n                                <div class=\"col-xs-1\">\n                                                                            <span class=\"label label-light\"><i\n                                                    class=\"fa fa-download\"><\/i><\/span>\n                                                                        <\/div>\n                            <\/div>\n                        <\/a>\n                    <\/li>\n                                        <li class=\"list-group-item\">\n                        <a href=\"https:\/\/euprevent.eu\/wp-content\/uploads\/2019\/03\/euPrevent-SFC-Information-Flyer-DE.pdf\" target=\"_blank\">\n                            <div class=\"row vcenter\">\n                                <div class=\"col-img col-xs-1 text-center\"><img decoding=\"async\"\n                                            src=\"https:\/\/euprevent.eu\/wp-content\/uploads\/2021\/12\/img31.jpg\"\/>\n                                <\/div>\n                                <div class=\"col-xs-10\">\n                                    <div class=\"publication-title\">euPrevent SFC Information Flyer (DE)<\/div>\n                                <\/div>\n                                <div class=\"col-xs-1\">\n                                                                            <span class=\"label label-light\"><i\n                                                    class=\"fa fa-download\"><\/i><\/span>\n                                                                        <\/div>\n                            <\/div>\n                        <\/a>\n                    <\/li>\n                                        <li class=\"list-group-item\">\n                        <a href=\"https:\/\/euprevent.eu\/wp-content\/uploads\/2019\/03\/euPrevent-SFC-Information-Flyer-EN.pdf\" target=\"_blank\">\n                            <div class=\"row vcenter\">\n                                <div class=\"col-img col-xs-1 text-center\"><img decoding=\"async\"\n                                            src=\"https:\/\/euprevent.eu\/wp-content\/uploads\/2021\/12\/img31.jpg\"\/>\n                                <\/div>\n                                <div class=\"col-xs-10\">\n                                    <div class=\"publication-title\">euPrevent SFC Information Flyer (EN)<\/div>\n                                <\/div>\n                                <div class=\"col-xs-1\">\n                                                                            <span class=\"label label-light\"><i\n                                                    class=\"fa fa-download\"><\/i><\/span>\n                                                                        <\/div>\n                            <\/div>\n                        <\/a>\n                    <\/li>\n                                        <li class=\"list-group-item\">\n                        <a href=\"https:\/\/euprevent.eu\/wp-content\/uploads\/2019\/03\/euPrevent-SFC-Information-Flyer-NL.pdf\" target=\"_blank\">\n                            <div class=\"row vcenter\">\n                                <div class=\"col-img col-xs-1 text-center\"><img decoding=\"async\"\n                                            src=\"https:\/\/euprevent.eu\/wp-content\/uploads\/2021\/12\/img31.jpg\"\/>\n                                <\/div>\n                                <div class=\"col-xs-10\">\n                                    <div class=\"publication-title\">euPrevent SFC Informatie Flyer (NL)<\/div>\n                                <\/div>\n                                <div class=\"col-xs-1\">\n                                                                            <span class=\"label label-light\"><i\n                                                    class=\"fa fa-download\"><\/i><\/span>\n                                                                        <\/div>\n                            <\/div>\n                        <\/a>\n                    <\/li>\n                                        <li class=\"list-group-item\">\n                        <a href=\"https:\/\/euprevent.eu\/wp-content\/uploads\/2019\/01\/2019-01-Invitation-or-letter-euPrevent-SFC.docx\" target=\"_blank\">\n                            <div class=\"row vcenter\">\n                                <div class=\"col-img col-xs-1 text-center\"><img decoding=\"async\"\n                                            src=\"https:\/\/euprevent.eu\/wp-content\/uploads\/2021\/12\/img41-1.jpg\"\/>\n                                <\/div>\n                                <div class=\"col-xs-10\">\n                                    <div class=\"publication-title\">SFC Invitation or letter (Word template) (EN, NL, DE and FR)<\/div>\n                                <\/div>\n                                <div class=\"col-xs-1\">\n                                                                            <span class=\"label label-light\"><i\n                                                    class=\"fa fa-download\"><\/i><\/span>\n                                                                        <\/div>\n                            <\/div>\n                        <\/a>\n                    <\/li>\n                                        <li class=\"list-group-item\">\n                        <a href=\"https:\/\/euprevent.eu\/wp-content\/uploads\/2019\/01\/euPrevent-SFC-Activity-posters.zip\" target=\"_blank\">\n                            <div class=\"row vcenter\">\n                                <div class=\"col-img col-xs-1 text-center\"><img decoding=\"async\"\n                                            src=\"https:\/\/euprevent.eu\/wp-content\/uploads\/2021\/12\/img71.jpg\"\/>\n                                <\/div>\n                                <div class=\"col-xs-10\">\n                                    <div class=\"publication-title\">SFC Activity posters (Word template | 15 posters | 53MB) (EN, NL, DE and FR)<\/div>\n                                <\/div>\n                                <div class=\"col-xs-1\">\n                                                                            <span class=\"label label-light\"><i\n                                                    class=\"fa fa-download\"><\/i><\/span>\n                                                                        <\/div>\n                            <\/div>\n                        <\/a>\n                    <\/li>\n                                        <li class=\"list-group-item\">\n                        <a href=\"https:\/\/euprevent.eu\/wp-content\/uploads\/2018\/07\/Allgemeines-SFC-Poster.zip\" target=\"_blank\">\n                            <div class=\"row vcenter\">\n                                <div class=\"col-img col-xs-1 text-center\"><img decoding=\"async\"\n                                            src=\"https:\/\/euprevent.eu\/wp-content\/uploads\/2021\/12\/img87.jpg\"\/>\n                                <\/div>\n                                <div class=\"col-xs-10\">\n                                    <div class=\"publication-title\">Allgemeines SFC Poster (Word template) (DE)<\/div>\n                                <\/div>\n                                <div class=\"col-xs-1\">\n                                                                            <span class=\"label label-light\"><i\n                                                    class=\"fa fa-download\"><\/i><\/span>\n                                                                        <\/div>\n                            <\/div>\n                        <\/a>\n                    <\/li>\n                                        <li class=\"list-group-item\">\n                        <a href=\"https:\/\/euprevent.eu\/wp-content\/uploads\/2018\/07\/Algemene-Poster-SFC-NL-EN.zip\" target=\"_blank\">\n                            <div class=\"row vcenter\">\n                                <div class=\"col-img col-xs-1 text-center\"><img decoding=\"async\"\n                                            src=\"https:\/\/euprevent.eu\/wp-content\/uploads\/2021\/12\/img87.jpg\"\/>\n                                <\/div>\n                                <div class=\"col-xs-10\">\n                                    <div class=\"publication-title\">General Poster SFC (Word template) (EN and NL)<\/div>\n                                <\/div>\n                                <div class=\"col-xs-1\">\n                                                                            <span class=\"label label-light\"><i\n                                                    class=\"fa fa-download\"><\/i><\/span>\n                                                                        <\/div>\n                            <\/div>\n                        <\/a>\n                    <\/li>\n                                        <li class=\"list-group-item\">\n                        <a href=\"https:\/\/euprevent.eu\/wp-content\/uploads\/2018\/07\/Affiche-g\u00e9n\u00e9rale-du-projet-SFC.zip\" target=\"_blank\">\n                            <div class=\"row vcenter\">\n                                <div class=\"col-img col-xs-1 text-center\"><img decoding=\"async\"\n                                            src=\"https:\/\/euprevent.eu\/wp-content\/uploads\/2021\/12\/img87.jpg\"\/>\n                                <\/div>\n                                <div class=\"col-xs-10\">\n                                    <div class=\"publication-title\">Affiche g\u00e9n\u00e9rale du projet SFC (FR)<\/div>\n                                <\/div>\n                                <div class=\"col-xs-1\">\n                                                                            <span class=\"label label-light\"><i\n                                                    class=\"fa fa-download\"><\/i><\/span>\n                                                                        <\/div>\n                            <\/div>\n                        <\/a>\n                    <\/li>\n                                        <li class=\"list-group-item\">\n                        <a href=\"https:\/\/euprevent.eu\/wp-content\/uploads\/2018\/04\/FINAL-EMR-Report-FR-2018.pdf\" target=\"_blank\">\n                            <div class=\"row vcenter\">\n                                <div class=\"col-img col-xs-1 text-center\"><img decoding=\"async\"\n                                            src=\"https:\/\/euprevent.eu\/wp-content\/uploads\/2021\/12\/img69.jpg\"\/>\n                                <\/div>\n                                <div class=\"col-xs-10\">\n                                    <div class=\"publication-title\">SFC EMR rapport d\u2019\u00e9valuation (FR)<\/div>\n                                <\/div>\n                                <div class=\"col-xs-1\">\n                                                                            <span class=\"label label-light\"><i\n                                                    class=\"fa fa-download\"><\/i><\/span>\n                                                                        <\/div>\n                            <\/div>\n                        <\/a>\n                    <\/li>\n                                        <li class=\"list-group-item\">\n                        <a href=\"https:\/\/euprevent.eu\/wp-content\/uploads\/2018\/04\/FINAL-EMR-Report-DE-2018.pdf\" target=\"_blank\">\n                            <div class=\"row vcenter\">\n                                <div class=\"col-img col-xs-1 text-center\"><img decoding=\"async\"\n                                            src=\"https:\/\/euprevent.eu\/wp-content\/uploads\/2021\/12\/img69.jpg\"\/>\n                                <\/div>\n                                <div class=\"col-xs-10\">\n                                    <div class=\"publication-title\">SFC EMR Assessment Bericht (DE)<\/div>\n                                <\/div>\n                                <div class=\"col-xs-1\">\n                                                                            <span class=\"label label-light\"><i\n                                                    class=\"fa fa-download\"><\/i><\/span>\n                                                                        <\/div>\n                            <\/div>\n                        <\/a>\n                    <\/li>\n                                        <li class=\"list-group-item\">\n                        <a href=\"https:\/\/euprevent.eu\/wp-content\/uploads\/2018\/04\/FINAL-EMR-Report-NL-2018.pdf\" target=\"_blank\">\n                            <div class=\"row vcenter\">\n                                <div class=\"col-img col-xs-1 text-center\"><img decoding=\"async\"\n                                            src=\"https:\/\/euprevent.eu\/wp-content\/uploads\/2021\/12\/img69.jpg\"\/>\n                                <\/div>\n                                <div class=\"col-xs-10\">\n                                    <div class=\"publication-title\">SFC EMR assessment rapport (NL)<\/div>\n                                <\/div>\n                                <div class=\"col-xs-1\">\n                                                                            <span class=\"label label-light\"><i\n                                                    class=\"fa fa-download\"><\/i><\/span>\n                                                                        <\/div>\n                            <\/div>\n                        <\/a>\n                    <\/li>\n                                        <li class=\"list-group-item\">\n                        <a href=\"https:\/\/euprevent.eu\/wp-content\/uploads\/2018\/04\/FINAL-EMR-Report-EN-2018.pdf\" target=\"_blank\">\n                            <div class=\"row vcenter\">\n                                <div class=\"col-img col-xs-1 text-center\"><img decoding=\"async\"\n                                            src=\"https:\/\/euprevent.eu\/wp-content\/uploads\/2021\/12\/img69.jpg\"\/>\n                                <\/div>\n                                <div class=\"col-xs-10\">\n                                    <div class=\"publication-title\">SFC EMR assessment report (EN)<\/div>\n                                <\/div>\n                                <div class=\"col-xs-1\">\n                                                                            <span class=\"label label-light\"><i\n                                                    class=\"fa fa-download\"><\/i><\/span>\n                                                                        <\/div>\n                            <\/div>\n                        <\/a>\n                    <\/li>\n                                        <li class=\"list-group-item\">\n                        <a href=\"https:\/\/euprevent.eu\/wp-content\/uploads\/2018\/02\/WEB-Brochure-Activiteitencongres-FR.pdf\" target=\"_blank\">\n                            <div class=\"row vcenter\">\n                                <div class=\"col-img col-xs-1 text-center\"><img decoding=\"async\"\n                                            src=\"https:\/\/euprevent.eu\/wp-content\/uploads\/2021\/12\/img67.jpg\"\/>\n                                <\/div>\n                                <div class=\"col-xs-10\">\n                                    <div class=\"publication-title\">SFC Brochure d\u2019Information sur les Activit\u00e9s (FR)<\/div>\n                                <\/div>\n                                <div class=\"col-xs-1\">\n                                                                            <span class=\"label label-light\"><i\n                                                    class=\"fa fa-download\"><\/i><\/span>\n                                                                        <\/div>\n                            <\/div>\n                        <\/a>\n                    <\/li>\n                                        <li class=\"list-group-item\">\n                        <a href=\"https:\/\/euprevent.eu\/wp-content\/uploads\/2018\/02\/WEB-Brochure-Activiteitencongres-NL.pdf\" target=\"_blank\">\n                            <div class=\"row vcenter\">\n                                <div class=\"col-img col-xs-1 text-center\"><img decoding=\"async\"\n                                            src=\"https:\/\/euprevent.eu\/wp-content\/uploads\/2021\/12\/img67.jpg\"\/>\n                                <\/div>\n                                <div class=\"col-xs-10\">\n                                    <div class=\"publication-title\">SFC Informatiebrochure activiteiten (NL)<\/div>\n                                <\/div>\n                                <div class=\"col-xs-1\">\n                                                                            <span class=\"label label-light\"><i\n                                                    class=\"fa fa-download\"><\/i><\/span>\n                                                                        <\/div>\n                            <\/div>\n                        <\/a>\n                    <\/li>\n                                        <li class=\"list-group-item\">\n                        <a href=\"https:\/\/euprevent.eu\/wp-content\/uploads\/2018\/02\/WEB-Brochure-Activiteitencongres-DE.pdf\" target=\"_blank\">\n                            <div class=\"row vcenter\">\n                                <div class=\"col-img col-xs-1 text-center\"><img decoding=\"async\"\n                                            src=\"https:\/\/euprevent.eu\/wp-content\/uploads\/2021\/12\/img67.jpg\"\/>\n                                <\/div>\n                                <div class=\"col-xs-10\">\n                                    <div class=\"publication-title\">SFC Informationshandbuch zu den Aktivit\u00e4ten (DE)<\/div>\n                                <\/div>\n                                <div class=\"col-xs-1\">\n                                                                            <span class=\"label label-light\"><i\n                                                    class=\"fa fa-download\"><\/i><\/span>\n                                                                        <\/div>\n                            <\/div>\n                        <\/a>\n                    <\/li>\n                                        <li class=\"list-group-item\">\n                        <a href=\"https:\/\/euprevent.eu\/wp-content\/uploads\/2018\/02\/WEB-Brochure-Activiteitencongres-EN.pdf\" target=\"_blank\">\n                            <div class=\"row vcenter\">\n                                <div class=\"col-img col-xs-1 text-center\"><img decoding=\"async\"\n                                            src=\"https:\/\/euprevent.eu\/wp-content\/uploads\/2021\/12\/img67.jpg\"\/>\n                                <\/div>\n                                <div class=\"col-xs-10\">\n                                    <div class=\"publication-title\">SFC Activities Brochure (EN)<\/div>\n                                <\/div>\n                                <div class=\"col-xs-1\">\n                                                                            <span class=\"label label-light\"><i\n                                                    class=\"fa fa-download\"><\/i><\/span>\n                                                                        <\/div>\n                            <\/div>\n                        <\/a>\n                    <\/li>\n                    \n            <\/ul>\n                            <div class=\"text-center\">\n                    <a href=\"javascript:void(0);\"\n                       class=\"btn btn-sm btn-default openmore-list-publications\"> montre tout<\/a>\n                <\/div>\n                        <\/div>\n\n        [\/vc_column_text][\/vc_column][\/vc_row][vc_row][vc_column][vc_column_text]        <div class=\"clearfix\"><\/div>\n\n        <h2>Dans les m\u00e9dias<\/h2>\n        <div class=\"expandable-wrapper\">\n            <ul class=\"list-mediapublications list-mediapublications-month list-group  list-mediapublications-gradienteffect\">\n                                    <li class=\"list-group-item\">\n                        <a href=\"https:\/\/doi.org\/10.2196\/21629\" target=\"_blank\">\n                            <div class=\"row vcenter\">\n                                <div class=\"col-xs-11\">\n                                    <div class=\"mediapublication-title\">Implementations of Evidence-Based eHealth Interventions for Caregivers of People With Dementia in Municipality Contexts (Myinlife and Partner in Balance): Evaluation Study<\/div>\n                                    <div class=\"mediapublication-subtitle\"><span class=\"text-muted\">\n                                                05-02-2021<\/span> - JMIR Aging                                    <\/div>\n                                <\/div>\n                                <div class=\"col-xs-1\">\n                                                                            <span class=\"label label-light\"><i\n                                                    class=\"fa fa-link\"><\/i><\/span>\n                                                                        <\/div>\n                            <\/div>\n                        <\/a>\n                    <\/li>\n                                        <li class=\"list-group-item\">\n                        <a href=\"https:\/\/welzijnoprecept.nl\/welzijn-op-recept-succesvol-door-enthousiasme-van-alle-partners\/\" target=\"_blank\">\n                            <div class=\"row vcenter\">\n                                <div class=\"col-xs-11\">\n                                    <div class=\"mediapublication-title\">Welzijn op Recept succesvol door enthousiasme van alle partners<\/div>\n                                    <div class=\"mediapublication-subtitle\"><span class=\"text-muted\">\n                                                01-12-2020<\/span> - Welzijn op Recept                                    <\/div>\n                                <\/div>\n                                <div class=\"col-xs-1\">\n                                                                            <span class=\"label label-light\"><i\n                                                    class=\"fa fa-link\"><\/i><\/span>\n                                                                        <\/div>\n                            <\/div>\n                        <\/a>\n                    <\/li>\n                                        <li class=\"list-group-item\">\n                        <a href=\"https:\/\/www.euskirchen.de\/rathaus\/demographie\/euprevent-projekt-aktiv-altern-in-der-seniorenfreundlichen-gemeinde-sachstand-februar-2020\/\" target=\"_blank\">\n                            <div class=\"row vcenter\">\n                                <div class=\"col-xs-11\">\n                                    <div class=\"mediapublication-title\">Aktiv Altern in der Seniorenfreundlichen Gemeinde<\/div>\n                                    <div class=\"mediapublication-subtitle\"><span class=\"text-muted\">\n                                                01-02-2020<\/span> - Euskirchen                                    <\/div>\n                                <\/div>\n                                <div class=\"col-xs-1\">\n                                                                            <span class=\"label label-light\"><i\n                                                    class=\"fa fa-link\"><\/i><\/span>\n                                                                        <\/div>\n                            <\/div>\n                        <\/a>\n                    <\/li>\n                                        <li class=\"list-group-item\">\n                        <a href=\"https:\/\/www.lavenir.net\/cnt\/dmf20191211_01418883\/cinq-communes-amies-des-seniors-et-futures-modeles\" target=\"_blank\">\n                            <div class=\"row vcenter\">\n                                <div class=\"col-xs-11\">\n                                    <div class=\"mediapublication-title\">Cinq \u00abcommunes amies des seniors\u00bb... et futures mod\u00e8les?<\/div>\n                                    <div class=\"mediapublication-subtitle\"><span class=\"text-muted\">\n                                                12-12-2019<\/span> - l'Avenir                                    <\/div>\n                                <\/div>\n                                <div class=\"col-xs-1\">\n                                                                            <span class=\"label label-light\"><i\n                                                    class=\"fa fa-link\"><\/i><\/span>\n                                                                        <\/div>\n                            <\/div>\n                        <\/a>\n                    <\/li>\n                                        <li class=\"list-group-item\">\n                        <a href=\"https:\/\/www.meuserhinegazette.eu\/post\/euprevent-finalconference2019-stolbergde\" target=\"_blank\">\n                            <div class=\"row vcenter\">\n                                <div class=\"col-xs-11\">\n                                    <div class=\"mediapublication-title\">euPrevent Final Conference<\/div>\n                                    <div class=\"mediapublication-subtitle\"><span class=\"text-muted\">\n                                                21-11-2019<\/span> - Meuse-Rhine Gazette                                    <\/div>\n                                <\/div>\n                                <div class=\"col-xs-1\">\n                                                                            <span class=\"label label-light\"><i\n                                                    class=\"fa fa-link\"><\/i><\/span>\n                                                                        <\/div>\n                            <\/div>\n                        <\/a>\n                    <\/li>\n                                        <li class=\"list-group-item\">\n                        <a href=\"https:\/\/www.euro.who.int\/en\/health-topics\/noncommunicable-diseases\/mental-health\/news\/news\/2019\/9\/improving-the-lives-of-people-with-dementia-and-old-age-depression\" target=\"_blank\">\n                            <div class=\"row vcenter\">\n                                <div class=\"col-xs-11\">\n                                    <div class=\"mediapublication-title\">Improving the lives of people with dementia and old-age depression<\/div>\n                                    <div class=\"mediapublication-subtitle\"><span class=\"text-muted\">\n                                                20-09-2019<\/span> - WHO\/Europe                                    <\/div>\n                                <\/div>\n                                <div class=\"col-xs-1\">\n                                                                            <span class=\"label label-light\"><i\n                                                    class=\"fa fa-link\"><\/i><\/span>\n                                                                        <\/div>\n                            <\/div>\n                        <\/a>\n                    <\/li>\n                                        <li class=\"list-group-item\">\n                        <a href=\"http:\/\/www.ph-limburg.nl\/2019\/04\/24\/3-promotieonderzoek-naar-senior-friendly-communities\/\" target=\"_blank\">\n                            <div class=\"row vcenter\">\n                                <div class=\"col-xs-11\">\n                                    <div class=\"mediapublication-title\">Promotieonderzoek naar senior friendly communities<\/div>\n                                    <div class=\"mediapublication-subtitle\"><span class=\"text-muted\">\n                                                24-04-2019<\/span> - PH Limburg                                    <\/div>\n                                <\/div>\n                                <div class=\"col-xs-1\">\n                                                                            <span class=\"label label-light\"><i\n                                                    class=\"fa fa-link\"><\/i><\/span>\n                                                                        <\/div>\n                            <\/div>\n                        <\/a>\n                    <\/li>\n                                        <li class=\"list-group-item\">\n                        <a href=\"https:\/\/euprevent.eu\/wp-content\/uploads\/2019\/02\/190216_Limburgs-Dagblad_-Seniorvriendelijk-is-geen-wedstrijd.pdf\" target=\"_blank\">\n                            <div class=\"row vcenter\">\n                                <div class=\"col-xs-11\">\n                                    <div class=\"mediapublication-title\">Seniorvriendelijk is geen wedstrijd<\/div>\n                                    <div class=\"mediapublication-subtitle\"><span class=\"text-muted\">\n                                                16-02-2019<\/span> - De Limburger                                    <\/div>\n                                <\/div>\n                                <div class=\"col-xs-1\">\n                                                                            <span class=\"label label-light\"><i\n                                                    class=\"fa fa-download\"><\/i><\/span>\n                                                                        <\/div>\n                            <\/div>\n                        <\/a>\n                    <\/li>\n                                        <li class=\"list-group-item\">\n                        <a href=\"https:\/\/www.limburger.nl\/cnt\/dmf20190215_00092817\" target=\"_blank\">\n                            <div class=\"row vcenter\">\n                                <div class=\"col-xs-11\">\n                                    <div class=\"mediapublication-title\">Nieuwe gemeente wil vriendelijk zijn voor ouderen<\/div>\n                                    <div class=\"mediapublication-subtitle\"><span class=\"text-muted\">\n                                                14-02-2019<\/span> - De Limburger                                    <\/div>\n                                <\/div>\n                                <div class=\"col-xs-1\">\n                                                                            <span class=\"label label-light\"><i\n                                                    class=\"fa fa-link\"><\/i><\/span>\n                                                                        <\/div>\n                            <\/div>\n                        <\/a>\n                    <\/li>\n                                        <li class=\"list-group-item\">\n                        <a href=\"https:\/\/www.kerkrade.nl\/wonen-en-leven\/nieuws_3169\/item\/kunst-en-theater-rondom-thema-depressie-en-dementie-bij-ouderen_6259.html\" target=\"_blank\">\n                            <div class=\"row vcenter\">\n                                <div class=\"col-xs-11\">\n                                    <div class=\"mediapublication-title\">Kunst en theater rondom thema depressie en dementie bij ouderen<\/div>\n                                    <div class=\"mediapublication-subtitle\"><span class=\"text-muted\">\n                                                04-02-2019<\/span> - Gemeente Kerkrade                                    <\/div>\n                                <\/div>\n                                <div class=\"col-xs-1\">\n                                                                            <span class=\"label label-light\"><i\n                                                    class=\"fa fa-link\"><\/i><\/span>\n                                                                        <\/div>\n                            <\/div>\n                        <\/a>\n                    <\/li>\n                                        <li class=\"list-group-item\">\n                        <a href=\"https:\/\/www.limburger.nl\/cnt\/dmf20190131_00090578\" target=\"_blank\">\n                            <div class=\"row vcenter\">\n                                <div class=\"col-xs-11\">\n                                    <div class=\"mediapublication-title\">Expositie over ouderdomsdepressie<\/div>\n                                    <div class=\"mediapublication-subtitle\"><span class=\"text-muted\">\n                                                31-01-2019<\/span> - De Limburger                                    <\/div>\n                                <\/div>\n                                <div class=\"col-xs-1\">\n                                                                            <span class=\"label label-light\"><i\n                                                    class=\"fa fa-link\"><\/i><\/span>\n                                                                        <\/div>\n                            <\/div>\n                        <\/a>\n                    <\/li>\n                                        <li class=\"list-group-item\">\n                        <a href=\"https:\/\/drimble.nl\/regio\/limburg\/roermond\/57473117\/scholenactiviteit-senior-friendly-communities.html\" target=\"_blank\">\n                            <div class=\"row vcenter\">\n                                <div class=\"col-xs-11\">\n                                    <div class=\"mediapublication-title\">Scholenactiviteit: Senior Friendly Communities<\/div>\n                                    <div class=\"mediapublication-subtitle\"><span class=\"text-muted\">\n                                                26-01-2019<\/span> - Drimble                                    <\/div>\n                                <\/div>\n                                <div class=\"col-xs-1\">\n                                                                            <span class=\"label label-light\"><i\n                                                    class=\"fa fa-link\"><\/i><\/span>\n                                                                        <\/div>\n                            <\/div>\n                        <\/a>\n                    <\/li>\n                                        <li class=\"list-group-item\">\n                        <a href=\"https:\/\/www.limburger.nl\/cnt\/dmf20181224_00085715\" target=\"_blank\">\n                            <div class=\"row vcenter\">\n                                <div class=\"col-xs-11\">\n                                    <div class=\"mediapublication-title\">Beesel Dementievriendelijk te gast op basisschool Het Spick<\/div>\n                                    <div class=\"mediapublication-subtitle\"><span class=\"text-muted\">\n                                                25-12-2018<\/span> - De Limburger                                    <\/div>\n                                <\/div>\n                                <div class=\"col-xs-1\">\n                                                                            <span class=\"label label-light\"><i\n                                                    class=\"fa fa-link\"><\/i><\/span>\n                                                                        <\/div>\n                            <\/div>\n                        <\/a>\n                    <\/li>\n                                        <li class=\"list-group-item\">\n                        <a href=\"https:\/\/euprevent.eu\/wp-content\/uploads\/2018\/10\/September-2018-Article-Magazine-INMOTION-BE.pdf\" target=\"_blank\">\n                            <div class=\"row vcenter\">\n                                <div class=\"col-xs-11\">\n                                    <div class=\"mediapublication-title\">Senior Friendly Communities: Geestelijke gezondheidsbevordering en preventie op maat van ouderen<\/div>\n                                    <div class=\"mediapublication-subtitle\"><span class=\"text-muted\">\n                                                01-09-2018<\/span> - INMOTION                                    <\/div>\n                                <\/div>\n                                <div class=\"col-xs-1\">\n                                                                            <span class=\"label label-light\"><i\n                                                    class=\"fa fa-download\"><\/i><\/span>\n                                                                        <\/div>\n                            <\/div>\n                        <\/a>\n                    <\/li>\n                                        <li class=\"list-group-item\">\n                        <a href=\"https:\/\/rtvmaastricht.nl\/tv\/bet-beleg-tv\/124288719\" target=\"_blank\">\n                            <div class=\"row vcenter\">\n                                <div class=\"col-xs-11\">\n                                    <div class=\"mediapublication-title\">Het Beleg<\/div>\n                                    <div class=\"mediapublication-subtitle\"><span class=\"text-muted\">\n                                                23-08-2018<\/span> - RTV Maastricht                                    <\/div>\n                                <\/div>\n                                <div class=\"col-xs-1\">\n                                                                            <span class=\"label label-light\"><i\n                                                    class=\"fa fa-link\"><\/i><\/span>\n                                                                        <\/div>\n                            <\/div>\n                        <\/a>\n                    <\/li>\n                                        <li class=\"list-group-item\">\n                        <a href=\"https:\/\/rp-online.de\/nrw\/staedte\/kreis-heinsberg\/preis-fuer-projekt-seniorenfreundliche-gemeinden_aid-29963375\" target=\"_blank\">\n                            <div class=\"row vcenter\">\n                                <div class=\"col-xs-11\">\n                                    <div class=\"mediapublication-title\">Seniorenprojekt \u2018Vorbildlich f\u00fcr Europa\u2019<\/div>\n                                    <div class=\"mediapublication-subtitle\"><span class=\"text-muted\">\n                                                23-08-2018<\/span> - RP Online                                    <\/div>\n                                <\/div>\n                                <div class=\"col-xs-1\">\n                                                                            <span class=\"label label-light\"><i\n                                                    class=\"fa fa-link\"><\/i><\/span>\n                                                                        <\/div>\n                            <\/div>\n                        <\/a>\n                    <\/li>\n                                        <li class=\"list-group-item\">\n                        <a href=\"https:\/\/www.grenzecho.net\/art\/region\/who-begeistert-von-projekt-aus-euregio\" target=\"_blank\">\n                            <div class=\"row vcenter\">\n                                <div class=\"col-xs-11\">\n                                    <div class=\"mediapublication-title\">WHO begeistert von Projekt aus Euregio<\/div>\n                                    <div class=\"mediapublication-subtitle\"><span class=\"text-muted\">\n                                                21-08-2018<\/span> - GrenzEcho                                    <\/div>\n                                <\/div>\n                                <div class=\"col-xs-1\">\n                                                                            <span class=\"label label-light\"><i\n                                                    class=\"fa fa-link\"><\/i><\/span>\n                                                                        <\/div>\n                            <\/div>\n                        <\/a>\n                    <\/li>\n                                        <li class=\"list-group-item\">\n                        <a href=\"https:\/\/drimble.nl\/regio\/limburg\/maastricht\/53699357\/seniorenproject-blijkt-goed-voorbeeld.html\" target=\"_blank\">\n                            <div class=\"row vcenter\">\n                                <div class=\"col-xs-11\">\n                                    <div class=\"mediapublication-title\">Seniorenproject blijkt goed voorbeeld<\/div>\n                                    <div class=\"mediapublication-subtitle\"><span class=\"text-muted\">\n                                                17-08-2018<\/span> - Drimble                                    <\/div>\n                                <\/div>\n                                <div class=\"col-xs-1\">\n                                                                            <span class=\"label label-light\"><i\n                                                    class=\"fa fa-link\"><\/i><\/span>\n                                                                        <\/div>\n                            <\/div>\n                        <\/a>\n                    <\/li>\n                                        <li class=\"list-group-item\">\n                        <a href=\"https:\/\/euprevent.eu\/wp-content\/uploads\/2018\/08\/180817_Article-BRF.pdf\" target=\"_blank\">\n                            <div class=\"row vcenter\">\n                                <div class=\"col-xs-11\">\n                                    <div class=\"mediapublication-title\">Projekt \u201eSeniorenfreundliche Gemeinden\u201c von WHO ausgew\u00e4hlt: Auch Amel und Kelmis dabei<\/div>\n                                    <div class=\"mediapublication-subtitle\"><span class=\"text-muted\">\n                                                17-08-2018<\/span> - BRF                                    <\/div>\n                                <\/div>\n                                <div class=\"col-xs-1\">\n                                                                            <span class=\"label label-light\"><i\n                                                    class=\"fa fa-download\"><\/i><\/span>\n                                                                        <\/div>\n                            <\/div>\n                        <\/a>\n                    <\/li>\n                                        <li class=\"list-group-item\">\n                        <a href=\"http:\/\/www.loo-tv.nl\/content\/seniorenproject-blijkt-goed-voorbeeld\" target=\"_blank\">\n                            <div class=\"row vcenter\">\n                                <div class=\"col-xs-11\">\n                                    <div class=\"mediapublication-title\">Seniorenproject blijkt goed voorbeeld<\/div>\n                                    <div class=\"mediapublication-subtitle\"><span class=\"text-muted\">\n                                                17-08-2018<\/span> - Loo TV                                    <\/div>\n                                <\/div>\n                                <div class=\"col-xs-1\">\n                                                                            <span class=\"label label-light\"><i\n                                                    class=\"fa fa-link\"><\/i><\/span>\n                                                                        <\/div>\n                            <\/div>\n                        <\/a>\n                    <\/li>\n                                        <li class=\"list-group-item\">\n                        <a href=\"https:\/\/l1.nl\/l1-radio-maastrichts-seniorenproject-voorbeeld-voor-europa-143361\/\" target=\"_blank\">\n                            <div class=\"row vcenter\">\n                                <div class=\"col-xs-11\">\n                                    <div class=\"mediapublication-title\">Maastrichts seniorenproject voorbeeld voor Europa<\/div>\n                                    <div class=\"mediapublication-subtitle\"><span class=\"text-muted\">\n                                                17-08-2018<\/span> - L1 Radio                                    <\/div>\n                                <\/div>\n                                <div class=\"col-xs-1\">\n                                                                            <span class=\"label label-light\"><i\n                                                    class=\"fa fa-link\"><\/i><\/span>\n                                                                        <\/div>\n                            <\/div>\n                        <\/a>\n                    <\/li>\n                                        <li class=\"list-group-item\">\n                        <a href=\"https:\/\/www.focus.de\/regional\/nordrhein-westfalen\/kreis-heinsberg-seniorenfreundliche-gemeinden-vorbildlich-fuer-europa_id_9426801.html\" target=\"_blank\">\n                            <div class=\"row vcenter\">\n                                <div class=\"col-xs-11\">\n                                    <div class=\"mediapublication-title\">Seniorenfreundliche Gemeinden Vorbildlich f\u00fcr Europa<\/div>\n                                    <div class=\"mediapublication-subtitle\"><span class=\"text-muted\">\n                                                16-08-2018<\/span> - Focus Online                                    <\/div>\n                                <\/div>\n                                <div class=\"col-xs-1\">\n                                                                            <span class=\"label label-light\"><i\n                                                    class=\"fa fa-link\"><\/i><\/span>\n                                                                        <\/div>\n                            <\/div>\n                        <\/a>\n                    <\/li>\n                                        <li class=\"list-group-item\">\n                        <a href=\"https:\/\/www.invlaanderen.be\/gemeentenieuws\/(69149)\/-seniorvriendelijke-gemeenten-voorbeeld-voor-europa\" target=\"_blank\">\n                            <div class=\"row vcenter\">\n                                <div class=\"col-xs-11\">\n                                    <div class=\"mediapublication-title\">'Seniorvriendelijke gemeenten' voorbeeld voor Europa<\/div>\n                                    <div class=\"mediapublication-subtitle\"><span class=\"text-muted\">\n                                                16-08-2018<\/span> - inVlaanderen                                    <\/div>\n                                <\/div>\n                                <div class=\"col-xs-1\">\n                                                                            <span class=\"label label-light\"><i\n                                                    class=\"fa fa-link\"><\/i><\/span>\n                                                                        <\/div>\n                            <\/div>\n                        <\/a>\n                    <\/li>\n                                        <li class=\"list-group-item\">\n                        <a href=\"https:\/\/www.1limburg.nl\/seniorenproject-krijgt-pluim-wereldgezondheidsorganisatie\" target=\"_blank\">\n                            <div class=\"row vcenter\">\n                                <div class=\"col-xs-11\">\n                                    <div class=\"mediapublication-title\">Seniorenproject krijgt pluim wereldgezondheidsorganisatie<\/div>\n                                    <div class=\"mediapublication-subtitle\"><span class=\"text-muted\">\n                                                16-08-2018<\/span> - 1Limburg                                    <\/div>\n                                <\/div>\n                                <div class=\"col-xs-1\">\n                                                                            <span class=\"label label-light\"><i\n                                                    class=\"fa fa-link\"><\/i><\/span>\n                                                                        <\/div>\n                            <\/div>\n                        <\/a>\n                    <\/li>\n                                        <li class=\"list-group-item\">\n                        <a href=\"https:\/\/euprevent.eu\/wp-content\/uploads\/2018\/08\/180816_Pressemitteilng-Kreishaus-Heinsberg.pdf\" target=\"_blank\">\n                            <div class=\"row vcenter\">\n                                <div class=\"col-xs-11\">\n                                    <div class=\"mediapublication-title\">Aktuelles aus dem Kreishaus Von der WHO ausgezeichnet<\/div>\n                                    <div class=\"mediapublication-subtitle\"><span class=\"text-muted\">\n                                                16-08-2018<\/span> - Kreishaus Heinsberg                                    <\/div>\n                                <\/div>\n                                <div class=\"col-xs-1\">\n                                                                            <span class=\"label label-light\"><i\n                                                    class=\"fa fa-download\"><\/i><\/span>\n                                                                        <\/div>\n                            <\/div>\n                        <\/a>\n                    <\/li>\n                                        <li class=\"list-group-item\">\n                        <a href=\"https:\/\/euprevent.eu\/wp-content\/uploads\/2018\/10\/August-2018-WHO-Good-Practice-Brief-SFC.pdf\" target=\"_blank\">\n                            <div class=\"row vcenter\">\n                                <div class=\"col-xs-11\">\n                                    <div class=\"mediapublication-title\">Senior Friendly Communities in the Meuse-Rhine Euroregion: Improving the lives of people with dementia and old-age depression<\/div>\n                                    <div class=\"mediapublication-subtitle\"><span class=\"text-muted\">\n                                                01-08-2018<\/span> - WHO\/Europe                                    <\/div>\n                                <\/div>\n                                <div class=\"col-xs-1\">\n                                                                            <span class=\"label label-light\"><i\n                                                    class=\"fa fa-download\"><\/i><\/span>\n                                                                        <\/div>\n                            <\/div>\n                        <\/a>\n                    <\/li>\n                                        <li class=\"list-group-item\">\n                        <a href=\"https:\/\/euprevent.eu\/wp-content\/uploads\/2018\/07\/Gemeinde-Dahlem-Setheater.18.06.29docx.pdf\" target=\"_blank\">\n                            <div class=\"row vcenter\">\n                                <div class=\"col-xs-11\">\n                                    <div class=\"mediapublication-title\">Beeindruckendes Theater zum Thema Demez im \"Haus Marienh\u00f6he\"<\/div>\n                                    <div class=\"mediapublication-subtitle\"><span class=\"text-muted\">\n                                                29-06-2018<\/span> - Schwestern Verband                                    <\/div>\n                                <\/div>\n                                <div class=\"col-xs-1\">\n                                                                            <span class=\"label label-light\"><i\n                                                    class=\"fa fa-download\"><\/i><\/span>\n                                                                        <\/div>\n                            <\/div>\n                        <\/a>\n                    <\/li>\n                                        <li class=\"list-group-item\">\n                        <a href=\"https:\/\/www.vedia.be\/www\/journal_televise_du_mercredi_20_juin_2018-95564-999-89.html\" target=\"_blank\">\n                            <div class=\"row vcenter\">\n                                <div class=\"col-xs-11\">\n                                    <div class=\"mediapublication-title\">Journal t\u00e9l\u00e9vis\u00e9 du mercredi 20 juin 2018<\/div>\n                                    <div class=\"mediapublication-subtitle\"><span class=\"text-muted\">\n                                                20-06-2018<\/span> - Vedia                                    <\/div>\n                                <\/div>\n                                <div class=\"col-xs-1\">\n                                                                            <span class=\"label label-light\"><i\n                                                    class=\"fa fa-link\"><\/i><\/span>\n                                                                        <\/div>\n                            <\/div>\n                        <\/a>\n                    <\/li>\n                                        <li class=\"list-group-item\">\n                        <a href=\"https:\/\/vng.nl\/artikelen\/samen-tegen-dementie-en-depressie\" target=\"_blank\">\n                            <div class=\"row vcenter\">\n                                <div class=\"col-xs-11\">\n                                    <div class=\"mediapublication-title\">Samen tegen dementie en depressie<\/div>\n                                    <div class=\"mediapublication-subtitle\"><span class=\"text-muted\">\n                                                15-06-2018<\/span> - VNG Magazine                                    <\/div>\n                                <\/div>\n                                <div class=\"col-xs-1\">\n                                                                            <span class=\"label label-light\"><i\n                                                    class=\"fa fa-link\"><\/i><\/span>\n                                                                        <\/div>\n                            <\/div>\n                        <\/a>\n                    <\/li>\n                                        <li class=\"list-group-item\">\n                        <a href=\"https:\/\/euprevent.eu\/wp-content\/uploads\/2018\/07\/180613-Sudpresse-le-jour-Verviers.pdf\" target=\"_blank\">\n                            <div class=\"row vcenter\">\n                                <div class=\"col-xs-11\">\n                                    <div class=\"mediapublication-title\">Pour mieux vivre avec la d\u00e9mence<\/div>\n                                    <div class=\"mediapublication-subtitle\"><span class=\"text-muted\">\n                                                13-06-2018<\/span> - Sudpresse                                    <\/div>\n                                <\/div>\n                                <div class=\"col-xs-1\">\n                                                                            <span class=\"label label-light\"><i\n                                                    class=\"fa fa-download\"><\/i><\/span>\n                                                                        <\/div>\n                            <\/div>\n                        <\/a>\n                    <\/li>\n                                        <li class=\"list-group-item\">\n                        <a href=\"https:\/\/euprevent.eu\/wp-content\/uploads\/2018\/07\/180612_SFC-article-GrenzEcho.pdf\" target=\"_blank\">\n                            <div class=\"row vcenter\">\n                                <div class=\"col-xs-11\">\n                                    <div class=\"mediapublication-title\">In die Welt Betagter eintauchen<\/div>\n                                    <div class=\"mediapublication-subtitle\"><span class=\"text-muted\">\n                                                12-06-2018<\/span> - GrenzEcho                                    <\/div>\n                                <\/div>\n                                <div class=\"col-xs-1\">\n                                                                            <span class=\"label label-light\"><i\n                                                    class=\"fa fa-download\"><\/i><\/span>\n                                                                        <\/div>\n                            <\/div>\n                        <\/a>\n                    <\/li>\n                                        <li class=\"list-group-item\">\n                        <a href=\"https:\/\/www.euro.who.int\/en\/about-us\/networks\/regions-for-health-network-rhn\/publications\/2018\/healthy-settings-for-older-people-are-healthy-settings-for-all-the-experience-of-friuli-venezia-giulia,-italy-2018\" target=\"_blank\">\n                            <div class=\"row vcenter\">\n                                <div class=\"col-xs-11\">\n                                    <div class=\"mediapublication-title\">Healthy settings for older people are healthy settings for all: the experience of Friuli-Venezia Giulia, Italy (2018)<\/div>\n                                    <div class=\"mediapublication-subtitle\"><span class=\"text-muted\">\n                                                12-06-2018<\/span> - WHO Regions for Health Network (RHN)                                    <\/div>\n                                <\/div>\n                                <div class=\"col-xs-1\">\n                                                                            <span class=\"label label-light\"><i\n                                                    class=\"fa fa-link\"><\/i><\/span>\n                                                                        <\/div>\n                            <\/div>\n                        <\/a>\n                    <\/li>\n                                        <li class=\"list-group-item\">\n                        <a href=\"https:\/\/euprevent.eu\/wp-content\/uploads\/2018\/07\/180608_newsitem_Hamont-Achel_Act.-Het-regent-op-mijn-neus.pdf\" target=\"_blank\">\n                            <div class=\"row vcenter\">\n                                <div class=\"col-xs-11\">\n                                    <div class=\"mediapublication-title\">\"Het Regent op Mijn Neus\" geselecteerd<\/div>\n                                    <div class=\"mediapublication-subtitle\"><span class=\"text-muted\">\n                                                08-06-2018<\/span> - Hamont-Achel                                    <\/div>\n                                <\/div>\n                                <div class=\"col-xs-1\">\n                                                                            <span class=\"label label-light\"><i\n                                                    class=\"fa fa-download\"><\/i><\/span>\n                                                                        <\/div>\n                            <\/div>\n                        <\/a>\n                    <\/li>\n                                        <li class=\"list-group-item\">\n                        <a href=\"https:\/\/www.bagso.de\/fileadmin\/Aktuell\/Publikationen\/2018\/51_Ein_gutes_Leben_im_Alter_-_weltweit.pdf\" target=\"_blank\">\n                            <div class=\"row vcenter\">\n                                <div class=\"col-xs-11\">\n                                    <div class=\"mediapublication-title\">Ein gutes Leben im Alter-weltweit<\/div>\n                                    <div class=\"mediapublication-subtitle\"><span class=\"text-muted\">\n                                                01-06-2018<\/span> - BAGSO                                    <\/div>\n                                <\/div>\n                                <div class=\"col-xs-1\">\n                                                                            <span class=\"label label-light\"><i\n                                                    class=\"fa fa-link\"><\/i><\/span>\n                                                                        <\/div>\n                            <\/div>\n                        <\/a>\n                    <\/li>\n                                        <li class=\"list-group-item\">\n                        <a href=\"https:\/\/euprevent.eu\/wp-content\/uploads\/2018\/08\/June-2018-Article-Tijdschrift-Maatschappij-en-Gezondheid-page-14-NL.pdf\" target=\"_blank\">\n                            <div class=\"row vcenter\">\n                                <div class=\"col-xs-11\">\n                                    <div class=\"mediapublication-title\">Grensgemeenten pakken dementie en ouderdomsdepressie samen aan Senior Friendly Communities<\/div>\n                                    <div class=\"mediapublication-subtitle\"><span class=\"text-muted\">\n                                                01-06-2018<\/span> - Tijdschrift Maatschappij en Gezondheid                                    <\/div>\n                                <\/div>\n                                <div class=\"col-xs-1\">\n                                                                            <span class=\"label label-light\"><i\n                                                    class=\"fa fa-download\"><\/i><\/span>\n                                                                        <\/div>\n                            <\/div>\n                        <\/a>\n                    <\/li>\n                                        <li class=\"list-group-item\">\n                        <a href=\"https:\/\/tvvalkenburg.tv\/nieuws\/valkenburg-wil-een-senior-vriendelijke-gemeente-worden\/\" target=\"_blank\">\n                            <div class=\"row vcenter\">\n                                <div class=\"col-xs-11\">\n                                    <div class=\"mediapublication-title\">Valkenburg wil een senior-vriendelijke gemeente worden<\/div>\n                                    <div class=\"mediapublication-subtitle\"><span class=\"text-muted\">\n                                                02-03-2018<\/span> - TV Valkenburg                                    <\/div>\n                                <\/div>\n                                <div class=\"col-xs-1\">\n                                                                            <span class=\"label label-light\"><i\n                                                    class=\"fa fa-link\"><\/i><\/span>\n                                                                        <\/div>\n                            <\/div>\n                        <\/a>\n                    <\/li>\n                                        <li class=\"list-group-item\">\n                        <a href=\"https:\/\/euprevent.eu\/wp-content\/uploads\/2018\/07\/180307-RP-Online.-pdf.pdf\" target=\"_blank\">\n                            <div class=\"row vcenter\">\n                                <div class=\"col-xs-11\">\n                                    <div class=\"mediapublication-title\">Lebenswertes Umfeld f\u00fcr Senioren<\/div>\n                                    <div class=\"mediapublication-subtitle\"><span class=\"text-muted\">\n                                                08-02-2018<\/span> - RP Online                                    <\/div>\n                                <\/div>\n                                <div class=\"col-xs-1\">\n                                                                            <span class=\"label label-light\"><i\n                                                    class=\"fa fa-download\"><\/i><\/span>\n                                                                        <\/div>\n                            <\/div>\n                        <\/a>\n                    <\/li>\n                                        <li class=\"list-group-item\">\n                        <a href=\"https:\/\/euprevent.eu\/wp-content\/uploads\/2018\/07\/170930-BAGSO-Bundesarbeitsgemeinschaft-der-Seniorenorganisationen.pdf\" target=\"_blank\">\n                            <div class=\"row vcenter\">\n                                <div class=\"col-xs-11\">\n                                    <div class=\"mediapublication-title\">Europ\u00e4isches Mobilit\u00e4tsprojekt 2017<\/div>\n                                    <div class=\"mediapublication-subtitle\"><span class=\"text-muted\">\n                                                30-09-2017<\/span> - BAGSO                                    <\/div>\n                                <\/div>\n                                <div class=\"col-xs-1\">\n                                                                            <span class=\"label label-light\"><i\n                                                    class=\"fa fa-download\"><\/i><\/span>\n                                                                        <\/div>\n                            <\/div>\n                        <\/a>\n                    <\/li>\n                                        <li class=\"list-group-item\">\n                        <a href=\"https:\/\/euprevent.eu\/wp-content\/uploads\/2018\/08\/09.08.2017-Stadsjournaal-gemeente-Kerkrade-NL.pdf\" target=\"_blank\">\n                            <div class=\"row vcenter\">\n                                <div class=\"col-xs-11\">\n                                    <div class=\"mediapublication-title\">Kerkrade zet zich in voor seniorvriendelijke gemeente<\/div>\n                                    <div class=\"mediapublication-subtitle\"><span class=\"text-muted\">\n                                                09-08-2017<\/span> - Stadsjournaal gemeente Kerkrade                                    <\/div>\n                                <\/div>\n                                <div class=\"col-xs-1\">\n                                                                            <span class=\"label label-light\"><i\n                                                    class=\"fa fa-download\"><\/i><\/span>\n                                                                        <\/div>\n                            <\/div>\n                        <\/a>\n                    <\/li>\n                                        <li class=\"list-group-item\">\n                        <a href=\"https:\/\/euprevent.eu\/wp-content\/uploads\/2018\/07\/Artikel-Euregio-aktuell-22.07.2017.pdf\" target=\"_blank\">\n                            <div class=\"row vcenter\">\n                                <div class=\"col-xs-11\">\n                                    <div class=\"mediapublication-title\">Euregionales Projekt Seniorenfreundliche Gemeinden<\/div>\n                                    <div class=\"mediapublication-subtitle\"><span class=\"text-muted\">\n                                                22-07-2017<\/span> - Euregio Aktuell                                    <\/div>\n                                <\/div>\n                                <div class=\"col-xs-1\">\n                                                                            <span class=\"label label-light\"><i\n                                                    class=\"fa fa-download\"><\/i><\/span>\n                                                                        <\/div>\n                            <\/div>\n                        <\/a>\n                    <\/li>\n                                        <li class=\"list-group-item\">\n                        <a href=\"https:\/\/euprevent.eu\/wp-content\/uploads\/2018\/07\/Kreisstadt-Euskirchen-Presse-Eifel-18.07.2017.pdf\" target=\"_blank\">\n                            <div class=\"row vcenter\">\n                                <div class=\"col-xs-11\">\n                                    <div class=\"mediapublication-title\">Kreisstadt Euskirchen beteiligt sich an Euregionalem Projekt<\/div>\n                                    <div class=\"mediapublication-subtitle\"><span class=\"text-muted\">\n                                                18-07-2017<\/span> - Presse-Eifel                                    <\/div>\n                                <\/div>\n                                <div class=\"col-xs-1\">\n                                                                            <span class=\"label label-light\"><i\n                                                    class=\"fa fa-download\"><\/i><\/span>\n                                                                        <\/div>\n                            <\/div>\n                        <\/a>\n                    <\/li>\n                                        <li class=\"list-group-item\">\n                        <a href=\"https:\/\/euprevent.eu\/wp-content\/uploads\/2018\/07\/20170628_FR-newspaper_Community-Thimister.pdf\" target=\"_blank\">\n                            <div class=\"row vcenter\">\n                                <div class=\"col-xs-11\">\n                                    <div class=\"mediapublication-title\">Des communes << amies des seniors >><\/div>\n                                    <div class=\"mediapublication-subtitle\"><span class=\"text-muted\">\n                                                28-06-2017<\/span> - Thimister                                    <\/div>\n                                <\/div>\n                                <div class=\"col-xs-1\">\n                                                                            <span class=\"label label-light\"><i\n                                                    class=\"fa fa-download\"><\/i><\/span>\n                                                                        <\/div>\n                            <\/div>\n                        <\/a>\n                    <\/li>\n                                        <li class=\"list-group-item\">\n                        <a href=\"https:\/\/euprevent.eu\/wp-content\/uploads\/2018\/07\/Artikel-Aachener-Zeitung-25.05.2017.pdf\" target=\"_blank\">\n                            <div class=\"row vcenter\">\n                                <div class=\"col-xs-11\">\n                                    <div class=\"mediapublication-title\">\"Seniorenfreundliche Gemeinden\" ist ein euregionales Projekt<\/div>\n                                    <div class=\"mediapublication-subtitle\"><span class=\"text-muted\">\n                                                25-05-2017<\/span> - Aachener Zeitung                                    <\/div>\n                                <\/div>\n                                <div class=\"col-xs-1\">\n                                                                            <span class=\"label label-light\"><i\n                                                    class=\"fa fa-download\"><\/i><\/span>\n                                                                        <\/div>\n                            <\/div>\n                        <\/a>\n                    <\/li>\n                                        <li class=\"list-group-item\">\n                        <a href=\"https:\/\/euprevent.eu\/wp-content\/uploads\/2018\/07\/Artikel-Aachener-Zeitung-29.05.2017.pdf\" target=\"_blank\">\n                            <div class=\"row vcenter\">\n                                <div class=\"col-xs-11\">\n                                    <div class=\"mediapublication-title\">Stadt sorgt sich um seelische Gesundheit von Senioren<\/div>\n                                    <div class=\"mediapublication-subtitle\"><span class=\"text-muted\">\n                                                24-05-2017<\/span> - Aachener Zeitung                                    <\/div>\n                                <\/div>\n                                <div class=\"col-xs-1\">\n                                                                            <span class=\"label label-light\"><i\n                                                    class=\"fa fa-download\"><\/i><\/span>\n                                                                        <\/div>\n                            <\/div>\n                        <\/a>\n                    <\/li>\n                                        <li class=\"list-group-item\">\n                        <a href=\"https:\/\/euprevent.eu\/wp-content\/uploads\/2018\/07\/Artikel-Rheinische-Post-08.04.2017.pdf\" target=\"_blank\">\n                            <div class=\"row vcenter\">\n                                <div class=\"col-xs-11\">\n                                    <div class=\"mediapublication-title\">Vielf\u00e4ltiger unterst\u00fctzen bei Demenz<\/div>\n                                    <div class=\"mediapublication-subtitle\"><span class=\"text-muted\">\n                                                08-04-2017<\/span> - Rheinische Post                                    <\/div>\n                                <\/div>\n                                <div class=\"col-xs-1\">\n                                                                            <span class=\"label label-light\"><i\n                                                    class=\"fa fa-download\"><\/i><\/span>\n                                                                        <\/div>\n                            <\/div>\n                        <\/a>\n                    <\/li>\n                                        <li class=\"list-group-item\">\n                        <a href=\"https:\/\/euprevent.eu\/wp-content\/uploads\/2018\/07\/Artikel-Aachener-Zeitung-04.04.2017.pdf\" target=\"_blank\">\n                            <div class=\"row vcenter\">\n                                <div class=\"col-xs-11\">\n                                    <div class=\"mediapublication-title\">\"Seelische Gesundheit\": Seniorenfreundlichere Gemeinden sind Ziel<\/div>\n                                    <div class=\"mediapublication-subtitle\"><span class=\"text-muted\">\n                                                04-04-2017<\/span> - Aachener Zeitung                                    <\/div>\n                                <\/div>\n                                <div class=\"col-xs-1\">\n                                                                            <span class=\"label label-light\"><i\n                                                    class=\"fa fa-download\"><\/i><\/span>\n                                                                        <\/div>\n                            <\/div>\n                        <\/a>\n                    <\/li>\n                                        <li class=\"list-group-item\">\n                        <a href=\"https:\/\/euprevent.eu\/wp-content\/uploads\/2018\/07\/Focus-online-Pressemitteilung-euPrevent-SFC-Projekt-16.03.2017.pdf\" target=\"_blank\">\n                            <div class=\"row vcenter\">\n                                <div class=\"col-xs-11\">\n                                    <div class=\"mediapublication-title\">Seelische Gesundheit von Senioren im Fokus<\/div>\n                                    <div class=\"mediapublication-subtitle\"><span class=\"text-muted\">\n                                                16-03-2017<\/span> - Focus Online                                    <\/div>\n                                <\/div>\n                                <div class=\"col-xs-1\">\n                                                                            <span class=\"label label-light\"><i\n                                                    class=\"fa fa-download\"><\/i><\/span>\n                                                                        <\/div>\n                            <\/div>\n                        <\/a>\n                    <\/li>\n                                        <li class=\"list-group-item\">\n                        <a href=\"https:\/\/drimble.nl\/regio\/limburg\/venlo\/41467540\/senior-friendly-communities-aandacht-voor-psychische-gezondheid.html\" target=\"_blank\">\n                            <div class=\"row vcenter\">\n                                <div class=\"col-xs-11\">\n                                    <div class=\"mediapublication-title\">Senior Friendly Communities Aandacht voor Psychische Gezondheid<\/div>\n                                    <div class=\"mediapublication-subtitle\"><span class=\"text-muted\">\n                                                17-02-2017<\/span> - Drimble                                    <\/div>\n                                <\/div>\n                                <div class=\"col-xs-1\">\n                                                                            <span class=\"label label-light\"><i\n                                                    class=\"fa fa-link\"><\/i><\/span>\n                                                                        <\/div>\n                            <\/div>\n                        <\/a>\n                    <\/li>\n                    \n            <\/ul>\n                            <div class=\"text-center\">\n                    <a href=\"javascript:void(0);\" class=\"btn btn-sm btn-default openmore-list-mediapublications\">\n                        montre tout                    <\/a>\n                <\/div>\n                        <\/div>\n\n        [\/vc_column_text][\/vc_column][\/vc_row][vc_row][vc_column][vc_single_image image=\u00a0\u00bb7728&Prime; img_size=\u00a0\u00bbfull\u00a0\u00bb alignment=\u00a0\u00bbcenter\u00a0\u00bb][\/vc_column][\/vc_row]<\/p>\n<\/section>","protected":false},"excerpt":{"rendered":"<p>[vc_row][vc_column width=\u00a0\u00bb1\/3&Prime;][\/vc_column][vc_column width=\u00a0\u00bb1\/3&Prime;][\/vc_column][vc_column width=\u00a0\u00bb1\/3&Prime;][vc_single_image image=\u00a0\u00bb7392&Prime; img_size=\u00a0\u00bbfull\u00a0\u00bb onclick=\u00a0\u00bbcustom_link\u00a0\u00bb img_link_target=\u00a0\u00bb_blank\u00a0\u00bb link=\u00a0\u00bbhttps:\/\/www.interregemr.eu\/home-fr\u00a0\u00bb][\/vc_column][\/vc_row][vc_row][vc_column][vc_column_text] Vivez sainement, profitez de la vie et restez impliqu\u00e9. \u00ab Ensemble, nous cr\u00e9ons des communaut\u00e9s attentives aux besoins des seniors dans un contexte transfrontalier afin de garantir que tous les citoyens seniors dans l\u2019Euregio Meuse-Rhin puissent continuer \u00e0 participer avec plaisir \u00e0 la vie quotidienne. \u00bb [&hellip;]<\/p>\n","protected":false},"author":1,"featured_media":0,"parent":0,"menu_order":0,"comment_status":"closed","ping_status":"closed","template":"","meta":{"_acf_changed":false,"footnotes":""},"class_list":["post-820","page","type-page","status-publish","hentry","programmes-mental-health"],"acf":[],"yoast_head":"<!-- This site is optimized with the Yoast SEO plugin v27.5 - https:\/\/yoast.com\/product\/yoast-seo-wordpress\/ -->\n<title>Projet Senior Friendly Communities - euPrevent<\/title>\n<meta name=\"robots\" content=\"index, follow, max-snippet:-1, max-image-preview:large, max-video-preview:-1\" \/>\n<link rel=\"canonical\" href=\"https:\/\/euprevent.eu\/fr\/sfc\/\" \/>\n<meta property=\"og:locale\" content=\"fr_FR\" \/>\n<meta property=\"og:type\" content=\"article\" \/>\n<meta property=\"og:title\" content=\"Projet Senior Friendly Communities - euPrevent\" \/>\n<meta property=\"og:description\" content=\"[vc_row][vc_column width=\u00a0\u00bb1\/3&Prime;][\/vc_column][vc_column width=\u00a0\u00bb1\/3&Prime;][\/vc_column][vc_column width=\u00a0\u00bb1\/3&Prime;][vc_single_image image=\u00a0\u00bb7392&Prime; img_size=\u00a0\u00bbfull\u00a0\u00bb onclick=\u00a0\u00bbcustom_link\u00a0\u00bb img_link_target=\u00a0\u00bb_blank\u00a0\u00bb link=\u00a0\u00bbhttps:\/\/www.interregemr.eu\/home-fr\u00a0\u00bb][\/vc_column][\/vc_row][vc_row][vc_column][vc_column_text] Vivez sainement, profitez de la vie et restez impliqu\u00e9. \u00ab Ensemble, nous cr\u00e9ons des communaut\u00e9s attentives aux besoins des seniors dans un contexte transfrontalier afin de garantir que tous les citoyens seniors dans l\u2019Euregio Meuse-Rhin puissent continuer \u00e0 participer avec plaisir \u00e0 la vie quotidienne. \u00bb [&hellip;]\" \/>\n<meta property=\"og:url\" content=\"https:\/\/euprevent.eu\/fr\/sfc\/\" \/>\n<meta property=\"og:site_name\" content=\"euPrevent\" \/>\n<meta property=\"article:modified_time\" content=\"2022-02-10T16:27:54+00:00\" \/>\n<meta name=\"twitter:card\" content=\"summary_large_image\" \/>\n<meta name=\"twitter:label1\" content=\"Dur\u00e9e de lecture estim\u00e9e\" \/>\n\t<meta name=\"twitter:data1\" content=\"3 minutes\" \/>\n<script type=\"application\/ld+json\" class=\"yoast-schema-graph\">{\"@context\":\"https:\\\/\\\/schema.org\",\"@graph\":[{\"@type\":\"WebPage\",\"@id\":\"https:\\\/\\\/euprevent.eu\\\/fr\\\/sfc\\\/\",\"url\":\"https:\\\/\\\/euprevent.eu\\\/fr\\\/sfc\\\/\",\"name\":\"Projet Senior Friendly Communities - euPrevent\",\"isPartOf\":{\"@id\":\"https:\\\/\\\/euprevent.eu\\\/fr\\\/#website\"},\"datePublished\":\"2017-02-14T13:42:16+00:00\",\"dateModified\":\"2022-02-10T16:27:54+00:00\",\"breadcrumb\":{\"@id\":\"https:\\\/\\\/euprevent.eu\\\/fr\\\/sfc\\\/#breadcrumb\"},\"inLanguage\":\"fr-FR\",\"potentialAction\":[{\"@type\":\"ReadAction\",\"target\":[\"https:\\\/\\\/euprevent.eu\\\/fr\\\/sfc\\\/\"]}]},{\"@type\":\"BreadcrumbList\",\"@id\":\"https:\\\/\\\/euprevent.eu\\\/fr\\\/sfc\\\/#breadcrumb\",\"itemListElement\":[{\"@type\":\"ListItem\",\"position\":1,\"name\":\"Home\",\"item\":\"https:\\\/\\\/euprevent.eu\\\/fr\\\/\"},{\"@type\":\"ListItem\",\"position\":2,\"name\":\"Projet Senior Friendly Communities\"}]},{\"@type\":\"WebSite\",\"@id\":\"https:\\\/\\\/euprevent.eu\\\/fr\\\/#website\",\"url\":\"https:\\\/\\\/euprevent.eu\\\/fr\\\/\",\"name\":\"euPrevent\",\"description\":\"euPrevent is a Euroregional network that focuses on promoting health. Within this network, sustainable partnerships seek to increase the quality of life of residents in the border region between the Netherlands, Belgium and Germany.\",\"potentialAction\":[{\"@type\":\"SearchAction\",\"target\":{\"@type\":\"EntryPoint\",\"urlTemplate\":\"https:\\\/\\\/euprevent.eu\\\/fr\\\/?s={search_term_string}\"},\"query-input\":{\"@type\":\"PropertyValueSpecification\",\"valueRequired\":true,\"valueName\":\"search_term_string\"}}],\"inLanguage\":\"fr-FR\"}]}<\/script>\n<!-- \/ Yoast SEO plugin. -->","yoast_head_json":{"title":"Projet Senior Friendly Communities - euPrevent","robots":{"index":"index","follow":"follow","max-snippet":"max-snippet:-1","max-image-preview":"max-image-preview:large","max-video-preview":"max-video-preview:-1"},"canonical":"https:\/\/euprevent.eu\/fr\/sfc\/","og_locale":"fr_FR","og_type":"article","og_title":"Projet Senior Friendly Communities - euPrevent","og_description":"[vc_row][vc_column width=\u00a0\u00bb1\/3&Prime;][\/vc_column][vc_column width=\u00a0\u00bb1\/3&Prime;][\/vc_column][vc_column width=\u00a0\u00bb1\/3&Prime;][vc_single_image image=\u00a0\u00bb7392&Prime; img_size=\u00a0\u00bbfull\u00a0\u00bb onclick=\u00a0\u00bbcustom_link\u00a0\u00bb img_link_target=\u00a0\u00bb_blank\u00a0\u00bb link=\u00a0\u00bbhttps:\/\/www.interregemr.eu\/home-fr\u00a0\u00bb][\/vc_column][\/vc_row][vc_row][vc_column][vc_column_text] Vivez sainement, profitez de la vie et restez impliqu\u00e9. \u00ab Ensemble, nous cr\u00e9ons des communaut\u00e9s attentives aux besoins des seniors dans un contexte transfrontalier afin de garantir que tous les citoyens seniors dans l\u2019Euregio Meuse-Rhin puissent continuer \u00e0 participer avec plaisir \u00e0 la vie quotidienne. \u00bb [&hellip;]","og_url":"https:\/\/euprevent.eu\/fr\/sfc\/","og_site_name":"euPrevent","article_modified_time":"2022-02-10T16:27:54+00:00","twitter_card":"summary_large_image","twitter_misc":{"Dur\u00e9e de lecture estim\u00e9e":"3 minutes"},"schema":{"@context":"https:\/\/schema.org","@graph":[{"@type":"WebPage","@id":"https:\/\/euprevent.eu\/fr\/sfc\/","url":"https:\/\/euprevent.eu\/fr\/sfc\/","name":"Projet Senior Friendly Communities - euPrevent","isPartOf":{"@id":"https:\/\/euprevent.eu\/fr\/#website"},"datePublished":"2017-02-14T13:42:16+00:00","dateModified":"2022-02-10T16:27:54+00:00","breadcrumb":{"@id":"https:\/\/euprevent.eu\/fr\/sfc\/#breadcrumb"},"inLanguage":"fr-FR","potentialAction":[{"@type":"ReadAction","target":["https:\/\/euprevent.eu\/fr\/sfc\/"]}]},{"@type":"BreadcrumbList","@id":"https:\/\/euprevent.eu\/fr\/sfc\/#breadcrumb","itemListElement":[{"@type":"ListItem","position":1,"name":"Home","item":"https:\/\/euprevent.eu\/fr\/"},{"@type":"ListItem","position":2,"name":"Projet Senior Friendly Communities"}]},{"@type":"WebSite","@id":"https:\/\/euprevent.eu\/fr\/#website","url":"https:\/\/euprevent.eu\/fr\/","name":"euPrevent","description":"euPrevent is a Euroregional network that focuses on promoting health. Within this network, sustainable partnerships seek to increase the quality of life of residents in the border region between the Netherlands, Belgium and Germany.","potentialAction":[{"@type":"SearchAction","target":{"@type":"EntryPoint","urlTemplate":"https:\/\/euprevent.eu\/fr\/?s={search_term_string}"},"query-input":{"@type":"PropertyValueSpecification","valueRequired":true,"valueName":"search_term_string"}}],"inLanguage":"fr-FR"}]}},"_links":{"self":[{"href":"https:\/\/euprevent.eu\/fr\/wp-json\/wp\/v2\/pages\/820","targetHints":{"allow":["GET"]}}],"collection":[{"href":"https:\/\/euprevent.eu\/fr\/wp-json\/wp\/v2\/pages"}],"about":[{"href":"https:\/\/euprevent.eu\/fr\/wp-json\/wp\/v2\/types\/page"}],"author":[{"embeddable":true,"href":"https:\/\/euprevent.eu\/fr\/wp-json\/wp\/v2\/users\/1"}],"replies":[{"embeddable":true,"href":"https:\/\/euprevent.eu\/fr\/wp-json\/wp\/v2\/comments?post=820"}],"version-history":[{"count":31,"href":"https:\/\/euprevent.eu\/fr\/wp-json\/wp\/v2\/pages\/820\/revisions"}],"predecessor-version":[{"id":17771,"href":"https:\/\/euprevent.eu\/fr\/wp-json\/wp\/v2\/pages\/820\/revisions\/17771"}],"wp:attachment":[{"href":"https:\/\/euprevent.eu\/fr\/wp-json\/wp\/v2\/media?parent=820"}],"curies":[{"name":"wp","href":"https:\/\/api.w.org\/{rel}","templated":true}]}}