


{"id":3790,"date":"2017-12-22T08:24:40","date_gmt":"2017-12-22T08:24:40","guid":{"rendered":"https:\/\/euprevent.eu\/3533-2\/project-euregiofactor\/"},"modified":"2022-02-10T17:28:41","modified_gmt":"2022-02-10T16:28:41","slug":"project-euregiofactor","status":"publish","type":"page","link":"https:\/\/euprevent.eu\/fr\/3533-2\/project-euregiofactor\/","title":{"rendered":"Project Euregio-factor"},"content":{"rendered":"<section class=\"wpb-content-wrapper\"><p>[vc_row][vc_column][vc_single_image image=\u00a0\u00bb2330&Prime; img_size=\u00a0\u00bbmedium\u00a0\u00bb alignment=\u00a0\u00bbright\u00a0\u00bb][vc_column_text]<\/p>\n<h1>Project Euregio-factor<\/h1>\n<p>En moyenne, les habitants du sud du Limbourg vivent un an de moins que les habitants du reste des Pays-Bas. C\u2019est ce qui ressort d\u2019une \u00e9tude du \u00ab <a href=\"https:\/\/www.ggdzl.nl\/fileadmin\/files\/ggdzl\/Documenten\/Op-zoek-naar-de-Limburg-factor.pdf\" target=\"_blank\" rel=\"noopener\">facteur limbourgeois<\/a> \u00bb, r\u00e9alis\u00e9e par le GGD Zuid-Limburg (NL)\u00a0en 2015. Mais qu\u2019en est-il si on compare le sud du Limbourg (NL) au reste de l\u2019Euregio Meuse-Rhin (EMR) ?<\/p>\n<p>L\u2019\u00e9tude intitul\u00e9e \u00ab Le facteur eur\u00e9gional \u00bb a cartographi\u00e9 la situation sanitaire de l\u2019EMR et de ses r\u00e9gions.[\/vc_column_text][\/vc_column][\/vc_row][vc_row gap=\u00a0\u00bb25&Prime;][vc_column width=\u00a0\u00bb1\/2&Prime; css=\u00a0\u00bb.vc_custom_1509467339928{padding-top: 25px !important;background-color: #f3f3f3 !important;border-radius: 5px !important;}\u00a0\u00bb][vc_column_text css=\u00a0\u00bb.vc_custom_1532355996757{margin-bottom: 5px !important;padding-bottom: 5px !important;}\u00a0\u00bb]<\/p>\n<h3>Cadre du projet<\/h3>\n<p><strong>Groupe-cible :<\/strong> les citoyens de l\u2019EMR<br \/>\n<strong>Dur\u00e9e :<\/strong> 1er mars 2016 \u2013 1er mars 2018[\/vc_column_text][vc_btn title=\u00a0\u00bbFinancement\u00a0\u00bb color=\u00a0\u00bbprimary\u00a0\u00bb size=\u00a0\u00bbsm\u00a0\u00bb link=\u00a0\u00bburl:https%3A%2F%2Feuprevent.eu%2Fnl%2Ffinanciers-project-euregiofactor%2F|||\u00a0\u00bb][vc_btn title=\u00a0\u00bbPartenaires\u00a0\u00bb color=\u00a0\u00bbprimary\u00a0\u00bb size=\u00a0\u00bbsm\u00a0\u00bb link=\u00a0\u00bburl:%2Fpartner%2F%3Fprojects%3Dproject-euregiofactor|||\u00a0\u00bb][\/vc_column][\/vc_row][vc_row][vc_column][vc_empty_space][vc_column_text]<\/p>\n<h2>Focus du projet<\/h2>\n<p>L\u2019objectif de ce projet \u00e9tait de trouver des indices eur\u00e9gionaux dans la recherche du \u00ab facteur limbourgeois \u00bb : comment r\u00e9duire le retard sanitaire du sud du Limbourg n\u00e9erlandais ?[\/vc_column_text][\/vc_column][\/vc_row][vc_row][vc_column width=\u00a0\u00bb1\/2&Prime;][vc_column_text]<\/p>\n<h3><strong>\u00c9tude<\/strong><\/h3>\n<p>L\u2019\u00e9tude a \u00e9t\u00e9 r\u00e9alis\u00e9e par le GGD Zuid-Limburg : elle comprend une \u00e9tude bibliographique et une \u00e9tude quantitative et qualitative.<\/p>\n<ul>\n<li>La partie qualitative d\u00e9crit les diff\u00e9rents syst\u00e8mes sanitaires ainsi que les structures de gestion des donn\u00e9es sanitaires et de coop\u00e9ration entre les diverses r\u00e9gions de l\u2019EMR.<\/li>\n<li>La partie quantitative de l\u2019\u00e9tude contient les donn\u00e9es sanitaires de l\u2019EMR. Elle est issue du projet \u00ab <a href=\"https:\/\/euprevent.eu\/fr\/data-in-the-emr\/\">Data in\u00a0the EMR<\/a> \u00bb, auquel le GGD participe avec la Fondation euPrevent|EMR et CBS. Ont \u00e9t\u00e9 utilis\u00e9s comme indicateurs :<br \/>\n&#8211;\u00a0des indicateurs d\u00e9mographiques tels que le sexe et l\u2019\u00e2ge,<br \/>\n&#8211;\u00a0des indicateurs sanitaires tels que l\u2019esp\u00e9rance de vie, la mortalit\u00e9 et la morbidit\u00e9,<br \/>\n&#8211;\u00a0des indicateurs socio-\u00e9conomiques tels que la formation et le ch\u00f4mage.<\/li>\n<\/ul>\n<p>[\/vc_column_text][\/vc_column][vc_column width=\u00a0\u00bb1\/2&Prime;][vc_column_text]<\/p>\n<h3><strong>Coop\u00e9ration<\/strong><\/h3>\n<p>Les organisations et experts suivants ont \u00e9t\u00e9 consult\u00e9s pour la collecte des donn\u00e9es disponibles :<\/p>\n<ul>\n<li>GGD Zuid Limburg (NL)<\/li>\n<li>Provincie Limburg (NL)<\/li>\n<li>CBS (NL)<\/li>\n<li>Sociaal Historisch Centrum Limburg (NL)<\/li>\n<li>Gesundheidsamt Aachen (DE)<\/li>\n<li>Gesundheidsamt Euskirchen (DE)<\/li>\n<li>Gesundheidsamt Heinsberg (DE)<\/li>\n<li>Gesundheidsamt D\u00fcren (DE)<\/li>\n<li>Provincie Limburg (BE)<\/li>\n<li>Observatoire de la Sant\u00e9 Li\u00e8ge (BE)<\/li>\n<li>LOGO Limburg (BE)<\/li>\n<li>ASL Eupen (BE)<\/li>\n<li>Agentschap Zorg en Gezondheid Vlaanderen (BE)<\/li>\n<li>stichting euPrevent|EMR (EMR)<\/li>\n<li>Dear Euregio (EMR)<\/li>\n<\/ul>\n<p>[\/vc_column_text][\/vc_column][\/vc_row][vc_row][vc_column][vc_column_text]<\/p>\n<h3><strong>R\u00e9sultats<\/strong><\/h3>\n<p>Le rapport a \u00e9t\u00e9 remis \u00e0 la Province du Limbourg (NL) le 1er mars 2018.<br \/>\nVoir ci-dessous le r\u00e9sum\u00e9 de ce rapport :<\/p>\n<p>\u2022\u00a0<a href=\"https:\/\/www.ggdzl.nl\/fileadmin\/files\/ggdzl\/Documenten\/Euregiofactor\/Synthese_A_la_recherche_du_facteur.pdf\" target=\"_blank\" rel=\"noopener\">R\u00e9sum\u00e9 \u00ab\u00a0 \u00c0 la recherche du facteur eur\u00e9gional \u00bb<\/a>[\/vc_column_text][\/vc_column][\/vc_row][vc_row][vc_column][vc_column_text]\t<div class=\"clearfix\"><\/div>\r\n\t<div class=\"panel-events_and_news\">\r\n\t\t<div class=\"row\">\r\n\r\n            \r\n            \t\t\t<div class=\"col-sm-12 col-md-6\" id=\"events\">\r\n\t\t\t\t<h3>Ev\u00e9nements<\/h3>\r\n\t\t\t\t\t\t\t\t\t\t\t\t\t\t\t\t<h2><span class=\"hidden\">Ev\u00e9nements - <\/span>R\u00e9trospective<\/h2>\r\n\t\t\t\t\t\t\t\r\n\t\t\t\t\t\t<div class=\"event media past\">\r\n\t\t\t\t\t\t\t<a class=\"overlay\" href=\"https:\/\/euprevent.eu\/fr\/event\/3969\/\"><\/a>\r\n\t\t\t\t\t\t\t\t\t\t\t\t\t\t<div class=\"thumb pull-left\" style=\"background-image: url('https:\/\/euprevent.eu\/wp-content\/uploads\/2018\/02\/Afbeelding-Euregio-Factor-LOGO.jpg');\"><\/div>\r\n\t\t\t\t\t\t\t<div class=\"event-info-table\">\r\n\t\t\t\t\t\t\t\t<div class=\"event-info-table-row\">\r\n\t\t\t\t\t\t\t\t\t<div class=\"event-info-table-cell\">\r\n\t\t\t\t\t\t\t\t\t\t<h3>Conference th\u00e9matique \"A la recherche du facteur Euregio\"<\/h3>\r\n                                        <p>9 mai 2018<\/p>\r\n\t\t\t\t\t\t\t\t\t<\/div>\r\n\t\t\t\t\t\t\t\t<\/div>\r\n\t\t\t\t\t\t\t<\/div>\r\n\t\t\t\t\t\t<\/div>\r\n\r\n\t\t\t\t\t\t\t\t\t\t\t<div class=\"text-center p-5\"><a class=\"btn btn-sm btn-default\" href=\"https:\/\/euprevent.eu\/fr\/event\/\">tous les \u00e9v\u00e9nements<\/a><\/div>\r\n\t\t\t\t\t\t\t\t<\/div>\r\n\r\n            \r\n            \t\t\t<div class=\"col-sm-12 col-md-6\" id=\"news\">\r\n\t\t\t\t<h3>Nouvelles<\/h3>\r\n\t\t\t\t\t\t\t\t\t\t\t\t\t\t\t<div class=\"newsitem\">\r\n\t\t\t\t\t\t\t<a class=\"overlay\" href=\"https:\/\/euprevent.eu\/fr\/study-visit-euroregion-dkmt\/\"><\/a>\r\n                            <div class=\"thumb pull-left\" style=\"background-image: url('https:\/\/euprevent.eu\/wp-content\/uploads\/2018\/09\/jLmpv-3EV4EnBWIjPFnZbbMS0npjOT1whppVvBm94QRDqK.jpeg');\"><\/div>\r\n\t\t\t\t\t\t\t<div class=\"news-info-table\">\r\n\t\t\t\t\t\t\t\t<div class=\"news-info-table-row\">\r\n\t\t\t\t\t\t\t\t\t<div class=\"news-info-table-cell\">\r\n\t\t\t\t\t\t\t\t\t\t<p>17 September 2018<\/p>\r\n\t\t\t\t\t\t\t\t\t\t<h3>Study Visit Euroregion DKMT<\/h3>\r\n\t\t\t\t\t\t\t\t\t<\/div>\r\n\t\t\t\t\t\t\t\t<\/div>\r\n\t\t\t\t\t\t\t<\/div>\r\n\t\t\t\t\t\t<\/div>\r\n\t\t\t\t\t\t\t\t\t\t\t<div class=\"text-center p-5\"><a class=\"btn btn-sm btn-default\" href=\"https:\/\/euprevent.eu\/fr\/nouvelles\/\">Toutes les nouvelles<\/a><\/div>\r\n\t\t\t\t\t\t\t\t<\/div>\r\n            \r\n\t\t<\/div>\r\n\t<\/div>\r\n\r\n\t[\/vc_column_text][\/vc_column][\/vc_row][vc_row][vc_column][vc_column_text]        <div class=\"clearfix\"><\/div>\n\n        <h2>Publications<\/h2>\n        <div class=\"expandable-wrapper\">\n            <ul class=\"list-publications list-publications-month list-group  \">\n                                    <li class=\"list-group-item\">\n                        <a href=\"https:\/\/euprevent.eu\/wp-content\/uploads\/2019\/05\/Zusammenfassung_Auf_der_Suche_nach_dem_Euregio-Faktor.pdf\" target=\"_blank\">\n                            <div class=\"row vcenter\">\n                                <div class=\"col-img col-xs-1 text-center\"><img decoding=\"async\"\n                                            src=\"https:\/\/euprevent.eu\/wp-content\/uploads\/2018\/02\/Afbeelding-Euregio-Factor-LOGO.jpg\"\/>\n                                <\/div>\n                                <div class=\"col-xs-10\">\n                                    <div class=\"publication-title\">Zusammenfassung \u2018Auf der Suche nach dem Euregio-Faktor\u2019 (DE)<\/div>\n                                <\/div>\n                                <div class=\"col-xs-1\">\n                                                                            <span class=\"label label-light\"><i\n                                                    class=\"fa fa-download\"><\/i><\/span>\n                                                                        <\/div>\n                            <\/div>\n                        <\/a>\n                    <\/li>\n                                        <li class=\"list-group-item\">\n                        <a href=\"https:\/\/euprevent.eu\/wp-content\/uploads\/2019\/05\/Synthese_A_la_recherche_du_facteur.pdf\" target=\"_blank\">\n                            <div class=\"row vcenter\">\n                                <div class=\"col-img col-xs-1 text-center\"><img decoding=\"async\"\n                                            src=\"https:\/\/euprevent.eu\/wp-content\/uploads\/2018\/02\/Afbeelding-Euregio-Factor-LOGO.jpg\"\/>\n                                <\/div>\n                                <div class=\"col-xs-10\">\n                                    <div class=\"publication-title\">Synthese \u2018A la recherche du facteur Euregio\u2019 (FR)<\/div>\n                                <\/div>\n                                <div class=\"col-xs-1\">\n                                                                            <span class=\"label label-light\"><i\n                                                    class=\"fa fa-download\"><\/i><\/span>\n                                                                        <\/div>\n                            <\/div>\n                        <\/a>\n                    <\/li>\n                                        <li class=\"list-group-item\">\n                        <a href=\"https:\/\/euprevent.eu\/wp-content\/uploads\/2019\/05\/Samenvatting_Op_zoek_naar_de_Euregio-factor.pdf\" target=\"_blank\">\n                            <div class=\"row vcenter\">\n                                <div class=\"col-img col-xs-1 text-center\"><img decoding=\"async\"\n                                            src=\"https:\/\/euprevent.eu\/wp-content\/uploads\/2018\/02\/Afbeelding-Euregio-Factor-LOGO.jpg\"\/>\n                                <\/div>\n                                <div class=\"col-xs-10\">\n                                    <div class=\"publication-title\">Samenvatting \u2018Op zoek naar de Euregio \u2013 factor\u2019 (NL)<\/div>\n                                <\/div>\n                                <div class=\"col-xs-1\">\n                                                                            <span class=\"label label-light\"><i\n                                                    class=\"fa fa-download\"><\/i><\/span>\n                                                                        <\/div>\n                            <\/div>\n                        <\/a>\n                    <\/li>\n                                        <li class=\"list-group-item\">\n                        <a href=\"https:\/\/euprevent.eu\/wp-content\/uploads\/2019\/05\/Op_zoek_naar_de_Euregio-factor.pdf\" target=\"_blank\">\n                            <div class=\"row vcenter\">\n                                <div class=\"col-img col-xs-1 text-center\"><img decoding=\"async\"\n                                            src=\"https:\/\/euprevent.eu\/wp-content\/uploads\/2018\/02\/Afbeelding-Euregio-Factor-LOGO.jpg\"\/>\n                                <\/div>\n                                <div class=\"col-xs-10\">\n                                    <div class=\"publication-title\">Rapport \u2018Op zoek naar de Euregio-factor\u2019 (NL)<\/div>\n                                <\/div>\n                                <div class=\"col-xs-1\">\n                                                                            <span class=\"label label-light\"><i\n                                                    class=\"fa fa-download\"><\/i><\/span>\n                                                                        <\/div>\n                            <\/div>\n                        <\/a>\n                    <\/li>\n                    \n            <\/ul>\n                    <\/div>\n\n        [\/vc_column_text][\/vc_column][\/vc_row][vc_row][vc_column][vc_column_text][\/vc_column_text][\/vc_column][\/vc_row]<\/p>\n<\/section>","protected":false},"excerpt":{"rendered":"<p>[vc_row][vc_column][vc_single_image image=\u00a0\u00bb2330&Prime; img_size=\u00a0\u00bbmedium\u00a0\u00bb alignment=\u00a0\u00bbright\u00a0\u00bb][vc_column_text] Project Euregio-factor En moyenne, les habitants du sud du Limbourg vivent un an de moins que les habitants du reste des Pays-Bas. C\u2019est ce qui ressort d\u2019une \u00e9tude du \u00ab facteur limbourgeois \u00bb, r\u00e9alis\u00e9e par le GGD Zuid-Limburg (NL)\u00a0en 2015. Mais qu\u2019en est-il si on compare le sud du Limbourg (NL) [&hellip;]<\/p>\n","protected":false},"author":1,"featured_media":0,"parent":3537,"menu_order":3,"comment_status":"closed","ping_status":"closed","template":"","meta":{"_acf_changed":false,"footnotes":""},"class_list":["post-3790","page","type-page","status-publish","hentry","programmes-crossing-programmes"],"acf":[],"yoast_head":"<!-- This site is optimized with the Yoast SEO plugin v27.5 - https:\/\/yoast.com\/product\/yoast-seo-wordpress\/ -->\n<title>Project Euregio-factor - euPrevent<\/title>\n<meta name=\"robots\" content=\"index, follow, max-snippet:-1, max-image-preview:large, max-video-preview:-1\" \/>\n<link rel=\"canonical\" href=\"https:\/\/euprevent.eu\/fr\/3533-2\/project-euregiofactor\/\" \/>\n<meta property=\"og:locale\" content=\"fr_FR\" \/>\n<meta property=\"og:type\" content=\"article\" \/>\n<meta property=\"og:title\" content=\"Project Euregio-factor - euPrevent\" \/>\n<meta property=\"og:description\" content=\"[vc_row][vc_column][vc_single_image image=\u00a0\u00bb2330&Prime; img_size=\u00a0\u00bbmedium\u00a0\u00bb alignment=\u00a0\u00bbright\u00a0\u00bb][vc_column_text] Project Euregio-factor En moyenne, les habitants du sud du Limbourg vivent un an de moins que les habitants du reste des Pays-Bas. C\u2019est ce qui ressort d\u2019une \u00e9tude du \u00ab facteur limbourgeois \u00bb, r\u00e9alis\u00e9e par le GGD Zuid-Limburg (NL)\u00a0en 2015. Mais qu\u2019en est-il si on compare le sud du Limbourg (NL) [&hellip;]\" \/>\n<meta property=\"og:url\" content=\"https:\/\/euprevent.eu\/fr\/3533-2\/project-euregiofactor\/\" \/>\n<meta property=\"og:site_name\" content=\"euPrevent\" \/>\n<meta property=\"article:modified_time\" content=\"2022-02-10T16:28:41+00:00\" \/>\n<meta name=\"twitter:card\" content=\"summary_large_image\" \/>\n<meta name=\"twitter:label1\" content=\"Dur\u00e9e de lecture estim\u00e9e\" \/>\n\t<meta name=\"twitter:data1\" content=\"2 minutes\" \/>\n<script type=\"application\/ld+json\" class=\"yoast-schema-graph\">{\"@context\":\"https:\\\/\\\/schema.org\",\"@graph\":[{\"@type\":\"WebPage\",\"@id\":\"https:\\\/\\\/euprevent.eu\\\/fr\\\/3533-2\\\/project-euregiofactor\\\/\",\"url\":\"https:\\\/\\\/euprevent.eu\\\/fr\\\/3533-2\\\/project-euregiofactor\\\/\",\"name\":\"Project Euregio-factor - euPrevent\",\"isPartOf\":{\"@id\":\"https:\\\/\\\/euprevent.eu\\\/fr\\\/#website\"},\"datePublished\":\"2017-12-22T08:24:40+00:00\",\"dateModified\":\"2022-02-10T16:28:41+00:00\",\"breadcrumb\":{\"@id\":\"https:\\\/\\\/euprevent.eu\\\/fr\\\/3533-2\\\/project-euregiofactor\\\/#breadcrumb\"},\"inLanguage\":\"fr-FR\",\"potentialAction\":[{\"@type\":\"ReadAction\",\"target\":[\"https:\\\/\\\/euprevent.eu\\\/fr\\\/3533-2\\\/project-euregiofactor\\\/\"]}]},{\"@type\":\"BreadcrumbList\",\"@id\":\"https:\\\/\\\/euprevent.eu\\\/fr\\\/3533-2\\\/project-euregiofactor\\\/#breadcrumb\",\"itemListElement\":[{\"@type\":\"ListItem\",\"position\":1,\"name\":\"Home\",\"item\":\"https:\\\/\\\/euprevent.eu\\\/fr\\\/\"},{\"@type\":\"ListItem\",\"position\":2,\"name\":\"Data in the EMR\",\"item\":\"https:\\\/\\\/euprevent.eu\\\/fr\\\/3533-2\\\/\"},{\"@type\":\"ListItem\",\"position\":3,\"name\":\"Project Euregio-factor\"}]},{\"@type\":\"WebSite\",\"@id\":\"https:\\\/\\\/euprevent.eu\\\/fr\\\/#website\",\"url\":\"https:\\\/\\\/euprevent.eu\\\/fr\\\/\",\"name\":\"euPrevent\",\"description\":\"euPrevent is a Euroregional network that focuses on promoting health. Within this network, sustainable partnerships seek to increase the quality of life of residents in the border region between the Netherlands, Belgium and Germany.\",\"potentialAction\":[{\"@type\":\"SearchAction\",\"target\":{\"@type\":\"EntryPoint\",\"urlTemplate\":\"https:\\\/\\\/euprevent.eu\\\/fr\\\/?s={search_term_string}\"},\"query-input\":{\"@type\":\"PropertyValueSpecification\",\"valueRequired\":true,\"valueName\":\"search_term_string\"}}],\"inLanguage\":\"fr-FR\"}]}<\/script>\n<!-- \/ Yoast SEO plugin. -->","yoast_head_json":{"title":"Project Euregio-factor - euPrevent","robots":{"index":"index","follow":"follow","max-snippet":"max-snippet:-1","max-image-preview":"max-image-preview:large","max-video-preview":"max-video-preview:-1"},"canonical":"https:\/\/euprevent.eu\/fr\/3533-2\/project-euregiofactor\/","og_locale":"fr_FR","og_type":"article","og_title":"Project Euregio-factor - euPrevent","og_description":"[vc_row][vc_column][vc_single_image image=\u00a0\u00bb2330&Prime; img_size=\u00a0\u00bbmedium\u00a0\u00bb alignment=\u00a0\u00bbright\u00a0\u00bb][vc_column_text] Project Euregio-factor En moyenne, les habitants du sud du Limbourg vivent un an de moins que les habitants du reste des Pays-Bas. C\u2019est ce qui ressort d\u2019une \u00e9tude du \u00ab facteur limbourgeois \u00bb, r\u00e9alis\u00e9e par le GGD Zuid-Limburg (NL)\u00a0en 2015. Mais qu\u2019en est-il si on compare le sud du Limbourg (NL) [&hellip;]","og_url":"https:\/\/euprevent.eu\/fr\/3533-2\/project-euregiofactor\/","og_site_name":"euPrevent","article_modified_time":"2022-02-10T16:28:41+00:00","twitter_card":"summary_large_image","twitter_misc":{"Dur\u00e9e de lecture estim\u00e9e":"2 minutes"},"schema":{"@context":"https:\/\/schema.org","@graph":[{"@type":"WebPage","@id":"https:\/\/euprevent.eu\/fr\/3533-2\/project-euregiofactor\/","url":"https:\/\/euprevent.eu\/fr\/3533-2\/project-euregiofactor\/","name":"Project Euregio-factor - euPrevent","isPartOf":{"@id":"https:\/\/euprevent.eu\/fr\/#website"},"datePublished":"2017-12-22T08:24:40+00:00","dateModified":"2022-02-10T16:28:41+00:00","breadcrumb":{"@id":"https:\/\/euprevent.eu\/fr\/3533-2\/project-euregiofactor\/#breadcrumb"},"inLanguage":"fr-FR","potentialAction":[{"@type":"ReadAction","target":["https:\/\/euprevent.eu\/fr\/3533-2\/project-euregiofactor\/"]}]},{"@type":"BreadcrumbList","@id":"https:\/\/euprevent.eu\/fr\/3533-2\/project-euregiofactor\/#breadcrumb","itemListElement":[{"@type":"ListItem","position":1,"name":"Home","item":"https:\/\/euprevent.eu\/fr\/"},{"@type":"ListItem","position":2,"name":"Data in the EMR","item":"https:\/\/euprevent.eu\/fr\/3533-2\/"},{"@type":"ListItem","position":3,"name":"Project Euregio-factor"}]},{"@type":"WebSite","@id":"https:\/\/euprevent.eu\/fr\/#website","url":"https:\/\/euprevent.eu\/fr\/","name":"euPrevent","description":"euPrevent is a Euroregional network that focuses on promoting health. Within this network, sustainable partnerships seek to increase the quality of life of residents in the border region between the Netherlands, Belgium and Germany.","potentialAction":[{"@type":"SearchAction","target":{"@type":"EntryPoint","urlTemplate":"https:\/\/euprevent.eu\/fr\/?s={search_term_string}"},"query-input":{"@type":"PropertyValueSpecification","valueRequired":true,"valueName":"search_term_string"}}],"inLanguage":"fr-FR"}]}},"_links":{"self":[{"href":"https:\/\/euprevent.eu\/fr\/wp-json\/wp\/v2\/pages\/3790","targetHints":{"allow":["GET"]}}],"collection":[{"href":"https:\/\/euprevent.eu\/fr\/wp-json\/wp\/v2\/pages"}],"about":[{"href":"https:\/\/euprevent.eu\/fr\/wp-json\/wp\/v2\/types\/page"}],"author":[{"embeddable":true,"href":"https:\/\/euprevent.eu\/fr\/wp-json\/wp\/v2\/users\/1"}],"replies":[{"embeddable":true,"href":"https:\/\/euprevent.eu\/fr\/wp-json\/wp\/v2\/comments?post=3790"}],"version-history":[{"count":11,"href":"https:\/\/euprevent.eu\/fr\/wp-json\/wp\/v2\/pages\/3790\/revisions"}],"predecessor-version":[{"id":17775,"href":"https:\/\/euprevent.eu\/fr\/wp-json\/wp\/v2\/pages\/3790\/revisions\/17775"}],"up":[{"embeddable":true,"href":"https:\/\/euprevent.eu\/fr\/wp-json\/wp\/v2\/pages\/3537"}],"wp:attachment":[{"href":"https:\/\/euprevent.eu\/fr\/wp-json\/wp\/v2\/media?parent=3790"}],"curies":[{"name":"wp","href":"https:\/\/api.w.org\/{rel}","templated":true}]}}