


{"id":18754,"date":"2022-10-31T11:54:57","date_gmt":"2022-10-31T10:54:57","guid":{"rendered":"https:\/\/euprevent.eu\/?page_id=18754"},"modified":"2022-11-16T13:59:59","modified_gmt":"2022-11-16T12:59:59","slug":"projet-euprevent-acp","status":"publish","type":"page","link":"https:\/\/euprevent.eu\/fr\/projet-euprevent-acp\/","title":{"rendered":"Projet euPrevent ACP"},"content":{"rendered":"<section class=\"wpb-content-wrapper\"><p>[vc_row][vc_column width=\u00a0\u00bb2\/3&Prime;][\/vc_column][vc_column width=\u00a0\u00bb1\/3&Prime;][vc_single_image image=\u00a0\u00bb18475&Prime; img_size=\u00a0\u00bbfull\u00a0\u00bb][\/vc_column][\/vc_row][vc_row][vc_column][vc_column_text]<\/p>\n<h1>Projet euPrevent ACP<\/h1>\n<p>L\u2019objectif du projet euPrevent ACP (Active Citizenship Participation) est de cr\u00e9er un cadre structurel pour l\u2019int\u00e9gration de la participation citoyenne dans le processus d\u00e9cisionnel transfrontalier dans l\u2019Euregio Meuse-Rhin (EMR). Sur la base du th\u00e8me \u00abchangement climatique et sant\u00e9\u00bb, d\u2019autres th\u00e8mes li\u00e9s \u00e0 la sant\u00e9 ayant une dimension transfrontali\u00e8re seront int\u00e9gr\u00e9s dans les cadres de participation \u00e0 long terme.[\/vc_column_text][\/vc_column][\/vc_row][vc_row gap=\u00a0\u00bb25&Prime;][vc_column width=\u00a0\u00bb1\/2&Prime; css=\u00a0\u00bb.vc_custom_1509467339928{padding-top: 25px !important;background-color: #f3f3f3 !important;border-radius: 5px !important;}\u00a0\u00bb][vc_column_text css=\u00a0\u00bb.vc_custom_1667213571648{margin-bottom: 5px !important;padding-bottom: 5px !important;}\u00a0\u00bb]<\/p>\n<h3>Cadre du projet<\/h3>\n<p><strong>Groupe cible : <\/strong>Le public cible est interdisciplinaire, interculturel et transnational: EMR \u2013 citoyens, professionnels de la sant\u00e9 et d\u00e9cideurs politiques aux niveaux local, national et r\u00e9gional sont impliqu\u00e9s. Une large participation de tous les niveaux et de tous les pays garantit la mise en place d\u2019une structure participative durable dans la r\u00e9gion frontali\u00e8re.<\/p>\n<p><strong>P\u00e9riode : <\/strong>01.09.2022 &#8211; 31.08.2025[\/vc_column_text][vc_btn title=\u00a0\u00bbBailleurs\u00a0\u00bb color=\u00a0\u00bbprimary\u00a0\u00bb size=\u00a0\u00bbsm\u00a0\u00bb link=\u00a0\u00bburl:https%3A%2F%2Feuprevent.eu%2Ffr%2Ffinanciers-project-acp%2F|title:Financiers%20Project%20ACP\u00a0\u00bb][vc_btn title=\u00a0\u00bbPartenaires\u00a0\u00bb color=\u00a0\u00bbprimary\u00a0\u00bb size=\u00a0\u00bbsm\u00a0\u00bb link=\u00a0\u00bburl:%2Fpartner%2F%3Fprojects%3DProject-ACP\u00a0\u00bb][vc_btn title=\u00a0\u00bbPartenaires associ\u00e9s\u00a0\u00bb color=\u00a0\u00bbprimary\u00a0\u00bb size=\u00a0\u00bbsm\u00a0\u00bb link=\u00a0\u00bburl:https%3A%2F%2Feuprevent.eu%2Ffr%2Fpartenaires-associes-acp%2F|title:Partenaires%20associ%C3%A9s%20ACP\u00a0\u00bb][\/vc_column][vc_column width=\u00a0\u00bb1\/2&Prime; el_class=\u00a0\u00bbimg-width-class\u00a0\u00bb][vc_single_image image=\u00a0\u00bb18941&Prime; img_size=\u00a0\u00bblarge\u00a0\u00bb alignment=\u00a0\u00bbcenter\u00a0\u00bb css=\u00a0\u00bb.vc_custom_1668501494200{margin-bottom: 0px !important;}\u00a0\u00bb][vc_single_image image=\u00a0\u00bb18782&Prime; img_size=\u00a0\u00bbmedium\u00a0\u00bb add_caption=\u00a0\u00bbyes\u00a0\u00bb alignment=\u00a0\u00bbcenter\u00a0\u00bb onclick=\u00a0\u00bbcustom_link\u00a0\u00bb img_link_target=\u00a0\u00bb_blank\u00a0\u00bb link=\u00a0\u00bbhttps:\/\/www.bosch-stiftung.de\/en\/project\/common-ground-shaping-regions-across-borders\u00a0\u00bb][\/vc_column][\/vc_row][vc_row][vc_column][vc_empty_space][vc_column_text]<\/p>\n<h2>Contexte du projet<\/h2>\n<p>\u00c0 l\u2019heure actuelle, les effets du changement climatique sur la sant\u00e9 sont principalement pris en compte dans les l\u00e9gislations et r\u00e9glementations nationales. Toutefois, le changement climatique et ses effets sur la sant\u00e9 sont un probl\u00e8me transnational qui appelle des solutions transnationales.<\/p>\n<p>Toutefois, en ce qui concerne les questions de sant\u00e9, les citoyens des r\u00e9gions frontali\u00e8res sont encore confront\u00e9s \u00e0 d\u2019\u00e9normes d\u00e9fis en raison des politiques nationales souvent divergentes.<\/p>\n<p>Afin d\u2019y rem\u00e9dier, les citoyens de l\u2019Euregio Meuse-Rhin sont activement impliqu\u00e9s dans le processus d\u00e9cisionnel pour une solution transfrontali\u00e8re \u00e0 ce probl\u00e8me dans le cadre du projet euPrevent ACP.[\/vc_column_text][vc_column_text]<\/p>\n<h2>Activit\u00e9s<\/h2>\n<p><strong>Ann\u00e9e 1 : <\/strong>conception de processus<\/p>\n<ul>\n<li>Qu\u2019est-ce qui est important pour les administrations et les organisations lorsqu\u2019il s\u2019agit d\u2019associer les citoyens \u00e0 la prise de d\u00e9cision politique?<\/li>\n<li>Comment atteindre et convaincre un groupe diversifi\u00e9 et important de citoyens de participer au processus de participation?<\/li>\n<\/ul>\n<p><strong>Ann\u00e9e 2 : <\/strong>mise en \u0153uvre<\/p>\n<ul>\n<li>Pr\u00e9paration et r\u00e9alisation des sommets<\/li>\n<li>R\u00e9alisation des r\u00e9unions des parties prenantes<\/li>\n<\/ul>\n<p><strong>Ann\u00e9e 3 : <\/strong>p\u00e9rennisation de la participation citoyenne<\/p>\n<ul>\n<li>Formation des parties prenantes (organisation d&rsquo;ateliers pour les autorit\u00e9s locales sur la mise en \u0153uvre et la durabilit\u00e9 de l&rsquo;approche participative)<\/li>\n<li>Cr\u00e9ation d&rsquo;un cadre syst\u00e9matique et d&rsquo;un cadre pour la participation citoyenne dans l&rsquo;EMR, y compris un plan de travail<\/li>\n<li>Pr\u00e9sentation des r\u00e9sultats du projet aux structures politiques et administratives<\/li>\n<\/ul>\n<p>[\/vc_column_text][\/vc_column][\/vc_row][vc_row][vc_column][vc_column_text]\t<div class=\"clearfix\"><\/div>\r\n\t<div class=\"panel-events_and_news\">\r\n\t\t<div class=\"row\">\r\n\r\n            \r\n            \t\t\t<div class=\"col-sm-12 col-md-6\" id=\"events\">\r\n\t\t\t\t<h3>Ev\u00e9nements<\/h3>\r\n\t\t\t\t\t\t\t\t\t<p class=\"text-muted text-center\" style=\"margin:60px 0;\">Pas d'\u00e9v\u00e9nements<\/p>\r\n\t\t\t\t\t\t\t\t<\/div>\r\n\r\n            \r\n            \t\t\t<div class=\"col-sm-12 col-md-6\" id=\"news\">\r\n\t\t\t\t<h3>Nouvelles<\/h3>\r\n\t\t\t\t\t\t\t\t\t\t\t\t\t\t\t<div class=\"newsitem\">\r\n\t\t\t\t\t\t\t<a class=\"overlay\" href=\"https:\/\/euprevent.eu\/fr\/euprevent-acp-stakeholders-provide-ideas-for-citizen-participation-in-the-euregio-meuse-rhine\/\"><\/a>\r\n                            <div class=\"thumb pull-left\" style=\"background-image: url('https:\/\/euprevent.eu\/wp-content\/uploads\/2024\/04\/Second-euPrevent-Stakeholder-Meeting.png');\"><\/div>\r\n\t\t\t\t\t\t\t<div class=\"news-info-table\">\r\n\t\t\t\t\t\t\t\t<div class=\"news-info-table-row\">\r\n\t\t\t\t\t\t\t\t\t<div class=\"news-info-table-cell\">\r\n\t\t\t\t\t\t\t\t\t\t<p>12 April 2024<\/p>\r\n\t\t\t\t\t\t\t\t\t\t<h3>Les parties prenantes de l'ACP euPrevent donnent une impulsion \u00e0 la participation citoyenne dans l'Euregio Meuse-Rhin<\/h3>\r\n\t\t\t\t\t\t\t\t\t<\/div>\r\n\t\t\t\t\t\t\t\t<\/div>\r\n\t\t\t\t\t\t\t<\/div>\r\n\t\t\t\t\t\t<\/div>\r\n\t\t\t\t\t\t\t\t\t\t\t\t<div class=\"newsitem\">\r\n\t\t\t\t\t\t\t<a class=\"overlay\" href=\"https:\/\/euprevent.eu\/fr\/euprevent-acp-fostering-citizen-participation-in-the-euregion-meuse-rhine-emr\/\"><\/a>\r\n                            <div class=\"thumb pull-left\" style=\"background-image: url('https:\/\/euprevent.eu\/wp-content\/uploads\/2023\/11\/Screenshot-2023-11-23-185735.png');\"><\/div>\r\n\t\t\t\t\t\t\t<div class=\"news-info-table\">\r\n\t\t\t\t\t\t\t\t<div class=\"news-info-table-row\">\r\n\t\t\t\t\t\t\t\t\t<div class=\"news-info-table-cell\">\r\n\t\t\t\t\t\t\t\t\t\t<p>23 November 2023<\/p>\r\n\t\t\t\t\t\t\t\t\t\t<h3>euPrevent ACP : Encourager la participation citoyenne dans l'Eur\u00e9gion Meuse-Rhin (EMR)<\/h3>\r\n\t\t\t\t\t\t\t\t\t<\/div>\r\n\t\t\t\t\t\t\t\t<\/div>\r\n\t\t\t\t\t\t\t<\/div>\r\n\t\t\t\t\t\t<\/div>\r\n\t\t\t\t\t\t\t\t\t\t\t\t<div class=\"newsitem\">\r\n\t\t\t\t\t\t\t<a class=\"overlay\" href=\"https:\/\/euprevent.eu\/fr\/shaping-democracy-project-euprevent-acp-in-the-local-newspaper\/\"><\/a>\r\n                            <div class=\"thumb pull-left\" style=\"background-image: url('https:\/\/euprevent.eu\/wp-content\/uploads\/2023\/04\/ACP-in-local-news-2.png');\"><\/div>\r\n\t\t\t\t\t\t\t<div class=\"news-info-table\">\r\n\t\t\t\t\t\t\t\t<div class=\"news-info-table-row\">\r\n\t\t\t\t\t\t\t\t\t<div class=\"news-info-table-cell\">\r\n\t\t\t\t\t\t\t\t\t\t<p>12 April 2023<\/p>\r\n\t\t\t\t\t\t\t\t\t\t<h3>\u00ab Shaping democracy \u00bb, projet euPrevent ACP dans un journal local<\/h3>\r\n\t\t\t\t\t\t\t\t\t<\/div>\r\n\t\t\t\t\t\t\t\t<\/div>\r\n\t\t\t\t\t\t\t<\/div>\r\n\t\t\t\t\t\t<\/div>\r\n\t\t\t\t\t\t\t\t\t\t\t<div class=\"text-center p-5\"><a class=\"btn btn-sm btn-default\" href=\"https:\/\/euprevent.eu\/fr\/nouvelles\/\">Toutes les nouvelles<\/a><\/div>\r\n\t\t\t\t\t\t\t\t<\/div>\r\n            \r\n\t\t<\/div>\r\n\t<\/div>\r\n\r\n\t[\/vc_column_text][\/vc_column][\/vc_row][vc_row][vc_column][vc_single_image image=\u00a0\u00bb18483&Prime; img_size=\u00a0\u00bbfull\u00a0\u00bb][\/vc_column][\/vc_row]<\/p>\n<\/section>","protected":false},"excerpt":{"rendered":"<p>[vc_row][vc_column width=\u00a0\u00bb2\/3&Prime;][\/vc_column][vc_column width=\u00a0\u00bb1\/3&Prime;][vc_single_image image=\u00a0\u00bb18475&Prime; img_size=\u00a0\u00bbfull\u00a0\u00bb][\/vc_column][\/vc_row][vc_row][vc_column][vc_column_text] Projet euPrevent ACP L\u2019objectif du projet euPrevent ACP (Active Citizenship Participation) est de cr\u00e9er un cadre structurel pour l\u2019int\u00e9gration de la participation citoyenne dans le processus d\u00e9cisionnel transfrontalier dans l\u2019Euregio Meuse-Rhin (EMR). Sur la base du th\u00e8me \u00abchangement climatique et sant\u00e9\u00bb, d\u2019autres th\u00e8mes li\u00e9s \u00e0 la sant\u00e9 ayant une dimension [&hellip;]<\/p>\n","protected":false},"author":1,"featured_media":0,"parent":0,"menu_order":0,"comment_status":"closed","ping_status":"closed","template":"","meta":{"_acf_changed":false,"footnotes":""},"class_list":["post-18754","page","type-page","status-publish","hentry","programmes-crossing-programmes"],"acf":[],"yoast_head":"<!-- This site is optimized with the Yoast SEO plugin v27.5 - https:\/\/yoast.com\/product\/yoast-seo-wordpress\/ -->\n<title>Projet euPrevent ACP - euPrevent<\/title>\n<meta name=\"robots\" content=\"index, follow, max-snippet:-1, max-image-preview:large, max-video-preview:-1\" \/>\n<link rel=\"canonical\" href=\"https:\/\/euprevent.eu\/fr\/projet-euprevent-acp\/\" \/>\n<meta property=\"og:locale\" content=\"fr_FR\" \/>\n<meta property=\"og:type\" content=\"article\" \/>\n<meta property=\"og:title\" content=\"Projet euPrevent ACP - euPrevent\" \/>\n<meta property=\"og:description\" content=\"[vc_row][vc_column width=\u00a0\u00bb2\/3&Prime;][\/vc_column][vc_column width=\u00a0\u00bb1\/3&Prime;][vc_single_image image=\u00a0\u00bb18475&Prime; img_size=\u00a0\u00bbfull\u00a0\u00bb][\/vc_column][\/vc_row][vc_row][vc_column][vc_column_text] Projet euPrevent ACP L\u2019objectif du projet euPrevent ACP (Active Citizenship Participation) est de cr\u00e9er un cadre structurel pour l\u2019int\u00e9gration de la participation citoyenne dans le processus d\u00e9cisionnel transfrontalier dans l\u2019Euregio Meuse-Rhin (EMR). Sur la base du th\u00e8me \u00abchangement climatique et sant\u00e9\u00bb, d\u2019autres th\u00e8mes li\u00e9s \u00e0 la sant\u00e9 ayant une dimension [&hellip;]\" \/>\n<meta property=\"og:url\" content=\"https:\/\/euprevent.eu\/fr\/projet-euprevent-acp\/\" \/>\n<meta property=\"og:site_name\" content=\"euPrevent\" \/>\n<meta property=\"article:modified_time\" content=\"2022-11-16T12:59:59+00:00\" \/>\n<meta name=\"twitter:card\" content=\"summary_large_image\" \/>\n<meta name=\"twitter:label1\" content=\"Dur\u00e9e de lecture estim\u00e9e\" \/>\n\t<meta name=\"twitter:data1\" content=\"2 minutes\" \/>\n<script type=\"application\/ld+json\" class=\"yoast-schema-graph\">{\"@context\":\"https:\\\/\\\/schema.org\",\"@graph\":[{\"@type\":\"WebPage\",\"@id\":\"https:\\\/\\\/euprevent.eu\\\/fr\\\/projet-euprevent-acp\\\/\",\"url\":\"https:\\\/\\\/euprevent.eu\\\/fr\\\/projet-euprevent-acp\\\/\",\"name\":\"Projet euPrevent ACP - euPrevent\",\"isPartOf\":{\"@id\":\"https:\\\/\\\/euprevent.eu\\\/fr\\\/#website\"},\"datePublished\":\"2022-10-31T10:54:57+00:00\",\"dateModified\":\"2022-11-16T12:59:59+00:00\",\"breadcrumb\":{\"@id\":\"https:\\\/\\\/euprevent.eu\\\/fr\\\/projet-euprevent-acp\\\/#breadcrumb\"},\"inLanguage\":\"fr-FR\",\"potentialAction\":[{\"@type\":\"ReadAction\",\"target\":[\"https:\\\/\\\/euprevent.eu\\\/fr\\\/projet-euprevent-acp\\\/\"]}]},{\"@type\":\"BreadcrumbList\",\"@id\":\"https:\\\/\\\/euprevent.eu\\\/fr\\\/projet-euprevent-acp\\\/#breadcrumb\",\"itemListElement\":[{\"@type\":\"ListItem\",\"position\":1,\"name\":\"Home\",\"item\":\"https:\\\/\\\/euprevent.eu\\\/fr\\\/\"},{\"@type\":\"ListItem\",\"position\":2,\"name\":\"Projet euPrevent ACP\"}]},{\"@type\":\"WebSite\",\"@id\":\"https:\\\/\\\/euprevent.eu\\\/fr\\\/#website\",\"url\":\"https:\\\/\\\/euprevent.eu\\\/fr\\\/\",\"name\":\"euPrevent\",\"description\":\"euPrevent is a Euroregional network that focuses on promoting health. Within this network, sustainable partnerships seek to increase the quality of life of residents in the border region between the Netherlands, Belgium and Germany.\",\"potentialAction\":[{\"@type\":\"SearchAction\",\"target\":{\"@type\":\"EntryPoint\",\"urlTemplate\":\"https:\\\/\\\/euprevent.eu\\\/fr\\\/?s={search_term_string}\"},\"query-input\":{\"@type\":\"PropertyValueSpecification\",\"valueRequired\":true,\"valueName\":\"search_term_string\"}}],\"inLanguage\":\"fr-FR\"}]}<\/script>\n<!-- \/ Yoast SEO plugin. -->","yoast_head_json":{"title":"Projet euPrevent ACP - euPrevent","robots":{"index":"index","follow":"follow","max-snippet":"max-snippet:-1","max-image-preview":"max-image-preview:large","max-video-preview":"max-video-preview:-1"},"canonical":"https:\/\/euprevent.eu\/fr\/projet-euprevent-acp\/","og_locale":"fr_FR","og_type":"article","og_title":"Projet euPrevent ACP - euPrevent","og_description":"[vc_row][vc_column width=\u00a0\u00bb2\/3&Prime;][\/vc_column][vc_column width=\u00a0\u00bb1\/3&Prime;][vc_single_image image=\u00a0\u00bb18475&Prime; img_size=\u00a0\u00bbfull\u00a0\u00bb][\/vc_column][\/vc_row][vc_row][vc_column][vc_column_text] Projet euPrevent ACP L\u2019objectif du projet euPrevent ACP (Active Citizenship Participation) est de cr\u00e9er un cadre structurel pour l\u2019int\u00e9gration de la participation citoyenne dans le processus d\u00e9cisionnel transfrontalier dans l\u2019Euregio Meuse-Rhin (EMR). Sur la base du th\u00e8me \u00abchangement climatique et sant\u00e9\u00bb, d\u2019autres th\u00e8mes li\u00e9s \u00e0 la sant\u00e9 ayant une dimension [&hellip;]","og_url":"https:\/\/euprevent.eu\/fr\/projet-euprevent-acp\/","og_site_name":"euPrevent","article_modified_time":"2022-11-16T12:59:59+00:00","twitter_card":"summary_large_image","twitter_misc":{"Dur\u00e9e de lecture estim\u00e9e":"2 minutes"},"schema":{"@context":"https:\/\/schema.org","@graph":[{"@type":"WebPage","@id":"https:\/\/euprevent.eu\/fr\/projet-euprevent-acp\/","url":"https:\/\/euprevent.eu\/fr\/projet-euprevent-acp\/","name":"Projet euPrevent ACP - euPrevent","isPartOf":{"@id":"https:\/\/euprevent.eu\/fr\/#website"},"datePublished":"2022-10-31T10:54:57+00:00","dateModified":"2022-11-16T12:59:59+00:00","breadcrumb":{"@id":"https:\/\/euprevent.eu\/fr\/projet-euprevent-acp\/#breadcrumb"},"inLanguage":"fr-FR","potentialAction":[{"@type":"ReadAction","target":["https:\/\/euprevent.eu\/fr\/projet-euprevent-acp\/"]}]},{"@type":"BreadcrumbList","@id":"https:\/\/euprevent.eu\/fr\/projet-euprevent-acp\/#breadcrumb","itemListElement":[{"@type":"ListItem","position":1,"name":"Home","item":"https:\/\/euprevent.eu\/fr\/"},{"@type":"ListItem","position":2,"name":"Projet euPrevent ACP"}]},{"@type":"WebSite","@id":"https:\/\/euprevent.eu\/fr\/#website","url":"https:\/\/euprevent.eu\/fr\/","name":"euPrevent","description":"euPrevent is a Euroregional network that focuses on promoting health. Within this network, sustainable partnerships seek to increase the quality of life of residents in the border region between the Netherlands, Belgium and Germany.","potentialAction":[{"@type":"SearchAction","target":{"@type":"EntryPoint","urlTemplate":"https:\/\/euprevent.eu\/fr\/?s={search_term_string}"},"query-input":{"@type":"PropertyValueSpecification","valueRequired":true,"valueName":"search_term_string"}}],"inLanguage":"fr-FR"}]}},"_links":{"self":[{"href":"https:\/\/euprevent.eu\/fr\/wp-json\/wp\/v2\/pages\/18754","targetHints":{"allow":["GET"]}}],"collection":[{"href":"https:\/\/euprevent.eu\/fr\/wp-json\/wp\/v2\/pages"}],"about":[{"href":"https:\/\/euprevent.eu\/fr\/wp-json\/wp\/v2\/types\/page"}],"author":[{"embeddable":true,"href":"https:\/\/euprevent.eu\/fr\/wp-json\/wp\/v2\/users\/1"}],"replies":[{"embeddable":true,"href":"https:\/\/euprevent.eu\/fr\/wp-json\/wp\/v2\/comments?post=18754"}],"version-history":[{"count":9,"href":"https:\/\/euprevent.eu\/fr\/wp-json\/wp\/v2\/pages\/18754\/revisions"}],"predecessor-version":[{"id":19005,"href":"https:\/\/euprevent.eu\/fr\/wp-json\/wp\/v2\/pages\/18754\/revisions\/19005"}],"wp:attachment":[{"href":"https:\/\/euprevent.eu\/fr\/wp-json\/wp\/v2\/media?parent=18754"}],"curies":[{"name":"wp","href":"https:\/\/api.w.org\/{rel}","templated":true}]}}