


{"id":16999,"date":"2022-01-03T12:41:37","date_gmt":"2022-01-03T11:41:37","guid":{"rendered":"https:\/\/euprevent.eu\/?page_id=16999"},"modified":"2022-01-18T15:03:11","modified_gmt":"2022-01-18T14:03:11","slug":"a-propos-de-euprevent","status":"publish","type":"page","link":"https:\/\/euprevent.eu\/fr\/a-propos-de-euprevent\/","title":{"rendered":"\u00c0 propos d&rsquo;euPrevent"},"content":{"rendered":"<section class=\"wpb-content-wrapper\"><p>[vc_row][vc_column][vc_column_text]<\/p>\n<h1>Qu&rsquo;est-ce qu&rsquo;euPrevent ?<\/h1>\n<p>euPrevent est une organisation sans but lucratif et un r\u00e9seau euror\u00e9gional qui veut promouvoir la qualit\u00e9 de vie des citoyens dans les r\u00e9gions frontali\u00e8res des Pays-Bas, de l&rsquo;Allemagne et de la Belgique.<\/p>\n<p>La politique dans le domaine des soins et du bien-\u00eatre est principalement organis\u00e9e au niveau national. Cela a un impact majeur sur les citoyens de la r\u00e9gion frontali\u00e8re qui traversent r\u00e9guli\u00e8rement la fronti\u00e8re pour des raisons professionnelles ou familiales. Nous nous concentrons donc sur l&rsquo;\u00e9tablissement de connexions de r\u00e9seau transfrontali\u00e8res durables entre les organisations de sant\u00e9 de la r\u00e9gion frontali\u00e8re. Nous travaillons dans trois cadres \u00e9prouv\u00e9s.[\/vc_column_text][vc_btn title=\u00a0\u00bbFondations\u00a0\u00bb color=\u00a0\u00bbprimary\u00a0\u00bb link=\u00a0\u00bburl:https%3A%2F%2Feuprevent.eu%2Ffr%2Fa-propos-de-euprevent%2Ffondations%2F|title:Fondations\u00a0\u00bb css=\u00a0\u00bb.vc_custom_1642511800199{margin-right: 1rem !important;}\u00a0\u00bb][vc_btn title=\u00a0\u00bbLes r\u00e9gions\u00a0\u00bb color=\u00a0\u00bbprimary\u00a0\u00bb link=\u00a0\u00bburl:https%3A%2F%2Feuprevent.eu%2Ffr%2Fa-propos-de-euprevent%2Fdomaine-dactivite-les-regions-frontalieres%2F|title:Les%20r%C3%A9gions\u00a0\u00bb css=\u00a0\u00bb.vc_custom_1642514589907{margin-right: 1rem !important;}\u00a0\u00bb][vc_btn title=\u00a0\u00bbR\u00e9seau\u00a0\u00bb color=\u00a0\u00bbprimary\u00a0\u00bb link=\u00a0\u00bburl:https%3A%2F%2Feuprevent.eu%2Ffr%2Fa-propos-de-euprevent%2Freseau%2F|title:R%C3%A9seau\u00a0\u00bb][\/vc_column][\/vc_row][vc_row][vc_column][vc_empty_space][vc_column_text]<\/p>\n<h2>Bureau d&rsquo;appui<\/h2>\n<p>Le bureau d&rsquo;appui d&rsquo;euPrevent aide les partenaires \u00e0 remplir la mission d&rsquo;euPrevent : am\u00e9liorer la qualit\u00e9 de vie des habitants de la r\u00e9gion frontali\u00e8re.[\/vc_column_text][vc_btn title=\u00a0\u00bbPour votre organisation\u00a0\u00bb color=\u00a0\u00bbprimary\u00a0\u00bb link=\u00a0\u00bburl:https%3A%2F%2Feuprevent.eu%2Ffr%2Fa-propos-de-euprevent%2Fbureau-d-appui%2Fpour-votre-organisation%2F|title:Pour%20votre%20organisation\u00a0\u00bb css=\u00a0\u00bb.vc_custom_1642511853784{margin-right: 1rem !important;}\u00a0\u00bb][vc_btn title=\u00a0\u00bbContact\u00a0\u00bb color=\u00a0\u00bbprimary\u00a0\u00bb link=\u00a0\u00bburl:https%3A%2F%2Feuprevent.eu%2Ffr%2Fa-propos-de-euprevent%2Fbureau-d-appui%2Fcontact%2F|title:Contact\u00a0\u00bb][vc_empty_space][\/vc_column][\/vc_row][vc_row full_width=\u00a0\u00bbstretch_row_content\u00a0\u00bb css=\u00a0\u00bb.vc_custom_1635845954241{margin-right: 0px !important;margin-bottom: 0px !important;margin-left: 0px !important;padding-right: 0px !important;padding-left: 0px !important;background-color: #282562 !important;}\u00a0\u00bb el_class=\u00a0\u00bbabout-animation\u00a0\u00bb][vc_column css=\u00a0\u00bb.vc_custom_1635845716478{margin-right: 0px !important;margin-left: 0px !important;padding-right: 0px !important;padding-left: 0px !important;}\u00a0\u00bb][vc_empty_space height=\u00a0\u00bb8rem\u00a0\u00bb][vc_row_inner][vc_column_inner width=\u00a0\u00bb1\/6&Prime;][\/vc_column_inner][vc_column_inner width=\u00a0\u00bb2\/3&Prime;][vc_empty_space height=\u00a0\u00bb2rem\u00a0\u00bb][\/vc_column_inner][vc_column_inner width=\u00a0\u00bb1\/6&Prime;][\/vc_column_inner][\/vc_row_inner][vc_row_inner content_placement=\u00a0\u00bbmiddle\u00a0\u00bb css=\u00a0\u00bb.vc_custom_1635845672799{margin-right: 0px !important;margin-left: 0px !important;padding-right: 0px !important;padding-left: 0px !important;}\u00a0\u00bb][vc_column_inner css=\u00a0\u00bb.vc_custom_1635845680217{margin-right: 0px !important;margin-left: 0px !important;padding-right: 0px !important;padding-left: 0px !important;}\u00a0\u00bb][vc_raw_html]JTNDcCUyMGNsYXNzJTNEJTIyYWJvdXQtYW5pbWF0aW9uLWhlYWRpbmclMjIlM0VEZXB1aXMlMjAyMDEwJTIwJTNDc3BhbiUyMGNsYXNzJTNEJTIycm90YXRlJTIyJTNFMTAlMjBhbm4lQzMlQTllcyUyMGRlJTIwc3VjYyVDMyVBOHMlN0MzMCUyQiUyMHByb2pldHMlN0M0MCUyQiUyMGFjdGl2aXQlQzMlQTlzJTdDMTQlMjBhcnRpY2xlcyUyMHB1YmxpJUMzJUE5cyUzQyUyRnNwYW4lM0UlM0MlMkZwJTNF[\/vc_raw_html][vc_empty_space height=\u00a0\u00bb3rem\u00a0\u00bb][vc_column_text]\n    <div class=\"carousel animation-cards\" data-flickity='{ \"autoPlay\": 5000, \"percentPosition\": false, \"cellAlign\": \"center\" }'>\n                    <div class=\"carousel-cell\">\n                <div class=\"cell-content\">30 nouveaux partenaires ont rejoint notre r\u00e9seau en 2021\u00a0(nombre total de partenaires : 170), dont BAGSO (Allemagne), ITEM (Pays-Bas) et Kreis Viersen () Active Citizenship Network (l'Europe).<\/div>\n            <\/div>\n                        <div class=\"carousel-cell\">\n                <div class=\"cell-content\">plus de 35 000 citoyens touch\u00e9s en 2021<\/div>\n            <\/div>\n                        <div class=\"carousel-cell\">\n                <div class=\"cell-content\">561 followers sur les me\u0301dias sociaux en 2021<\/div>\n            <\/div>\n                        <div class=\"carousel-cell\">\n                <div class=\"cell-content\"><div class=\"page\" title=\"Page 2\">\r\n<div class=\"layoutArea\">\r\n<div class=\"column\">\r\n\r\nOutil d\u2019e\u0301valuation euPrevent - de\u0301pression et de\u0301mence : cet outil donne un aperc\u0327u de l\u2019impact de votre politique communale (de pre\u0301vention) concer- nant les personnes a\u0302ge\u0301es souffrant de de\u0301pression.\r\n\r\n<\/div>\r\n<\/div>\r\n<\/div><\/div>\n            <\/div>\n                        <div class=\"carousel-cell\">\n                <div class=\"cell-content\">2 nouveaux projets ont \u00e9t\u00e9 lanc\u00e9s en 2021<\/div>\n            <\/div>\n                        <div class=\"carousel-cell\">\n                <div class=\"cell-content\"><div class=\"page\" title=\"Page 2\">\r\n<div class=\"layoutArea\">\r\n<div class=\"column\">\r\n\r\nOutil HEPS pour les e\u0301coles : un outil pour le de\u0301veloppement de la politique scolaire en matie\u0300re d\u2019alimentation saine et d\u2019activite\u0301 physique.\r\n\r\n<\/div>\r\n<\/div>\r\n<\/div><\/div>\n            <\/div>\n                        <div class=\"carousel-cell\">\n                <div class=\"cell-content\">8 conf\u00e9rences internationales en 2021\u00a0o\u00f9 nous avons \u00e9t\u00e9 conf\u00e9renciers invit\u00e9s, dont \u00e0\u00a0la session minist\u00e9rielle de la 10e conf\u00e9rence mondiale de l'OMS sur la promotion de la sant\u00e9.<\/div>\n            <\/div>\n                        <div class=\"carousel-cell\">\n                <div class=\"cell-content\"><div class=\"page\" title=\"Page 2\">HEPS Inventory Tool : un outil pour re\u0301aliser un inventaire et une e\u0301valuation de la qualite\u0301 des interventions scolaires sur les the\u0300mes alimentation saine et activite\u0301 physique.<\/div><\/div>\n            <\/div>\n                        <div class=\"carousel-cell\">\n                <div class=\"cell-content\"><div class=\"page\" title=\"Page 1\">\r\n<div class=\"section\">\r\n<div class=\"layoutArea\">\r\n<div class=\"column\">\r\n\r\n26 fois mentionne\u0301 dans des journaux, articles et autres nouvelles en 2021\r\n\r\n<\/div>\r\n<\/div>\r\n<\/div>\r\n<\/div><\/div>\n            <\/div>\n                        <div class=\"carousel-cell\">\n                <div class=\"cell-content\"><div class=\"page\" title=\"Page 2\">\r\n<div class=\"layoutArea\">\r\n<div class=\"column\">\r\n\r\nOutil d\u2019e\u0301valuation des capacite\u0301s : un outil d\u2019e\u0301valuation de vos capacite\u0301s et de votre coope\u0301ration eure\u0301gionale.\r\n\r\n<\/div>\r\n<\/div>\r\n<\/div><\/div>\n            <\/div>\n                <\/div>\n\n    [\/vc_column_text][\/vc_column_inner][\/vc_row_inner][vc_row_inner][vc_column_inner][vc_empty_space height=\u00a0\u00bb16rem\u00a0\u00bb][\/vc_column_inner][\/vc_row_inner][\/vc_column][\/vc_row]<\/p>\n<\/section>","protected":false},"excerpt":{"rendered":"<p>[vc_row][vc_column][vc_column_text] Qu&rsquo;est-ce qu&rsquo;euPrevent ? euPrevent est une organisation sans but lucratif et un r\u00e9seau euror\u00e9gional qui veut promouvoir la qualit\u00e9 de vie des citoyens dans les r\u00e9gions frontali\u00e8res des Pays-Bas, de l&rsquo;Allemagne et de la Belgique. La politique dans le domaine des soins et du bien-\u00eatre est principalement organis\u00e9e au niveau national. Cela a un [&hellip;]<\/p>\n","protected":false},"author":3,"featured_media":0,"parent":0,"menu_order":0,"comment_status":"closed","ping_status":"closed","template":"page-with-about-menu.php","meta":{"_acf_changed":false,"footnotes":""},"class_list":["post-16999","page","type-page","status-publish","hentry"],"acf":[],"yoast_head":"<!-- This site is optimized with the Yoast SEO plugin v27.5 - https:\/\/yoast.com\/product\/yoast-seo-wordpress\/ -->\n<title>\u00c0 propos d&#039;euPrevent - euPrevent<\/title>\n<meta name=\"robots\" content=\"noindex, nofollow\" \/>\n<meta property=\"og:locale\" content=\"fr_FR\" \/>\n<meta property=\"og:type\" content=\"article\" \/>\n<meta property=\"og:title\" content=\"\u00c0 propos d&#039;euPrevent - euPrevent\" \/>\n<meta property=\"og:description\" content=\"[vc_row][vc_column][vc_column_text] Qu&rsquo;est-ce qu&rsquo;euPrevent ? euPrevent est une organisation sans but lucratif et un r\u00e9seau euror\u00e9gional qui veut promouvoir la qualit\u00e9 de vie des citoyens dans les r\u00e9gions frontali\u00e8res des Pays-Bas, de l&rsquo;Allemagne et de la Belgique. La politique dans le domaine des soins et du bien-\u00eatre est principalement organis\u00e9e au niveau national. Cela a un [&hellip;]\" \/>\n<meta property=\"og:url\" content=\"https:\/\/euprevent.eu\/fr\/a-propos-de-euprevent\/\" \/>\n<meta property=\"og:site_name\" content=\"euPrevent\" \/>\n<meta property=\"article:modified_time\" content=\"2022-01-18T14:03:11+00:00\" \/>\n<meta name=\"twitter:card\" content=\"summary_large_image\" \/>\n<meta name=\"twitter:label1\" content=\"Dur\u00e9e de lecture estim\u00e9e\" \/>\n\t<meta name=\"twitter:data1\" content=\"1 minute\" \/>\n<script type=\"application\/ld+json\" class=\"yoast-schema-graph\">{\"@context\":\"https:\\\/\\\/schema.org\",\"@graph\":[{\"@type\":\"WebPage\",\"@id\":\"https:\\\/\\\/euprevent.eu\\\/fr\\\/a-propos-de-euprevent\\\/\",\"url\":\"https:\\\/\\\/euprevent.eu\\\/fr\\\/a-propos-de-euprevent\\\/\",\"name\":\"\u00c0 propos d'euPrevent - euPrevent\",\"isPartOf\":{\"@id\":\"https:\\\/\\\/euprevent.eu\\\/fr\\\/#website\"},\"datePublished\":\"2022-01-03T11:41:37+00:00\",\"dateModified\":\"2022-01-18T14:03:11+00:00\",\"breadcrumb\":{\"@id\":\"https:\\\/\\\/euprevent.eu\\\/fr\\\/a-propos-de-euprevent\\\/#breadcrumb\"},\"inLanguage\":\"fr-FR\",\"potentialAction\":[{\"@type\":\"ReadAction\",\"target\":[\"https:\\\/\\\/euprevent.eu\\\/fr\\\/a-propos-de-euprevent\\\/\"]}]},{\"@type\":\"BreadcrumbList\",\"@id\":\"https:\\\/\\\/euprevent.eu\\\/fr\\\/a-propos-de-euprevent\\\/#breadcrumb\",\"itemListElement\":[{\"@type\":\"ListItem\",\"position\":1,\"name\":\"Home\",\"item\":\"https:\\\/\\\/euprevent.eu\\\/fr\\\/\"},{\"@type\":\"ListItem\",\"position\":2,\"name\":\"\u00c0 propos d&#8217;euPrevent\"}]},{\"@type\":\"WebSite\",\"@id\":\"https:\\\/\\\/euprevent.eu\\\/fr\\\/#website\",\"url\":\"https:\\\/\\\/euprevent.eu\\\/fr\\\/\",\"name\":\"euPrevent\",\"description\":\"euPrevent is a Euroregional network that focuses on promoting health. Within this network, sustainable partnerships seek to increase the quality of life of residents in the border region between the Netherlands, Belgium and Germany.\",\"potentialAction\":[{\"@type\":\"SearchAction\",\"target\":{\"@type\":\"EntryPoint\",\"urlTemplate\":\"https:\\\/\\\/euprevent.eu\\\/fr\\\/?s={search_term_string}\"},\"query-input\":{\"@type\":\"PropertyValueSpecification\",\"valueRequired\":true,\"valueName\":\"search_term_string\"}}],\"inLanguage\":\"fr-FR\"}]}<\/script>\n<!-- \/ Yoast SEO plugin. -->","yoast_head_json":{"title":"\u00c0 propos d'euPrevent - euPrevent","robots":{"index":"noindex","follow":"nofollow"},"og_locale":"fr_FR","og_type":"article","og_title":"\u00c0 propos d'euPrevent - euPrevent","og_description":"[vc_row][vc_column][vc_column_text] Qu&rsquo;est-ce qu&rsquo;euPrevent ? euPrevent est une organisation sans but lucratif et un r\u00e9seau euror\u00e9gional qui veut promouvoir la qualit\u00e9 de vie des citoyens dans les r\u00e9gions frontali\u00e8res des Pays-Bas, de l&rsquo;Allemagne et de la Belgique. La politique dans le domaine des soins et du bien-\u00eatre est principalement organis\u00e9e au niveau national. Cela a un [&hellip;]","og_url":"https:\/\/euprevent.eu\/fr\/a-propos-de-euprevent\/","og_site_name":"euPrevent","article_modified_time":"2022-01-18T14:03:11+00:00","twitter_card":"summary_large_image","twitter_misc":{"Dur\u00e9e de lecture estim\u00e9e":"1 minute"},"schema":{"@context":"https:\/\/schema.org","@graph":[{"@type":"WebPage","@id":"https:\/\/euprevent.eu\/fr\/a-propos-de-euprevent\/","url":"https:\/\/euprevent.eu\/fr\/a-propos-de-euprevent\/","name":"\u00c0 propos d'euPrevent - euPrevent","isPartOf":{"@id":"https:\/\/euprevent.eu\/fr\/#website"},"datePublished":"2022-01-03T11:41:37+00:00","dateModified":"2022-01-18T14:03:11+00:00","breadcrumb":{"@id":"https:\/\/euprevent.eu\/fr\/a-propos-de-euprevent\/#breadcrumb"},"inLanguage":"fr-FR","potentialAction":[{"@type":"ReadAction","target":["https:\/\/euprevent.eu\/fr\/a-propos-de-euprevent\/"]}]},{"@type":"BreadcrumbList","@id":"https:\/\/euprevent.eu\/fr\/a-propos-de-euprevent\/#breadcrumb","itemListElement":[{"@type":"ListItem","position":1,"name":"Home","item":"https:\/\/euprevent.eu\/fr\/"},{"@type":"ListItem","position":2,"name":"\u00c0 propos d&#8217;euPrevent"}]},{"@type":"WebSite","@id":"https:\/\/euprevent.eu\/fr\/#website","url":"https:\/\/euprevent.eu\/fr\/","name":"euPrevent","description":"euPrevent is a Euroregional network that focuses on promoting health. Within this network, sustainable partnerships seek to increase the quality of life of residents in the border region between the Netherlands, Belgium and Germany.","potentialAction":[{"@type":"SearchAction","target":{"@type":"EntryPoint","urlTemplate":"https:\/\/euprevent.eu\/fr\/?s={search_term_string}"},"query-input":{"@type":"PropertyValueSpecification","valueRequired":true,"valueName":"search_term_string"}}],"inLanguage":"fr-FR"}]}},"_links":{"self":[{"href":"https:\/\/euprevent.eu\/fr\/wp-json\/wp\/v2\/pages\/16999","targetHints":{"allow":["GET"]}}],"collection":[{"href":"https:\/\/euprevent.eu\/fr\/wp-json\/wp\/v2\/pages"}],"about":[{"href":"https:\/\/euprevent.eu\/fr\/wp-json\/wp\/v2\/types\/page"}],"author":[{"embeddable":true,"href":"https:\/\/euprevent.eu\/fr\/wp-json\/wp\/v2\/users\/3"}],"replies":[{"embeddable":true,"href":"https:\/\/euprevent.eu\/fr\/wp-json\/wp\/v2\/comments?post=16999"}],"version-history":[{"count":7,"href":"https:\/\/euprevent.eu\/fr\/wp-json\/wp\/v2\/pages\/16999\/revisions"}],"predecessor-version":[{"id":17319,"href":"https:\/\/euprevent.eu\/fr\/wp-json\/wp\/v2\/pages\/16999\/revisions\/17319"}],"wp:attachment":[{"href":"https:\/\/euprevent.eu\/fr\/wp-json\/wp\/v2\/media?parent=16999"}],"curies":[{"name":"wp","href":"https:\/\/api.w.org\/{rel}","templated":true}]}}