


{"id":16955,"date":"2022-01-03T12:38:33","date_gmt":"2022-01-03T11:38:33","guid":{"rendered":"https:\/\/euprevent.eu\/?page_id=16955"},"modified":"2022-01-18T13:39:28","modified_gmt":"2022-01-18T12:39:28","slug":"valeurs","status":"publish","type":"page","link":"https:\/\/euprevent.eu\/fr\/a-propos-de-euprevent\/fondations\/valeurs\/","title":{"rendered":"Valeurs"},"content":{"rendered":"<section class=\"wpb-content-wrapper\"><p>[vc_row][vc_column][vc_column_text]<\/p>\n<h1>Valeurs<\/h1>\n<p>[\/vc_column_text][\/vc_column][\/vc_row][vc_row][vc_column el_class=\u00a0\u00bbblue-block\u00a0\u00bb css=\u00a0\u00bb.vc_custom_1632822230319{padding: 30px !important;background-color: #282562 !important;border-radius: 15px !important;}\u00a0\u00bb][vc_column_text]Les valeurs suivantes sont au c\u0153ur de tous les programmes et projets d&rsquo;euPrevent :<\/p>\n<ul>\n<li><a href=\"#samenwerken\">Coop\u00e9ration euro-r\u00e9gionale<\/a><\/li>\n<li><a href=\"#participatie\">Participation des citoyens<\/a><\/li>\n<li><a href=\"#kennis\">D\u00e9veloppement des connaissances<\/a><\/li>\n<li><a href=\"#wetenschap\">Science<\/a><\/li>\n<li><a href=\"#duurzaamheid\">Durabilit\u00e9<\/a><\/li>\n<\/ul>\n<p>[\/vc_column_text][\/vc_column][\/vc_row][vc_row][vc_column][vc_empty_space][\/vc_column][\/vc_row][vc_row el_id=\u00a0\u00bbsamenwerken\u00a0\u00bb][vc_column offset=\u00a0\u00bbvc_col-lg-6 vc_col-md-6&Prime;][vc_column_text]<\/p>\n<h2>Coop\u00e9ration euro-r\u00e9gionale<\/h2>\n<p>Vivre et travailler dans une euror\u00e9gion cr\u00e9e des opportunit\u00e9s particuli\u00e8res. Gr\u00e2ce \u00e0 la coop\u00e9ration eur\u00e9gionale, euPrevent utilise la diversit\u00e9 des syst\u00e8mes, des structures et des initiatives dans la r\u00e9gion frontali\u00e8re comme une force. La riche palette de connaissances et d&rsquo;exp\u00e9riences disponibles \u00e0 proximit\u00e9 est utilis\u00e9e sur une base euror\u00e9gionale.[\/vc_column_text][\/vc_column][vc_column offset=\u00a0\u00bbvc_col-lg-6 vc_col-md-6&Prime;][vc_single_image image=\u00a0\u00bb6909&Prime; img_size=\u00a0\u00bbmedium\u00a0\u00bb alignment=\u00a0\u00bbcenter\u00a0\u00bb][\/vc_column][\/vc_row][vc_row][vc_column][vc_separator][\/vc_column][\/vc_row][vc_row el_id=\u00a0\u00bbparticipatie\u00a0\u00bb][vc_column offset=\u00a0\u00bbvc_col-lg-6 vc_col-md-6&Prime;][vc_column_text]<\/p>\n<h2>Participation des citoyens<\/h2>\n<p>euPrevent consid\u00e8re qu&rsquo;il est important d&rsquo;impliquer toutes les parties prenantes dans nos activit\u00e9s. Les citoyens aussi. Cela se produit de diff\u00e9rentes mani\u00e8res :<\/p>\n<ul>\n<li>Les citoyens sont repr\u00e9sent\u00e9s par des organisations de citoyens, des groupes d&rsquo;entraide ou des associations de patients.<\/li>\n<li>Les citoyens jouent un r\u00f4le actif dans les projets. Par exemple, dans un conseil des citoyens qui est activement consult\u00e9 pendant un projet.<\/li>\n<li>Les citoyens sont invit\u00e9s \u00e0 donner leur avis et leurs id\u00e9es lors de sommets citoyens.<\/li>\n<\/ul>\n<p>[\/vc_column_text][\/vc_column][vc_column offset=\u00a0\u00bbvc_col-lg-6 vc_col-md-6&Prime;][vc_video link=\u00a0\u00bbhttps:\/\/youtu.be\/5ZPSoBBNQLY\u00a0\u00bb][vc_column_text]<em>Short impression of the 2 euregional Citizen Summits that were held in the Euregio Meuse-Rhine (Aachen and Eupen) in Februari 2019.<\/em>[\/vc_column_text][\/vc_column][\/vc_row][vc_row][vc_column][vc_separator][\/vc_column][\/vc_row][vc_row el_id=\u00a0\u00bbkennis\u00a0\u00bb][vc_column offset=\u00a0\u00bbvc_col-lg-6 vc_col-md-6&Prime;][vc_column_text]<\/p>\n<h2>D\u00e9veloppement des connaissances<\/h2>\n<p>Chez euPrevent, les connaissances et l&rsquo;exp\u00e9rience d\u00e9passent les fronti\u00e8res. Dans la mesure du possible, nous essayons de mettre ces connaissances et cette exp\u00e9rience \u00e0 la disposition de tous. Nous le faisons en :<\/p>\n<ul>\n<li>Organiser des conf\u00e9rences, des ateliers et des voyages d&rsquo;\u00e9tude,<\/li>\n<li>R\u00e9diger et partager des publications,<\/li>\n<li>D\u00e9velopper des outils en ligne qui peuvent \u00eatre utilis\u00e9s de mani\u00e8re autonome.<\/li>\n<\/ul>\n<p>[\/vc_column_text][\/vc_column][vc_column offset=\u00a0\u00bbvc_col-lg-6 vc_col-md-6&Prime;][vc_single_image image=\u00a0\u00bb5892&Prime; img_size=\u00a0\u00bbmedium\u00a0\u00bb alignment=\u00a0\u00bbcenter\u00a0\u00bb][\/vc_column][\/vc_row][vc_row][vc_column][vc_separator][\/vc_column][\/vc_row][vc_row el_id=\u00a0\u00bbwetenschap\u00a0\u00bb][vc_column offset=\u00a0\u00bbvc_col-lg-6 vc_col-md-6&Prime;][vc_column_text]<\/p>\n<h2>Science<\/h2>\n<p>Outre le partage des connaissances existantes, euPrevent d\u00e9veloppe \u00e9galement de nouvelles connaissances si n\u00e9cessaire. Par exemple, une enqu\u00eate euror\u00e9gionale sur la jeunesse est men\u00e9e depuis 2001, ce qui permet de disposer de donn\u00e9es euror\u00e9gionales comparables. Comme peu de donn\u00e9es comparables sont disponibles dans la r\u00e9gion frontali\u00e8re, euPrevent, Sciensano, Kreis D\u00fcren et GGD Zuid Limburg ont mis en place un partenariat structurel pour collecter ces donn\u00e9es et les rendre disponibles. Les r\u00e9sultats sont partag\u00e9s avec le public au moyen de <a href=\"http:\/\/euregionalhealthatlas.eu\/\">l&rsquo;Atlas eur\u00e9gional de la sant\u00e9<\/a> en ligne. [\/vc_column_text][\/vc_column][vc_column offset=\u00a0\u00bbvc_col-lg-6 vc_col-md-6&Prime;][vc_single_image image=\u00a0\u00bb8606&Prime; img_size=\u00a0\u00bblarge\u00a0\u00bb alignment=\u00a0\u00bbcenter\u00a0\u00bb][\/vc_column][\/vc_row][vc_row][vc_column][vc_separator][\/vc_column][\/vc_row][vc_row el_id=\u00a0\u00bbduurzaamheid\u00a0\u00bb][vc_column offset=\u00a0\u00bbvc_col-lg-6 vc_col-md-6&Prime;][vc_column_text]<\/p>\n<h2>Durabilit\u00e9<\/h2>\n<p>euPrevent veut am\u00e9liorer la qualit\u00e9 de vie des habitants de la r\u00e9gion frontali\u00e8re. Toutes les activit\u00e9s visent donc \u00e0 avoir un impact durable. M\u00eame dans le cadre de projets temporaires, on veille toujours \u00e0 obtenir un r\u00e9sultat durable, qui reste disponible m\u00eame apr\u00e8s la fin du projet.[\/vc_column_text][\/vc_column][vc_column offset=\u00a0\u00bbvc_col-lg-6 vc_col-md-6&Prime;][vc_single_image image=\u00a0\u00bb6458&Prime; img_size=\u00a0\u00bbmedium\u00a0\u00bb alignment=\u00a0\u00bbcenter\u00a0\u00bb][\/vc_column][\/vc_row]<\/p>\n<\/section>","protected":false},"excerpt":{"rendered":"<p>[vc_row][vc_column][vc_column_text] Valeurs [\/vc_column_text][\/vc_column][\/vc_row][vc_row][vc_column el_class=\u00a0\u00bbblue-block\u00a0\u00bb css=\u00a0\u00bb.vc_custom_1632822230319{padding: 30px !important;background-color: #282562 !important;border-radius: 15px !important;}\u00a0\u00bb][vc_column_text]Les valeurs suivantes sont au c\u0153ur de tous les programmes et projets d&rsquo;euPrevent : Coop\u00e9ration euro-r\u00e9gionale Participation des citoyens D\u00e9veloppement des connaissances Science Durabilit\u00e9 [\/vc_column_text][\/vc_column][\/vc_row][vc_row][vc_column][vc_empty_space][\/vc_column][\/vc_row][vc_row el_id=\u00a0\u00bbsamenwerken\u00a0\u00bb][vc_column offset=\u00a0\u00bbvc_col-lg-6 vc_col-md-6&Prime;][vc_column_text] Coop\u00e9ration euro-r\u00e9gionale Vivre et travailler dans une euror\u00e9gion cr\u00e9e des opportunit\u00e9s particuli\u00e8res. Gr\u00e2ce \u00e0 la coop\u00e9ration eur\u00e9gionale, [&hellip;]<\/p>\n","protected":false},"author":3,"featured_media":0,"parent":16996,"menu_order":0,"comment_status":"closed","ping_status":"closed","template":"page-with-about-menu.php","meta":{"_acf_changed":false,"footnotes":""},"class_list":["post-16955","page","type-page","status-publish","hentry"],"acf":[],"yoast_head":"<!-- This site is optimized with the Yoast SEO plugin v27.5 - https:\/\/yoast.com\/product\/yoast-seo-wordpress\/ -->\n<title>Valeurs - euPrevent<\/title>\n<meta name=\"robots\" content=\"noindex, nofollow\" \/>\n<meta property=\"og:locale\" content=\"fr_FR\" \/>\n<meta property=\"og:type\" content=\"article\" \/>\n<meta property=\"og:title\" content=\"Valeurs - euPrevent\" \/>\n<meta property=\"og:description\" content=\"[vc_row][vc_column][vc_column_text] Valeurs [\/vc_column_text][\/vc_column][\/vc_row][vc_row][vc_column el_class=\u00a0\u00bbblue-block\u00a0\u00bb css=\u00a0\u00bb.vc_custom_1632822230319{padding: 30px !important;background-color: #282562 !important;border-radius: 15px !important;}\u00a0\u00bb][vc_column_text]Les valeurs suivantes sont au c\u0153ur de tous les programmes et projets d&rsquo;euPrevent : Coop\u00e9ration euro-r\u00e9gionale Participation des citoyens D\u00e9veloppement des connaissances Science Durabilit\u00e9 [\/vc_column_text][\/vc_column][\/vc_row][vc_row][vc_column][vc_empty_space][\/vc_column][\/vc_row][vc_row el_id=\u00a0\u00bbsamenwerken\u00a0\u00bb][vc_column offset=\u00a0\u00bbvc_col-lg-6 vc_col-md-6&Prime;][vc_column_text] Coop\u00e9ration euro-r\u00e9gionale Vivre et travailler dans une euror\u00e9gion cr\u00e9e des opportunit\u00e9s particuli\u00e8res. Gr\u00e2ce \u00e0 la coop\u00e9ration eur\u00e9gionale, [&hellip;]\" \/>\n<meta property=\"og:url\" content=\"https:\/\/euprevent.eu\/fr\/a-propos-de-euprevent\/fondations\/valeurs\/\" \/>\n<meta property=\"og:site_name\" content=\"euPrevent\" \/>\n<meta property=\"article:modified_time\" content=\"2022-01-18T12:39:28+00:00\" \/>\n<meta name=\"twitter:card\" content=\"summary_large_image\" \/>\n<meta name=\"twitter:label1\" content=\"Dur\u00e9e de lecture estim\u00e9e\" \/>\n\t<meta name=\"twitter:data1\" content=\"2 minutes\" \/>\n<script type=\"application\/ld+json\" class=\"yoast-schema-graph\">{\"@context\":\"https:\\\/\\\/schema.org\",\"@graph\":[{\"@type\":\"WebPage\",\"@id\":\"https:\\\/\\\/euprevent.eu\\\/fr\\\/a-propos-de-euprevent\\\/fondations\\\/valeurs\\\/\",\"url\":\"https:\\\/\\\/euprevent.eu\\\/fr\\\/a-propos-de-euprevent\\\/fondations\\\/valeurs\\\/\",\"name\":\"Valeurs - euPrevent\",\"isPartOf\":{\"@id\":\"https:\\\/\\\/euprevent.eu\\\/fr\\\/#website\"},\"datePublished\":\"2022-01-03T11:38:33+00:00\",\"dateModified\":\"2022-01-18T12:39:28+00:00\",\"breadcrumb\":{\"@id\":\"https:\\\/\\\/euprevent.eu\\\/fr\\\/a-propos-de-euprevent\\\/fondations\\\/valeurs\\\/#breadcrumb\"},\"inLanguage\":\"fr-FR\",\"potentialAction\":[{\"@type\":\"ReadAction\",\"target\":[\"https:\\\/\\\/euprevent.eu\\\/fr\\\/a-propos-de-euprevent\\\/fondations\\\/valeurs\\\/\"]}]},{\"@type\":\"BreadcrumbList\",\"@id\":\"https:\\\/\\\/euprevent.eu\\\/fr\\\/a-propos-de-euprevent\\\/fondations\\\/valeurs\\\/#breadcrumb\",\"itemListElement\":[{\"@type\":\"ListItem\",\"position\":1,\"name\":\"Home\",\"item\":\"https:\\\/\\\/euprevent.eu\\\/fr\\\/\"},{\"@type\":\"ListItem\",\"position\":2,\"name\":\"\u00c0 propos d&#8217;euPrevent\",\"item\":\"https:\\\/\\\/euprevent.eu\\\/fr\\\/a-propos-de-euprevent\\\/\"},{\"@type\":\"ListItem\",\"position\":3,\"name\":\"Fondations\",\"item\":\"https:\\\/\\\/euprevent.eu\\\/fr\\\/a-propos-de-euprevent\\\/fondations\\\/\"},{\"@type\":\"ListItem\",\"position\":4,\"name\":\"Valeurs\"}]},{\"@type\":\"WebSite\",\"@id\":\"https:\\\/\\\/euprevent.eu\\\/fr\\\/#website\",\"url\":\"https:\\\/\\\/euprevent.eu\\\/fr\\\/\",\"name\":\"euPrevent\",\"description\":\"euPrevent is a Euroregional network that focuses on promoting health. Within this network, sustainable partnerships seek to increase the quality of life of residents in the border region between the Netherlands, Belgium and Germany.\",\"potentialAction\":[{\"@type\":\"SearchAction\",\"target\":{\"@type\":\"EntryPoint\",\"urlTemplate\":\"https:\\\/\\\/euprevent.eu\\\/fr\\\/?s={search_term_string}\"},\"query-input\":{\"@type\":\"PropertyValueSpecification\",\"valueRequired\":true,\"valueName\":\"search_term_string\"}}],\"inLanguage\":\"fr-FR\"}]}<\/script>\n<!-- \/ Yoast SEO plugin. -->","yoast_head_json":{"title":"Valeurs - euPrevent","robots":{"index":"noindex","follow":"nofollow"},"og_locale":"fr_FR","og_type":"article","og_title":"Valeurs - euPrevent","og_description":"[vc_row][vc_column][vc_column_text] Valeurs [\/vc_column_text][\/vc_column][\/vc_row][vc_row][vc_column el_class=\u00a0\u00bbblue-block\u00a0\u00bb css=\u00a0\u00bb.vc_custom_1632822230319{padding: 30px !important;background-color: #282562 !important;border-radius: 15px !important;}\u00a0\u00bb][vc_column_text]Les valeurs suivantes sont au c\u0153ur de tous les programmes et projets d&rsquo;euPrevent : Coop\u00e9ration euro-r\u00e9gionale Participation des citoyens D\u00e9veloppement des connaissances Science Durabilit\u00e9 [\/vc_column_text][\/vc_column][\/vc_row][vc_row][vc_column][vc_empty_space][\/vc_column][\/vc_row][vc_row el_id=\u00a0\u00bbsamenwerken\u00a0\u00bb][vc_column offset=\u00a0\u00bbvc_col-lg-6 vc_col-md-6&Prime;][vc_column_text] Coop\u00e9ration euro-r\u00e9gionale Vivre et travailler dans une euror\u00e9gion cr\u00e9e des opportunit\u00e9s particuli\u00e8res. Gr\u00e2ce \u00e0 la coop\u00e9ration eur\u00e9gionale, [&hellip;]","og_url":"https:\/\/euprevent.eu\/fr\/a-propos-de-euprevent\/fondations\/valeurs\/","og_site_name":"euPrevent","article_modified_time":"2022-01-18T12:39:28+00:00","twitter_card":"summary_large_image","twitter_misc":{"Dur\u00e9e de lecture estim\u00e9e":"2 minutes"},"schema":{"@context":"https:\/\/schema.org","@graph":[{"@type":"WebPage","@id":"https:\/\/euprevent.eu\/fr\/a-propos-de-euprevent\/fondations\/valeurs\/","url":"https:\/\/euprevent.eu\/fr\/a-propos-de-euprevent\/fondations\/valeurs\/","name":"Valeurs - euPrevent","isPartOf":{"@id":"https:\/\/euprevent.eu\/fr\/#website"},"datePublished":"2022-01-03T11:38:33+00:00","dateModified":"2022-01-18T12:39:28+00:00","breadcrumb":{"@id":"https:\/\/euprevent.eu\/fr\/a-propos-de-euprevent\/fondations\/valeurs\/#breadcrumb"},"inLanguage":"fr-FR","potentialAction":[{"@type":"ReadAction","target":["https:\/\/euprevent.eu\/fr\/a-propos-de-euprevent\/fondations\/valeurs\/"]}]},{"@type":"BreadcrumbList","@id":"https:\/\/euprevent.eu\/fr\/a-propos-de-euprevent\/fondations\/valeurs\/#breadcrumb","itemListElement":[{"@type":"ListItem","position":1,"name":"Home","item":"https:\/\/euprevent.eu\/fr\/"},{"@type":"ListItem","position":2,"name":"\u00c0 propos d&#8217;euPrevent","item":"https:\/\/euprevent.eu\/fr\/a-propos-de-euprevent\/"},{"@type":"ListItem","position":3,"name":"Fondations","item":"https:\/\/euprevent.eu\/fr\/a-propos-de-euprevent\/fondations\/"},{"@type":"ListItem","position":4,"name":"Valeurs"}]},{"@type":"WebSite","@id":"https:\/\/euprevent.eu\/fr\/#website","url":"https:\/\/euprevent.eu\/fr\/","name":"euPrevent","description":"euPrevent is a Euroregional network that focuses on promoting health. Within this network, sustainable partnerships seek to increase the quality of life of residents in the border region between the Netherlands, Belgium and Germany.","potentialAction":[{"@type":"SearchAction","target":{"@type":"EntryPoint","urlTemplate":"https:\/\/euprevent.eu\/fr\/?s={search_term_string}"},"query-input":{"@type":"PropertyValueSpecification","valueRequired":true,"valueName":"search_term_string"}}],"inLanguage":"fr-FR"}]}},"_links":{"self":[{"href":"https:\/\/euprevent.eu\/fr\/wp-json\/wp\/v2\/pages\/16955","targetHints":{"allow":["GET"]}}],"collection":[{"href":"https:\/\/euprevent.eu\/fr\/wp-json\/wp\/v2\/pages"}],"about":[{"href":"https:\/\/euprevent.eu\/fr\/wp-json\/wp\/v2\/types\/page"}],"author":[{"embeddable":true,"href":"https:\/\/euprevent.eu\/fr\/wp-json\/wp\/v2\/users\/3"}],"replies":[{"embeddable":true,"href":"https:\/\/euprevent.eu\/fr\/wp-json\/wp\/v2\/comments?post=16955"}],"version-history":[{"count":4,"href":"https:\/\/euprevent.eu\/fr\/wp-json\/wp\/v2\/pages\/16955\/revisions"}],"predecessor-version":[{"id":17184,"href":"https:\/\/euprevent.eu\/fr\/wp-json\/wp\/v2\/pages\/16955\/revisions\/17184"}],"up":[{"embeddable":true,"href":"https:\/\/euprevent.eu\/fr\/wp-json\/wp\/v2\/pages\/16996"}],"wp:attachment":[{"href":"https:\/\/euprevent.eu\/fr\/wp-json\/wp\/v2\/media?parent=16955"}],"curies":[{"name":"wp","href":"https:\/\/api.w.org\/{rel}","templated":true}]}}