


{"id":14111,"date":"2021-03-15T09:02:28","date_gmt":"2021-03-15T09:02:28","guid":{"rendered":"https:\/\/euprevent.eu\/?page_id=14111"},"modified":"2021-04-08T09:49:02","modified_gmt":"2021-04-08T09:49:02","slug":"summits-covid","status":"publish","type":"page","link":"https:\/\/euprevent.eu\/fr\/summits-covid\/","title":{"rendered":"Sommets des citoyens pour partager votre exp\u00e9rience sur la p\u00e9riode de la pand\u00e9mie de COVID-19"},"content":{"rendered":"<section class=\"wpb-content-wrapper\"><p>[vc_row css_animation=\u00a0\u00bbnone\u00a0\u00bb css=\u00a0\u00bb.vc_custom_1557822818338{margin-right: 0px !important;margin-left: 0px !important;background-image: url(https:\/\/euprevent.eu\/wp-content\/uploads\/2019\/05\/header-new.jpg?id=8846) !important;background-position: center !important;background-repeat: no-repeat !important;background-size: cover !important;}\u00a0\u00bb el_class=\u00a0\u00bbevent-header\u00a0\u00bb][vc_column][vc_column_text]<\/p>\n<h1>Sommets des citoyens pour partager votre exp\u00e9rience<br \/>\nsur la p\u00e9riode de la pand\u00e9mie de COVID-19<\/h1>\n<p>[\/vc_column_text][\/vc_column][\/vc_row][vc_row css=\u00a0\u00bb.vc_custom_1544439585677{margin-top: 0px !important;margin-bottom: 0px !important;padding-top: 0px !important;padding-bottom: 0px !important;}\u00a0\u00bb][vc_column css=\u00a0\u00bb.vc_custom_1544439773644{padding-top: 10px !important;padding-bottom: 60px !important;}\u00a0\u00bb][vc_single_image image=\u00a0\u00bb9547&Prime; img_size=\u00a0\u00bbfull\u00a0\u00bb alignment=\u00a0\u00bbcenter\u00a0\u00bb css=\u00a0\u00bb.vc_custom_1560338276244{margin-bottom: 0px !important;}\u00a0\u00bb][\/vc_column][\/vc_row][vc_row][vc_column][vc_tta_tour][vc_tta_section title=\u00a0\u00bbInformations g\u00e9n\u00e9rales\u00a0\u00bb tab_id=\u00a0\u00bb1544446108348-7446cd86-24db\u00a0\u00bb][vc_row_inner][vc_column_inner][vc_column_text]<\/p>\n<h3>Informations g\u00e9n\u00e9rales<\/h3>\n<p>Plusieurs \u00ab\u00a0sommets des citoyens\u00a0\u00bb financ\u00e9s par le projet EMR Interreg VA \u00ab\u00a0euPrevent COVID\u00a0\u00bb seront organis\u00e9s dans diff\u00e9rentes r\u00e9gions frontali\u00e8res (Aix-la-Chapelle, D\u00fcren, Eupen, Hasselt, Heinsberg, Li\u00e8ge et Maastricht). L&rsquo;objectif de ces sommets est de permettre aux citoyens vivant dans les r\u00e9gions frontali\u00e8res d&rsquo;\u00e9changer sur leurs exp\u00e9riences personnelles pendant la p\u00e9riode de la pand\u00e9mie de COVID-19.<\/p>\n<p>Les sommets se d\u00e9rouleront un samedi matin et dureront environ trois heures (09:30-12:30), dont une heure d&rsquo;information g\u00e9n\u00e9rale sur le projet et deux heures de tables rondes. Les petits groupes de discussion seront organis\u00e9s avec l&rsquo;aide de mod\u00e9rateurs exp\u00e9riment\u00e9s. Les citoyens de diff\u00e9rentes r\u00e9gions pourront partager leurs exp\u00e9riences personnelles et exprimer leurs points de vue dans leurs propres langues (n\u00e9erlandais, fran\u00e7ais et allemand).<\/p>\n<p>Nous avons besoin d&rsquo;environ 25 citoyens par sommet. Par cons\u00e9quent, le lien d&rsquo;inscription sera ferm\u00e9 d\u00e8s que nous aurons re\u00e7u suffisamment d&rsquo;inscriptions. Les sommets peuvent se d\u00e9rouler soit en ligne, soit en pr\u00e9sentiel, selon les politiques nationales au moment de l&rsquo;\u00e9v\u00e9nement. Cela sera confirm\u00e9 dans une brochure d&rsquo;information num\u00e9rique deux semaines avant la date du sommet. Compte tenu des circonstances impr\u00e9vues, il sera utile de nous communiquer au moment de l&rsquo;inscription votre adresse priv\u00e9e. Si le sommet des citoyens se d\u00e9roule sous forme num\u00e9rique, nous enverrons aux citoyens participants, en guise de remerc\u00eement, un colis \u00e0 l\u2019adresse communiqu\u00e9e. Les adresses ne seront utilis\u00e9es que pour l&rsquo;organisation des sommets, et seront ensuite supprim\u00e9es.[\/vc_column_text][vc_separator][vc_column_text]<\/p>\n<h3>Programme<\/h3>\n<table class=\"table\">\n<tbody>\n<tr>\n<td><strong>R\u00e9gion<\/strong><\/td>\n<td><strong>Date<\/strong><\/td>\n<td><strong>Langue<\/strong><\/td>\n<\/tr>\n<tr>\n<td>Aix-la-Chapelle<\/td>\n<td>8 mai 2021<\/td>\n<td>Allemand<\/td>\n<\/tr>\n<tr>\n<td>Maastricht<\/td>\n<td>5 juin &amp; 25 septembre 2021<\/td>\n<td>N\u00e9erlandais<\/td>\n<\/tr>\n<tr>\n<td>Li\u00e8ge<\/td>\n<td>12 juin 2021<\/td>\n<td>Fran\u00e7ais<\/td>\n<\/tr>\n<tr>\n<td>Hasselt<\/td>\n<td>19 juin 2021<\/td>\n<td>N\u00e9erlandais<\/td>\n<\/tr>\n<tr>\n<td>D\u00fcren<\/td>\n<td>4 septembre 2021<\/td>\n<td>Allemand<\/td>\n<\/tr>\n<tr>\n<td>Heinsberg<\/td>\n<td>11 septembre 2021<\/td>\n<td>Allemand<\/td>\n<\/tr>\n<tr>\n<td>Eupen<\/td>\n<td>18 septembre 2021<\/td>\n<td>Allemand<\/td>\n<\/tr>\n<\/tbody>\n<\/table>\n<p>[\/vc_column_text][vc_separator][vc_column_text]<\/p>\n<h3>Inscription<\/h3>\n<p>Vous trouverez ci-dessous le lien d&rsquo;inscription et vous pouvez choisir le sommet des citoyens auquel vous souhaitez participer:[\/vc_column_text]\n<div class=\"wpcf7 no-js\" id=\"wpcf7-f14202-o1\" lang=\"en-US\" dir=\"ltr\" data-wpcf7-id=\"14202\">\n<div class=\"screen-reader-response\"><p role=\"status\" aria-live=\"polite\" aria-atomic=\"true\"><\/p> <ul><\/ul><\/div>\n<form action=\"\/fr\/wp-json\/wp\/v2\/pages\/14111#wpcf7-f14202-o1\" method=\"post\" class=\"wpcf7-form init\" aria-label=\"Contact form\" novalidate=\"novalidate\" data-status=\"init\">\n<fieldset class=\"hidden-fields-container\"><input type=\"hidden\" name=\"_wpcf7\" value=\"14202\" \/><input type=\"hidden\" name=\"_wpcf7_version\" value=\"6.1.5\" \/><input type=\"hidden\" name=\"_wpcf7_locale\" value=\"en_US\" \/><input type=\"hidden\" name=\"_wpcf7_unit_tag\" value=\"wpcf7-f14202-o1\" \/><input type=\"hidden\" name=\"_wpcf7_container_post\" value=\"0\" \/><input type=\"hidden\" name=\"_wpcf7_posted_data_hash\" value=\"\" \/>\n<\/fieldset>\n<p><label> Nom de famille*<br \/>\n<span class=\"wpcf7-form-control-wrap\" data-name=\"your-lastname\"><input size=\"40\" maxlength=\"400\" class=\"wpcf7-form-control wpcf7-text wpcf7-validates-as-required\" aria-required=\"true\" aria-invalid=\"false\" value=\"\" type=\"text\" name=\"your-lastname\" \/><\/span> <\/label>\n<\/p>\n<p><label> Pr\u00e9nom*<br \/>\n<span class=\"wpcf7-form-control-wrap\" data-name=\"your-firstname\"><input size=\"40\" maxlength=\"400\" class=\"wpcf7-form-control wpcf7-text wpcf7-validates-as-required\" aria-required=\"true\" aria-invalid=\"false\" value=\"\" type=\"text\" name=\"your-firstname\" \/><\/span> <\/label>\n<\/p>\n<p><label> Courriel *<br \/>\n<span class=\"wpcf7-form-control-wrap\" data-name=\"your-email\"><input size=\"40\" maxlength=\"400\" class=\"wpcf7-form-control wpcf7-email wpcf7-validates-as-required wpcf7-text wpcf7-validates-as-email\" aria-required=\"true\" aria-invalid=\"false\" value=\"\" type=\"email\" name=\"your-email\" \/><\/span> <\/label>\n<\/p>\n<p><label> Confirmer l'e-mail*<br \/>\n<span class=\"wpcf7-form-control-wrap\" data-name=\"your-email-confirm\"><input size=\"40\" maxlength=\"400\" class=\"wpcf7-form-control wpcf7-email wpcf7-validates-as-required wpcf7-text wpcf7-validates-as-email\" aria-required=\"true\" aria-invalid=\"false\" value=\"\" type=\"email\" name=\"your-email-confirm\" \/><\/span> <\/label>\n<\/p>\n<p><label>Adresse du domicile(Notez: Nous n'utiliserons votre adresse que pour les besoins de l'organisation dans le cas d'un \u00e9v\u00e9nement num\u00e9rique, et pas \u00e0 d'autres fins que les sommets citoyens.)*<br \/>\n<span class=\"wpcf7-form-control-wrap\" data-name=\"adress\"><textarea cols=\"40\" rows=\"10\" maxlength=\"2000\" class=\"wpcf7-form-control wpcf7-textarea wpcf7-validates-as-required\" aria-required=\"true\" aria-invalid=\"false\" name=\"adress\"><\/textarea><\/span><\/label>\n<\/p>\n<p><label> Pays*<br \/>\n<span class=\"wpcf7-form-control-wrap\" data-name=\"Country\"><select class=\"wpcf7-form-control wpcf7-select wpcf7-validates-as-required\" aria-required=\"true\" aria-invalid=\"false\" name=\"Country\"><option value=\"\"><\/option><option value=\"Belgique\">Belgique<\/option><option value=\"Allemagne\">Allemagne<\/option><option value=\"Pays-Bas\">Pays-Bas<\/option><\/select><\/span> <\/label>\n<\/p>\n<p><label> Language*<br \/>\n<span class=\"wpcf7-form-control-wrap\" data-name=\"Language\"><select class=\"wpcf7-form-control wpcf7-select wpcf7-validates-as-required\" aria-required=\"true\" aria-invalid=\"false\" name=\"Language\"><option value=\"\"><\/option><option value=\"N\u00e9erlandais\">N\u00e9erlandais<\/option><option value=\"Fran\u00e7ais\">Fran\u00e7ais<\/option><option value=\"Allemand\">Allemand<\/option><\/select><\/span> <\/label>\n<\/p>\n<p><label> Choisissez un sommet des citoyens auquel vous souhaitez participer*<br \/>\n<span class=\"wpcf7-form-control-wrap\" data-name=\"events\"><select class=\"wpcf7-form-control wpcf7-select wpcf7-validates-as-required\" aria-required=\"true\" aria-invalid=\"false\" name=\"events\"><option value=\"\">&#8212;Please choose an option&#8212;<\/option><\/select><\/span> <\/label>\n<\/p>\n<p><label><span class=\"wpcf7-form-control-wrap\" data-name=\"mailinglist\"><span class=\"wpcf7-form-control wpcf7-checkbox wpcf7-validates-as-required\"><span class=\"wpcf7-list-item first last\"><input type=\"checkbox\" name=\"mailinglist[]\" value=\"Quelques jours avant l&#039;\u00e9v\u00e9nement, vous recevrez un e-mail avec les derniers d\u00e9tails. J&#039;accepte de recevoir des informations, des invitations et des nouvelles d&#039;euPrevent par e-mail.\" \/><span class=\"wpcf7-list-item-label\">Quelques jours avant l&#039;\u00e9v\u00e9nement, vous recevrez un e-mail avec les derniers d\u00e9tails. J&#039;accepte de recevoir des informations, des invitations et des nouvelles d&#039;euPrevent par e-mail.<\/span><\/span><\/span><\/span><\/label>\n<\/p>\n<div class=\"cf7-cf-turnstile\" style=\"margin-top: 0px; margin-bottom: -15px;\"> <div id=\"cf-turnstile-cf7-3275717964\" class=\"cf-turnstile\" data-sitekey=\"0x4AAAAAABWOBhmjwWma09Np\" data-theme=\"light\" data-language=\"auto\" data-size=\"normal\" data-retry=\"auto\" data-retry-interval=\"1000\" data-refresh-expired=\"auto\" data-refresh-timeout=\"auto\" data-action=\"contact-form-7\" data-callback=\"turnstileCF7Callback\" data-appearance=\"always\"><\/div> <script>document.addEventListener(\"DOMContentLoaded\", function() { setTimeout(function(){ var e=document.getElementById(\"cf-turnstile-cf7-3275717964\"); if(e&&!e.innerHTML.trim()){turnstile.render(e, {sitekey:\"0x4AAAAAABWOBhmjwWma09Np\"});} }, 200); });<\/script> <br class=\"cf-turnstile-br cf-turnstile-br-cf7-3275717964\"> <style>#cf-turnstile-cf7-3275717964 { margin-left: -15px; }<\/style> <script>document.addEventListener(\"DOMContentLoaded\",function(){document.querySelectorAll('.wpcf7-form').forEach(function(e){e.addEventListener('submit',function(){if(document.getElementById('cf-turnstile-cf7-3275717964')){setTimeout(function(){turnstile.reset('#cf-turnstile-cf7-3275717964');},1000)}})})});<\/script> <\/div><br\/><input class=\"wpcf7-form-control wpcf7-submit has-spinner btn btn-cf\" type=\"submit\" value=\"Envoyer\" \/>\n<\/p><div class=\"wpcf7-response-output\" aria-hidden=\"true\"><\/div>\n<\/form>\n<\/div>\n[\/vc_column_inner][\/vc_row_inner][\/vc_tta_section][\/vc_tta_tour][\/vc_column][\/vc_row]<\/p>\n<\/section>","protected":false},"excerpt":{"rendered":"<p>[vc_row css_animation=\u00a0\u00bbnone\u00a0\u00bb css=\u00a0\u00bb.vc_custom_1557822818338{margin-right: 0px !important;margin-left: 0px !important;background-image: url(https:\/\/euprevent.eu\/wp-content\/uploads\/2019\/05\/header-new.jpg?id=8846) !important;background-position: center !important;background-repeat: no-repeat !important;background-size: cover !important;}\u00a0\u00bb el_class=\u00a0\u00bbevent-header\u00a0\u00bb][vc_column][vc_column_text] Sommets des citoyens pour partager votre exp\u00e9rience sur la p\u00e9riode de la pand\u00e9mie de COVID-19 [\/vc_column_text][\/vc_column][\/vc_row][vc_row css=\u00a0\u00bb.vc_custom_1544439585677{margin-top: 0px !important;margin-bottom: 0px !important;padding-top: 0px !important;padding-bottom: 0px !important;}\u00a0\u00bb][vc_column css=\u00a0\u00bb.vc_custom_1544439773644{padding-top: 10px !important;padding-bottom: 60px !important;}\u00a0\u00bb][vc_single_image image=\u00a0\u00bb9547&Prime; img_size=\u00a0\u00bbfull\u00a0\u00bb alignment=\u00a0\u00bbcenter\u00a0\u00bb css=\u00a0\u00bb.vc_custom_1560338276244{margin-bottom: 0px !important;}\u00a0\u00bb][\/vc_column][\/vc_row][vc_row][vc_column][vc_tta_tour][vc_tta_section title=\u00a0\u00bbInformations g\u00e9n\u00e9rales\u00a0\u00bb tab_id=\u00a0\u00bb1544446108348-7446cd86-24db\u00a0\u00bb][vc_row_inner][vc_column_inner][vc_column_text] [&hellip;]<\/p>\n","protected":false},"author":1,"featured_media":0,"parent":0,"menu_order":0,"comment_status":"closed","ping_status":"closed","template":"","meta":{"_acf_changed":false,"footnotes":""},"class_list":["post-14111","page","type-page","status-publish","hentry","programmes-infectious-diseases"],"acf":[],"yoast_head":"<!-- This site is optimized with the Yoast SEO plugin v27.5 - https:\/\/yoast.com\/product\/yoast-seo-wordpress\/ -->\n<title>Sommets des citoyens pour partager votre exp\u00e9rience sur la p\u00e9riode de la pand\u00e9mie de COVID-19 - euPrevent<\/title>\n<meta name=\"robots\" content=\"index, follow, max-snippet:-1, max-image-preview:large, max-video-preview:-1\" \/>\n<link rel=\"canonical\" href=\"https:\/\/euprevent.eu\/fr\/summits-covid\/\" \/>\n<meta property=\"og:locale\" content=\"fr_FR\" \/>\n<meta property=\"og:type\" content=\"article\" \/>\n<meta property=\"og:title\" content=\"Sommets des citoyens pour partager votre exp\u00e9rience sur la p\u00e9riode de la pand\u00e9mie de COVID-19 - euPrevent\" \/>\n<meta property=\"og:description\" content=\"[vc_row css_animation=\u00a0\u00bbnone\u00a0\u00bb css=\u00a0\u00bb.vc_custom_1557822818338{margin-right: 0px !important;margin-left: 0px !important;background-image: url(https:\/\/euprevent.eu\/wp-content\/uploads\/2019\/05\/header-new.jpg?id=8846) !important;background-position: center !important;background-repeat: no-repeat !important;background-size: cover !important;}\u00a0\u00bb el_class=\u00a0\u00bbevent-header\u00a0\u00bb][vc_column][vc_column_text] Sommets des citoyens pour partager votre exp\u00e9rience sur la p\u00e9riode de la pand\u00e9mie de COVID-19 [\/vc_column_text][\/vc_column][\/vc_row][vc_row css=\u00a0\u00bb.vc_custom_1544439585677{margin-top: 0px !important;margin-bottom: 0px !important;padding-top: 0px !important;padding-bottom: 0px !important;}\u00a0\u00bb][vc_column css=\u00a0\u00bb.vc_custom_1544439773644{padding-top: 10px !important;padding-bottom: 60px !important;}\u00a0\u00bb][vc_single_image image=\u00a0\u00bb9547&Prime; img_size=\u00a0\u00bbfull\u00a0\u00bb alignment=\u00a0\u00bbcenter\u00a0\u00bb css=\u00a0\u00bb.vc_custom_1560338276244{margin-bottom: 0px !important;}\u00a0\u00bb][\/vc_column][\/vc_row][vc_row][vc_column][vc_tta_tour][vc_tta_section title=\u00a0\u00bbInformations g\u00e9n\u00e9rales\u00a0\u00bb tab_id=\u00a0\u00bb1544446108348-7446cd86-24db\u00a0\u00bb][vc_row_inner][vc_column_inner][vc_column_text] [&hellip;]\" \/>\n<meta property=\"og:url\" content=\"https:\/\/euprevent.eu\/fr\/summits-covid\/\" \/>\n<meta property=\"og:site_name\" content=\"euPrevent\" \/>\n<meta property=\"article:modified_time\" content=\"2021-04-08T09:49:02+00:00\" \/>\n<meta name=\"twitter:card\" content=\"summary_large_image\" \/>\n<meta name=\"twitter:label1\" content=\"Dur\u00e9e de lecture estim\u00e9e\" \/>\n\t<meta name=\"twitter:data1\" content=\"2 minutes\" \/>\n<script type=\"application\/ld+json\" class=\"yoast-schema-graph\">{\"@context\":\"https:\\\/\\\/schema.org\",\"@graph\":[{\"@type\":\"WebPage\",\"@id\":\"https:\\\/\\\/euprevent.eu\\\/fr\\\/summits-covid\\\/\",\"url\":\"https:\\\/\\\/euprevent.eu\\\/fr\\\/summits-covid\\\/\",\"name\":\"Sommets des citoyens pour partager votre exp\u00e9rience sur la p\u00e9riode de la pand\u00e9mie de COVID-19 - euPrevent\",\"isPartOf\":{\"@id\":\"https:\\\/\\\/euprevent.eu\\\/fr\\\/#website\"},\"datePublished\":\"2021-03-15T09:02:28+00:00\",\"dateModified\":\"2021-04-08T09:49:02+00:00\",\"breadcrumb\":{\"@id\":\"https:\\\/\\\/euprevent.eu\\\/fr\\\/summits-covid\\\/#breadcrumb\"},\"inLanguage\":\"fr-FR\",\"potentialAction\":[{\"@type\":\"ReadAction\",\"target\":[\"https:\\\/\\\/euprevent.eu\\\/fr\\\/summits-covid\\\/\"]}]},{\"@type\":\"BreadcrumbList\",\"@id\":\"https:\\\/\\\/euprevent.eu\\\/fr\\\/summits-covid\\\/#breadcrumb\",\"itemListElement\":[{\"@type\":\"ListItem\",\"position\":1,\"name\":\"Home\",\"item\":\"https:\\\/\\\/euprevent.eu\\\/fr\\\/\"},{\"@type\":\"ListItem\",\"position\":2,\"name\":\"Sommets des citoyens pour partager votre exp\u00e9rience sur la p\u00e9riode de la pand\u00e9mie de COVID-19\"}]},{\"@type\":\"WebSite\",\"@id\":\"https:\\\/\\\/euprevent.eu\\\/fr\\\/#website\",\"url\":\"https:\\\/\\\/euprevent.eu\\\/fr\\\/\",\"name\":\"euPrevent\",\"description\":\"euPrevent is a Euroregional network that focuses on promoting health. Within this network, sustainable partnerships seek to increase the quality of life of residents in the border region between the Netherlands, Belgium and Germany.\",\"potentialAction\":[{\"@type\":\"SearchAction\",\"target\":{\"@type\":\"EntryPoint\",\"urlTemplate\":\"https:\\\/\\\/euprevent.eu\\\/fr\\\/?s={search_term_string}\"},\"query-input\":{\"@type\":\"PropertyValueSpecification\",\"valueRequired\":true,\"valueName\":\"search_term_string\"}}],\"inLanguage\":\"fr-FR\"}]}<\/script>\n<!-- \/ Yoast SEO plugin. -->","yoast_head_json":{"title":"Sommets des citoyens pour partager votre exp\u00e9rience sur la p\u00e9riode de la pand\u00e9mie de COVID-19 - euPrevent","robots":{"index":"index","follow":"follow","max-snippet":"max-snippet:-1","max-image-preview":"max-image-preview:large","max-video-preview":"max-video-preview:-1"},"canonical":"https:\/\/euprevent.eu\/fr\/summits-covid\/","og_locale":"fr_FR","og_type":"article","og_title":"Sommets des citoyens pour partager votre exp\u00e9rience sur la p\u00e9riode de la pand\u00e9mie de COVID-19 - euPrevent","og_description":"[vc_row css_animation=\u00a0\u00bbnone\u00a0\u00bb css=\u00a0\u00bb.vc_custom_1557822818338{margin-right: 0px !important;margin-left: 0px !important;background-image: url(https:\/\/euprevent.eu\/wp-content\/uploads\/2019\/05\/header-new.jpg?id=8846) !important;background-position: center !important;background-repeat: no-repeat !important;background-size: cover !important;}\u00a0\u00bb el_class=\u00a0\u00bbevent-header\u00a0\u00bb][vc_column][vc_column_text] Sommets des citoyens pour partager votre exp\u00e9rience sur la p\u00e9riode de la pand\u00e9mie de COVID-19 [\/vc_column_text][\/vc_column][\/vc_row][vc_row css=\u00a0\u00bb.vc_custom_1544439585677{margin-top: 0px !important;margin-bottom: 0px !important;padding-top: 0px !important;padding-bottom: 0px !important;}\u00a0\u00bb][vc_column css=\u00a0\u00bb.vc_custom_1544439773644{padding-top: 10px !important;padding-bottom: 60px !important;}\u00a0\u00bb][vc_single_image image=\u00a0\u00bb9547&Prime; img_size=\u00a0\u00bbfull\u00a0\u00bb alignment=\u00a0\u00bbcenter\u00a0\u00bb css=\u00a0\u00bb.vc_custom_1560338276244{margin-bottom: 0px !important;}\u00a0\u00bb][\/vc_column][\/vc_row][vc_row][vc_column][vc_tta_tour][vc_tta_section title=\u00a0\u00bbInformations g\u00e9n\u00e9rales\u00a0\u00bb tab_id=\u00a0\u00bb1544446108348-7446cd86-24db\u00a0\u00bb][vc_row_inner][vc_column_inner][vc_column_text] [&hellip;]","og_url":"https:\/\/euprevent.eu\/fr\/summits-covid\/","og_site_name":"euPrevent","article_modified_time":"2021-04-08T09:49:02+00:00","twitter_card":"summary_large_image","twitter_misc":{"Dur\u00e9e de lecture estim\u00e9e":"2 minutes"},"schema":{"@context":"https:\/\/schema.org","@graph":[{"@type":"WebPage","@id":"https:\/\/euprevent.eu\/fr\/summits-covid\/","url":"https:\/\/euprevent.eu\/fr\/summits-covid\/","name":"Sommets des citoyens pour partager votre exp\u00e9rience sur la p\u00e9riode de la pand\u00e9mie de COVID-19 - euPrevent","isPartOf":{"@id":"https:\/\/euprevent.eu\/fr\/#website"},"datePublished":"2021-03-15T09:02:28+00:00","dateModified":"2021-04-08T09:49:02+00:00","breadcrumb":{"@id":"https:\/\/euprevent.eu\/fr\/summits-covid\/#breadcrumb"},"inLanguage":"fr-FR","potentialAction":[{"@type":"ReadAction","target":["https:\/\/euprevent.eu\/fr\/summits-covid\/"]}]},{"@type":"BreadcrumbList","@id":"https:\/\/euprevent.eu\/fr\/summits-covid\/#breadcrumb","itemListElement":[{"@type":"ListItem","position":1,"name":"Home","item":"https:\/\/euprevent.eu\/fr\/"},{"@type":"ListItem","position":2,"name":"Sommets des citoyens pour partager votre exp\u00e9rience sur la p\u00e9riode de la pand\u00e9mie de COVID-19"}]},{"@type":"WebSite","@id":"https:\/\/euprevent.eu\/fr\/#website","url":"https:\/\/euprevent.eu\/fr\/","name":"euPrevent","description":"euPrevent is a Euroregional network that focuses on promoting health. Within this network, sustainable partnerships seek to increase the quality of life of residents in the border region between the Netherlands, Belgium and Germany.","potentialAction":[{"@type":"SearchAction","target":{"@type":"EntryPoint","urlTemplate":"https:\/\/euprevent.eu\/fr\/?s={search_term_string}"},"query-input":{"@type":"PropertyValueSpecification","valueRequired":true,"valueName":"search_term_string"}}],"inLanguage":"fr-FR"}]}},"_links":{"self":[{"href":"https:\/\/euprevent.eu\/fr\/wp-json\/wp\/v2\/pages\/14111","targetHints":{"allow":["GET"]}}],"collection":[{"href":"https:\/\/euprevent.eu\/fr\/wp-json\/wp\/v2\/pages"}],"about":[{"href":"https:\/\/euprevent.eu\/fr\/wp-json\/wp\/v2\/types\/page"}],"author":[{"embeddable":true,"href":"https:\/\/euprevent.eu\/fr\/wp-json\/wp\/v2\/users\/1"}],"replies":[{"embeddable":true,"href":"https:\/\/euprevent.eu\/fr\/wp-json\/wp\/v2\/comments?post=14111"}],"version-history":[{"count":5,"href":"https:\/\/euprevent.eu\/fr\/wp-json\/wp\/v2\/pages\/14111\/revisions"}],"predecessor-version":[{"id":14357,"href":"https:\/\/euprevent.eu\/fr\/wp-json\/wp\/v2\/pages\/14111\/revisions\/14357"}],"wp:attachment":[{"href":"https:\/\/euprevent.eu\/fr\/wp-json\/wp\/v2\/media?parent=14111"}],"curies":[{"name":"wp","href":"https:\/\/api.w.org\/{rel}","templated":true}]}}