


{"id":13778,"date":"2020-12-19T14:58:01","date_gmt":"2020-12-19T14:58:01","guid":{"rendered":"https:\/\/euprevent.eu\/?page_id=13778"},"modified":"2022-02-10T17:02:16","modified_gmt":"2022-02-10T16:02:16","slug":"recherche-sur-le-corona-dans-la-region-frontaliere","status":"publish","type":"page","link":"https:\/\/euprevent.eu\/fr\/recherche-sur-le-corona-dans-la-region-frontaliere\/","title":{"rendered":"Recherche sur le corona dans la r\u00e9gion frontali\u00e8re"},"content":{"rendered":"<section class=\"wpb-content-wrapper\"><p>[vc_row][vc_column][vc_column_text]<\/p>\n<h1>Mission &lsquo;Recherche sur le corona dans la r\u00e9gion frontali\u00e8re de Rh\u00e9nanie-du-Nord-Westphalie-Pays-Bas&rsquo;<\/h1>\n<p>Les r\u00e9gions frontali\u00e8res ont souffert de l&rsquo;impact de COVID-19. Cette mission vise donc \u00e0 examiner les effets de la propagation du virus corona dans les r\u00e9gions frontali\u00e8res de Rh\u00e9nanie-du-Nord-Westphalie-Pays-Bas. En analysant la propagation du virus dans ces r\u00e9gions frontali\u00e8res et en la comparant avec les mod\u00e8les nationaux, ce projet vise \u00e0 fournir un aper\u00e7u des mesures politiques pertinentes (par exemple, la fermeture des fronti\u00e8res), afin de d\u00e9terminer si elles sont efficaces pour contr\u00f4ler la propagation du virus. Il est \u00e0 esp\u00e9rer que les connaissances acquises dans le cadre de ce projet pourront \u00eatre utiles \u00e0 l&rsquo;\u00e9laboration de politiques futures pour le traitement de crises similaires.[\/vc_column_text][\/vc_column][\/vc_row][vc_row][vc_column][vc_column_text]<\/p>\n<h2>Contexte<\/h2>\n<p>Les gouvernements de Rh\u00e9nanie-du-Nord-Westphalie et des Pays-Bas travaillent en \u00e9troite collaboration pour faire face \u00e0 la crise COVID-19. Une structure distincte a \u00e9t\u00e9 mise en place pour la coop\u00e9ration transfrontali\u00e8re dans la r\u00e9gion frontali\u00e8re entre les Pays-Bas et la Rh\u00e9nanie-du-Nord-Westphalie, appel\u00e9e GROS-Gouvernance NRW-NL. Cette gouvernance GROS comprend un comit\u00e9 directeur auquel participent les membres suivants du conseil d&rsquo;administration :<\/p>\n<ul>\n<li>Ministre Holthoff-Porter de la Rh\u00e9nanie du Nord-Westphalie,<\/li>\n<li>Secr\u00e9taire d&rsquo;\u00c9tat des Pays-Bas Knops,<\/li>\n<li>Le commissaire du Roi Bovens pour la province du Limbourg au nom des 3 provinces frontali\u00e8res Overijssel, Gelderland et Limbourg.<\/li>\n<\/ul>\n<p>Lors de sa r\u00e9union en septembre 2020, ce comit\u00e9 directeur a demand\u00e9 des enqu\u00eates compl\u00e9mentaires en rapport avec Corona (COVID-19). La Province du Limbourg est la partie contractante au nom des 3 parties mentionn\u00e9es ci-dessus. Dans ce contexte, la Fondation euPrevent a \u00e9t\u00e9 mandat\u00e9e pour d\u00e9velopper cette mission.[\/vc_column_text][\/vc_column][\/vc_row][vc_row][vc_column][vc_column_text]<\/p>\n<h2>Cadre<\/h2>\n<p><strong>Groupe cible final: <\/strong>citoyens des r\u00e9gions frontali\u00e8res de Rh\u00e9nanie du Nord-Westphalie-Pays-Bas et du Limbourg belge ; experts de ces r\u00e9gions frontali\u00e8res sur les questions li\u00e9es \u00e0 COVID-19.<\/p>\n<p><strong>Dur\u00e9e:<\/strong> 15 d\u00e9cembre 2020 &#8211; 31 mai 2021<\/p>\n<p><strong>Organisme de financement:<\/strong> La province du Limbourg en tant que partenaire contractuel pour cette mission.<\/p>\n<p><strong>Partenaires:<\/strong> euPrevent (chef de file), GGD South Limburg, Sciensano, UM[\/vc_column_text][\/vc_column][\/vc_row][vc_row][vc_column][vc_column_text]<\/p>\n<h2>Objectif de la mission<\/h2>\n<p>Cette mission se concentre sur l&rsquo;analyse de la dimension transfrontali\u00e8re de la propagation du virus dans la r\u00e9gion frontali\u00e8re de la Rh\u00e9nanie-du-Nord-Westphalie-Pays-Bas, et la r\u00e9gion frontali\u00e8re du Limbourg belge est \u00e9galement incluse comme cadre de r\u00e9f\u00e9rence.[\/vc_column_text][\/vc_column][\/vc_row][vc_row][vc_column][vc_column_text]<\/p>\n<h2>Recherche<\/h2>\n<p>Des recherches qualitatives et quantitatives seront men\u00e9es dans le cadre de cette mission. Les principales questions de recherche \u00e0 examiner sont les suivantes : s&rsquo;il existe des diff\u00e9rences significatives dans la propagation du COVID-19 aux Pays-Bas et en Rh\u00e9nanie-du-Nord-Westphalie, et si et comment elles sont li\u00e9es aux diff\u00e9rentes mesures politiques ; si la propagation du virus dans les r\u00e9gions frontali\u00e8res est diff\u00e9rente de la propagation au niveau national.<\/p>\n<p>Pour la recherche quantitative, les sources de donn\u00e9es existantes seront utilis\u00e9es et divers indicateurs seront inclus, tels que le nombre de personnes test\u00e9es, le nombre d&rsquo;infections, le nombre de s\u00e9jours \u00e0 l&rsquo;h\u00f4pital et le nombre de d\u00e9c\u00e8s li\u00e9s au COVID-19.<\/p>\n<p>Pour l&rsquo;\u00e9tude qualitative, des experts comp\u00e9tents des zones frontali\u00e8res seront interrog\u00e9s.<\/p>\n<p>For the qualitative research, relevant experts in the border areas will be interviewed.[\/vc_column_text][\/vc_column][\/vc_row][vc_row][vc_column][vc_column_text]<\/p>\n<h2>R\u00e9sultats<\/h2>\n<p>Les deux principaux r\u00e9sultats seront :<\/p>\n<ol>\n<li>Un rapport final sera remis pour couvrir le r\u00e9sultat de l&rsquo;\u00e9tude qualitative et quantitative, pour donner des r\u00e9ponses aux questions principales de la recherche et pour formuler quelques recommandations politiques.<\/li>\n<li>Cartes de la zone frontali\u00e8re visualisant les indicateurs qui seront mis \u00e0 jour toutes les deux semaines \u00e0 partir de mars 2020.<\/li>\n<\/ol>\n<p>[\/vc_column_text][\/vc_column][\/vc_row][vc_row][vc_column][vc_column_text]\t<div class=\"clearfix\"><\/div>\r\n\t<div class=\"panel-events_and_news\">\r\n\t\t<div class=\"row\">\r\n\r\n            \r\n            \t\t\t<div class=\"col-sm-12 col-md-6\" id=\"events\">\r\n\t\t\t\t<h3>Ev\u00e9nements<\/h3>\r\n\t\t\t\t\t\t\t\t\t<p class=\"text-muted text-center\" style=\"margin:60px 0;\">Pas d'\u00e9v\u00e9nements<\/p>\r\n\t\t\t\t\t\t\t\t<\/div>\r\n\r\n            \r\n            \t\t\t<div class=\"col-sm-12 col-md-6\" id=\"news\">\r\n\t\t\t\t<h3>Nouvelles<\/h3>\r\n\t\t\t\t\t\t\t\t\t\t\t\t\t\t\t<div class=\"newsitem\">\r\n\t\t\t\t\t\t\t<a class=\"overlay\" href=\"https:\/\/euprevent.eu\/fr\/nouveau-rapport-le-developpement-de-la-covid-19-dans-la-zone-frontaliere-des-pays-bas-de-la-rhenanie-du-nord-westphalie-et-de-la-belgique\/\"><\/a>\r\n                            <div class=\"thumb pull-left\" style=\"background-image: url('https:\/\/euprevent.eu\/wp-content\/uploads\/2021\/09\/Euregio-Dashboard-Covid_19_A3_spread_web.jpg');\"><\/div>\r\n\t\t\t\t\t\t\t<div class=\"news-info-table\">\r\n\t\t\t\t\t\t\t\t<div class=\"news-info-table-row\">\r\n\t\t\t\t\t\t\t\t\t<div class=\"news-info-table-cell\">\r\n\t\t\t\t\t\t\t\t\t\t<p>22 October 2021<\/p>\r\n\t\t\t\t\t\t\t\t\t\t<h3>Nouveau rapport: Le d\u00e9veloppement de la COVID-19 dans la zone frontali\u00e8re des Pays-Bas, de la Rh\u00e9nanie du Nord-Westphalie et de la Belgique<\/h3>\r\n\t\t\t\t\t\t\t\t\t<\/div>\r\n\t\t\t\t\t\t\t\t<\/div>\r\n\t\t\t\t\t\t\t<\/div>\r\n\t\t\t\t\t\t<\/div>\r\n\t\t\t\t\t\t\t\t\t\t\t\t<div class=\"newsitem\">\r\n\t\t\t\t\t\t\t<a class=\"overlay\" href=\"https:\/\/euprevent.eu\/fr\/beyond-borders-breakfast-debate-on-public-service-delivery-and-cooperation-during-the-covid-19-pandemic\/\"><\/a>\r\n                            <div class=\"thumb pull-left\" style=\"background-image: url('https:\/\/euprevent.eu\/wp-content\/uploads\/2021\/02\/Capture.png');\"><\/div>\r\n\t\t\t\t\t\t\t<div class=\"news-info-table\">\r\n\t\t\t\t\t\t\t\t<div class=\"news-info-table-row\">\r\n\t\t\t\t\t\t\t\t\t<div class=\"news-info-table-cell\">\r\n\t\t\t\t\t\t\t\t\t\t<p>9 February 2021<\/p>\r\n\t\t\t\t\t\t\t\t\t\t<h3>\"Au-del\u00e0 des fronti\u00e8res: Petit-d\u00e9jeuner d\u00e9bat\" sur la prestation de services publics et la coop\u00e9ration pendant la pand\u00e9mie COVID-19<\/h3>\r\n\t\t\t\t\t\t\t\t\t<\/div>\r\n\t\t\t\t\t\t\t\t<\/div>\r\n\t\t\t\t\t\t\t<\/div>\r\n\t\t\t\t\t\t<\/div>\r\n\t\t\t\t\t\t\t\t\t\t\t\t<div class=\"newsitem\">\r\n\t\t\t\t\t\t\t<a class=\"overlay\" href=\"https:\/\/euprevent.eu\/fr\/assignment-corona-research-in-the-border-region-of-north-rhine-westphalia-netherlands\/\"><\/a>\r\n                            <div class=\"thumb pull-left\" style=\"background-image: url('');\"><\/div>\r\n\t\t\t\t\t\t\t<div class=\"news-info-table\">\r\n\t\t\t\t\t\t\t\t<div class=\"news-info-table-row\">\r\n\t\t\t\t\t\t\t\t\t<div class=\"news-info-table-cell\">\r\n\t\t\t\t\t\t\t\t\t\t<p>19 December 2020<\/p>\r\n\t\t\t\t\t\t\t\t\t\t<h3>Mission 'Recherche sur le corona dans la r\u00e9gion frontali\u00e8re de Rh\u00e9nanie-du-Nord-Westphalie-Pays-Bas'<\/h3>\r\n\t\t\t\t\t\t\t\t\t<\/div>\r\n\t\t\t\t\t\t\t\t<\/div>\r\n\t\t\t\t\t\t\t<\/div>\r\n\t\t\t\t\t\t<\/div>\r\n\t\t\t\t\t\t\t\t\t\t\t<div class=\"text-center p-5\"><a class=\"btn btn-sm btn-default\" href=\"https:\/\/euprevent.eu\/fr\/nouvelles\/\">Toutes les nouvelles<\/a><\/div>\r\n\t\t\t\t\t\t\t\t<\/div>\r\n            \r\n\t\t<\/div>\r\n\t<\/div>\r\n\r\n\t[\/vc_column_text][\/vc_column][\/vc_row][vc_row][vc_column][vc_column_text]        <div class=\"clearfix\"><\/div>\n\n        <h2>Publications<\/h2>\n        <div class=\"expandable-wrapper\">\n            <ul class=\"list-publications list-publications-month list-group  list-publications-gradienteffect\">\n                                    <li class=\"list-group-item\">\n                        <a href=\"https:\/\/euprevent.eu\/wp-content\/uploads\/2021\/09\/Euregio-Dashboard-Covid_19_A3_spread_web.pdf\" target=\"_blank\">\n                            <div class=\"row vcenter\">\n                                <div class=\"col-img col-xs-1 text-center\"><img decoding=\"async\"\n                                            src=\"https:\/\/euprevent.eu\/wp-content\/uploads\/2021\/09\/Euregio-Dashboard-Covid_19_A3_spread_web.jpg\"\/>\n                                <\/div>\n                                <div class=\"col-xs-10\">\n                                    <div class=\"publication-title\">The COVID-19 Euregional Atlas (EN, NL, DE and FR)<\/div>\n                                <\/div>\n                                <div class=\"col-xs-1\">\n                                                                            <span class=\"label label-light\"><i\n                                                    class=\"fa fa-download\"><\/i><\/span>\n                                                                        <\/div>\n                            <\/div>\n                        <\/a>\n                    <\/li>\n                                        <li class=\"list-group-item\">\n                        <a href=\"https:\/\/euprevent.eu\/wp-content\/uploads\/2021\/10\/Bericht-Covid-im-Grenzgebiet-NL-NRW-BE-1.pdf\" target=\"_blank\">\n                            <div class=\"row vcenter\">\n                                <div class=\"col-img col-xs-1 text-center\"><img decoding=\"async\"\n                                            src=\"https:\/\/euprevent.eu\/wp-content\/uploads\/2021\/09\/Euregio-Dashboard-Covid_19_A3_spread_web.jpg\"\/>\n                                <\/div>\n                                <div class=\"col-xs-10\">\n                                    <div class=\"publication-title\">Die Entwicklung von COVID-19 im Grenzgebiet der Niederlande, Nordrhein-Westfalens und Belgiens (DE)<\/div>\n                                <\/div>\n                                <div class=\"col-xs-1\">\n                                                                            <span class=\"label label-light\"><i\n                                                    class=\"fa fa-download\"><\/i><\/span>\n                                                                        <\/div>\n                            <\/div>\n                        <\/a>\n                    <\/li>\n                                        <li class=\"list-group-item\">\n                        <a href=\"https:\/\/euprevent.eu\/wp-content\/uploads\/2021\/10\/rapport-covid-NL-NRW-BE-FR.pdf\" target=\"_blank\">\n                            <div class=\"row vcenter\">\n                                <div class=\"col-img col-xs-1 text-center\"><img decoding=\"async\"\n                                            src=\"https:\/\/euprevent.eu\/wp-content\/uploads\/2021\/09\/Euregio-Dashboard-Covid_19_A3_spread_web.jpg\"\/>\n                                <\/div>\n                                <div class=\"col-xs-10\">\n                                    <div class=\"publication-title\">Le d\u00e9veloppement de la COVID-19 dans la zone frontali\u00e8re des Pays-Bas, de la Rh\u00e9nanie du Nord-Westphalie et de la Belgique (FR)<\/div>\n                                <\/div>\n                                <div class=\"col-xs-1\">\n                                                                            <span class=\"label label-light\"><i\n                                                    class=\"fa fa-download\"><\/i><\/span>\n                                                                        <\/div>\n                            <\/div>\n                        <\/a>\n                    <\/li>\n                                        <li class=\"list-group-item\">\n                        <a href=\"https:\/\/euprevent.eu\/wp-content\/uploads\/2021\/10\/Rapport-Covid-in-het-grensgebied-NL-NRW-BE.pdf\" target=\"_blank\">\n                            <div class=\"row vcenter\">\n                                <div class=\"col-img col-xs-1 text-center\"><img decoding=\"async\"\n                                            src=\"https:\/\/euprevent.eu\/wp-content\/uploads\/2021\/09\/Euregio-Dashboard-Covid_19_A3_spread_web.jpg\"\/>\n                                <\/div>\n                                <div class=\"col-xs-10\">\n                                    <div class=\"publication-title\">Rapport: De ontwikkeling van COVID-19 in het grensgebied van Nederland, Noordrijn-Westfalen en Belgi\u00eb (NL)<\/div>\n                                <\/div>\n                                <div class=\"col-xs-1\">\n                                                                            <span class=\"label label-light\"><i\n                                                    class=\"fa fa-download\"><\/i><\/span>\n                                                                        <\/div>\n                            <\/div>\n                        <\/a>\n                    <\/li>\n                                        <li class=\"list-group-item\">\n                        <a href=\"https:\/\/euprevent.eu\/wp-content\/uploads\/2021\/10\/report-covid-in-the-border-region-NL-NRW-BE-2.pdf\" target=\"_blank\">\n                            <div class=\"row vcenter\">\n                                <div class=\"col-img col-xs-1 text-center\"><img decoding=\"async\"\n                                            src=\"https:\/\/euprevent.eu\/wp-content\/uploads\/2021\/09\/Euregio-Dashboard-Covid_19_A3_spread_web.jpg\"\/>\n                                <\/div>\n                                <div class=\"col-xs-10\">\n                                    <div class=\"publication-title\">The development of COVID-19 in the border area of the Netherlands, North Rhine-Westphalia and Belgium (EN)<\/div>\n                                <\/div>\n                                <div class=\"col-xs-1\">\n                                                                            <span class=\"label label-light\"><i\n                                                    class=\"fa fa-download\"><\/i><\/span>\n                                                                        <\/div>\n                            <\/div>\n                        <\/a>\n                    <\/li>\n                    \n            <\/ul>\n                            <div class=\"text-center\">\n                    <a href=\"javascript:void(0);\"\n                       class=\"btn btn-sm btn-default openmore-list-publications\"> montre tout<\/a>\n                <\/div>\n                        <\/div>\n\n        [\/vc_column_text][\/vc_column][\/vc_row][vc_row][vc_column][vc_column_text]        <div class=\"clearfix\"><\/div>\n\n        <h2>Dans les m\u00e9dias<\/h2>\n        <div class=\"expandable-wrapper\">\n            <ul class=\"list-mediapublications list-mediapublications-month list-group  \">\n                                    <li class=\"list-group-item\">\n                        <a href=\"https:\/\/www.euro.who.int\/en\/about-us\/networks\/regions-for-health-network-rhn\/news\/news\/2022\/01\/impact-of-covid-19-on-cross-border-regions-meuse-rhine-euroregion\" target=\"_blank\">\n                            <div class=\"row vcenter\">\n                                <div class=\"col-xs-11\">\n                                    <div class=\"mediapublication-title\">Impact of COVID-19 on cross-border regions: Meuse-Rhine Euroregion<\/div>\n                                    <div class=\"mediapublication-subtitle\"><span class=\"text-muted\">\n                                                12-01-2022<\/span> - WHO Regions for Health Network (RHN)                                    <\/div>\n                                <\/div>\n                                <div class=\"col-xs-1\">\n                                                                            <span class=\"label label-light\"><i\n                                                    class=\"fa fa-link\"><\/i><\/span>\n                                                                        <\/div>\n                            <\/div>\n                        <\/a>\n                    <\/li>\n                                        <li class=\"list-group-item\">\n                        <a href=\"https:\/\/www.rijksoverheid.nl\/actueel\/nieuws\/2021\/09\/30\/gezamenlijke-corona-verklaring-gepresenteerd-op-grenslandconferentie\" target=\"_blank\">\n                            <div class=\"row vcenter\">\n                                <div class=\"col-xs-11\">\n                                    <div class=\"mediapublication-title\">Gezamenlijke Corona-verklaring gepresenteerd op Grenslandconferentie<\/div>\n                                    <div class=\"mediapublication-subtitle\"><span class=\"text-muted\">\n                                                30-09-2021<\/span> - Rijksoverheid                                    <\/div>\n                                <\/div>\n                                <div class=\"col-xs-1\">\n                                                                            <span class=\"label label-light\"><i\n                                                    class=\"fa fa-link\"><\/i><\/span>\n                                                                        <\/div>\n                            <\/div>\n                        <\/a>\n                    <\/li>\n                                        <li class=\"list-group-item\">\n                        <a href=\"https:\/\/www.duesseldorf.de\/gesundheitsamt\/aktuelles\/news\/newsdetail\/deutsch-niederlaendische-kooperation-eu-projekt-nachhaltig-gesunde-euregio-rhein-maas-nord.html\" target=\"_blank\">\n                            <div class=\"row vcenter\">\n                                <div class=\"col-xs-11\">\n                                    <div class=\"mediapublication-title\">Deutsch-niederl\u00e4ndische Kooperation: EU-Projekt nachhaltig gesunde Euregio Rhein-Maas-Nord<\/div>\n                                    <div class=\"mediapublication-subtitle\"><span class=\"text-muted\">\n                                                07-10-2020<\/span> - Landeshauptstadt D\u00fcsseldorf                                    <\/div>\n                                <\/div>\n                                <div class=\"col-xs-1\">\n                                                                            <span class=\"label label-light\"><i\n                                                    class=\"fa fa-link\"><\/i><\/span>\n                                                                        <\/div>\n                            <\/div>\n                        <\/a>\n                    <\/li>\n                                        <li class=\"list-group-item\">\n                        <a href=\"https:\/\/www.grenspostdusseldorf.nl\/wp-content\/uploads\/2020\/08\/Covid-rapport-NRW-7-augustus-2020.pdf\" target=\"_blank\">\n                            <div class=\"row vcenter\">\n                                <div class=\"col-xs-11\">\n                                    <div class=\"mediapublication-title\">COVID Rapport NRW 7 augustus 2020<\/div>\n                                    <div class=\"mediapublication-subtitle\"><span class=\"text-muted\">\n                                                07-08-2020<\/span> - Grenspost Dusseldorf                                    <\/div>\n                                <\/div>\n                                <div class=\"col-xs-1\">\n                                                                            <span class=\"label label-light\"><i\n                                                    class=\"fa fa-link\"><\/i><\/span>\n                                                                        <\/div>\n                            <\/div>\n                        <\/a>\n                    <\/li>\n                    \n            <\/ul>\n                    <\/div>\n\n        [\/vc_column_text][\/vc_column][\/vc_row]<\/p>\n<\/section>","protected":false},"excerpt":{"rendered":"<p>[vc_row][vc_column][vc_column_text] Mission &lsquo;Recherche sur le corona dans la r\u00e9gion frontali\u00e8re de Rh\u00e9nanie-du-Nord-Westphalie-Pays-Bas&rsquo; Les r\u00e9gions frontali\u00e8res ont souffert de l&rsquo;impact de COVID-19. Cette mission vise donc \u00e0 examiner les effets de la propagation du virus corona dans les r\u00e9gions frontali\u00e8res de Rh\u00e9nanie-du-Nord-Westphalie-Pays-Bas. En analysant la propagation du virus dans ces r\u00e9gions frontali\u00e8res et en la comparant [&hellip;]<\/p>\n","protected":false},"author":3,"featured_media":0,"parent":0,"menu_order":0,"comment_status":"closed","ping_status":"closed","template":"","meta":{"_acf_changed":false,"footnotes":""},"class_list":["post-13778","page","type-page","status-publish","hentry","programmes-infectious-diseases"],"acf":[],"yoast_head":"<!-- This site is optimized with the Yoast SEO plugin v27.5 - https:\/\/yoast.com\/product\/yoast-seo-wordpress\/ -->\n<title>Recherche sur le corona dans la r\u00e9gion frontali\u00e8re - euPrevent<\/title>\n<meta name=\"robots\" content=\"index, follow, max-snippet:-1, max-image-preview:large, max-video-preview:-1\" \/>\n<link rel=\"canonical\" href=\"https:\/\/euprevent.eu\/fr\/recherche-sur-le-corona-dans-la-region-frontaliere\/\" \/>\n<meta property=\"og:locale\" content=\"fr_FR\" \/>\n<meta property=\"og:type\" content=\"article\" \/>\n<meta property=\"og:title\" content=\"Recherche sur le corona dans la r\u00e9gion frontali\u00e8re - euPrevent\" \/>\n<meta property=\"og:description\" content=\"[vc_row][vc_column][vc_column_text] Mission &lsquo;Recherche sur le corona dans la r\u00e9gion frontali\u00e8re de Rh\u00e9nanie-du-Nord-Westphalie-Pays-Bas&rsquo; Les r\u00e9gions frontali\u00e8res ont souffert de l&rsquo;impact de COVID-19. Cette mission vise donc \u00e0 examiner les effets de la propagation du virus corona dans les r\u00e9gions frontali\u00e8res de Rh\u00e9nanie-du-Nord-Westphalie-Pays-Bas. En analysant la propagation du virus dans ces r\u00e9gions frontali\u00e8res et en la comparant [&hellip;]\" \/>\n<meta property=\"og:url\" content=\"https:\/\/euprevent.eu\/fr\/recherche-sur-le-corona-dans-la-region-frontaliere\/\" \/>\n<meta property=\"og:site_name\" content=\"euPrevent\" \/>\n<meta property=\"article:modified_time\" content=\"2022-02-10T16:02:16+00:00\" \/>\n<meta name=\"twitter:card\" content=\"summary_large_image\" \/>\n<meta name=\"twitter:label1\" content=\"Dur\u00e9e de lecture estim\u00e9e\" \/>\n\t<meta name=\"twitter:data1\" content=\"3 minutes\" \/>\n<script type=\"application\/ld+json\" class=\"yoast-schema-graph\">{\"@context\":\"https:\\\/\\\/schema.org\",\"@graph\":[{\"@type\":\"WebPage\",\"@id\":\"https:\\\/\\\/euprevent.eu\\\/fr\\\/recherche-sur-le-corona-dans-la-region-frontaliere\\\/\",\"url\":\"https:\\\/\\\/euprevent.eu\\\/fr\\\/recherche-sur-le-corona-dans-la-region-frontaliere\\\/\",\"name\":\"Recherche sur le corona dans la r\u00e9gion frontali\u00e8re - euPrevent\",\"isPartOf\":{\"@id\":\"https:\\\/\\\/euprevent.eu\\\/fr\\\/#website\"},\"datePublished\":\"2020-12-19T14:58:01+00:00\",\"dateModified\":\"2022-02-10T16:02:16+00:00\",\"breadcrumb\":{\"@id\":\"https:\\\/\\\/euprevent.eu\\\/fr\\\/recherche-sur-le-corona-dans-la-region-frontaliere\\\/#breadcrumb\"},\"inLanguage\":\"fr-FR\",\"potentialAction\":[{\"@type\":\"ReadAction\",\"target\":[\"https:\\\/\\\/euprevent.eu\\\/fr\\\/recherche-sur-le-corona-dans-la-region-frontaliere\\\/\"]}]},{\"@type\":\"BreadcrumbList\",\"@id\":\"https:\\\/\\\/euprevent.eu\\\/fr\\\/recherche-sur-le-corona-dans-la-region-frontaliere\\\/#breadcrumb\",\"itemListElement\":[{\"@type\":\"ListItem\",\"position\":1,\"name\":\"Home\",\"item\":\"https:\\\/\\\/euprevent.eu\\\/fr\\\/\"},{\"@type\":\"ListItem\",\"position\":2,\"name\":\"Recherche sur le corona dans la r\u00e9gion frontali\u00e8re\"}]},{\"@type\":\"WebSite\",\"@id\":\"https:\\\/\\\/euprevent.eu\\\/fr\\\/#website\",\"url\":\"https:\\\/\\\/euprevent.eu\\\/fr\\\/\",\"name\":\"euPrevent\",\"description\":\"euPrevent is a Euroregional network that focuses on promoting health. Within this network, sustainable partnerships seek to increase the quality of life of residents in the border region between the Netherlands, Belgium and Germany.\",\"potentialAction\":[{\"@type\":\"SearchAction\",\"target\":{\"@type\":\"EntryPoint\",\"urlTemplate\":\"https:\\\/\\\/euprevent.eu\\\/fr\\\/?s={search_term_string}\"},\"query-input\":{\"@type\":\"PropertyValueSpecification\",\"valueRequired\":true,\"valueName\":\"search_term_string\"}}],\"inLanguage\":\"fr-FR\"}]}<\/script>\n<!-- \/ Yoast SEO plugin. -->","yoast_head_json":{"title":"Recherche sur le corona dans la r\u00e9gion frontali\u00e8re - euPrevent","robots":{"index":"index","follow":"follow","max-snippet":"max-snippet:-1","max-image-preview":"max-image-preview:large","max-video-preview":"max-video-preview:-1"},"canonical":"https:\/\/euprevent.eu\/fr\/recherche-sur-le-corona-dans-la-region-frontaliere\/","og_locale":"fr_FR","og_type":"article","og_title":"Recherche sur le corona dans la r\u00e9gion frontali\u00e8re - euPrevent","og_description":"[vc_row][vc_column][vc_column_text] Mission &lsquo;Recherche sur le corona dans la r\u00e9gion frontali\u00e8re de Rh\u00e9nanie-du-Nord-Westphalie-Pays-Bas&rsquo; Les r\u00e9gions frontali\u00e8res ont souffert de l&rsquo;impact de COVID-19. Cette mission vise donc \u00e0 examiner les effets de la propagation du virus corona dans les r\u00e9gions frontali\u00e8res de Rh\u00e9nanie-du-Nord-Westphalie-Pays-Bas. En analysant la propagation du virus dans ces r\u00e9gions frontali\u00e8res et en la comparant [&hellip;]","og_url":"https:\/\/euprevent.eu\/fr\/recherche-sur-le-corona-dans-la-region-frontaliere\/","og_site_name":"euPrevent","article_modified_time":"2022-02-10T16:02:16+00:00","twitter_card":"summary_large_image","twitter_misc":{"Dur\u00e9e de lecture estim\u00e9e":"3 minutes"},"schema":{"@context":"https:\/\/schema.org","@graph":[{"@type":"WebPage","@id":"https:\/\/euprevent.eu\/fr\/recherche-sur-le-corona-dans-la-region-frontaliere\/","url":"https:\/\/euprevent.eu\/fr\/recherche-sur-le-corona-dans-la-region-frontaliere\/","name":"Recherche sur le corona dans la r\u00e9gion frontali\u00e8re - euPrevent","isPartOf":{"@id":"https:\/\/euprevent.eu\/fr\/#website"},"datePublished":"2020-12-19T14:58:01+00:00","dateModified":"2022-02-10T16:02:16+00:00","breadcrumb":{"@id":"https:\/\/euprevent.eu\/fr\/recherche-sur-le-corona-dans-la-region-frontaliere\/#breadcrumb"},"inLanguage":"fr-FR","potentialAction":[{"@type":"ReadAction","target":["https:\/\/euprevent.eu\/fr\/recherche-sur-le-corona-dans-la-region-frontaliere\/"]}]},{"@type":"BreadcrumbList","@id":"https:\/\/euprevent.eu\/fr\/recherche-sur-le-corona-dans-la-region-frontaliere\/#breadcrumb","itemListElement":[{"@type":"ListItem","position":1,"name":"Home","item":"https:\/\/euprevent.eu\/fr\/"},{"@type":"ListItem","position":2,"name":"Recherche sur le corona dans la r\u00e9gion frontali\u00e8re"}]},{"@type":"WebSite","@id":"https:\/\/euprevent.eu\/fr\/#website","url":"https:\/\/euprevent.eu\/fr\/","name":"euPrevent","description":"euPrevent is a Euroregional network that focuses on promoting health. Within this network, sustainable partnerships seek to increase the quality of life of residents in the border region between the Netherlands, Belgium and Germany.","potentialAction":[{"@type":"SearchAction","target":{"@type":"EntryPoint","urlTemplate":"https:\/\/euprevent.eu\/fr\/?s={search_term_string}"},"query-input":{"@type":"PropertyValueSpecification","valueRequired":true,"valueName":"search_term_string"}}],"inLanguage":"fr-FR"}]}},"_links":{"self":[{"href":"https:\/\/euprevent.eu\/fr\/wp-json\/wp\/v2\/pages\/13778","targetHints":{"allow":["GET"]}}],"collection":[{"href":"https:\/\/euprevent.eu\/fr\/wp-json\/wp\/v2\/pages"}],"about":[{"href":"https:\/\/euprevent.eu\/fr\/wp-json\/wp\/v2\/types\/page"}],"author":[{"embeddable":true,"href":"https:\/\/euprevent.eu\/fr\/wp-json\/wp\/v2\/users\/3"}],"replies":[{"embeddable":true,"href":"https:\/\/euprevent.eu\/fr\/wp-json\/wp\/v2\/comments?post=13778"}],"version-history":[{"count":7,"href":"https:\/\/euprevent.eu\/fr\/wp-json\/wp\/v2\/pages\/13778\/revisions"}],"predecessor-version":[{"id":17746,"href":"https:\/\/euprevent.eu\/fr\/wp-json\/wp\/v2\/pages\/13778\/revisions\/17746"}],"wp:attachment":[{"href":"https:\/\/euprevent.eu\/fr\/wp-json\/wp\/v2\/media?parent=13778"}],"curies":[{"name":"wp","href":"https:\/\/api.w.org\/{rel}","templated":true}]}}