


{"id":11590,"date":"2019-09-03T07:35:07","date_gmt":"2019-09-03T07:35:07","guid":{"rendered":"https:\/\/euprevent.eu\/euprevent-qualitatssiegel\/vierte-krankenhaussiegel\/"},"modified":"2019-09-03T07:35:07","modified_gmt":"2019-09-03T07:35:07","slug":"vierte-krankenhaussiegel","status":"publish","type":"page","link":"https:\/\/euprevent.eu\/fr\/euprevent-qualitatssiegel\/vierte-krankenhaussiegel\/","title":{"rendered":"Vierte Krankenhaussiegel"},"content":{"rendered":"<section class=\"wpb-content-wrapper\"><p>[vc_row][vc_column][vc_column_text el_class=\u00a0\u00bbalert alert-info\u00a0\u00bb]<\/p>\n<p style=\"text-align: center;\">Deze informatie is alleen beschikbaar in het Duits. \/ The information below is only available in German. \/\u00a0Cette information est seulement disponible en allemand.<\/p>\n<p>[\/vc_column_text][\/vc_column][\/vc_row][vc_row css=\u00a0\u00bb.vc_custom_1483999173497{margin-bottom: 0px !important;}\u00a0\u00bb][vc_column][vc_column_text css=\u00a0\u00bb.vc_custom_1567494519505{margin-bottom: 20px !important;}\u00a0\u00bb]<\/p>\n<h2>Viertes Krankenhaussiegel<\/h2>\n<p>[\/vc_column_text][\/vc_column][\/vc_row][vc_row][vc_column width=\u00a0\u00bb5\/6&Prime;][vc_column_text]Das vierte Krankenhaussiegel enth\u00e4lt insgesamt neun Qualit\u00e4tsziele. Alle neun Kernthemen sind darin enthalten und wurden zum Teil um neue Anforderungen erg\u00e4nzt. Dabei liegt u.a. ein Schwerpunkt auf der st\u00e4rkeren, grenz\u00fcberschreitenden Zusammenarbeit mit den niederl\u00e4ndischen und belgischen Kliniken. Weitere Themen, die in Qualit\u00e4tsziele umgesetzt wurden, sind die Steigerung der Impfraten im Rahmen der Influenza-Pr\u00e4vention, der Umgang mit MRE bei Menschen in der letzten Lebensphase (MRE-End-of-life-care) sowie das Entlass- und \u00dcberleitungsmanagement.[\/vc_column_text][\/vc_column][vc_column width=\u00a0\u00bb1\/6&Prime;][vc_single_image image=\u00a0\u00bb280&Prime; img_size=\u00a0\u00bbfull\u00a0\u00bb][\/vc_column][\/vc_row][vc_row][vc_column][vc_tta_tour][vc_tta_section title=\u00a0\u00bbAuditoren\u00a0\u00bb tab_id=\u00a0\u00bb1484000065193-2cfa2d43-f902&Prime;][vc_column_text]<\/p>\n<h3>Auditoren<\/h3>\n<p>[\/vc_column_text][vc_row_inner][vc_column_inner][vc_btn title=\u00a0\u00bbAuditoren Checkliste Viertes KH-Siegel\u00a0\u00bb color=\u00a0\u00bbwhite\u00a0\u00bb align=\u00a0\u00bbleft\u00a0\u00bb i_icon_fontawesome=\u00a0\u00bbfa fa-file-pdf-o\u00a0\u00bb button_block=\u00a0\u00bbtrue\u00a0\u00bb add_icon=\u00a0\u00bbtrue\u00a0\u00bb link=\u00a0\u00bburl:https%3A%2F%2Feuprevent.eu%2Fwp-content%2Fuploads%2F2019%2F09%2FAuditoren-Checkliste-Viertes-KH-Siegel.pdf|||\u00a0\u00bb][vc_btn title=\u00a0\u00bbAuditorenschulung Viertes KH-Siegel\u00a0\u00bb color=\u00a0\u00bbwhite\u00a0\u00bb align=\u00a0\u00bbleft\u00a0\u00bb i_icon_fontawesome=\u00a0\u00bbfa fa-file-pdf-o\u00a0\u00bb button_block=\u00a0\u00bbtrue\u00a0\u00bb add_icon=\u00a0\u00bbtrue\u00a0\u00bb link=\u00a0\u00bburl:https%3A%2F%2Feuprevent.eu%2Fwp-content%2Fuploads%2F2019%2F09%2FAuditorenschulung-Viertes-Qualit%C3%A4tssiegel-Krankenh%C3%A4user.pdf|||\u00a0\u00bb][\/vc_column_inner][\/vc_row_inner][\/vc_tta_section][vc_tta_section title=\u00a0\u00bbKrankenh\u00e4user\u00a0\u00bb tab_id=\u00a0\u00bb1484050362879-8891abab-cf5d\u00a0\u00bb][vc_column_text]<\/p>\n<h3>Teilnehmende Krankenh\u00e4user<\/h3>\n<p>[\/vc_column_text][vc_row_inner][vc_column_inner][\/vc_column_inner][\/vc_row_inner][\/vc_tta_section][vc_tta_section title=\u00a0\u00bbLiteratur\u00a0\u00bb tab_id=\u00a0\u00bb1484000602777-110ac1dc-84d7&Prime;][vc_column_text]<\/p>\n<h3>Literatur<\/h3>\n<p>[\/vc_column_text][vc_row_inner][vc_column_inner][vc_btn title=\u00a0\u00bbH. Roggendorf &#8211; Verbetering van de Influenza Impfquote\u00a0\u00bb color=\u00a0\u00bbwhite\u00a0\u00bb align=\u00a0\u00bbleft\u00a0\u00bb i_icon_fontawesome=\u00a0\u00bbfa fa-file-pdf-o\u00a0\u00bb button_block=\u00a0\u00bbtrue\u00a0\u00bb add_icon=\u00a0\u00bbtrue\u00a0\u00bb link=\u00a0\u00bburl:https%3A%2F%2Feuprevent.eu%2Fwp-content%2Fuploads%2F2019%2F09%2FH.-Roggendorf-Verbesserung-der-Influenza-Impfquote.pdf|||\u00a0\u00bb][vc_btn title=\u00a0\u00bbM-EndoL &#8211; Interdisziplin\u00e4re Entwicklung Dr. Maria Heckel und Johanna Tiedtke\u00a0\u00bb color=\u00a0\u00bbwhite\u00a0\u00bb align=\u00a0\u00bbleft\u00a0\u00bb i_icon_fontawesome=\u00a0\u00bbfa fa-file-pdf-o\u00a0\u00bb button_block=\u00a0\u00bbtrue\u00a0\u00bb add_icon=\u00a0\u00bbtrue\u00a0\u00bb link=\u00a0\u00bburl:https%3A%2F%2Feuprevent.eu%2Fwp-content%2Fuploads%2F2019%2F09%2FM-EndoL_Interdisziplin%C3%A4re_Entwicklung_Dr._Maria_Heckel_und_Johanna_Tiedtke.pdf|||\u00a0\u00bb][vc_btn title=\u00a0\u00bbR. Datta &#8211; Burden and Management of Multidrug-Resistant Organ\u00a0\u00bb color=\u00a0\u00bbwhite\u00a0\u00bb align=\u00a0\u00bbleft\u00a0\u00bb i_icon_fontawesome=\u00a0\u00bbfa fa-file-pdf-o\u00a0\u00bb button_block=\u00a0\u00bbtrue\u00a0\u00bb add_icon=\u00a0\u00bbtrue\u00a0\u00bb link=\u00a0\u00bburl:https%3A%2F%2Feuprevent.eu%2Fwp-content%2Fuploads%2F2019%2F09%2FR.-Datta-Burden_and_Management_of_Multidrug-Resistant_Organ.pdf|||\u00a0\u00bb][vc_btn title=\u00a0\u00bbT. Adelhardt &#8211; M-EndoL\u00a0\u00bb color=\u00a0\u00bbwhite\u00a0\u00bb align=\u00a0\u00bbleft\u00a0\u00bb i_icon_fontawesome=\u00a0\u00bbfa fa-file-pdf-o\u00a0\u00bb button_block=\u00a0\u00bbtrue\u00a0\u00bb add_icon=\u00a0\u00bbtrue\u00a0\u00bb link=\u00a0\u00bburl:https%3A%2F%2Feuprevent.eu%2Fwp-content%2Fuploads%2F2019%2F09%2FT.-Adelhardt-M-EndoL.pdf|||\u00a0\u00bb][\/vc_column_inner][\/vc_row_inner][\/vc_tta_section][vc_tta_section title=\u00a0\u00bbErstellungshilfe\u00a0\u00bb tab_id=\u00a0\u00bb1484050886209-38c89531-fbd1&Prime;][vc_column_text]<\/p>\n<h3>Erstellungshilfe<\/h3>\n<p>[\/vc_column_text][vc_row_inner][vc_column_inner][vc_btn title=\u00a0\u00bbQZ 5 &#8211; Checklist-QZ-5-Hausintenes hygi\u00ebne audit VORM\u00a0\u00bb color=\u00a0\u00bbwhite\u00a0\u00bb align=\u00a0\u00bbleft\u00a0\u00bb i_icon_fontawesome=\u00a0\u00bbfa fa-file-pdf-o\u00a0\u00bb button_block=\u00a0\u00bbtrue\u00a0\u00bb add_icon=\u00a0\u00bbtrue\u00a0\u00bb link=\u00a0\u00bburl:https%3A%2F%2Feuprevent.eu%2Fwp-content%2Fuploads%2F2019%2F09%2FCheckliste-QZ-5-Hausintenes-Hygiene-Audit-FORM.pdf|||\u00a0\u00bb][vc_btn title=\u00a0\u00bbQZ 6 + 7: BZgA &#8211; Fragen und Antworten zur Grippe Impfung v1.0&Prime; color=\u00a0\u00bbwhite\u00a0\u00bb align=\u00a0\u00bbleft\u00a0\u00bb i_icon_fontawesome=\u00a0\u00bbfa fa-file-pdf-o\u00a0\u00bb button_block=\u00a0\u00bbtrue\u00a0\u00bb add_icon=\u00a0\u00bbtrue\u00a0\u00bb link=\u00a0\u00bburl:https%3A%2F%2Feuprevent.eu%2Fwp-content%2Fuploads%2F2019%2F09%2FBZgA-Fragen_und_Antworten_zur_Grippe-Impfung_v1.0.pdf|||\u00a0\u00bb][vc_btn title=\u00a0\u00bbQZ 6 + 7: BZgA &#8211; Influenza\u00a0\u00bb color=\u00a0\u00bbwhite\u00a0\u00bb align=\u00a0\u00bbleft\u00a0\u00bb i_icon_fontawesome=\u00a0\u00bbfa fa-file-pdf-o\u00a0\u00bb button_block=\u00a0\u00bbtrue\u00a0\u00bb add_icon=\u00a0\u00bbtrue\u00a0\u00bb link=\u00a0\u00bburl:https%3A%2F%2Feuprevent.eu%2Fwp-content%2Fuploads%2F2019%2F09%2FBZgA-Influenza.pdf|||\u00a0\u00bb][vc_btn title=\u00a0\u00bbQZ 6 + 7: BZgA &#8211; Sicherheit und Wirksamkeit der Grippeimpfung\u00a0\u00bb color=\u00a0\u00bbwhite\u00a0\u00bb align=\u00a0\u00bbleft\u00a0\u00bb i_icon_fontawesome=\u00a0\u00bbfa fa-file-pdf-o\u00a0\u00bb button_block=\u00a0\u00bbtrue\u00a0\u00bb add_icon=\u00a0\u00bbtrue\u00a0\u00bb link=\u00a0\u00bburl:https%3A%2F%2Feuprevent.eu%2Fwp-content%2Fuploads%2F2019%2F09%2FBZgA-Sicherheit_und_Wirksamkeit_der_Grippeimpfung.pdf|||\u00a0\u00bb][vc_btn title=\u00a0\u00bbQZ 6 + 7: Plakat Grippeschutzimpfung Vorlage A\u00a0\u00bb color=\u00a0\u00bbwhite\u00a0\u00bb align=\u00a0\u00bbleft\u00a0\u00bb i_icon_fontawesome=\u00a0\u00bbfa fa-file-pdf-o\u00a0\u00bb button_block=\u00a0\u00bbtrue\u00a0\u00bb add_icon=\u00a0\u00bbtrue\u00a0\u00bb link=\u00a0\u00bburl:https%3A%2F%2Feuprevent.eu%2Fwp-content%2Fuploads%2F2019%2F09%2FPlakat_Grippeschutzimpfung_Vorlage_A.pdf|||\u00a0\u00bb][vc_btn title=\u00a0\u00bbQZ 6 + 7: Plakat Grippeschutzimpfung Vorlage B\u00a0\u00bb color=\u00a0\u00bbwhite\u00a0\u00bb align=\u00a0\u00bbleft\u00a0\u00bb i_icon_fontawesome=\u00a0\u00bbfa fa-file-pdf-o\u00a0\u00bb button_block=\u00a0\u00bbtrue\u00a0\u00bb add_icon=\u00a0\u00bbtrue\u00a0\u00bb link=\u00a0\u00bburl:https%3A%2F%2Feuprevent.eu%2Fwp-content%2Fuploads%2F2019%2F09%2FPlakat_Grippeschutzimpfung_Vorlage_B.pdf|||\u00a0\u00bb][vc_btn title=\u00a0\u00bbQZ 6 + 7: Plakat Wir kommen der Grippe zuvor Chronisch Kranke\u00a0\u00bb color=\u00a0\u00bbwhite\u00a0\u00bb align=\u00a0\u00bbleft\u00a0\u00bb i_icon_fontawesome=\u00a0\u00bbfa fa-file-pdf-o\u00a0\u00bb button_block=\u00a0\u00bbtrue\u00a0\u00bb add_icon=\u00a0\u00bbtrue\u00a0\u00bb link=\u00a0\u00bburl:https%3A%2F%2Feuprevent.eu%2Fwp-content%2Fuploads%2F2019%2F09%2FPlakat_Wir-kommen-der-Grippe-zuvor_Chronisch-Kranke.pdf|||\u00a0\u00bb][vc_btn title=\u00a0\u00bbQZ 6 + 7: Plakat Wir kommen der Grippe zuvor Senioren\u00a0\u00bb color=\u00a0\u00bbwhite\u00a0\u00bb align=\u00a0\u00bbleft\u00a0\u00bb i_icon_fontawesome=\u00a0\u00bbfa fa-file-pdf-o\u00a0\u00bb button_block=\u00a0\u00bbtrue\u00a0\u00bb add_icon=\u00a0\u00bbtrue\u00a0\u00bb link=\u00a0\u00bburl:https%3A%2F%2Feuprevent.eu%2Fwp-content%2Fuploads%2F2019%2F09%2FPlakat_Wir-kommen-der-Grippe-zuvor_Senioren.pdf|||\u00a0\u00bb][vc_btn title=\u00a0\u00bbQZ 6 + 7: RKI &#8211; Impfquote Influenza Personal\u00a0\u00bb color=\u00a0\u00bbwhite\u00a0\u00bb align=\u00a0\u00bbleft\u00a0\u00bb i_icon_fontawesome=\u00a0\u00bbfa fa-file-pdf-o\u00a0\u00bb button_block=\u00a0\u00bbtrue\u00a0\u00bb add_icon=\u00a0\u00bbtrue\u00a0\u00bb link=\u00a0\u00bburl:https%3A%2F%2Feuprevent.eu%2Fwp-content%2Fuploads%2F2019%2F09%2FRKI-Impfquote-Influenza-Personal.pdf|||\u00a0\u00bb][vc_btn title=\u00a0\u00bbQZ 6 + 7: RKI &#8211; Impfung Inluenza Personalm 2&Prime; color=\u00a0\u00bbwhite\u00a0\u00bb align=\u00a0\u00bbleft\u00a0\u00bb i_icon_fontawesome=\u00a0\u00bbfa fa-file-pdf-o\u00a0\u00bb button_block=\u00a0\u00bbtrue\u00a0\u00bb add_icon=\u00a0\u00bbtrue\u00a0\u00bb link=\u00a0\u00bburl:https%3A%2F%2Feuprevent.eu%2Fwp-content%2Fuploads%2F2019%2F09%2FRKI-Impfung-Inluenza-Personalm-2.pdf|||\u00a0\u00bb][vc_btn title=\u00a0\u00bbQZ 6 + 7: WHO Factsheet Healthworker German\u00a0\u00bb color=\u00a0\u00bbwhite\u00a0\u00bb align=\u00a0\u00bbleft\u00a0\u00bb i_icon_fontawesome=\u00a0\u00bbfa fa-file-pdf-o\u00a0\u00bb button_block=\u00a0\u00bbtrue\u00a0\u00bb add_icon=\u00a0\u00bbtrue\u00a0\u00bb link=\u00a0\u00bburl:https%3A%2F%2Feuprevent.eu%2Fwp-content%2Fuploads%2F2019%2F09%2FWHO_Factsheet_Healthworker_German.pdf|||\u00a0\u00bb][vc_btn title=\u00a0\u00bbQZ 6 + 7: WHO Factsheet Pregnancy German\u00a0\u00bb color=\u00a0\u00bbwhite\u00a0\u00bb align=\u00a0\u00bbleft\u00a0\u00bb i_icon_fontawesome=\u00a0\u00bbfa fa-file-pdf-o\u00a0\u00bb button_block=\u00a0\u00bbtrue\u00a0\u00bb add_icon=\u00a0\u00bbtrue\u00a0\u00bb link=\u00a0\u00bburl:https%3A%2F%2Feuprevent.eu%2Fwp-content%2Fuploads%2F2019%2F09%2FWHO_Factsheet_Pregnancy_German.pdf|||\u00a0\u00bb][vc_btn title=\u00a0\u00bbQZ 8: M-EndoL\u00a0\u00bb color=\u00a0\u00bbwhite\u00a0\u00bb align=\u00a0\u00bbleft\u00a0\u00bb i_icon_fontawesome=\u00a0\u00bbfa fa-file-pdf-o\u00a0\u00bb button_block=\u00a0\u00bbtrue\u00a0\u00bb add_icon=\u00a0\u00bbtrue\u00a0\u00bb link=\u00a0\u00bburl:https%3A%2F%2Feuprevent.eu%2Fwp-content%2Fuploads%2F2019%2F09%2FM-EndoL.pdf|||\u00a0\u00bb][\/vc_column_inner][\/vc_row_inner][\/vc_tta_section][vc_tta_section title=\u00a0\u00bbSiegel\u00a0\u00bb tab_id=\u00a0\u00bb1484000531381-e19ec8fe-b3dc\u00a0\u00bb][vc_column_text]<\/p>\n<h2>Siegel<\/h2>\n<p>[\/vc_column_text][vc_row_inner][vc_column_inner][vc_btn title=\u00a0\u00bbViertes euPrevent-Qualit\u00e4tssiegel f\u00fcr Krankenh\u00e4user\u00a0\u00bb color=\u00a0\u00bbwhite\u00a0\u00bb align=\u00a0\u00bbleft\u00a0\u00bb i_icon_fontawesome=\u00a0\u00bbfa fa-file-pdf-o\u00a0\u00bb button_block=\u00a0\u00bbtrue\u00a0\u00bb add_icon=\u00a0\u00bbtrue\u00a0\u00bb link=\u00a0\u00bb|||\u00a0\u00bb][\/vc_column_inner][\/vc_row_inner][\/vc_tta_section][vc_tta_section title=\u00a0\u00bbAnforderungen\u00a0\u00bb tab_id=\u00a0\u00bb1484000608824-71c7e040-63bd\u00a0\u00bb][vc_column_text]<\/p>\n<h2>Anforderungen<\/h2>\n<p>[\/vc_column_text][vc_row_inner][vc_column_inner][vc_btn title=\u00a0\u00bbViertes euPrevent-Krankenhaussiegel Endfassung\u00a0\u00bb color=\u00a0\u00bbwhite\u00a0\u00bb align=\u00a0\u00bbleft\u00a0\u00bb i_icon_fontawesome=\u00a0\u00bbfa fa-file-pdf-o\u00a0\u00bb button_block=\u00a0\u00bbtrue\u00a0\u00bb add_icon=\u00a0\u00bbtrue\u00a0\u00bb link=\u00a0\u00bburl:https%3A%2F%2Feuprevent.eu%2Fwp-content%2Fuploads%2F2019%2F09%2F4.-euPrevent-Krankenhaussiegel_Endversion_060819.pdf|||\u00a0\u00bb][\/vc_column_inner][\/vc_row_inner][\/vc_tta_section][vc_tta_section title=\u00a0\u00bbSiegelverleihung 23.06.2020&Prime; tab_id=\u00a0\u00bb1567496571273-d8eb12a7-f3a8&Prime;][\/vc_tta_section][\/vc_tta_tour][vc_row_inner][vc_column_inner][\/vc_column_inner][\/vc_row_inner][\/vc_column][\/vc_row]<\/p>\n<\/section>","protected":false},"excerpt":{"rendered":"<p>[vc_row][vc_column][vc_column_text el_class=\u00a0\u00bbalert alert-info\u00a0\u00bb] Deze informatie is alleen beschikbaar in het Duits. \/ The information below is only available in German. \/\u00a0Cette information est seulement disponible en allemand. [\/vc_column_text][\/vc_column][\/vc_row][vc_row css=\u00a0\u00bb.vc_custom_1483999173497{margin-bottom: 0px !important;}\u00a0\u00bb][vc_column][vc_column_text css=\u00a0\u00bb.vc_custom_1567494519505{margin-bottom: 20px !important;}\u00a0\u00bb] Viertes Krankenhaussiegel [\/vc_column_text][\/vc_column][\/vc_row][vc_row][vc_column width=\u00a0\u00bb5\/6&Prime;][vc_column_text]Das vierte Krankenhaussiegel enth\u00e4lt insgesamt neun Qualit\u00e4tsziele. Alle neun Kernthemen sind darin enthalten und wurden zum Teil um [&hellip;]<\/p>\n","protected":false},"author":1,"featured_media":0,"parent":886,"menu_order":0,"comment_status":"closed","ping_status":"closed","template":"","meta":{"_acf_changed":false,"footnotes":""},"class_list":["post-11590","page","type-page","status-publish","hentry","programmes-infectious-diseases"],"acf":[],"yoast_head":"<!-- This site is optimized with the Yoast SEO plugin v27.5 - https:\/\/yoast.com\/product\/yoast-seo-wordpress\/ -->\n<title>Vierte Krankenhaussiegel - euPrevent<\/title>\n<meta name=\"robots\" content=\"index, follow, max-snippet:-1, max-image-preview:large, max-video-preview:-1\" \/>\n<link rel=\"canonical\" href=\"https:\/\/euprevent.eu\/fr\/euprevent-qualitatssiegel\/vierte-krankenhaussiegel\/\" \/>\n<meta property=\"og:locale\" content=\"fr_FR\" \/>\n<meta property=\"og:type\" content=\"article\" \/>\n<meta property=\"og:title\" content=\"Vierte Krankenhaussiegel - euPrevent\" \/>\n<meta property=\"og:description\" content=\"[vc_row][vc_column][vc_column_text el_class=\u00a0\u00bbalert alert-info\u00a0\u00bb] Deze informatie is alleen beschikbaar in het Duits. \/ The information below is only available in German. \/\u00a0Cette information est seulement disponible en allemand. [\/vc_column_text][\/vc_column][\/vc_row][vc_row css=\u00a0\u00bb.vc_custom_1483999173497{margin-bottom: 0px !important;}\u00a0\u00bb][vc_column][vc_column_text css=\u00a0\u00bb.vc_custom_1567494519505{margin-bottom: 20px !important;}\u00a0\u00bb] Viertes Krankenhaussiegel [\/vc_column_text][\/vc_column][\/vc_row][vc_row][vc_column width=\u00a0\u00bb5\/6&Prime;][vc_column_text]Das vierte Krankenhaussiegel enth\u00e4lt insgesamt neun Qualit\u00e4tsziele. Alle neun Kernthemen sind darin enthalten und wurden zum Teil um [&hellip;]\" \/>\n<meta property=\"og:url\" content=\"https:\/\/euprevent.eu\/fr\/euprevent-qualitatssiegel\/vierte-krankenhaussiegel\/\" \/>\n<meta property=\"og:site_name\" content=\"euPrevent\" \/>\n<meta name=\"twitter:card\" content=\"summary_large_image\" \/>\n<meta name=\"twitter:label1\" content=\"Dur\u00e9e de lecture estim\u00e9e\" \/>\n\t<meta name=\"twitter:data1\" content=\"6 minutes\" \/>\n<script type=\"application\/ld+json\" class=\"yoast-schema-graph\">{\"@context\":\"https:\\\/\\\/schema.org\",\"@graph\":[{\"@type\":\"WebPage\",\"@id\":\"https:\\\/\\\/euprevent.eu\\\/fr\\\/euprevent-qualitatssiegel\\\/vierte-krankenhaussiegel\\\/\",\"url\":\"https:\\\/\\\/euprevent.eu\\\/fr\\\/euprevent-qualitatssiegel\\\/vierte-krankenhaussiegel\\\/\",\"name\":\"Vierte Krankenhaussiegel - euPrevent\",\"isPartOf\":{\"@id\":\"https:\\\/\\\/euprevent.eu\\\/fr\\\/#website\"},\"datePublished\":\"2019-09-03T07:35:07+00:00\",\"breadcrumb\":{\"@id\":\"https:\\\/\\\/euprevent.eu\\\/fr\\\/euprevent-qualitatssiegel\\\/vierte-krankenhaussiegel\\\/#breadcrumb\"},\"inLanguage\":\"fr-FR\",\"potentialAction\":[{\"@type\":\"ReadAction\",\"target\":[\"https:\\\/\\\/euprevent.eu\\\/fr\\\/euprevent-qualitatssiegel\\\/vierte-krankenhaussiegel\\\/\"]}]},{\"@type\":\"BreadcrumbList\",\"@id\":\"https:\\\/\\\/euprevent.eu\\\/fr\\\/euprevent-qualitatssiegel\\\/vierte-krankenhaussiegel\\\/#breadcrumb\",\"itemListElement\":[{\"@type\":\"ListItem\",\"position\":1,\"name\":\"Home\",\"item\":\"https:\\\/\\\/euprevent.eu\\\/fr\\\/\"},{\"@type\":\"ListItem\",\"position\":2,\"name\":\"euPrevent Qualit\u00e4tssiegel\",\"item\":\"https:\\\/\\\/euprevent.eu\\\/fr\\\/euprevent-qualitatssiegel\\\/\"},{\"@type\":\"ListItem\",\"position\":3,\"name\":\"Vierte Krankenhaussiegel\"}]},{\"@type\":\"WebSite\",\"@id\":\"https:\\\/\\\/euprevent.eu\\\/fr\\\/#website\",\"url\":\"https:\\\/\\\/euprevent.eu\\\/fr\\\/\",\"name\":\"euPrevent\",\"description\":\"euPrevent is a Euroregional network that focuses on promoting health. Within this network, sustainable partnerships seek to increase the quality of life of residents in the border region between the Netherlands, Belgium and Germany.\",\"potentialAction\":[{\"@type\":\"SearchAction\",\"target\":{\"@type\":\"EntryPoint\",\"urlTemplate\":\"https:\\\/\\\/euprevent.eu\\\/fr\\\/?s={search_term_string}\"},\"query-input\":{\"@type\":\"PropertyValueSpecification\",\"valueRequired\":true,\"valueName\":\"search_term_string\"}}],\"inLanguage\":\"fr-FR\"}]}<\/script>\n<!-- \/ Yoast SEO plugin. -->","yoast_head_json":{"title":"Vierte Krankenhaussiegel - euPrevent","robots":{"index":"index","follow":"follow","max-snippet":"max-snippet:-1","max-image-preview":"max-image-preview:large","max-video-preview":"max-video-preview:-1"},"canonical":"https:\/\/euprevent.eu\/fr\/euprevent-qualitatssiegel\/vierte-krankenhaussiegel\/","og_locale":"fr_FR","og_type":"article","og_title":"Vierte Krankenhaussiegel - euPrevent","og_description":"[vc_row][vc_column][vc_column_text el_class=\u00a0\u00bbalert alert-info\u00a0\u00bb] Deze informatie is alleen beschikbaar in het Duits. \/ The information below is only available in German. \/\u00a0Cette information est seulement disponible en allemand. [\/vc_column_text][\/vc_column][\/vc_row][vc_row css=\u00a0\u00bb.vc_custom_1483999173497{margin-bottom: 0px !important;}\u00a0\u00bb][vc_column][vc_column_text css=\u00a0\u00bb.vc_custom_1567494519505{margin-bottom: 20px !important;}\u00a0\u00bb] Viertes Krankenhaussiegel [\/vc_column_text][\/vc_column][\/vc_row][vc_row][vc_column width=\u00a0\u00bb5\/6&Prime;][vc_column_text]Das vierte Krankenhaussiegel enth\u00e4lt insgesamt neun Qualit\u00e4tsziele. Alle neun Kernthemen sind darin enthalten und wurden zum Teil um [&hellip;]","og_url":"https:\/\/euprevent.eu\/fr\/euprevent-qualitatssiegel\/vierte-krankenhaussiegel\/","og_site_name":"euPrevent","twitter_card":"summary_large_image","twitter_misc":{"Dur\u00e9e de lecture estim\u00e9e":"6 minutes"},"schema":{"@context":"https:\/\/schema.org","@graph":[{"@type":"WebPage","@id":"https:\/\/euprevent.eu\/fr\/euprevent-qualitatssiegel\/vierte-krankenhaussiegel\/","url":"https:\/\/euprevent.eu\/fr\/euprevent-qualitatssiegel\/vierte-krankenhaussiegel\/","name":"Vierte Krankenhaussiegel - euPrevent","isPartOf":{"@id":"https:\/\/euprevent.eu\/fr\/#website"},"datePublished":"2019-09-03T07:35:07+00:00","breadcrumb":{"@id":"https:\/\/euprevent.eu\/fr\/euprevent-qualitatssiegel\/vierte-krankenhaussiegel\/#breadcrumb"},"inLanguage":"fr-FR","potentialAction":[{"@type":"ReadAction","target":["https:\/\/euprevent.eu\/fr\/euprevent-qualitatssiegel\/vierte-krankenhaussiegel\/"]}]},{"@type":"BreadcrumbList","@id":"https:\/\/euprevent.eu\/fr\/euprevent-qualitatssiegel\/vierte-krankenhaussiegel\/#breadcrumb","itemListElement":[{"@type":"ListItem","position":1,"name":"Home","item":"https:\/\/euprevent.eu\/fr\/"},{"@type":"ListItem","position":2,"name":"euPrevent Qualit\u00e4tssiegel","item":"https:\/\/euprevent.eu\/fr\/euprevent-qualitatssiegel\/"},{"@type":"ListItem","position":3,"name":"Vierte Krankenhaussiegel"}]},{"@type":"WebSite","@id":"https:\/\/euprevent.eu\/fr\/#website","url":"https:\/\/euprevent.eu\/fr\/","name":"euPrevent","description":"euPrevent is a Euroregional network that focuses on promoting health. Within this network, sustainable partnerships seek to increase the quality of life of residents in the border region between the Netherlands, Belgium and Germany.","potentialAction":[{"@type":"SearchAction","target":{"@type":"EntryPoint","urlTemplate":"https:\/\/euprevent.eu\/fr\/?s={search_term_string}"},"query-input":{"@type":"PropertyValueSpecification","valueRequired":true,"valueName":"search_term_string"}}],"inLanguage":"fr-FR"}]}},"_links":{"self":[{"href":"https:\/\/euprevent.eu\/fr\/wp-json\/wp\/v2\/pages\/11590","targetHints":{"allow":["GET"]}}],"collection":[{"href":"https:\/\/euprevent.eu\/fr\/wp-json\/wp\/v2\/pages"}],"about":[{"href":"https:\/\/euprevent.eu\/fr\/wp-json\/wp\/v2\/types\/page"}],"author":[{"embeddable":true,"href":"https:\/\/euprevent.eu\/fr\/wp-json\/wp\/v2\/users\/1"}],"replies":[{"embeddable":true,"href":"https:\/\/euprevent.eu\/fr\/wp-json\/wp\/v2\/comments?post=11590"}],"version-history":[{"count":0,"href":"https:\/\/euprevent.eu\/fr\/wp-json\/wp\/v2\/pages\/11590\/revisions"}],"up":[{"embeddable":true,"href":"https:\/\/euprevent.eu\/fr\/wp-json\/wp\/v2\/pages\/886"}],"wp:attachment":[{"href":"https:\/\/euprevent.eu\/fr\/wp-json\/wp\/v2\/media?parent=11590"}],"curies":[{"name":"wp","href":"https:\/\/api.w.org\/{rel}","templated":true}]}}