


{"id":764,"date":"2017-02-09T10:29:21","date_gmt":"2017-02-09T10:29:21","guid":{"rendered":"http:\/\/euprevent.eu\/?page_id=764\/"},"modified":"2022-02-10T17:30:03","modified_gmt":"2022-02-10T16:30:03","slug":"sfc","status":"publish","type":"page","link":"https:\/\/euprevent.eu\/de\/sfc\/","title":{"rendered":"Projekt Senior Friendly Communities"},"content":{"rendered":"<section class=\"wpb-content-wrapper\"><p>[vc_row][vc_column width=&#8220;1\/3&#8243;][\/vc_column][vc_column width=&#8220;1\/3&#8243;][\/vc_column][vc_column width=&#8220;1\/3&#8243;][vc_single_image image=&#8220;7387&#8243; img_size=&#8220;full&#8220; onclick=&#8220;custom_link&#8220; img_link_target=&#8220;_blank&#8220; link=&#8220;https:\/\/www.interregemr.eu\/home-de&#8220;][\/vc_column][\/vc_row][vc_row][vc_column][vc_column_text]<\/p>\n<h2 style=\"text-align: center;\"><em>Live safely, enjoy life, stay involved<\/em><\/h2>\n<p style=\"text-align: center;\">\u201eGemeinsam entwickeln wir grenz\u00fcberschreitend seniorenfreundliche Gemeinden, damit alle Senioren\/-innen<br \/>\nder Euregio Maas Rhein weiterhin mit Freude am allt\u00e4glichen Leben teilnehmen k\u00f6nnen.\u201c<\/p>\n<p>[\/vc_column_text][\/vc_column][\/vc_row][vc_row][vc_column][vc_column_text]Im September 2016 startete euPrevent mit dem dreij\u00e4hrigen Projekt \u201eSeniorenfreundliche Gemeinden\u201c. An diesem Kooperationsprojekt sind verschiedene Partner aus der Euregio Maas-Rhein (EMR) beteiligt. Das Projekt befasst sich vor allem mit dem aktiven Altern in seniorenfreundlichen Gemeinden. Der Schwerpunkt des Projekts liegt daher auf der psychischen Gesundheit (Demenz und Altersdepressionen).[\/vc_column_text][\/vc_column][\/vc_row][vc_row][vc_column][vc_btn title=&#8220;Projektpartner&#8220; link=&#8220;url:http%3A%2F%2Feuprevent.eu%2Fde%2Fprojektpartner-seniorenfreundliche-gemeinden%2F|||&#8220;][vc_btn title=&#8220;Teilnehmende Gemeiden&#8220; link=&#8220;url:http%3A%2F%2Feuprevent.eu%2Fparticipating-communities%2F|||&#8220;][\/vc_column][\/vc_row][vc_row][vc_column][vc_column_text]<\/p>\n<h2>Ziel<\/h2>\n<p>An diesem Projekt arbeiten die euregionalen Partner mit 31 Gemeinden innerhalb der Euregio Maas-Rhein zusammen, um seniorenfreundliche Gemeinden zu realisieren. In diesen Gemeinden ist eine gute Versorgung und Pflege sowie die Umsetzung des Inklusionsgedankens eine Selbstverst\u00e4ndlichkeit, damit Senioren ein normales soziales Leben erm\u00f6glicht wird.<\/p>\n<p>Um dieses Ziel zu erreichen, f\u00fchren die Partner der Euregio Maas-Rhein folgende Aktivit\u00e4ten durch:<br \/>\n\u2022\u00a0Erhalt und F\u00f6rderung der physischen und psychischen Aktivit\u00e4t der Zielgruppe;<br \/>\n\u2022\u00a0F\u00f6rderung der \u00f6konomischen und gesellschaftlichen Integration der Zielgruppe;<br \/>\n\u2022\u00a0Verbesserung der Versorgungseffizienz innerhalb der EMR;<br \/>\n\u2022\u00a0F\u00f6rderung der generationen\u00fcbergreifenden Solidarit\u00e4t.<\/p>\n<h2>Zielgruppen<\/h2>\n<p>In diesem Projekt fokussieren sich die Partner und Gemeinden vor allem auf die drei folgenden Zielgruppen:<\/p>\n<ul>\n<li>Menschen, die momentan in der Altersversorgung t\u00e4tig sind;<\/li>\n<li>Potentielle Pflegekr\u00e4fte;<\/li>\n<li>Pflegebed\u00fcrftige: Senioren mit beginnenden Altersdepressionen und\/oder Demenz.<\/li>\n<\/ul>\n<h2>Angebot f\u00fcr Gemeinden<\/h2>\n<p>Jede Gemeinde erh\u00e4lt ein Angebot, welches auf die lokalen Bed\u00fcrfnisse zugeschnitten ist. Das Projekt gliedert sich in vier Stufen:<\/p>\n<ol>\n<li>Bedarfsanalyse in den teilnehmenden Gemeinden.<\/li>\n<li>Auswahl von konkreten Aktivit\u00e4ten aus dem Aktivit\u00e4tenbuffet durch die Gemeinden.<\/li>\n<li>Durchf\u00fchrung der Aktivit\u00e4ten in den Gemeinden mit Unterst\u00fctzung durch euPrevent und den Partnern.<\/li>\n<li>Erstellung eines Nachhaltigkeitsplans.<\/li>\n<\/ol>\n<p>&nbsp;<\/p>\n<p>Das Projekt \u201eSeniorenfreundliche Gemeinde\u201c wird im Rahmen des Interreg V-A F\u00f6rderprogramms der Euregio Maas-Rhein umgesetzt und mit 983.167,50 Euro durch die Europ\u00e4ische Union und dem Europ\u00e4ischen Fonds f\u00fcr die Entwicklung der Regionale Managing Authority Interreg V-A Euregio Meuse-Rhine unterst\u00fctzt. Daneben erh\u00e4lt das Projekt eine Co-Finanzierung und die Projektpartner entrichten eigene Beitr\u00e4ge.[\/vc_column_text][\/vc_column][\/vc_row][vc_row][vc_column][vc_column_text]\t<div class=\"clearfix\"><\/div>\r\n\t<div class=\"panel-events_and_news\">\r\n\t\t<div class=\"row\">\r\n\r\n            \r\n            \t\t\t<div class=\"col-sm-12 col-md-6\" id=\"events\">\r\n\t\t\t\t<h3>Veranstaltungen<\/h3>\r\n\t\t\t\t\t\t\t\t\t\t\t\t\t\t\t\t<h2><span class=\"hidden\">Veranstaltungen - <\/span>R\u00fcckblick<\/h2>\r\n\t\t\t\t\t\t\t\r\n\t\t\t\t\t\t<div class=\"event media past\">\r\n\t\t\t\t\t\t\t<a class=\"overlay\" href=\"https:\/\/euprevent.eu\/de\/event\/senior-friendly-communities-end-conference\/\"><\/a>\r\n\t\t\t\t\t\t\t\t\t\t\t\t\t\t<div class=\"thumb pull-left\" style=\"background-image: url('https:\/\/euprevent.eu\/wp-content\/uploads\/2016\/12\/sfc-event.jpg');\"><\/div>\r\n\t\t\t\t\t\t\t<div class=\"event-info-table\">\r\n\t\t\t\t\t\t\t\t<div class=\"event-info-table-row\">\r\n\t\t\t\t\t\t\t\t\t<div class=\"event-info-table-cell\">\r\n\t\t\t\t\t\t\t\t\t\t<h3>Abschlusskongress euPrevent Seniorenfreundliche Gemeinden<\/h3>\r\n                                        <p>21 November 2019<\/p>\r\n\t\t\t\t\t\t\t\t\t<\/div>\r\n\t\t\t\t\t\t\t\t<\/div>\r\n\t\t\t\t\t\t\t<\/div>\r\n\t\t\t\t\t\t<\/div>\r\n\r\n\t\t\t\t\t\t\r\n\t\t\t\t\t\t<div class=\"event media past\">\r\n\t\t\t\t\t\t\t<a class=\"overlay\" href=\"https:\/\/euprevent.eu\/de\/event\/activiteiten-congres-euprevent-sfc\/\"><\/a>\r\n\t\t\t\t\t\t\t\t\t\t\t\t\t\t<div class=\"thumb pull-left\" style=\"background-image: url('https:\/\/euprevent.eu\/wp-content\/uploads\/2016\/12\/sfc-event.jpg');\"><\/div>\r\n\t\t\t\t\t\t\t<div class=\"event-info-table\">\r\n\t\t\t\t\t\t\t\t<div class=\"event-info-table-row\">\r\n\t\t\t\t\t\t\t\t\t<div class=\"event-info-table-cell\">\r\n\t\t\t\t\t\t\t\t\t\t<h3>Aktivit\u00e4tenkongress euPrevent SFC<\/h3>\r\n                                        <p>23 November 2017<\/p>\r\n\t\t\t\t\t\t\t\t\t<\/div>\r\n\t\t\t\t\t\t\t\t<\/div>\r\n\t\t\t\t\t\t\t<\/div>\r\n\t\t\t\t\t\t<\/div>\r\n\r\n\t\t\t\t\t\t\r\n\t\t\t\t\t\t<div class=\"event media past\">\r\n\t\t\t\t\t\t\t<a class=\"overlay\" href=\"https:\/\/euprevent.eu\/de\/event\/kick-off-congres-euprevent-sfc\/\"><\/a>\r\n\t\t\t\t\t\t\t\t\t\t\t\t\t\t<div class=\"thumb pull-left\" style=\"background-image: url('https:\/\/euprevent.eu\/wp-content\/uploads\/2016\/12\/sfc-event.jpg');\"><\/div>\r\n\t\t\t\t\t\t\t<div class=\"event-info-table\">\r\n\t\t\t\t\t\t\t\t<div class=\"event-info-table-row\">\r\n\t\t\t\t\t\t\t\t\t<div class=\"event-info-table-cell\">\r\n\t\t\t\t\t\t\t\t\t\t<h3>Kick-off Congress euPrevent SFC<\/h3>\r\n                                        <p>31 Januar 2017<\/p>\r\n\t\t\t\t\t\t\t\t\t<\/div>\r\n\t\t\t\t\t\t\t\t<\/div>\r\n\t\t\t\t\t\t\t<\/div>\r\n\t\t\t\t\t\t<\/div>\r\n\r\n\t\t\t\t\t\t\t\t\t\t\t<div class=\"text-center p-5\"><a class=\"btn btn-sm btn-default\" href=\"https:\/\/euprevent.eu\/de\/event\/\">alle Veranstaltungen<\/a><\/div>\r\n\t\t\t\t\t\t\t\t<\/div>\r\n\r\n            \r\n            \t\t\t<div class=\"col-sm-12 col-md-6\" id=\"news\">\r\n\t\t\t\t<h3>News<\/h3>\r\n\t\t\t\t\t\t\t\t\t\t\t\t\t\t\t<div class=\"newsitem\">\r\n\t\t\t\t\t\t\t<a class=\"overlay\" href=\"https:\/\/euprevent.eu\/de\/euregionaler-gesundheitsatlas\/\"><\/a>\r\n                            <div class=\"thumb pull-left\" style=\"background-image: url('https:\/\/euprevent.eu\/wp-content\/uploads\/2020\/07\/eha-2.png');\"><\/div>\r\n\t\t\t\t\t\t\t<div class=\"news-info-table\">\r\n\t\t\t\t\t\t\t\t<div class=\"news-info-table-row\">\r\n\t\t\t\t\t\t\t\t\t<div class=\"news-info-table-cell\">\r\n\t\t\t\t\t\t\t\t\t\t<p>16 July 2020<\/p>\r\n\t\t\t\t\t\t\t\t\t\t<h3>Euregionaler Gesundheitsatlas<\/h3>\r\n\t\t\t\t\t\t\t\t\t<\/div>\r\n\t\t\t\t\t\t\t\t<\/div>\r\n\t\t\t\t\t\t\t<\/div>\r\n\t\t\t\t\t\t<\/div>\r\n\t\t\t\t\t\t\t\t\t\t\t\t<div class=\"newsitem\">\r\n\t\t\t\t\t\t\t<a class=\"overlay\" href=\"https:\/\/euprevent.eu\/de\/buch-eine-seniorenfreundliche-gemeinde-in-bewegung-bringen-und-in-bewegung-halten\/\"><\/a>\r\n                            <div class=\"thumb pull-left\" style=\"background-image: url('https:\/\/euprevent.eu\/wp-content\/uploads\/2016\/12\/sfc-event.jpg');\"><\/div>\r\n\t\t\t\t\t\t\t<div class=\"news-info-table\">\r\n\t\t\t\t\t\t\t\t<div class=\"news-info-table-row\">\r\n\t\t\t\t\t\t\t\t\t<div class=\"news-info-table-cell\">\r\n\t\t\t\t\t\t\t\t\t\t<p>10 February 2020<\/p>\r\n\t\t\t\t\t\t\t\t\t\t<h3>Buch: \u201aEine seniorenfreundliche Gemeinde in Bewegung bringen und in Bewegung halten\u2018<\/h3>\r\n\t\t\t\t\t\t\t\t\t<\/div>\r\n\t\t\t\t\t\t\t\t<\/div>\r\n\t\t\t\t\t\t\t<\/div>\r\n\t\t\t\t\t\t<\/div>\r\n\t\t\t\t\t\t\t\t\t\t\t\t<div class=\"newsitem\">\r\n\t\t\t\t\t\t\t<a class=\"overlay\" href=\"https:\/\/euprevent.eu\/de\/wie-wird-man-zu-einer-resilienten-kommune-und-verhindert-depressionen-bei-aelteren-menschen\/\"><\/a>\r\n                            <div class=\"thumb pull-left\" style=\"background-image: url('https:\/\/euprevent.eu\/wp-content\/uploads\/2016\/12\/sfc-event.jpg');\"><\/div>\r\n\t\t\t\t\t\t\t<div class=\"news-info-table\">\r\n\t\t\t\t\t\t\t\t<div class=\"news-info-table-row\">\r\n\t\t\t\t\t\t\t\t\t<div class=\"news-info-table-cell\">\r\n\t\t\t\t\t\t\t\t\t\t<p>5 February 2020<\/p>\r\n\t\t\t\t\t\t\t\t\t\t<h3>Wie wird man zu einer resilienten Kommune und verhindert Depressionen bei \u00e4lteren Menschen?<\/h3>\r\n\t\t\t\t\t\t\t\t\t<\/div>\r\n\t\t\t\t\t\t\t\t<\/div>\r\n\t\t\t\t\t\t\t<\/div>\r\n\t\t\t\t\t\t<\/div>\r\n\t\t\t\t\t\t\t\t\t\t\t<div class=\"text-center p-5\"><a class=\"btn btn-sm btn-default\" href=\"https:\/\/euprevent.eu\/de\/neuigkeiten\/\">Alle Nachrichten<\/a><\/div>\r\n\t\t\t\t\t\t\t\t<\/div>\r\n            \r\n\t\t<\/div>\r\n\t<\/div>\r\n\r\n\t[\/vc_column_text][\/vc_column][\/vc_row][vc_row][vc_column][vc_column_text]        <div class=\"clearfix\"><\/div>\n\n        <h2>Publikationen<\/h2>\n        <div class=\"expandable-wrapper\">\n            <ul class=\"list-publications list-publications-month list-group  list-publications-gradienteffect\">\n                                    <li class=\"list-group-item\">\n                        <a href=\"https:\/\/euprevent.eu\/wp-content\/themes\/euprevent\/pageflip\/the-art-of-growing-older\/\" target=\"_blank\">\n                            <div class=\"row vcenter\">\n                                <div class=\"col-img col-xs-1 text-center\"><img decoding=\"async\"\n                                            src=\"https:\/\/euprevent.eu\/wp-content\/uploads\/2019\/12\/SFC_ArtBook_cover2.jpg\"\/>\n                                <\/div>\n                                <div class=\"col-xs-10\">\n                                    <div class=\"publication-title\">The art of growing older. Old age depression expressed in art.<\/div>\n                                <\/div>\n                                <div class=\"col-xs-1\">\n                                                                            <span class=\"label label-light\"><i\n                                                    class=\"fa fa-link\"><\/i><\/span>\n                                                                        <\/div>\n                            <\/div>\n                        <\/a>\n                    <\/li>\n                                        <li class=\"list-group-item\">\n                        <a href=\"https:\/\/euprevent.eu\/wp-content\/uploads\/2020\/02\/Leitfaden_Wie-man-eine-widerstandsf\u00e4hige-Gemeinde-wird-und-Depressionen-bei-\u00e4lteren-Menschen-verhindert.pdf\" target=\"_blank\">\n                            <div class=\"row vcenter\">\n                                <div class=\"col-img col-xs-1 text-center\"><img decoding=\"async\"\n                                            src=\"https:\/\/euprevent.eu\/wp-content\/uploads\/2020\/07\/Image-Guidline_How-to-become-a-resilient-community-and-prevent-depression.png\"\/>\n                                <\/div>\n                                <div class=\"col-xs-10\">\n                                    <div class=\"publication-title\">Guideline \u2018Wie wird man eine resiliente Gemeinde und wie verhindert man Depressionen bei \u00e4lteren Menschen?\u2019 (DE)<\/div>\n                                <\/div>\n                                <div class=\"col-xs-1\">\n                                                                            <span class=\"label label-light\"><i\n                                                    class=\"fa fa-download\"><\/i><\/span>\n                                                                        <\/div>\n                            <\/div>\n                        <\/a>\n                    <\/li>\n                                        <li class=\"list-group-item\">\n                        <a href=\"https:\/\/euprevent.eu\/wp-content\/uploads\/2020\/02\/Guide_Comment-devenir-une-commune-r\u00e9siliente-et-pr\u00e9venir-la-d\u00e9pression-chez-les-seniors.pdf\" target=\"_blank\">\n                            <div class=\"row vcenter\">\n                                <div class=\"col-img col-xs-1 text-center\"><img decoding=\"async\"\n                                            src=\"https:\/\/euprevent.eu\/wp-content\/uploads\/2020\/07\/Image-Guidline_How-to-become-a-resilient-community-and-prevent-depression.png\"\/>\n                                <\/div>\n                                <div class=\"col-xs-10\">\n                                    <div class=\"publication-title\">Guideline \u2018Comment devenir une commune r\u00e9siliente et pr\u00e9venir la d\u00e9pression chez les seniors ? \u2018(FR)<\/div>\n                                <\/div>\n                                <div class=\"col-xs-1\">\n                                                                            <span class=\"label label-light\"><i\n                                                    class=\"fa fa-download\"><\/i><\/span>\n                                                                        <\/div>\n                            <\/div>\n                        <\/a>\n                    <\/li>\n                                        <li class=\"list-group-item\">\n                        <a href=\"https:\/\/euprevent.eu\/wp-content\/uploads\/2020\/02\/Richtlijn_Hoe-een-veerkrachtige-gemeente-worden-en-depressie-bij-ouderen-te-voorkomen.pdf\" target=\"_blank\">\n                            <div class=\"row vcenter\">\n                                <div class=\"col-img col-xs-1 text-center\"><img decoding=\"async\"\n                                            src=\"https:\/\/euprevent.eu\/wp-content\/uploads\/2020\/07\/Image-Guidline_How-to-become-a-resilient-community-and-prevent-depression.png\"\/>\n                                <\/div>\n                                <div class=\"col-xs-10\">\n                                    <div class=\"publication-title\">Guideline \u2018Hoe word je een veerkrachtige gemeente en voorkom je depressie bij ouderen? (NL)<\/div>\n                                <\/div>\n                                <div class=\"col-xs-1\">\n                                                                            <span class=\"label label-light\"><i\n                                                    class=\"fa fa-download\"><\/i><\/span>\n                                                                        <\/div>\n                            <\/div>\n                        <\/a>\n                    <\/li>\n                                        <li class=\"list-group-item\">\n                        <a href=\"https:\/\/euprevent.eu\/wp-content\/uploads\/2020\/02\/Guideline_How-to-become-a-resilient-community-and-prevent-depression.pdf\" target=\"_blank\">\n                            <div class=\"row vcenter\">\n                                <div class=\"col-img col-xs-1 text-center\"><img decoding=\"async\"\n                                            src=\"https:\/\/euprevent.eu\/wp-content\/uploads\/2020\/07\/Image-Guidline_How-to-become-a-resilient-community-and-prevent-depression.png\"\/>\n                                <\/div>\n                                <div class=\"col-xs-10\">\n                                    <div class=\"publication-title\">Guideline \u2018How to become a resilient community & prevent depression\u2018 (EN)<\/div>\n                                <\/div>\n                                <div class=\"col-xs-1\">\n                                                                            <span class=\"label label-light\"><i\n                                                    class=\"fa fa-download\"><\/i><\/span>\n                                                                        <\/div>\n                            <\/div>\n                        <\/a>\n                    <\/li>\n                                        <li class=\"list-group-item\">\n                        <a href=\"https:\/\/euprevent.eu\/wp-content\/uploads\/2020\/02\/Content-book_Pour-que-les-communes-amies-des-seniors-soient-en-mouvement-et-puissent-le-rester.pdf\" target=\"_blank\">\n                            <div class=\"row vcenter\">\n                                <div class=\"col-img col-xs-1 text-center\"><img decoding=\"async\"\n                                            src=\"https:\/\/euprevent.eu\/wp-content\/uploads\/2020\/07\/Image-Book_-building-and-sustaining-a-senior-friendly-community-movement.png\"\/>\n                                <\/div>\n                                <div class=\"col-xs-10\">\n                                    <div class=\"publication-title\">Livre \u2018Pour que les communes amies des seniors soient en mouvement et puissent le rester\u2018 (FR)<\/div>\n                                <\/div>\n                                <div class=\"col-xs-1\">\n                                                                            <span class=\"label label-light\"><i\n                                                    class=\"fa fa-download\"><\/i><\/span>\n                                                                        <\/div>\n                            <\/div>\n                        <\/a>\n                    <\/li>\n                                        <li class=\"list-group-item\">\n                        <a href=\"https:\/\/euprevent.eu\/wp-content\/uploads\/2020\/02\/Content-book_Building-and-sustaining-a-seniorfriendly-community-movement.pdf\" target=\"_blank\">\n                            <div class=\"row vcenter\">\n                                <div class=\"col-img col-xs-1 text-center\"><img decoding=\"async\"\n                                            src=\"https:\/\/euprevent.eu\/wp-content\/uploads\/2020\/07\/Image-Book_-building-and-sustaining-a-senior-friendly-community-movement.png\"\/>\n                                <\/div>\n                                <div class=\"col-xs-10\">\n                                    <div class=\"publication-title\">Book \u2018Building and sustaining a senior friendly community movement\u2018 (EN)<\/div>\n                                <\/div>\n                                <div class=\"col-xs-1\">\n                                                                            <span class=\"label label-light\"><i\n                                                    class=\"fa fa-download\"><\/i><\/span>\n                                                                        <\/div>\n                            <\/div>\n                        <\/a>\n                    <\/li>\n                                        <li class=\"list-group-item\">\n                        <a href=\"https:\/\/euprevent.eu\/wp-content\/uploads\/2020\/02\/Content-Book_Een-seniorvriendelijke-gemeente-in-beweging-brengen-en-houden.pdf\" target=\"_blank\">\n                            <div class=\"row vcenter\">\n                                <div class=\"col-img col-xs-1 text-center\"><img decoding=\"async\"\n                                            src=\"https:\/\/euprevent.eu\/wp-content\/uploads\/2020\/07\/Image-Book_-building-and-sustaining-a-senior-friendly-community-movement.png\"\/>\n                                <\/div>\n                                <div class=\"col-xs-10\">\n                                    <div class=\"publication-title\">Boek \u2018Een seniorvriendelijke gemeente in beweging brengen en houden\u2019 (NL)<\/div>\n                                <\/div>\n                                <div class=\"col-xs-1\">\n                                                                            <span class=\"label label-light\"><i\n                                                    class=\"fa fa-download\"><\/i><\/span>\n                                                                        <\/div>\n                            <\/div>\n                        <\/a>\n                    <\/li>\n                                        <li class=\"list-group-item\">\n                        <a href=\"https:\/\/euprevent.eu\/wp-content\/uploads\/2020\/02\/Content-book_Eine-seniorenfreundliche-Gemeinde-in-Bewegung-bringen-und-erhalten.pdf\" target=\"_blank\">\n                            <div class=\"row vcenter\">\n                                <div class=\"col-img col-xs-1 text-center\"><img decoding=\"async\"\n                                            src=\"https:\/\/euprevent.eu\/wp-content\/uploads\/2020\/07\/Image-Book_-building-and-sustaining-a-senior-friendly-community-movement.png\"\/>\n                                <\/div>\n                                <div class=\"col-xs-10\">\n                                    <div class=\"publication-title\">Buch \u2018Eine seniorenfreundliche Gemeinde in Bewegung bringen und in Bewegung halten\u2018 (DE)<\/div>\n                                <\/div>\n                                <div class=\"col-xs-1\">\n                                                                            <span class=\"label label-light\"><i\n                                                    class=\"fa fa-download\"><\/i><\/span>\n                                                                        <\/div>\n                            <\/div>\n                        <\/a>\n                    <\/li>\n                                        <li class=\"list-group-item\">\n                        <a href=\"https:\/\/euprevent.eu\/wp-content\/uploads\/2019\/03\/euPrevent-SFC-Information-Flyer-FR.pdf\" target=\"_blank\">\n                            <div class=\"row vcenter\">\n                                <div class=\"col-img col-xs-1 text-center\"><img decoding=\"async\"\n                                            src=\"https:\/\/euprevent.eu\/wp-content\/uploads\/2021\/12\/img31.jpg\"\/>\n                                <\/div>\n                                <div class=\"col-xs-10\">\n                                    <div class=\"publication-title\">euPrevent SFC Brochure d\u2019Information (FR)<\/div>\n                                <\/div>\n                                <div class=\"col-xs-1\">\n                                                                            <span class=\"label label-light\"><i\n                                                    class=\"fa fa-download\"><\/i><\/span>\n                                                                        <\/div>\n                            <\/div>\n                        <\/a>\n                    <\/li>\n                                        <li class=\"list-group-item\">\n                        <a href=\"https:\/\/euprevent.eu\/wp-content\/uploads\/2019\/03\/euPrevent-SFC-Information-Flyer-DE.pdf\" target=\"_blank\">\n                            <div class=\"row vcenter\">\n                                <div class=\"col-img col-xs-1 text-center\"><img decoding=\"async\"\n                                            src=\"https:\/\/euprevent.eu\/wp-content\/uploads\/2021\/12\/img31.jpg\"\/>\n                                <\/div>\n                                <div class=\"col-xs-10\">\n                                    <div class=\"publication-title\">euPrevent SFC Information Flyer (DE)<\/div>\n                                <\/div>\n                                <div class=\"col-xs-1\">\n                                                                            <span class=\"label label-light\"><i\n                                                    class=\"fa fa-download\"><\/i><\/span>\n                                                                        <\/div>\n                            <\/div>\n                        <\/a>\n                    <\/li>\n                                        <li class=\"list-group-item\">\n                        <a href=\"https:\/\/euprevent.eu\/wp-content\/uploads\/2019\/03\/euPrevent-SFC-Information-Flyer-EN.pdf\" target=\"_blank\">\n                            <div class=\"row vcenter\">\n                                <div class=\"col-img col-xs-1 text-center\"><img decoding=\"async\"\n                                            src=\"https:\/\/euprevent.eu\/wp-content\/uploads\/2021\/12\/img31.jpg\"\/>\n                                <\/div>\n                                <div class=\"col-xs-10\">\n                                    <div class=\"publication-title\">euPrevent SFC Information Flyer (EN)<\/div>\n                                <\/div>\n                                <div class=\"col-xs-1\">\n                                                                            <span class=\"label label-light\"><i\n                                                    class=\"fa fa-download\"><\/i><\/span>\n                                                                        <\/div>\n                            <\/div>\n                        <\/a>\n                    <\/li>\n                                        <li class=\"list-group-item\">\n                        <a href=\"https:\/\/euprevent.eu\/wp-content\/uploads\/2019\/03\/euPrevent-SFC-Information-Flyer-NL.pdf\" target=\"_blank\">\n                            <div class=\"row vcenter\">\n                                <div class=\"col-img col-xs-1 text-center\"><img decoding=\"async\"\n                                            src=\"https:\/\/euprevent.eu\/wp-content\/uploads\/2021\/12\/img31.jpg\"\/>\n                                <\/div>\n                                <div class=\"col-xs-10\">\n                                    <div class=\"publication-title\">euPrevent SFC Informatie Flyer (NL)<\/div>\n                                <\/div>\n                                <div class=\"col-xs-1\">\n                                                                            <span class=\"label label-light\"><i\n                                                    class=\"fa fa-download\"><\/i><\/span>\n                                                                        <\/div>\n                            <\/div>\n                        <\/a>\n                    <\/li>\n                                        <li class=\"list-group-item\">\n                        <a href=\"https:\/\/euprevent.eu\/wp-content\/uploads\/2019\/01\/2019-01-Invitation-or-letter-euPrevent-SFC.docx\" target=\"_blank\">\n                            <div class=\"row vcenter\">\n                                <div class=\"col-img col-xs-1 text-center\"><img decoding=\"async\"\n                                            src=\"https:\/\/euprevent.eu\/wp-content\/uploads\/2021\/12\/img41-1.jpg\"\/>\n                                <\/div>\n                                <div class=\"col-xs-10\">\n                                    <div class=\"publication-title\">SFC Invitation or letter (Word template) (EN, NL, DE and FR)<\/div>\n                                <\/div>\n                                <div class=\"col-xs-1\">\n                                                                            <span class=\"label label-light\"><i\n                                                    class=\"fa fa-download\"><\/i><\/span>\n                                                                        <\/div>\n                            <\/div>\n                        <\/a>\n                    <\/li>\n                                        <li class=\"list-group-item\">\n                        <a href=\"https:\/\/euprevent.eu\/wp-content\/uploads\/2019\/01\/euPrevent-SFC-Activity-posters.zip\" target=\"_blank\">\n                            <div class=\"row vcenter\">\n                                <div class=\"col-img col-xs-1 text-center\"><img decoding=\"async\"\n                                            src=\"https:\/\/euprevent.eu\/wp-content\/uploads\/2021\/12\/img71.jpg\"\/>\n                                <\/div>\n                                <div class=\"col-xs-10\">\n                                    <div class=\"publication-title\">SFC Activity posters (Word template | 15 posters | 53MB) (EN, NL, DE and FR)<\/div>\n                                <\/div>\n                                <div class=\"col-xs-1\">\n                                                                            <span class=\"label label-light\"><i\n                                                    class=\"fa fa-download\"><\/i><\/span>\n                                                                        <\/div>\n                            <\/div>\n                        <\/a>\n                    <\/li>\n                                        <li class=\"list-group-item\">\n                        <a href=\"https:\/\/euprevent.eu\/wp-content\/uploads\/2018\/07\/Allgemeines-SFC-Poster.zip\" target=\"_blank\">\n                            <div class=\"row vcenter\">\n                                <div class=\"col-img col-xs-1 text-center\"><img decoding=\"async\"\n                                            src=\"https:\/\/euprevent.eu\/wp-content\/uploads\/2021\/12\/img87.jpg\"\/>\n                                <\/div>\n                                <div class=\"col-xs-10\">\n                                    <div class=\"publication-title\">Allgemeines SFC Poster (Word template) (DE)<\/div>\n                                <\/div>\n                                <div class=\"col-xs-1\">\n                                                                            <span class=\"label label-light\"><i\n                                                    class=\"fa fa-download\"><\/i><\/span>\n                                                                        <\/div>\n                            <\/div>\n                        <\/a>\n                    <\/li>\n                                        <li class=\"list-group-item\">\n                        <a href=\"https:\/\/euprevent.eu\/wp-content\/uploads\/2018\/07\/Algemene-Poster-SFC-NL-EN.zip\" target=\"_blank\">\n                            <div class=\"row vcenter\">\n                                <div class=\"col-img col-xs-1 text-center\"><img decoding=\"async\"\n                                            src=\"https:\/\/euprevent.eu\/wp-content\/uploads\/2021\/12\/img87.jpg\"\/>\n                                <\/div>\n                                <div class=\"col-xs-10\">\n                                    <div class=\"publication-title\">General Poster SFC (Word template) (EN and NL)<\/div>\n                                <\/div>\n                                <div class=\"col-xs-1\">\n                                                                            <span class=\"label label-light\"><i\n                                                    class=\"fa fa-download\"><\/i><\/span>\n                                                                        <\/div>\n                            <\/div>\n                        <\/a>\n                    <\/li>\n                                        <li class=\"list-group-item\">\n                        <a href=\"https:\/\/euprevent.eu\/wp-content\/uploads\/2018\/07\/Affiche-g\u00e9n\u00e9rale-du-projet-SFC.zip\" target=\"_blank\">\n                            <div class=\"row vcenter\">\n                                <div class=\"col-img col-xs-1 text-center\"><img decoding=\"async\"\n                                            src=\"https:\/\/euprevent.eu\/wp-content\/uploads\/2021\/12\/img87.jpg\"\/>\n                                <\/div>\n                                <div class=\"col-xs-10\">\n                                    <div class=\"publication-title\">Affiche g\u00e9n\u00e9rale du projet SFC (FR)<\/div>\n                                <\/div>\n                                <div class=\"col-xs-1\">\n                                                                            <span class=\"label label-light\"><i\n                                                    class=\"fa fa-download\"><\/i><\/span>\n                                                                        <\/div>\n                            <\/div>\n                        <\/a>\n                    <\/li>\n                                        <li class=\"list-group-item\">\n                        <a href=\"https:\/\/euprevent.eu\/wp-content\/uploads\/2018\/04\/FINAL-EMR-Report-FR-2018.pdf\" target=\"_blank\">\n                            <div class=\"row vcenter\">\n                                <div class=\"col-img col-xs-1 text-center\"><img decoding=\"async\"\n                                            src=\"https:\/\/euprevent.eu\/wp-content\/uploads\/2021\/12\/img69.jpg\"\/>\n                                <\/div>\n                                <div class=\"col-xs-10\">\n                                    <div class=\"publication-title\">SFC EMR rapport d\u2019\u00e9valuation (FR)<\/div>\n                                <\/div>\n                                <div class=\"col-xs-1\">\n                                                                            <span class=\"label label-light\"><i\n                                                    class=\"fa fa-download\"><\/i><\/span>\n                                                                        <\/div>\n                            <\/div>\n                        <\/a>\n                    <\/li>\n                                        <li class=\"list-group-item\">\n                        <a href=\"https:\/\/euprevent.eu\/wp-content\/uploads\/2018\/04\/FINAL-EMR-Report-DE-2018.pdf\" target=\"_blank\">\n                            <div class=\"row vcenter\">\n                                <div class=\"col-img col-xs-1 text-center\"><img decoding=\"async\"\n                                            src=\"https:\/\/euprevent.eu\/wp-content\/uploads\/2021\/12\/img69.jpg\"\/>\n                                <\/div>\n                                <div class=\"col-xs-10\">\n                                    <div class=\"publication-title\">SFC EMR Assessment Bericht (DE)<\/div>\n                                <\/div>\n                                <div class=\"col-xs-1\">\n                                                                            <span class=\"label label-light\"><i\n                                                    class=\"fa fa-download\"><\/i><\/span>\n                                                                        <\/div>\n                            <\/div>\n                        <\/a>\n                    <\/li>\n                                        <li class=\"list-group-item\">\n                        <a href=\"https:\/\/euprevent.eu\/wp-content\/uploads\/2018\/04\/FINAL-EMR-Report-NL-2018.pdf\" target=\"_blank\">\n                            <div class=\"row vcenter\">\n                                <div class=\"col-img col-xs-1 text-center\"><img decoding=\"async\"\n                                            src=\"https:\/\/euprevent.eu\/wp-content\/uploads\/2021\/12\/img69.jpg\"\/>\n                                <\/div>\n                                <div class=\"col-xs-10\">\n                                    <div class=\"publication-title\">SFC EMR assessment rapport (NL)<\/div>\n                                <\/div>\n                                <div class=\"col-xs-1\">\n                                                                            <span class=\"label label-light\"><i\n                                                    class=\"fa fa-download\"><\/i><\/span>\n                                                                        <\/div>\n                            <\/div>\n                        <\/a>\n                    <\/li>\n                                        <li class=\"list-group-item\">\n                        <a href=\"https:\/\/euprevent.eu\/wp-content\/uploads\/2018\/04\/FINAL-EMR-Report-EN-2018.pdf\" target=\"_blank\">\n                            <div class=\"row vcenter\">\n                                <div class=\"col-img col-xs-1 text-center\"><img decoding=\"async\"\n                                            src=\"https:\/\/euprevent.eu\/wp-content\/uploads\/2021\/12\/img69.jpg\"\/>\n                                <\/div>\n                                <div class=\"col-xs-10\">\n                                    <div class=\"publication-title\">SFC EMR assessment report (EN)<\/div>\n                                <\/div>\n                                <div class=\"col-xs-1\">\n                                                                            <span class=\"label label-light\"><i\n                                                    class=\"fa fa-download\"><\/i><\/span>\n                                                                        <\/div>\n                            <\/div>\n                        <\/a>\n                    <\/li>\n                                        <li class=\"list-group-item\">\n                        <a href=\"https:\/\/euprevent.eu\/wp-content\/uploads\/2018\/02\/WEB-Brochure-Activiteitencongres-FR.pdf\" target=\"_blank\">\n                            <div class=\"row vcenter\">\n                                <div class=\"col-img col-xs-1 text-center\"><img decoding=\"async\"\n                                            src=\"https:\/\/euprevent.eu\/wp-content\/uploads\/2021\/12\/img67.jpg\"\/>\n                                <\/div>\n                                <div class=\"col-xs-10\">\n                                    <div class=\"publication-title\">SFC Brochure d\u2019Information sur les Activit\u00e9s (FR)<\/div>\n                                <\/div>\n                                <div class=\"col-xs-1\">\n                                                                            <span class=\"label label-light\"><i\n                                                    class=\"fa fa-download\"><\/i><\/span>\n                                                                        <\/div>\n                            <\/div>\n                        <\/a>\n                    <\/li>\n                                        <li class=\"list-group-item\">\n                        <a href=\"https:\/\/euprevent.eu\/wp-content\/uploads\/2018\/02\/WEB-Brochure-Activiteitencongres-NL.pdf\" target=\"_blank\">\n                            <div class=\"row vcenter\">\n                                <div class=\"col-img col-xs-1 text-center\"><img decoding=\"async\"\n                                            src=\"https:\/\/euprevent.eu\/wp-content\/uploads\/2021\/12\/img67.jpg\"\/>\n                                <\/div>\n                                <div class=\"col-xs-10\">\n                                    <div class=\"publication-title\">SFC Informatiebrochure activiteiten (NL)<\/div>\n                                <\/div>\n                                <div class=\"col-xs-1\">\n                                                                            <span class=\"label label-light\"><i\n                                                    class=\"fa fa-download\"><\/i><\/span>\n                                                                        <\/div>\n                            <\/div>\n                        <\/a>\n                    <\/li>\n                                        <li class=\"list-group-item\">\n                        <a href=\"https:\/\/euprevent.eu\/wp-content\/uploads\/2018\/02\/WEB-Brochure-Activiteitencongres-DE.pdf\" target=\"_blank\">\n                            <div class=\"row vcenter\">\n                                <div class=\"col-img col-xs-1 text-center\"><img decoding=\"async\"\n                                            src=\"https:\/\/euprevent.eu\/wp-content\/uploads\/2021\/12\/img67.jpg\"\/>\n                                <\/div>\n                                <div class=\"col-xs-10\">\n                                    <div class=\"publication-title\">SFC Informationshandbuch zu den Aktivit\u00e4ten (DE)<\/div>\n                                <\/div>\n                                <div class=\"col-xs-1\">\n                                                                            <span class=\"label label-light\"><i\n                                                    class=\"fa fa-download\"><\/i><\/span>\n                                                                        <\/div>\n                            <\/div>\n                        <\/a>\n                    <\/li>\n                                        <li class=\"list-group-item\">\n                        <a href=\"https:\/\/euprevent.eu\/wp-content\/uploads\/2018\/02\/WEB-Brochure-Activiteitencongres-EN.pdf\" target=\"_blank\">\n                            <div class=\"row vcenter\">\n                                <div class=\"col-img col-xs-1 text-center\"><img decoding=\"async\"\n                                            src=\"https:\/\/euprevent.eu\/wp-content\/uploads\/2021\/12\/img67.jpg\"\/>\n                                <\/div>\n                                <div class=\"col-xs-10\">\n                                    <div class=\"publication-title\">SFC Activities Brochure (EN)<\/div>\n                                <\/div>\n                                <div class=\"col-xs-1\">\n                                                                            <span class=\"label label-light\"><i\n                                                    class=\"fa fa-download\"><\/i><\/span>\n                                                                        <\/div>\n                            <\/div>\n                        <\/a>\n                    <\/li>\n                    \n            <\/ul>\n                            <div class=\"text-center\">\n                    <a href=\"javascript:void(0);\"\n                       class=\"btn btn-sm btn-default openmore-list-publications\"> zeigt alles<\/a>\n                <\/div>\n                        <\/div>\n\n        [\/vc_column_text][\/vc_column][\/vc_row][vc_row][vc_column][vc_column_text]        <div class=\"clearfix\"><\/div>\n\n        <h2>In den Medien<\/h2>\n        <div class=\"expandable-wrapper\">\n            <ul class=\"list-mediapublications list-mediapublications-month list-group  list-mediapublications-gradienteffect\">\n                                    <li class=\"list-group-item\">\n                        <a href=\"https:\/\/doi.org\/10.2196\/21629\" target=\"_blank\">\n                            <div class=\"row vcenter\">\n                                <div class=\"col-xs-11\">\n                                    <div class=\"mediapublication-title\">Implementations of Evidence-Based eHealth Interventions for Caregivers of People With Dementia in Municipality Contexts (Myinlife and Partner in Balance): Evaluation Study<\/div>\n                                    <div class=\"mediapublication-subtitle\"><span class=\"text-muted\">\n                                                05-02-2021<\/span> - JMIR Aging                                    <\/div>\n                                <\/div>\n                                <div class=\"col-xs-1\">\n                                                                            <span class=\"label label-light\"><i\n                                                    class=\"fa fa-link\"><\/i><\/span>\n                                                                        <\/div>\n                            <\/div>\n                        <\/a>\n                    <\/li>\n                                        <li class=\"list-group-item\">\n                        <a href=\"https:\/\/welzijnoprecept.nl\/welzijn-op-recept-succesvol-door-enthousiasme-van-alle-partners\/\" target=\"_blank\">\n                            <div class=\"row vcenter\">\n                                <div class=\"col-xs-11\">\n                                    <div class=\"mediapublication-title\">Welzijn op Recept succesvol door enthousiasme van alle partners<\/div>\n                                    <div class=\"mediapublication-subtitle\"><span class=\"text-muted\">\n                                                01-12-2020<\/span> - Welzijn op Recept                                    <\/div>\n                                <\/div>\n                                <div class=\"col-xs-1\">\n                                                                            <span class=\"label label-light\"><i\n                                                    class=\"fa fa-link\"><\/i><\/span>\n                                                                        <\/div>\n                            <\/div>\n                        <\/a>\n                    <\/li>\n                                        <li class=\"list-group-item\">\n                        <a href=\"https:\/\/www.euskirchen.de\/rathaus\/demographie\/euprevent-projekt-aktiv-altern-in-der-seniorenfreundlichen-gemeinde-sachstand-februar-2020\/\" target=\"_blank\">\n                            <div class=\"row vcenter\">\n                                <div class=\"col-xs-11\">\n                                    <div class=\"mediapublication-title\">Aktiv Altern in der Seniorenfreundlichen Gemeinde<\/div>\n                                    <div class=\"mediapublication-subtitle\"><span class=\"text-muted\">\n                                                01-02-2020<\/span> - Euskirchen                                    <\/div>\n                                <\/div>\n                                <div class=\"col-xs-1\">\n                                                                            <span class=\"label label-light\"><i\n                                                    class=\"fa fa-link\"><\/i><\/span>\n                                                                        <\/div>\n                            <\/div>\n                        <\/a>\n                    <\/li>\n                                        <li class=\"list-group-item\">\n                        <a href=\"https:\/\/www.lavenir.net\/cnt\/dmf20191211_01418883\/cinq-communes-amies-des-seniors-et-futures-modeles\" target=\"_blank\">\n                            <div class=\"row vcenter\">\n                                <div class=\"col-xs-11\">\n                                    <div class=\"mediapublication-title\">Cinq \u00abcommunes amies des seniors\u00bb... et futures mod\u00e8les?<\/div>\n                                    <div class=\"mediapublication-subtitle\"><span class=\"text-muted\">\n                                                12-12-2019<\/span> - l'Avenir                                    <\/div>\n                                <\/div>\n                                <div class=\"col-xs-1\">\n                                                                            <span class=\"label label-light\"><i\n                                                    class=\"fa fa-link\"><\/i><\/span>\n                                                                        <\/div>\n                            <\/div>\n                        <\/a>\n                    <\/li>\n                                        <li class=\"list-group-item\">\n                        <a href=\"https:\/\/www.meuserhinegazette.eu\/post\/euprevent-finalconference2019-stolbergde\" target=\"_blank\">\n                            <div class=\"row vcenter\">\n                                <div class=\"col-xs-11\">\n                                    <div class=\"mediapublication-title\">euPrevent Final Conference<\/div>\n                                    <div class=\"mediapublication-subtitle\"><span class=\"text-muted\">\n                                                21-11-2019<\/span> - Meuse-Rhine Gazette                                    <\/div>\n                                <\/div>\n                                <div class=\"col-xs-1\">\n                                                                            <span class=\"label label-light\"><i\n                                                    class=\"fa fa-link\"><\/i><\/span>\n                                                                        <\/div>\n                            <\/div>\n                        <\/a>\n                    <\/li>\n                                        <li class=\"list-group-item\">\n                        <a href=\"https:\/\/www.euro.who.int\/en\/health-topics\/noncommunicable-diseases\/mental-health\/news\/news\/2019\/9\/improving-the-lives-of-people-with-dementia-and-old-age-depression\" target=\"_blank\">\n                            <div class=\"row vcenter\">\n                                <div class=\"col-xs-11\">\n                                    <div class=\"mediapublication-title\">Improving the lives of people with dementia and old-age depression<\/div>\n                                    <div class=\"mediapublication-subtitle\"><span class=\"text-muted\">\n                                                20-09-2019<\/span> - WHO\/Europe                                    <\/div>\n                                <\/div>\n                                <div class=\"col-xs-1\">\n                                                                            <span class=\"label label-light\"><i\n                                                    class=\"fa fa-link\"><\/i><\/span>\n                                                                        <\/div>\n                            <\/div>\n                        <\/a>\n                    <\/li>\n                                        <li class=\"list-group-item\">\n                        <a href=\"http:\/\/www.ph-limburg.nl\/2019\/04\/24\/3-promotieonderzoek-naar-senior-friendly-communities\/\" target=\"_blank\">\n                            <div class=\"row vcenter\">\n                                <div class=\"col-xs-11\">\n                                    <div class=\"mediapublication-title\">Promotieonderzoek naar senior friendly communities<\/div>\n                                    <div class=\"mediapublication-subtitle\"><span class=\"text-muted\">\n                                                24-04-2019<\/span> - PH Limburg                                    <\/div>\n                                <\/div>\n                                <div class=\"col-xs-1\">\n                                                                            <span class=\"label label-light\"><i\n                                                    class=\"fa fa-link\"><\/i><\/span>\n                                                                        <\/div>\n                            <\/div>\n                        <\/a>\n                    <\/li>\n                                        <li class=\"list-group-item\">\n                        <a href=\"https:\/\/euprevent.eu\/wp-content\/uploads\/2019\/02\/190216_Limburgs-Dagblad_-Seniorvriendelijk-is-geen-wedstrijd.pdf\" target=\"_blank\">\n                            <div class=\"row vcenter\">\n                                <div class=\"col-xs-11\">\n                                    <div class=\"mediapublication-title\">Seniorvriendelijk is geen wedstrijd<\/div>\n                                    <div class=\"mediapublication-subtitle\"><span class=\"text-muted\">\n                                                16-02-2019<\/span> - De Limburger                                    <\/div>\n                                <\/div>\n                                <div class=\"col-xs-1\">\n                                                                            <span class=\"label label-light\"><i\n                                                    class=\"fa fa-download\"><\/i><\/span>\n                                                                        <\/div>\n                            <\/div>\n                        <\/a>\n                    <\/li>\n                                        <li class=\"list-group-item\">\n                        <a href=\"https:\/\/www.limburger.nl\/cnt\/dmf20190215_00092817\" target=\"_blank\">\n                            <div class=\"row vcenter\">\n                                <div class=\"col-xs-11\">\n                                    <div class=\"mediapublication-title\">Nieuwe gemeente wil vriendelijk zijn voor ouderen<\/div>\n                                    <div class=\"mediapublication-subtitle\"><span class=\"text-muted\">\n                                                14-02-2019<\/span> - De Limburger                                    <\/div>\n                                <\/div>\n                                <div class=\"col-xs-1\">\n                                                                            <span class=\"label label-light\"><i\n                                                    class=\"fa fa-link\"><\/i><\/span>\n                                                                        <\/div>\n                            <\/div>\n                        <\/a>\n                    <\/li>\n                                        <li class=\"list-group-item\">\n                        <a href=\"https:\/\/www.kerkrade.nl\/wonen-en-leven\/nieuws_3169\/item\/kunst-en-theater-rondom-thema-depressie-en-dementie-bij-ouderen_6259.html\" target=\"_blank\">\n                            <div class=\"row vcenter\">\n                                <div class=\"col-xs-11\">\n                                    <div class=\"mediapublication-title\">Kunst en theater rondom thema depressie en dementie bij ouderen<\/div>\n                                    <div class=\"mediapublication-subtitle\"><span class=\"text-muted\">\n                                                04-02-2019<\/span> - Gemeente Kerkrade                                    <\/div>\n                                <\/div>\n                                <div class=\"col-xs-1\">\n                                                                            <span class=\"label label-light\"><i\n                                                    class=\"fa fa-link\"><\/i><\/span>\n                                                                        <\/div>\n                            <\/div>\n                        <\/a>\n                    <\/li>\n                                        <li class=\"list-group-item\">\n                        <a href=\"https:\/\/www.limburger.nl\/cnt\/dmf20190131_00090578\" target=\"_blank\">\n                            <div class=\"row vcenter\">\n                                <div class=\"col-xs-11\">\n                                    <div class=\"mediapublication-title\">Expositie over ouderdomsdepressie<\/div>\n                                    <div class=\"mediapublication-subtitle\"><span class=\"text-muted\">\n                                                31-01-2019<\/span> - De Limburger                                    <\/div>\n                                <\/div>\n                                <div class=\"col-xs-1\">\n                                                                            <span class=\"label label-light\"><i\n                                                    class=\"fa fa-link\"><\/i><\/span>\n                                                                        <\/div>\n                            <\/div>\n                        <\/a>\n                    <\/li>\n                                        <li class=\"list-group-item\">\n                        <a href=\"https:\/\/drimble.nl\/regio\/limburg\/roermond\/57473117\/scholenactiviteit-senior-friendly-communities.html\" target=\"_blank\">\n                            <div class=\"row vcenter\">\n                                <div class=\"col-xs-11\">\n                                    <div class=\"mediapublication-title\">Scholenactiviteit: Senior Friendly Communities<\/div>\n                                    <div class=\"mediapublication-subtitle\"><span class=\"text-muted\">\n                                                26-01-2019<\/span> - Drimble                                    <\/div>\n                                <\/div>\n                                <div class=\"col-xs-1\">\n                                                                            <span class=\"label label-light\"><i\n                                                    class=\"fa fa-link\"><\/i><\/span>\n                                                                        <\/div>\n                            <\/div>\n                        <\/a>\n                    <\/li>\n                                        <li class=\"list-group-item\">\n                        <a href=\"https:\/\/www.limburger.nl\/cnt\/dmf20181224_00085715\" target=\"_blank\">\n                            <div class=\"row vcenter\">\n                                <div class=\"col-xs-11\">\n                                    <div class=\"mediapublication-title\">Beesel Dementievriendelijk te gast op basisschool Het Spick<\/div>\n                                    <div class=\"mediapublication-subtitle\"><span class=\"text-muted\">\n                                                25-12-2018<\/span> - De Limburger                                    <\/div>\n                                <\/div>\n                                <div class=\"col-xs-1\">\n                                                                            <span class=\"label label-light\"><i\n                                                    class=\"fa fa-link\"><\/i><\/span>\n                                                                        <\/div>\n                            <\/div>\n                        <\/a>\n                    <\/li>\n                                        <li class=\"list-group-item\">\n                        <a href=\"https:\/\/euprevent.eu\/wp-content\/uploads\/2018\/10\/September-2018-Article-Magazine-INMOTION-BE.pdf\" target=\"_blank\">\n                            <div class=\"row vcenter\">\n                                <div class=\"col-xs-11\">\n                                    <div class=\"mediapublication-title\">Senior Friendly Communities: Geestelijke gezondheidsbevordering en preventie op maat van ouderen<\/div>\n                                    <div class=\"mediapublication-subtitle\"><span class=\"text-muted\">\n                                                01-09-2018<\/span> - INMOTION                                    <\/div>\n                                <\/div>\n                                <div class=\"col-xs-1\">\n                                                                            <span class=\"label label-light\"><i\n                                                    class=\"fa fa-download\"><\/i><\/span>\n                                                                        <\/div>\n                            <\/div>\n                        <\/a>\n                    <\/li>\n                                        <li class=\"list-group-item\">\n                        <a href=\"https:\/\/rtvmaastricht.nl\/tv\/bet-beleg-tv\/124288719\" target=\"_blank\">\n                            <div class=\"row vcenter\">\n                                <div class=\"col-xs-11\">\n                                    <div class=\"mediapublication-title\">Het Beleg<\/div>\n                                    <div class=\"mediapublication-subtitle\"><span class=\"text-muted\">\n                                                23-08-2018<\/span> - RTV Maastricht                                    <\/div>\n                                <\/div>\n                                <div class=\"col-xs-1\">\n                                                                            <span class=\"label label-light\"><i\n                                                    class=\"fa fa-link\"><\/i><\/span>\n                                                                        <\/div>\n                            <\/div>\n                        <\/a>\n                    <\/li>\n                                        <li class=\"list-group-item\">\n                        <a href=\"https:\/\/rp-online.de\/nrw\/staedte\/kreis-heinsberg\/preis-fuer-projekt-seniorenfreundliche-gemeinden_aid-29963375\" target=\"_blank\">\n                            <div class=\"row vcenter\">\n                                <div class=\"col-xs-11\">\n                                    <div class=\"mediapublication-title\">Seniorenprojekt \u2018Vorbildlich f\u00fcr Europa\u2019<\/div>\n                                    <div class=\"mediapublication-subtitle\"><span class=\"text-muted\">\n                                                23-08-2018<\/span> - RP Online                                    <\/div>\n                                <\/div>\n                                <div class=\"col-xs-1\">\n                                                                            <span class=\"label label-light\"><i\n                                                    class=\"fa fa-link\"><\/i><\/span>\n                                                                        <\/div>\n                            <\/div>\n                        <\/a>\n                    <\/li>\n                                        <li class=\"list-group-item\">\n                        <a href=\"https:\/\/www.grenzecho.net\/art\/region\/who-begeistert-von-projekt-aus-euregio\" target=\"_blank\">\n                            <div class=\"row vcenter\">\n                                <div class=\"col-xs-11\">\n                                    <div class=\"mediapublication-title\">WHO begeistert von Projekt aus Euregio<\/div>\n                                    <div class=\"mediapublication-subtitle\"><span class=\"text-muted\">\n                                                21-08-2018<\/span> - GrenzEcho                                    <\/div>\n                                <\/div>\n                                <div class=\"col-xs-1\">\n                                                                            <span class=\"label label-light\"><i\n                                                    class=\"fa fa-link\"><\/i><\/span>\n                                                                        <\/div>\n                            <\/div>\n                        <\/a>\n                    <\/li>\n                                        <li class=\"list-group-item\">\n                        <a href=\"https:\/\/l1.nl\/l1-radio-maastrichts-seniorenproject-voorbeeld-voor-europa-143361\/\" target=\"_blank\">\n                            <div class=\"row vcenter\">\n                                <div class=\"col-xs-11\">\n                                    <div class=\"mediapublication-title\">Maastrichts seniorenproject voorbeeld voor Europa<\/div>\n                                    <div class=\"mediapublication-subtitle\"><span class=\"text-muted\">\n                                                17-08-2018<\/span> - L1 Radio                                    <\/div>\n                                <\/div>\n                                <div class=\"col-xs-1\">\n                                                                            <span class=\"label label-light\"><i\n                                                    class=\"fa fa-link\"><\/i><\/span>\n                                                                        <\/div>\n                            <\/div>\n                        <\/a>\n                    <\/li>\n                                        <li class=\"list-group-item\">\n                        <a href=\"https:\/\/drimble.nl\/regio\/limburg\/maastricht\/53699357\/seniorenproject-blijkt-goed-voorbeeld.html\" target=\"_blank\">\n                            <div class=\"row vcenter\">\n                                <div class=\"col-xs-11\">\n                                    <div class=\"mediapublication-title\">Seniorenproject blijkt goed voorbeeld<\/div>\n                                    <div class=\"mediapublication-subtitle\"><span class=\"text-muted\">\n                                                17-08-2018<\/span> - Drimble                                    <\/div>\n                                <\/div>\n                                <div class=\"col-xs-1\">\n                                                                            <span class=\"label label-light\"><i\n                                                    class=\"fa fa-link\"><\/i><\/span>\n                                                                        <\/div>\n                            <\/div>\n                        <\/a>\n                    <\/li>\n                                        <li class=\"list-group-item\">\n                        <a href=\"https:\/\/euprevent.eu\/wp-content\/uploads\/2018\/08\/180817_Article-BRF.pdf\" target=\"_blank\">\n                            <div class=\"row vcenter\">\n                                <div class=\"col-xs-11\">\n                                    <div class=\"mediapublication-title\">Projekt \u201eSeniorenfreundliche Gemeinden\u201c von WHO ausgew\u00e4hlt: Auch Amel und Kelmis dabei<\/div>\n                                    <div class=\"mediapublication-subtitle\"><span class=\"text-muted\">\n                                                17-08-2018<\/span> - BRF                                    <\/div>\n                                <\/div>\n                                <div class=\"col-xs-1\">\n                                                                            <span class=\"label label-light\"><i\n                                                    class=\"fa fa-download\"><\/i><\/span>\n                                                                        <\/div>\n                            <\/div>\n                        <\/a>\n                    <\/li>\n                                        <li class=\"list-group-item\">\n                        <a href=\"http:\/\/www.loo-tv.nl\/content\/seniorenproject-blijkt-goed-voorbeeld\" target=\"_blank\">\n                            <div class=\"row vcenter\">\n                                <div class=\"col-xs-11\">\n                                    <div class=\"mediapublication-title\">Seniorenproject blijkt goed voorbeeld<\/div>\n                                    <div class=\"mediapublication-subtitle\"><span class=\"text-muted\">\n                                                17-08-2018<\/span> - Loo TV                                    <\/div>\n                                <\/div>\n                                <div class=\"col-xs-1\">\n                                                                            <span class=\"label label-light\"><i\n                                                    class=\"fa fa-link\"><\/i><\/span>\n                                                                        <\/div>\n                            <\/div>\n                        <\/a>\n                    <\/li>\n                                        <li class=\"list-group-item\">\n                        <a href=\"https:\/\/euprevent.eu\/wp-content\/uploads\/2018\/08\/180816_Pressemitteilng-Kreishaus-Heinsberg.pdf\" target=\"_blank\">\n                            <div class=\"row vcenter\">\n                                <div class=\"col-xs-11\">\n                                    <div class=\"mediapublication-title\">Aktuelles aus dem Kreishaus Von der WHO ausgezeichnet<\/div>\n                                    <div class=\"mediapublication-subtitle\"><span class=\"text-muted\">\n                                                16-08-2018<\/span> - Kreishaus Heinsberg                                    <\/div>\n                                <\/div>\n                                <div class=\"col-xs-1\">\n                                                                            <span class=\"label label-light\"><i\n                                                    class=\"fa fa-download\"><\/i><\/span>\n                                                                        <\/div>\n                            <\/div>\n                        <\/a>\n                    <\/li>\n                                        <li class=\"list-group-item\">\n                        <a href=\"https:\/\/www.focus.de\/regional\/nordrhein-westfalen\/kreis-heinsberg-seniorenfreundliche-gemeinden-vorbildlich-fuer-europa_id_9426801.html\" target=\"_blank\">\n                            <div class=\"row vcenter\">\n                                <div class=\"col-xs-11\">\n                                    <div class=\"mediapublication-title\">Seniorenfreundliche Gemeinden Vorbildlich f\u00fcr Europa<\/div>\n                                    <div class=\"mediapublication-subtitle\"><span class=\"text-muted\">\n                                                16-08-2018<\/span> - Focus Online                                    <\/div>\n                                <\/div>\n                                <div class=\"col-xs-1\">\n                                                                            <span class=\"label label-light\"><i\n                                                    class=\"fa fa-link\"><\/i><\/span>\n                                                                        <\/div>\n                            <\/div>\n                        <\/a>\n                    <\/li>\n                                        <li class=\"list-group-item\">\n                        <a href=\"https:\/\/www.invlaanderen.be\/gemeentenieuws\/(69149)\/-seniorvriendelijke-gemeenten-voorbeeld-voor-europa\" target=\"_blank\">\n                            <div class=\"row vcenter\">\n                                <div class=\"col-xs-11\">\n                                    <div class=\"mediapublication-title\">'Seniorvriendelijke gemeenten' voorbeeld voor Europa<\/div>\n                                    <div class=\"mediapublication-subtitle\"><span class=\"text-muted\">\n                                                16-08-2018<\/span> - inVlaanderen                                    <\/div>\n                                <\/div>\n                                <div class=\"col-xs-1\">\n                                                                            <span class=\"label label-light\"><i\n                                                    class=\"fa fa-link\"><\/i><\/span>\n                                                                        <\/div>\n                            <\/div>\n                        <\/a>\n                    <\/li>\n                                        <li class=\"list-group-item\">\n                        <a href=\"https:\/\/www.1limburg.nl\/seniorenproject-krijgt-pluim-wereldgezondheidsorganisatie\" target=\"_blank\">\n                            <div class=\"row vcenter\">\n                                <div class=\"col-xs-11\">\n                                    <div class=\"mediapublication-title\">Seniorenproject krijgt pluim wereldgezondheidsorganisatie<\/div>\n                                    <div class=\"mediapublication-subtitle\"><span class=\"text-muted\">\n                                                16-08-2018<\/span> - 1Limburg                                    <\/div>\n                                <\/div>\n                                <div class=\"col-xs-1\">\n                                                                            <span class=\"label label-light\"><i\n                                                    class=\"fa fa-link\"><\/i><\/span>\n                                                                        <\/div>\n                            <\/div>\n                        <\/a>\n                    <\/li>\n                                        <li class=\"list-group-item\">\n                        <a href=\"https:\/\/euprevent.eu\/wp-content\/uploads\/2018\/10\/August-2018-WHO-Good-Practice-Brief-SFC.pdf\" target=\"_blank\">\n                            <div class=\"row vcenter\">\n                                <div class=\"col-xs-11\">\n                                    <div class=\"mediapublication-title\">Senior Friendly Communities in the Meuse-Rhine Euroregion: Improving the lives of people with dementia and old-age depression<\/div>\n                                    <div class=\"mediapublication-subtitle\"><span class=\"text-muted\">\n                                                01-08-2018<\/span> - WHO\/Europe                                    <\/div>\n                                <\/div>\n                                <div class=\"col-xs-1\">\n                                                                            <span class=\"label label-light\"><i\n                                                    class=\"fa fa-download\"><\/i><\/span>\n                                                                        <\/div>\n                            <\/div>\n                        <\/a>\n                    <\/li>\n                                        <li class=\"list-group-item\">\n                        <a href=\"https:\/\/euprevent.eu\/wp-content\/uploads\/2018\/07\/Gemeinde-Dahlem-Setheater.18.06.29docx.pdf\" target=\"_blank\">\n                            <div class=\"row vcenter\">\n                                <div class=\"col-xs-11\">\n                                    <div class=\"mediapublication-title\">Beeindruckendes Theater zum Thema Demez im \"Haus Marienh\u00f6he\"<\/div>\n                                    <div class=\"mediapublication-subtitle\"><span class=\"text-muted\">\n                                                29-06-2018<\/span> - Schwestern Verband                                    <\/div>\n                                <\/div>\n                                <div class=\"col-xs-1\">\n                                                                            <span class=\"label label-light\"><i\n                                                    class=\"fa fa-download\"><\/i><\/span>\n                                                                        <\/div>\n                            <\/div>\n                        <\/a>\n                    <\/li>\n                                        <li class=\"list-group-item\">\n                        <a href=\"https:\/\/www.vedia.be\/www\/journal_televise_du_mercredi_20_juin_2018-95564-999-89.html\" target=\"_blank\">\n                            <div class=\"row vcenter\">\n                                <div class=\"col-xs-11\">\n                                    <div class=\"mediapublication-title\">Journal t\u00e9l\u00e9vis\u00e9 du mercredi 20 juin 2018<\/div>\n                                    <div class=\"mediapublication-subtitle\"><span class=\"text-muted\">\n                                                20-06-2018<\/span> - Vedia                                    <\/div>\n                                <\/div>\n                                <div class=\"col-xs-1\">\n                                                                            <span class=\"label label-light\"><i\n                                                    class=\"fa fa-link\"><\/i><\/span>\n                                                                        <\/div>\n                            <\/div>\n                        <\/a>\n                    <\/li>\n                                        <li class=\"list-group-item\">\n                        <a href=\"https:\/\/vng.nl\/artikelen\/samen-tegen-dementie-en-depressie\" target=\"_blank\">\n                            <div class=\"row vcenter\">\n                                <div class=\"col-xs-11\">\n                                    <div class=\"mediapublication-title\">Samen tegen dementie en depressie<\/div>\n                                    <div class=\"mediapublication-subtitle\"><span class=\"text-muted\">\n                                                15-06-2018<\/span> - VNG Magazine                                    <\/div>\n                                <\/div>\n                                <div class=\"col-xs-1\">\n                                                                            <span class=\"label label-light\"><i\n                                                    class=\"fa fa-link\"><\/i><\/span>\n                                                                        <\/div>\n                            <\/div>\n                        <\/a>\n                    <\/li>\n                                        <li class=\"list-group-item\">\n                        <a href=\"https:\/\/euprevent.eu\/wp-content\/uploads\/2018\/07\/180613-Sudpresse-le-jour-Verviers.pdf\" target=\"_blank\">\n                            <div class=\"row vcenter\">\n                                <div class=\"col-xs-11\">\n                                    <div class=\"mediapublication-title\">Pour mieux vivre avec la d\u00e9mence<\/div>\n                                    <div class=\"mediapublication-subtitle\"><span class=\"text-muted\">\n                                                13-06-2018<\/span> - Sudpresse                                    <\/div>\n                                <\/div>\n                                <div class=\"col-xs-1\">\n                                                                            <span class=\"label label-light\"><i\n                                                    class=\"fa fa-download\"><\/i><\/span>\n                                                                        <\/div>\n                            <\/div>\n                        <\/a>\n                    <\/li>\n                                        <li class=\"list-group-item\">\n                        <a href=\"https:\/\/www.euro.who.int\/en\/about-us\/networks\/regions-for-health-network-rhn\/publications\/2018\/healthy-settings-for-older-people-are-healthy-settings-for-all-the-experience-of-friuli-venezia-giulia,-italy-2018\" target=\"_blank\">\n                            <div class=\"row vcenter\">\n                                <div class=\"col-xs-11\">\n                                    <div class=\"mediapublication-title\">Healthy settings for older people are healthy settings for all: the experience of Friuli-Venezia Giulia, Italy (2018)<\/div>\n                                    <div class=\"mediapublication-subtitle\"><span class=\"text-muted\">\n                                                12-06-2018<\/span> - WHO Regions for Health Network (RHN)                                    <\/div>\n                                <\/div>\n                                <div class=\"col-xs-1\">\n                                                                            <span class=\"label label-light\"><i\n                                                    class=\"fa fa-link\"><\/i><\/span>\n                                                                        <\/div>\n                            <\/div>\n                        <\/a>\n                    <\/li>\n                                        <li class=\"list-group-item\">\n                        <a href=\"https:\/\/euprevent.eu\/wp-content\/uploads\/2018\/07\/180612_SFC-article-GrenzEcho.pdf\" target=\"_blank\">\n                            <div class=\"row vcenter\">\n                                <div class=\"col-xs-11\">\n                                    <div class=\"mediapublication-title\">In die Welt Betagter eintauchen<\/div>\n                                    <div class=\"mediapublication-subtitle\"><span class=\"text-muted\">\n                                                12-06-2018<\/span> - GrenzEcho                                    <\/div>\n                                <\/div>\n                                <div class=\"col-xs-1\">\n                                                                            <span class=\"label label-light\"><i\n                                                    class=\"fa fa-download\"><\/i><\/span>\n                                                                        <\/div>\n                            <\/div>\n                        <\/a>\n                    <\/li>\n                                        <li class=\"list-group-item\">\n                        <a href=\"https:\/\/euprevent.eu\/wp-content\/uploads\/2018\/07\/180608_newsitem_Hamont-Achel_Act.-Het-regent-op-mijn-neus.pdf\" target=\"_blank\">\n                            <div class=\"row vcenter\">\n                                <div class=\"col-xs-11\">\n                                    <div class=\"mediapublication-title\">\"Het Regent op Mijn Neus\" geselecteerd<\/div>\n                                    <div class=\"mediapublication-subtitle\"><span class=\"text-muted\">\n                                                08-06-2018<\/span> - Hamont-Achel                                    <\/div>\n                                <\/div>\n                                <div class=\"col-xs-1\">\n                                                                            <span class=\"label label-light\"><i\n                                                    class=\"fa fa-download\"><\/i><\/span>\n                                                                        <\/div>\n                            <\/div>\n                        <\/a>\n                    <\/li>\n                                        <li class=\"list-group-item\">\n                        <a href=\"https:\/\/www.bagso.de\/fileadmin\/Aktuell\/Publikationen\/2018\/51_Ein_gutes_Leben_im_Alter_-_weltweit.pdf\" target=\"_blank\">\n                            <div class=\"row vcenter\">\n                                <div class=\"col-xs-11\">\n                                    <div class=\"mediapublication-title\">Ein gutes Leben im Alter-weltweit<\/div>\n                                    <div class=\"mediapublication-subtitle\"><span class=\"text-muted\">\n                                                01-06-2018<\/span> - BAGSO                                    <\/div>\n                                <\/div>\n                                <div class=\"col-xs-1\">\n                                                                            <span class=\"label label-light\"><i\n                                                    class=\"fa fa-link\"><\/i><\/span>\n                                                                        <\/div>\n                            <\/div>\n                        <\/a>\n                    <\/li>\n                                        <li class=\"list-group-item\">\n                        <a href=\"https:\/\/euprevent.eu\/wp-content\/uploads\/2018\/08\/June-2018-Article-Tijdschrift-Maatschappij-en-Gezondheid-page-14-NL.pdf\" target=\"_blank\">\n                            <div class=\"row vcenter\">\n                                <div class=\"col-xs-11\">\n                                    <div class=\"mediapublication-title\">Grensgemeenten pakken dementie en ouderdomsdepressie samen aan Senior Friendly Communities<\/div>\n                                    <div class=\"mediapublication-subtitle\"><span class=\"text-muted\">\n                                                01-06-2018<\/span> - Tijdschrift Maatschappij en Gezondheid                                    <\/div>\n                                <\/div>\n                                <div class=\"col-xs-1\">\n                                                                            <span class=\"label label-light\"><i\n                                                    class=\"fa fa-download\"><\/i><\/span>\n                                                                        <\/div>\n                            <\/div>\n                        <\/a>\n                    <\/li>\n                                        <li class=\"list-group-item\">\n                        <a href=\"https:\/\/tvvalkenburg.tv\/nieuws\/valkenburg-wil-een-senior-vriendelijke-gemeente-worden\/\" target=\"_blank\">\n                            <div class=\"row vcenter\">\n                                <div class=\"col-xs-11\">\n                                    <div class=\"mediapublication-title\">Valkenburg wil een senior-vriendelijke gemeente worden<\/div>\n                                    <div class=\"mediapublication-subtitle\"><span class=\"text-muted\">\n                                                02-03-2018<\/span> - TV Valkenburg                                    <\/div>\n                                <\/div>\n                                <div class=\"col-xs-1\">\n                                                                            <span class=\"label label-light\"><i\n                                                    class=\"fa fa-link\"><\/i><\/span>\n                                                                        <\/div>\n                            <\/div>\n                        <\/a>\n                    <\/li>\n                                        <li class=\"list-group-item\">\n                        <a href=\"https:\/\/euprevent.eu\/wp-content\/uploads\/2018\/07\/180307-RP-Online.-pdf.pdf\" target=\"_blank\">\n                            <div class=\"row vcenter\">\n                                <div class=\"col-xs-11\">\n                                    <div class=\"mediapublication-title\">Lebenswertes Umfeld f\u00fcr Senioren<\/div>\n                                    <div class=\"mediapublication-subtitle\"><span class=\"text-muted\">\n                                                08-02-2018<\/span> - RP Online                                    <\/div>\n                                <\/div>\n                                <div class=\"col-xs-1\">\n                                                                            <span class=\"label label-light\"><i\n                                                    class=\"fa fa-download\"><\/i><\/span>\n                                                                        <\/div>\n                            <\/div>\n                        <\/a>\n                    <\/li>\n                                        <li class=\"list-group-item\">\n                        <a href=\"https:\/\/euprevent.eu\/wp-content\/uploads\/2018\/07\/170930-BAGSO-Bundesarbeitsgemeinschaft-der-Seniorenorganisationen.pdf\" target=\"_blank\">\n                            <div class=\"row vcenter\">\n                                <div class=\"col-xs-11\">\n                                    <div class=\"mediapublication-title\">Europ\u00e4isches Mobilit\u00e4tsprojekt 2017<\/div>\n                                    <div class=\"mediapublication-subtitle\"><span class=\"text-muted\">\n                                                30-09-2017<\/span> - BAGSO                                    <\/div>\n                                <\/div>\n                                <div class=\"col-xs-1\">\n                                                                            <span class=\"label label-light\"><i\n                                                    class=\"fa fa-download\"><\/i><\/span>\n                                                                        <\/div>\n                            <\/div>\n                        <\/a>\n                    <\/li>\n                                        <li class=\"list-group-item\">\n                        <a href=\"https:\/\/euprevent.eu\/wp-content\/uploads\/2018\/08\/09.08.2017-Stadsjournaal-gemeente-Kerkrade-NL.pdf\" target=\"_blank\">\n                            <div class=\"row vcenter\">\n                                <div class=\"col-xs-11\">\n                                    <div class=\"mediapublication-title\">Kerkrade zet zich in voor seniorvriendelijke gemeente<\/div>\n                                    <div class=\"mediapublication-subtitle\"><span class=\"text-muted\">\n                                                09-08-2017<\/span> - Stadsjournaal gemeente Kerkrade                                    <\/div>\n                                <\/div>\n                                <div class=\"col-xs-1\">\n                                                                            <span class=\"label label-light\"><i\n                                                    class=\"fa fa-download\"><\/i><\/span>\n                                                                        <\/div>\n                            <\/div>\n                        <\/a>\n                    <\/li>\n                                        <li class=\"list-group-item\">\n                        <a href=\"https:\/\/euprevent.eu\/wp-content\/uploads\/2018\/07\/Artikel-Euregio-aktuell-22.07.2017.pdf\" target=\"_blank\">\n                            <div class=\"row vcenter\">\n                                <div class=\"col-xs-11\">\n                                    <div class=\"mediapublication-title\">Euregionales Projekt Seniorenfreundliche Gemeinden<\/div>\n                                    <div class=\"mediapublication-subtitle\"><span class=\"text-muted\">\n                                                22-07-2017<\/span> - Euregio Aktuell                                    <\/div>\n                                <\/div>\n                                <div class=\"col-xs-1\">\n                                                                            <span class=\"label label-light\"><i\n                                                    class=\"fa fa-download\"><\/i><\/span>\n                                                                        <\/div>\n                            <\/div>\n                        <\/a>\n                    <\/li>\n                                        <li class=\"list-group-item\">\n                        <a href=\"https:\/\/euprevent.eu\/wp-content\/uploads\/2018\/07\/Kreisstadt-Euskirchen-Presse-Eifel-18.07.2017.pdf\" target=\"_blank\">\n                            <div class=\"row vcenter\">\n                                <div class=\"col-xs-11\">\n                                    <div class=\"mediapublication-title\">Kreisstadt Euskirchen beteiligt sich an Euregionalem Projekt<\/div>\n                                    <div class=\"mediapublication-subtitle\"><span class=\"text-muted\">\n                                                18-07-2017<\/span> - Presse-Eifel                                    <\/div>\n                                <\/div>\n                                <div class=\"col-xs-1\">\n                                                                            <span class=\"label label-light\"><i\n                                                    class=\"fa fa-download\"><\/i><\/span>\n                                                                        <\/div>\n                            <\/div>\n                        <\/a>\n                    <\/li>\n                                        <li class=\"list-group-item\">\n                        <a href=\"https:\/\/euprevent.eu\/wp-content\/uploads\/2018\/07\/20170628_FR-newspaper_Community-Thimister.pdf\" target=\"_blank\">\n                            <div class=\"row vcenter\">\n                                <div class=\"col-xs-11\">\n                                    <div class=\"mediapublication-title\">Des communes << amies des seniors >><\/div>\n                                    <div class=\"mediapublication-subtitle\"><span class=\"text-muted\">\n                                                28-06-2017<\/span> - Thimister                                    <\/div>\n                                <\/div>\n                                <div class=\"col-xs-1\">\n                                                                            <span class=\"label label-light\"><i\n                                                    class=\"fa fa-download\"><\/i><\/span>\n                                                                        <\/div>\n                            <\/div>\n                        <\/a>\n                    <\/li>\n                                        <li class=\"list-group-item\">\n                        <a href=\"https:\/\/euprevent.eu\/wp-content\/uploads\/2018\/07\/Artikel-Aachener-Zeitung-25.05.2017.pdf\" target=\"_blank\">\n                            <div class=\"row vcenter\">\n                                <div class=\"col-xs-11\">\n                                    <div class=\"mediapublication-title\">\"Seniorenfreundliche Gemeinden\" ist ein euregionales Projekt<\/div>\n                                    <div class=\"mediapublication-subtitle\"><span class=\"text-muted\">\n                                                25-05-2017<\/span> - Aachener Zeitung                                    <\/div>\n                                <\/div>\n                                <div class=\"col-xs-1\">\n                                                                            <span class=\"label label-light\"><i\n                                                    class=\"fa fa-download\"><\/i><\/span>\n                                                                        <\/div>\n                            <\/div>\n                        <\/a>\n                    <\/li>\n                                        <li class=\"list-group-item\">\n                        <a href=\"https:\/\/euprevent.eu\/wp-content\/uploads\/2018\/07\/Artikel-Aachener-Zeitung-29.05.2017.pdf\" target=\"_blank\">\n                            <div class=\"row vcenter\">\n                                <div class=\"col-xs-11\">\n                                    <div class=\"mediapublication-title\">Stadt sorgt sich um seelische Gesundheit von Senioren<\/div>\n                                    <div class=\"mediapublication-subtitle\"><span class=\"text-muted\">\n                                                24-05-2017<\/span> - Aachener Zeitung                                    <\/div>\n                                <\/div>\n                                <div class=\"col-xs-1\">\n                                                                            <span class=\"label label-light\"><i\n                                                    class=\"fa fa-download\"><\/i><\/span>\n                                                                        <\/div>\n                            <\/div>\n                        <\/a>\n                    <\/li>\n                                        <li class=\"list-group-item\">\n                        <a href=\"https:\/\/euprevent.eu\/wp-content\/uploads\/2018\/07\/Artikel-Rheinische-Post-08.04.2017.pdf\" target=\"_blank\">\n                            <div class=\"row vcenter\">\n                                <div class=\"col-xs-11\">\n                                    <div class=\"mediapublication-title\">Vielf\u00e4ltiger unterst\u00fctzen bei Demenz<\/div>\n                                    <div class=\"mediapublication-subtitle\"><span class=\"text-muted\">\n                                                08-04-2017<\/span> - Rheinische Post                                    <\/div>\n                                <\/div>\n                                <div class=\"col-xs-1\">\n                                                                            <span class=\"label label-light\"><i\n                                                    class=\"fa fa-download\"><\/i><\/span>\n                                                                        <\/div>\n                            <\/div>\n                        <\/a>\n                    <\/li>\n                                        <li class=\"list-group-item\">\n                        <a href=\"https:\/\/euprevent.eu\/wp-content\/uploads\/2018\/07\/Artikel-Aachener-Zeitung-04.04.2017.pdf\" target=\"_blank\">\n                            <div class=\"row vcenter\">\n                                <div class=\"col-xs-11\">\n                                    <div class=\"mediapublication-title\">\"Seelische Gesundheit\": Seniorenfreundlichere Gemeinden sind Ziel<\/div>\n                                    <div class=\"mediapublication-subtitle\"><span class=\"text-muted\">\n                                                04-04-2017<\/span> - Aachener Zeitung                                    <\/div>\n                                <\/div>\n                                <div class=\"col-xs-1\">\n                                                                            <span class=\"label label-light\"><i\n                                                    class=\"fa fa-download\"><\/i><\/span>\n                                                                        <\/div>\n                            <\/div>\n                        <\/a>\n                    <\/li>\n                                        <li class=\"list-group-item\">\n                        <a href=\"https:\/\/euprevent.eu\/wp-content\/uploads\/2018\/07\/Focus-online-Pressemitteilung-euPrevent-SFC-Projekt-16.03.2017.pdf\" target=\"_blank\">\n                            <div class=\"row vcenter\">\n                                <div class=\"col-xs-11\">\n                                    <div class=\"mediapublication-title\">Seelische Gesundheit von Senioren im Fokus<\/div>\n                                    <div class=\"mediapublication-subtitle\"><span class=\"text-muted\">\n                                                16-03-2017<\/span> - Focus Online                                    <\/div>\n                                <\/div>\n                                <div class=\"col-xs-1\">\n                                                                            <span class=\"label label-light\"><i\n                                                    class=\"fa fa-download\"><\/i><\/span>\n                                                                        <\/div>\n                            <\/div>\n                        <\/a>\n                    <\/li>\n                                        <li class=\"list-group-item\">\n                        <a href=\"https:\/\/drimble.nl\/regio\/limburg\/venlo\/41467540\/senior-friendly-communities-aandacht-voor-psychische-gezondheid.html\" target=\"_blank\">\n                            <div class=\"row vcenter\">\n                                <div class=\"col-xs-11\">\n                                    <div class=\"mediapublication-title\">Senior Friendly Communities Aandacht voor Psychische Gezondheid<\/div>\n                                    <div class=\"mediapublication-subtitle\"><span class=\"text-muted\">\n                                                17-02-2017<\/span> - Drimble                                    <\/div>\n                                <\/div>\n                                <div class=\"col-xs-1\">\n                                                                            <span class=\"label label-light\"><i\n                                                    class=\"fa fa-link\"><\/i><\/span>\n                                                                        <\/div>\n                            <\/div>\n                        <\/a>\n                    <\/li>\n                    \n            <\/ul>\n                            <div class=\"text-center\">\n                    <a href=\"javascript:void(0);\" class=\"btn btn-sm btn-default openmore-list-mediapublications\">\n                        zeigt alles                    <\/a>\n                <\/div>\n                        <\/div>\n\n        [\/vc_column_text][\/vc_column][\/vc_row][vc_row][vc_column][vc_single_image image=&#8220;7731&#8243; img_size=&#8220;full&#8220; alignment=&#8220;center&#8220;][\/vc_column][\/vc_row]<\/p>\n<\/section>","protected":false},"excerpt":{"rendered":"<p>[vc_row][vc_column width=&#8220;1\/3&#8243;][\/vc_column][vc_column width=&#8220;1\/3&#8243;][\/vc_column][vc_column width=&#8220;1\/3&#8243;][vc_single_image image=&#8220;7387&#8243; img_size=&#8220;full&#8220; onclick=&#8220;custom_link&#8220; img_link_target=&#8220;_blank&#8220; link=&#8220;https:\/\/www.interregemr.eu\/home-de&#8220;][\/vc_column][\/vc_row][vc_row][vc_column][vc_column_text] Live safely, enjoy life, stay involved \u201eGemeinsam entwickeln wir grenz\u00fcberschreitend seniorenfreundliche Gemeinden, damit alle Senioren\/-innen der Euregio Maas Rhein weiterhin mit Freude am allt\u00e4glichen Leben teilnehmen k\u00f6nnen.\u201c [\/vc_column_text][\/vc_column][\/vc_row][vc_row][vc_column][vc_column_text]Im September 2016 startete euPrevent mit dem dreij\u00e4hrigen Projekt \u201eSeniorenfreundliche Gemeinden\u201c. An diesem Kooperationsprojekt sind verschiedene Partner aus der [&hellip;]<\/p>\n","protected":false},"author":1,"featured_media":0,"parent":0,"menu_order":0,"comment_status":"closed","ping_status":"closed","template":"","meta":{"_acf_changed":false,"footnotes":""},"class_list":["post-764","page","type-page","status-publish","hentry","programmes-mental-health"],"acf":[],"yoast_head":"<!-- This site is optimized with the Yoast SEO plugin v27.5 - https:\/\/yoast.com\/product\/yoast-seo-wordpress\/ -->\n<title>Projekt Senior Friendly Communities - euPrevent<\/title>\n<meta name=\"robots\" content=\"index, follow, max-snippet:-1, max-image-preview:large, max-video-preview:-1\" \/>\n<link rel=\"canonical\" href=\"https:\/\/euprevent.eu\/de\/sfc\/\" \/>\n<meta property=\"og:locale\" content=\"de_DE\" \/>\n<meta property=\"og:type\" content=\"article\" \/>\n<meta property=\"og:title\" content=\"Projekt Senior Friendly Communities - euPrevent\" \/>\n<meta property=\"og:description\" content=\"[vc_row][vc_column width=&#8220;1\/3&#8243;][\/vc_column][vc_column width=&#8220;1\/3&#8243;][\/vc_column][vc_column width=&#8220;1\/3&#8243;][vc_single_image image=&#8220;7387&#8243; img_size=&#8220;full&#8220; onclick=&#8220;custom_link&#8220; img_link_target=&#8220;_blank&#8220; link=&#8220;https:\/\/www.interregemr.eu\/home-de&#8220;][\/vc_column][\/vc_row][vc_row][vc_column][vc_column_text] Live safely, enjoy life, stay involved \u201eGemeinsam entwickeln wir grenz\u00fcberschreitend seniorenfreundliche Gemeinden, damit alle Senioren\/-innen der Euregio Maas Rhein weiterhin mit Freude am allt\u00e4glichen Leben teilnehmen k\u00f6nnen.\u201c [\/vc_column_text][\/vc_column][\/vc_row][vc_row][vc_column][vc_column_text]Im September 2016 startete euPrevent mit dem dreij\u00e4hrigen Projekt \u201eSeniorenfreundliche Gemeinden\u201c. An diesem Kooperationsprojekt sind verschiedene Partner aus der [&hellip;]\" \/>\n<meta property=\"og:url\" content=\"https:\/\/euprevent.eu\/de\/sfc\/\" \/>\n<meta property=\"og:site_name\" content=\"euPrevent\" \/>\n<meta property=\"article:modified_time\" content=\"2022-02-10T16:30:03+00:00\" \/>\n<meta name=\"twitter:card\" content=\"summary_large_image\" \/>\n<meta name=\"twitter:label1\" content=\"Gesch\u00e4tzte Lesezeit\" \/>\n\t<meta name=\"twitter:data1\" content=\"3\u00a0Minuten\" \/>\n<script type=\"application\/ld+json\" class=\"yoast-schema-graph\">{\"@context\":\"https:\\\/\\\/schema.org\",\"@graph\":[{\"@type\":\"WebPage\",\"@id\":\"https:\\\/\\\/euprevent.eu\\\/de\\\/sfc\\\/\",\"url\":\"https:\\\/\\\/euprevent.eu\\\/de\\\/sfc\\\/\",\"name\":\"Projekt Senior Friendly Communities - euPrevent\",\"isPartOf\":{\"@id\":\"https:\\\/\\\/euprevent.eu\\\/de\\\/#website\"},\"datePublished\":\"2017-02-09T10:29:21+00:00\",\"dateModified\":\"2022-02-10T16:30:03+00:00\",\"breadcrumb\":{\"@id\":\"https:\\\/\\\/euprevent.eu\\\/de\\\/sfc\\\/#breadcrumb\"},\"inLanguage\":\"de\",\"potentialAction\":[{\"@type\":\"ReadAction\",\"target\":[\"https:\\\/\\\/euprevent.eu\\\/de\\\/sfc\\\/\"]}]},{\"@type\":\"BreadcrumbList\",\"@id\":\"https:\\\/\\\/euprevent.eu\\\/de\\\/sfc\\\/#breadcrumb\",\"itemListElement\":[{\"@type\":\"ListItem\",\"position\":1,\"name\":\"Home\",\"item\":\"https:\\\/\\\/euprevent.eu\\\/de\\\/\"},{\"@type\":\"ListItem\",\"position\":2,\"name\":\"Projekt Senior Friendly Communities\"}]},{\"@type\":\"WebSite\",\"@id\":\"https:\\\/\\\/euprevent.eu\\\/de\\\/#website\",\"url\":\"https:\\\/\\\/euprevent.eu\\\/de\\\/\",\"name\":\"euPrevent\",\"description\":\"euPrevent is a Euroregional network that focuses on promoting health. Within this network, sustainable partnerships seek to increase the quality of life of residents in the border region between the Netherlands, Belgium and Germany.\",\"potentialAction\":[{\"@type\":\"SearchAction\",\"target\":{\"@type\":\"EntryPoint\",\"urlTemplate\":\"https:\\\/\\\/euprevent.eu\\\/de\\\/?s={search_term_string}\"},\"query-input\":{\"@type\":\"PropertyValueSpecification\",\"valueRequired\":true,\"valueName\":\"search_term_string\"}}],\"inLanguage\":\"de\"}]}<\/script>\n<!-- \/ Yoast SEO plugin. -->","yoast_head_json":{"title":"Projekt Senior Friendly Communities - euPrevent","robots":{"index":"index","follow":"follow","max-snippet":"max-snippet:-1","max-image-preview":"max-image-preview:large","max-video-preview":"max-video-preview:-1"},"canonical":"https:\/\/euprevent.eu\/de\/sfc\/","og_locale":"de_DE","og_type":"article","og_title":"Projekt Senior Friendly Communities - euPrevent","og_description":"[vc_row][vc_column width=&#8220;1\/3&#8243;][\/vc_column][vc_column width=&#8220;1\/3&#8243;][\/vc_column][vc_column width=&#8220;1\/3&#8243;][vc_single_image image=&#8220;7387&#8243; img_size=&#8220;full&#8220; onclick=&#8220;custom_link&#8220; img_link_target=&#8220;_blank&#8220; link=&#8220;https:\/\/www.interregemr.eu\/home-de&#8220;][\/vc_column][\/vc_row][vc_row][vc_column][vc_column_text] Live safely, enjoy life, stay involved \u201eGemeinsam entwickeln wir grenz\u00fcberschreitend seniorenfreundliche Gemeinden, damit alle Senioren\/-innen der Euregio Maas Rhein weiterhin mit Freude am allt\u00e4glichen Leben teilnehmen k\u00f6nnen.\u201c [\/vc_column_text][\/vc_column][\/vc_row][vc_row][vc_column][vc_column_text]Im September 2016 startete euPrevent mit dem dreij\u00e4hrigen Projekt \u201eSeniorenfreundliche Gemeinden\u201c. An diesem Kooperationsprojekt sind verschiedene Partner aus der [&hellip;]","og_url":"https:\/\/euprevent.eu\/de\/sfc\/","og_site_name":"euPrevent","article_modified_time":"2022-02-10T16:30:03+00:00","twitter_card":"summary_large_image","twitter_misc":{"Gesch\u00e4tzte Lesezeit":"3\u00a0Minuten"},"schema":{"@context":"https:\/\/schema.org","@graph":[{"@type":"WebPage","@id":"https:\/\/euprevent.eu\/de\/sfc\/","url":"https:\/\/euprevent.eu\/de\/sfc\/","name":"Projekt Senior Friendly Communities - euPrevent","isPartOf":{"@id":"https:\/\/euprevent.eu\/de\/#website"},"datePublished":"2017-02-09T10:29:21+00:00","dateModified":"2022-02-10T16:30:03+00:00","breadcrumb":{"@id":"https:\/\/euprevent.eu\/de\/sfc\/#breadcrumb"},"inLanguage":"de","potentialAction":[{"@type":"ReadAction","target":["https:\/\/euprevent.eu\/de\/sfc\/"]}]},{"@type":"BreadcrumbList","@id":"https:\/\/euprevent.eu\/de\/sfc\/#breadcrumb","itemListElement":[{"@type":"ListItem","position":1,"name":"Home","item":"https:\/\/euprevent.eu\/de\/"},{"@type":"ListItem","position":2,"name":"Projekt Senior Friendly Communities"}]},{"@type":"WebSite","@id":"https:\/\/euprevent.eu\/de\/#website","url":"https:\/\/euprevent.eu\/de\/","name":"euPrevent","description":"euPrevent is a Euroregional network that focuses on promoting health. Within this network, sustainable partnerships seek to increase the quality of life of residents in the border region between the Netherlands, Belgium and Germany.","potentialAction":[{"@type":"SearchAction","target":{"@type":"EntryPoint","urlTemplate":"https:\/\/euprevent.eu\/de\/?s={search_term_string}"},"query-input":{"@type":"PropertyValueSpecification","valueRequired":true,"valueName":"search_term_string"}}],"inLanguage":"de"}]}},"_links":{"self":[{"href":"https:\/\/euprevent.eu\/de\/wp-json\/wp\/v2\/pages\/764","targetHints":{"allow":["GET"]}}],"collection":[{"href":"https:\/\/euprevent.eu\/de\/wp-json\/wp\/v2\/pages"}],"about":[{"href":"https:\/\/euprevent.eu\/de\/wp-json\/wp\/v2\/types\/page"}],"author":[{"embeddable":true,"href":"https:\/\/euprevent.eu\/de\/wp-json\/wp\/v2\/users\/1"}],"replies":[{"embeddable":true,"href":"https:\/\/euprevent.eu\/de\/wp-json\/wp\/v2\/comments?post=764"}],"version-history":[{"count":39,"href":"https:\/\/euprevent.eu\/de\/wp-json\/wp\/v2\/pages\/764\/revisions"}],"predecessor-version":[{"id":17772,"href":"https:\/\/euprevent.eu\/de\/wp-json\/wp\/v2\/pages\/764\/revisions\/17772"}],"wp:attachment":[{"href":"https:\/\/euprevent.eu\/de\/wp-json\/wp\/v2\/media?parent=764"}],"curies":[{"name":"wp","href":"https:\/\/api.w.org\/{rel}","templated":true}]}}