


{"id":7047,"date":"2019-01-04T17:24:59","date_gmt":"2019-01-04T17:24:59","guid":{"rendered":"https:\/\/euprevent.eu\/project-healthy-indoor-environment-hie\/"},"modified":"2022-02-10T17:26:46","modified_gmt":"2022-02-10T16:26:46","slug":"hie","status":"publish","type":"page","link":"https:\/\/euprevent.eu\/de\/hie\/","title":{"rendered":"Projekt Gesundes Raumklima (HIE)"},"content":{"rendered":"<section class=\"wpb-content-wrapper\"><p>[vc_row][vc_column][vc_single_image image=&#8220;7922&#8243; img_size=&#8220;medium&#8220; alignment=&#8220;right&#8220; onclick=&#8220;custom_link&#8220; img_link_target=&#8220;_blank&#8220; link=&#8220;https:\/\/www.interregemr.eu\/home-de&#8220;][vc_column_text]<\/p>\n<h1>Projekt Gesundes Raumklima (HIE)<\/h1>\n<p>Das Projekt HIE steht f\u00fcr Healthy Indoor Environment.<\/p>\n<p>Im Durchschnitt verbringen die Menschen 70% ihrer Zeit zu Hause. (<a style=\"font-size: 16px;\" href=\"https:\/\/www.rivm.nl\/Onderwerpen\/B\/Binnenmilieu#report\">Quelle: RIVM<\/a><span style=\"font-size: 16px;\">)<\/span><\/p>\n<p>Eine gute Luftqualit\u00e4t, auch bei Mietobjekten, ist daher sehr wichtig. Das Projekt &#8222;Gesundes Raumklima&#8220; beschreibt die Probleme der Beteiligten und die bereits vorhandenen Methoden zur Realisierung eines gesunden Raumklimas in Mietwohnungen. Das vorhandene Wissen und die Erfahrungen aus Belgisch- und Niederl\u00e4ndisch-Limburg werden ausgetauscht und geb\u00fcndelt. Durch Infografiken und Schulungen werden die Ergebnisse ausgetauscht und weitergegeben.[\/vc_column_text][\/vc_column][\/vc_row][vc_row gap=&#8220;25&#8243;][vc_column width=&#8220;1\/2&#8243; css=&#8220;.vc_custom_1509467339928{padding-top: 25px !important;background-color: #f3f3f3 !important;border-radius: 5px !important;}&#8220;][vc_column_text css=&#8220;.vc_custom_1546623097687{margin-bottom: 5px !important;padding-bottom: 5px !important;}&#8220;]<\/p>\n<h3>Projektrahmen<\/h3>\n<ul>\n<li><strong>Zielgruppe<\/strong>: Mieter und Vermieter in Niederl\u00e4ndisch- und Belgisch- Limburg<\/li>\n<li><strong>Laufzeit<\/strong>: 17. September 2018 &#8211; 30. Juni 2019<\/li>\n<\/ul>\n<p>[\/vc_column_text][vc_btn title=&#8220;Financiers&#8220; color=&#8220;primary&#8220; size=&#8220;sm&#8220; link=&#8220;url:https%3A%2F%2Feuprevent.eu%2Fde%2Ffinanzierung-hie%2F|||&#8220;][vc_btn title=&#8220;Partners&#8220; color=&#8220;primary&#8220; size=&#8220;sm&#8220; link=&#8220;url:%2Fpartner%2F%3Fprojects%3Dproject-HIE|||&#8220;][\/vc_column][\/vc_row][vc_row][vc_column][vc_empty_space][vc_column_text]<\/p>\n<h2>Schwerpunkt des Projekts<\/h2>\n<p>Das Projekt &#8222;Gesundes Raumklima&#8220; hat zu folgenden Ergebnissen gef\u00fchrt:<\/p>\n<ul>\n<li>mehr Einblick in die Probleme von Mietern und Vermietern im Bereich des gesunden Wohnens.<\/li>\n<li>Wissen \u00fcber den Informationswert bestehender Materialien und Methoden, ob sie Verhaltens\u00e4nderungen anregen und ob sie machbar sind.<\/li>\n<\/ul>\n<p>Die Ergebnisse werden mit allen Beteiligten geteilt und zur Verbesserung der Qualit\u00e4t des Raumklimas von Mietwohnungen genutzt.[\/vc_column_text][\/vc_column][\/vc_row][vc_row][vc_column width=&#8220;1\/2&#8243;][vc_column_text]<\/p>\n<h2>Forschung<\/h2>\n<p>Im Rahmen des Projekts wurden spezifische Untersuchungen bei Mietern, Vermietern und anderen an der Qualit\u00e4t des sozialen Wohnungsbaus Beteiligten durchgef\u00fchrt. Auf diese Weise wurde ein Einblick in die Probleme gewonnen, die diese Parteien im Bereich des gesunden Lebens erleben. Dar\u00fcber hinaus wurden bestehende Materialien und Methoden f\u00fcr ein gesundes Leben auf ihren Informationswert, Anreize f\u00fcr Verhaltens\u00e4nderungen und Machbarkeit getestet. Die Zielgruppenbefragung wurde in 3 Regionen in Belgien und in 3 Regionen im niederl\u00e4ndischen S\u00fcdlimburg durchgef\u00fchrt. Die Erkenntnisse wurden genutzt, um gezieltere Sensibilisierungsmaterialien und -methoden zu entwickeln, die die Zielgruppe erreichen und tats\u00e4chlich eine Verhaltens\u00e4nderung anregen. Lesen Sie mehr dazu im <a href=\"https:\/\/euprevent.eu\/wp-content\/uploads\/2019\/07\/Rapport-project-HIE.pdf\">Abschlussbericht<\/a> (nur auf Niederl\u00e4ndisch verf\u00fcgbar).[\/vc_column_text][\/vc_column][vc_column width=&#8220;1\/2&#8243;][vc_column_text]<\/p>\n<h2>Abschlusskonferenz<\/h2>\n<p>W\u00e4hrend einer Abschlusskonferenz wurden die Ergebnisse des Projekts mit allen Akteuren diskutiert, die sich mit Sozialwohnungen, Wohnraum und Umwelt in Belgien und den Niederlanden befassen. Rob van Aalsburg hielt einen Vortrag \u00fcber Umwelt und Gesundheit in Innenr\u00e4umen. Marjanne Stranger hielt einen Vortrag \u00fcber Raumklima und Luftqualit\u00e4t. Schlie\u00dflich hielt Fran Bambust einen Vortrag \u00fcber Indoor Environment and Desire, in dem sie erkl\u00e4rte, was n\u00f6tig ist, um eine Verhaltens\u00e4nderung herbeizuf\u00fchren. Die Pr\u00e4sentationen sind auf <a href=\"https:\/\/euprevent.eu\/de\/event\/slot-congres-hie\/\">der Veranstaltungsseite<\/a> verf\u00fcgbar.[\/vc_column_text][vc_column_text]<\/p>\n<h2>Ergebnisse<\/h2>\n<p>Um die Ergebnisse f\u00fcr jedermann zug\u00e4nglich zu machen, wurden sie in zwei Infografiken visuell dargestellt. Eine Infografik richtet sich an die B\u00fcrger und zeigt das gew\u00fcnschte Verhalten <a href=\"https:\/\/euprevent.eu\/wp-content\/uploads\/2019\/12\/20191219-HIE-Infographic-Raam-open-DE.pdf\">&#8222;\u00d6ffnen Sie Ihr Fenster&#8220;<\/a>. Die andere Infografik zeigt <a href=\"https:\/\/euprevent.eu\/wp-content\/uploads\/2019\/12\/20191219-HIE-Infographic-Projectresultaten-DE.pdf\">die Struktur und die Ergebnisse des Projekts<\/a>.<\/p>\n<p>Dar\u00fcber hinaus wurden die Ergebnisse in einem Bericht zusammengefasst.<\/p>\n<p>Die gewonnenen Erkenntnisse k\u00f6nnen von Interessengruppen wie Kommunen und Wohnungsunternehmen bei der zuk\u00fcnftigen Umsetzung der Politik und der Politikgestaltung im Hinblick auf die Pr\u00e4ventionspolitik Umweltgesundheit genutzt werden.[\/vc_column_text][\/vc_column][\/vc_row][vc_row][vc_column][vc_column_text]        <div class=\"clearfix\"><\/div>\n\n        <h2>Publikationen<\/h2>\n        <div class=\"expandable-wrapper\">\n            <ul class=\"list-publications list-publications-month list-group  list-publications-gradienteffect\">\n                                    <li class=\"list-group-item\">\n                        <a href=\"https:\/\/euprevent.eu\/wp-content\/uploads\/2019\/12\/20191219-HIE-Infographic-Raam-open-DE.pdf\" target=\"_blank\">\n                            <div class=\"row vcenter\">\n                                <div class=\"col-img col-xs-1 text-center\"><img decoding=\"async\"\n                                            src=\"https:\/\/euprevent.eu\/wp-content\/uploads\/2019\/07\/HIE_Zetjeraamopen.png\"\/>\n                                <\/div>\n                                <div class=\"col-xs-10\">\n                                    <div class=\"publication-title\">Infographic \u2018\u00d6ffne dein Fenster\u2019 (DE)<\/div>\n                                <\/div>\n                                <div class=\"col-xs-1\">\n                                                                            <span class=\"label label-light\"><i\n                                                    class=\"fa fa-download\"><\/i><\/span>\n                                                                        <\/div>\n                            <\/div>\n                        <\/a>\n                    <\/li>\n                                        <li class=\"list-group-item\">\n                        <a href=\"https:\/\/euprevent.eu\/wp-content\/uploads\/2019\/12\/20191219-HIE-Infographic-Raam-open-FR.pdf\" target=\"_blank\">\n                            <div class=\"row vcenter\">\n                                <div class=\"col-img col-xs-1 text-center\"><img decoding=\"async\"\n                                            src=\"https:\/\/euprevent.eu\/wp-content\/uploads\/2019\/07\/HIE_Zetjeraamopen.png\"\/>\n                                <\/div>\n                                <div class=\"col-xs-10\">\n                                    <div class=\"publication-title\">Infographic \u2018Ouvrez votre fen\u00eatre\u2019 (FR)<\/div>\n                                <\/div>\n                                <div class=\"col-xs-1\">\n                                                                            <span class=\"label label-light\"><i\n                                                    class=\"fa fa-download\"><\/i><\/span>\n                                                                        <\/div>\n                            <\/div>\n                        <\/a>\n                    <\/li>\n                                        <li class=\"list-group-item\">\n                        <a href=\"https:\/\/euprevent.eu\/wp-content\/uploads\/2019\/12\/20191219-HIE-Infographic-Raam-open-EN.pdf\" target=\"_blank\">\n                            <div class=\"row vcenter\">\n                                <div class=\"col-img col-xs-1 text-center\"><img decoding=\"async\"\n                                            src=\"https:\/\/euprevent.eu\/wp-content\/uploads\/2019\/07\/HIE_Zetjeraamopen.png\"\/>\n                                <\/div>\n                                <div class=\"col-xs-10\">\n                                    <div class=\"publication-title\">Infographic \u2018Open your windows\u2019 (EN)<\/div>\n                                <\/div>\n                                <div class=\"col-xs-1\">\n                                                                            <span class=\"label label-light\"><i\n                                                    class=\"fa fa-download\"><\/i><\/span>\n                                                                        <\/div>\n                            <\/div>\n                        <\/a>\n                    <\/li>\n                                        <li class=\"list-group-item\">\n                        <a href=\"https:\/\/euprevent.eu\/wp-content\/uploads\/2019\/07\/2019-HIE-Infographic-Raam-open.pdf\" target=\"_blank\">\n                            <div class=\"row vcenter\">\n                                <div class=\"col-img col-xs-1 text-center\"><img decoding=\"async\"\n                                            src=\"https:\/\/euprevent.eu\/wp-content\/uploads\/2019\/07\/HIE_Zetjeraamopen.png\"\/>\n                                <\/div>\n                                <div class=\"col-xs-10\">\n                                    <div class=\"publication-title\">Infographic \u2018Open je raam\u2019 (NL)<\/div>\n                                <\/div>\n                                <div class=\"col-xs-1\">\n                                                                            <span class=\"label label-light\"><i\n                                                    class=\"fa fa-download\"><\/i><\/span>\n                                                                        <\/div>\n                            <\/div>\n                        <\/a>\n                    <\/li>\n                                        <li class=\"list-group-item\">\n                        <a href=\"https:\/\/euprevent.eu\/wp-content\/uploads\/2019\/12\/20191219-HIE-Infographic-Projectresultaten-FR.pdf\" target=\"_blank\">\n                            <div class=\"row vcenter\">\n                                <div class=\"col-img col-xs-1 text-center\"><img decoding=\"async\"\n                                            src=\"https:\/\/euprevent.eu\/wp-content\/uploads\/2019\/07\/HIE_Resultaten.png\"\/>\n                                <\/div>\n                                <div class=\"col-xs-10\">\n                                    <div class=\"publication-title\">Infographic Projet Environnement Int\u00e9rieur Sain (FR)<\/div>\n                                <\/div>\n                                <div class=\"col-xs-1\">\n                                                                            <span class=\"label label-light\"><i\n                                                    class=\"fa fa-download\"><\/i><\/span>\n                                                                        <\/div>\n                            <\/div>\n                        <\/a>\n                    <\/li>\n                                        <li class=\"list-group-item\">\n                        <a href=\"https:\/\/euprevent.eu\/wp-content\/uploads\/2019\/12\/20191219-HIE-Infographic-Projectresultaten-EN.pdf\" target=\"_blank\">\n                            <div class=\"row vcenter\">\n                                <div class=\"col-img col-xs-1 text-center\"><img decoding=\"async\"\n                                            src=\"https:\/\/euprevent.eu\/wp-content\/uploads\/2019\/07\/HIE_Resultaten.png\"\/>\n                                <\/div>\n                                <div class=\"col-xs-10\">\n                                    <div class=\"publication-title\">Infographic Project Healthy Indoor Environment (EN)<\/div>\n                                <\/div>\n                                <div class=\"col-xs-1\">\n                                                                            <span class=\"label label-light\"><i\n                                                    class=\"fa fa-download\"><\/i><\/span>\n                                                                        <\/div>\n                            <\/div>\n                        <\/a>\n                    <\/li>\n                                        <li class=\"list-group-item\">\n                        <a href=\"https:\/\/euprevent.eu\/wp-content\/uploads\/2019\/12\/20191219-HIE-Infographic-Projectresultaten-DE.pdf\" target=\"_blank\">\n                            <div class=\"row vcenter\">\n                                <div class=\"col-img col-xs-1 text-center\"><img decoding=\"async\"\n                                            src=\"https:\/\/euprevent.eu\/wp-content\/uploads\/2019\/07\/HIE_Resultaten.png\"\/>\n                                <\/div>\n                                <div class=\"col-xs-10\">\n                                    <div class=\"publication-title\">Infographic Projekt Gesundes Raumklima (DE)<\/div>\n                                <\/div>\n                                <div class=\"col-xs-1\">\n                                                                            <span class=\"label label-light\"><i\n                                                    class=\"fa fa-download\"><\/i><\/span>\n                                                                        <\/div>\n                            <\/div>\n                        <\/a>\n                    <\/li>\n                                        <li class=\"list-group-item\">\n                        <a href=\"https:\/\/euprevent.eu\/wp-content\/uploads\/2019\/07\/2019-HIE-Infographic-Projectresultaten.pdf\" target=\"_blank\">\n                            <div class=\"row vcenter\">\n                                <div class=\"col-img col-xs-1 text-center\"><img decoding=\"async\"\n                                            src=\"https:\/\/euprevent.eu\/wp-content\/uploads\/2019\/07\/HIE_Resultaten.png\"\/>\n                                <\/div>\n                                <div class=\"col-xs-10\">\n                                    <div class=\"publication-title\">Infographic Project Gezond Binnenmilieu (NL)<\/div>\n                                <\/div>\n                                <div class=\"col-xs-1\">\n                                                                            <span class=\"label label-light\"><i\n                                                    class=\"fa fa-download\"><\/i><\/span>\n                                                                        <\/div>\n                            <\/div>\n                        <\/a>\n                    <\/li>\n                    \n            <\/ul>\n                            <div class=\"text-center\">\n                    <a href=\"javascript:void(0);\"\n                       class=\"btn btn-sm btn-default openmore-list-publications\"> zeigt alles<\/a>\n                <\/div>\n                        <\/div>\n\n        [\/vc_column_text][\/vc_column][\/vc_row][vc_row][vc_column][vc_column_text]        <div class=\"clearfix\"><\/div>\n\n        <h2>In den Medien<\/h2>\n        <div class=\"expandable-wrapper\">\n            <ul class=\"list-mediapublications list-mediapublications-month list-group  \">\n                                    <li class=\"list-group-item\">\n                        <a href=\"https:\/\/www.limburger.nl\/cnt\/dmf20190620_00111070\" target=\"_blank\">\n                            <div class=\"row vcenter\">\n                                <div class=\"col-xs-11\">\n                                    <div class=\"mediapublication-title\">Airbuddies voor gezond binnenmilieu<\/div>\n                                    <div class=\"mediapublication-subtitle\"><span class=\"text-muted\">\n                                                20-06-2019<\/span> - De Limburger                                    <\/div>\n                                <\/div>\n                                <div class=\"col-xs-1\">\n                                                                            <span class=\"label label-light\"><i\n                                                    class=\"fa fa-link\"><\/i><\/span>\n                                                                        <\/div>\n                            <\/div>\n                        <\/a>\n                    <\/li>\n                    \n            <\/ul>\n                    <\/div>\n\n        [\/vc_column_text][\/vc_column][\/vc_row][vc_row][vc_column][vc_single_image image=&#8220;7702&#8243; img_size=&#8220;large&#8220; alignment=&#8220;center&#8220;][\/vc_column][\/vc_row]<\/p>\n<\/section>","protected":false},"excerpt":{"rendered":"<p>[vc_row][vc_column][vc_single_image image=&#8220;7922&#8243; img_size=&#8220;medium&#8220; alignment=&#8220;right&#8220; onclick=&#8220;custom_link&#8220; img_link_target=&#8220;_blank&#8220; link=&#8220;https:\/\/www.interregemr.eu\/home-de&#8220;][vc_column_text] Projekt Gesundes Raumklima (HIE) Das Projekt HIE steht f\u00fcr Healthy Indoor Environment. Im Durchschnitt verbringen die Menschen 70% ihrer Zeit zu Hause. (Quelle: RIVM) Eine gute Luftqualit\u00e4t, auch bei Mietobjekten, ist daher sehr wichtig. Das Projekt &#8222;Gesundes Raumklima&#8220; beschreibt die Probleme der Beteiligten und die bereits vorhandenen Methoden [&hellip;]<\/p>\n","protected":false},"author":1,"featured_media":0,"parent":0,"menu_order":0,"comment_status":"closed","ping_status":"closed","template":"","meta":{"_acf_changed":false,"footnotes":""},"class_list":["post-7047","page","type-page","status-publish","hentry","programmes-environmental-health"],"acf":[],"yoast_head":"<!-- This site is optimized with the Yoast SEO plugin v27.5 - https:\/\/yoast.com\/product\/yoast-seo-wordpress\/ -->\n<title>Projekt Gesundes Raumklima (HIE) - euPrevent<\/title>\n<meta name=\"robots\" content=\"index, follow, max-snippet:-1, max-image-preview:large, max-video-preview:-1\" \/>\n<link rel=\"canonical\" href=\"https:\/\/euprevent.eu\/de\/hie\/\" \/>\n<meta property=\"og:locale\" content=\"de_DE\" \/>\n<meta property=\"og:type\" content=\"article\" \/>\n<meta property=\"og:title\" content=\"Projekt Gesundes Raumklima (HIE) - euPrevent\" \/>\n<meta property=\"og:description\" content=\"[vc_row][vc_column][vc_single_image image=&#8220;7922&#8243; img_size=&#8220;medium&#8220; alignment=&#8220;right&#8220; onclick=&#8220;custom_link&#8220; img_link_target=&#8220;_blank&#8220; link=&#8220;https:\/\/www.interregemr.eu\/home-de&#8220;][vc_column_text] Projekt Gesundes Raumklima (HIE) Das Projekt HIE steht f\u00fcr Healthy Indoor Environment. Im Durchschnitt verbringen die Menschen 70% ihrer Zeit zu Hause. (Quelle: RIVM) Eine gute Luftqualit\u00e4t, auch bei Mietobjekten, ist daher sehr wichtig. Das Projekt &#8222;Gesundes Raumklima&#8220; beschreibt die Probleme der Beteiligten und die bereits vorhandenen Methoden [&hellip;]\" \/>\n<meta property=\"og:url\" content=\"https:\/\/euprevent.eu\/de\/hie\/\" \/>\n<meta property=\"og:site_name\" content=\"euPrevent\" \/>\n<meta property=\"article:modified_time\" content=\"2022-02-10T16:26:46+00:00\" \/>\n<meta name=\"twitter:card\" content=\"summary_large_image\" \/>\n<meta name=\"twitter:label1\" content=\"Gesch\u00e4tzte Lesezeit\" \/>\n\t<meta name=\"twitter:data1\" content=\"2\u00a0Minuten\" \/>\n<script type=\"application\/ld+json\" class=\"yoast-schema-graph\">{\"@context\":\"https:\\\/\\\/schema.org\",\"@graph\":[{\"@type\":\"WebPage\",\"@id\":\"https:\\\/\\\/euprevent.eu\\\/de\\\/hie\\\/\",\"url\":\"https:\\\/\\\/euprevent.eu\\\/de\\\/hie\\\/\",\"name\":\"Projekt Gesundes Raumklima (HIE) - euPrevent\",\"isPartOf\":{\"@id\":\"https:\\\/\\\/euprevent.eu\\\/de\\\/#website\"},\"datePublished\":\"2019-01-04T17:24:59+00:00\",\"dateModified\":\"2022-02-10T16:26:46+00:00\",\"breadcrumb\":{\"@id\":\"https:\\\/\\\/euprevent.eu\\\/de\\\/hie\\\/#breadcrumb\"},\"inLanguage\":\"de\",\"potentialAction\":[{\"@type\":\"ReadAction\",\"target\":[\"https:\\\/\\\/euprevent.eu\\\/de\\\/hie\\\/\"]}]},{\"@type\":\"BreadcrumbList\",\"@id\":\"https:\\\/\\\/euprevent.eu\\\/de\\\/hie\\\/#breadcrumb\",\"itemListElement\":[{\"@type\":\"ListItem\",\"position\":1,\"name\":\"Home\",\"item\":\"https:\\\/\\\/euprevent.eu\\\/de\\\/\"},{\"@type\":\"ListItem\",\"position\":2,\"name\":\"Projekt Gesundes Raumklima (HIE)\"}]},{\"@type\":\"WebSite\",\"@id\":\"https:\\\/\\\/euprevent.eu\\\/de\\\/#website\",\"url\":\"https:\\\/\\\/euprevent.eu\\\/de\\\/\",\"name\":\"euPrevent\",\"description\":\"euPrevent is a Euroregional network that focuses on promoting health. Within this network, sustainable partnerships seek to increase the quality of life of residents in the border region between the Netherlands, Belgium and Germany.\",\"potentialAction\":[{\"@type\":\"SearchAction\",\"target\":{\"@type\":\"EntryPoint\",\"urlTemplate\":\"https:\\\/\\\/euprevent.eu\\\/de\\\/?s={search_term_string}\"},\"query-input\":{\"@type\":\"PropertyValueSpecification\",\"valueRequired\":true,\"valueName\":\"search_term_string\"}}],\"inLanguage\":\"de\"}]}<\/script>\n<!-- \/ Yoast SEO plugin. -->","yoast_head_json":{"title":"Projekt Gesundes Raumklima (HIE) - euPrevent","robots":{"index":"index","follow":"follow","max-snippet":"max-snippet:-1","max-image-preview":"max-image-preview:large","max-video-preview":"max-video-preview:-1"},"canonical":"https:\/\/euprevent.eu\/de\/hie\/","og_locale":"de_DE","og_type":"article","og_title":"Projekt Gesundes Raumklima (HIE) - euPrevent","og_description":"[vc_row][vc_column][vc_single_image image=&#8220;7922&#8243; img_size=&#8220;medium&#8220; alignment=&#8220;right&#8220; onclick=&#8220;custom_link&#8220; img_link_target=&#8220;_blank&#8220; link=&#8220;https:\/\/www.interregemr.eu\/home-de&#8220;][vc_column_text] Projekt Gesundes Raumklima (HIE) Das Projekt HIE steht f\u00fcr Healthy Indoor Environment. Im Durchschnitt verbringen die Menschen 70% ihrer Zeit zu Hause. (Quelle: RIVM) Eine gute Luftqualit\u00e4t, auch bei Mietobjekten, ist daher sehr wichtig. Das Projekt &#8222;Gesundes Raumklima&#8220; beschreibt die Probleme der Beteiligten und die bereits vorhandenen Methoden [&hellip;]","og_url":"https:\/\/euprevent.eu\/de\/hie\/","og_site_name":"euPrevent","article_modified_time":"2022-02-10T16:26:46+00:00","twitter_card":"summary_large_image","twitter_misc":{"Gesch\u00e4tzte Lesezeit":"2\u00a0Minuten"},"schema":{"@context":"https:\/\/schema.org","@graph":[{"@type":"WebPage","@id":"https:\/\/euprevent.eu\/de\/hie\/","url":"https:\/\/euprevent.eu\/de\/hie\/","name":"Projekt Gesundes Raumklima (HIE) - euPrevent","isPartOf":{"@id":"https:\/\/euprevent.eu\/de\/#website"},"datePublished":"2019-01-04T17:24:59+00:00","dateModified":"2022-02-10T16:26:46+00:00","breadcrumb":{"@id":"https:\/\/euprevent.eu\/de\/hie\/#breadcrumb"},"inLanguage":"de","potentialAction":[{"@type":"ReadAction","target":["https:\/\/euprevent.eu\/de\/hie\/"]}]},{"@type":"BreadcrumbList","@id":"https:\/\/euprevent.eu\/de\/hie\/#breadcrumb","itemListElement":[{"@type":"ListItem","position":1,"name":"Home","item":"https:\/\/euprevent.eu\/de\/"},{"@type":"ListItem","position":2,"name":"Projekt Gesundes Raumklima (HIE)"}]},{"@type":"WebSite","@id":"https:\/\/euprevent.eu\/de\/#website","url":"https:\/\/euprevent.eu\/de\/","name":"euPrevent","description":"euPrevent is a Euroregional network that focuses on promoting health. Within this network, sustainable partnerships seek to increase the quality of life of residents in the border region between the Netherlands, Belgium and Germany.","potentialAction":[{"@type":"SearchAction","target":{"@type":"EntryPoint","urlTemplate":"https:\/\/euprevent.eu\/de\/?s={search_term_string}"},"query-input":{"@type":"PropertyValueSpecification","valueRequired":true,"valueName":"search_term_string"}}],"inLanguage":"de"}]}},"_links":{"self":[{"href":"https:\/\/euprevent.eu\/de\/wp-json\/wp\/v2\/pages\/7047","targetHints":{"allow":["GET"]}}],"collection":[{"href":"https:\/\/euprevent.eu\/de\/wp-json\/wp\/v2\/pages"}],"about":[{"href":"https:\/\/euprevent.eu\/de\/wp-json\/wp\/v2\/types\/page"}],"author":[{"embeddable":true,"href":"https:\/\/euprevent.eu\/de\/wp-json\/wp\/v2\/users\/1"}],"replies":[{"embeddable":true,"href":"https:\/\/euprevent.eu\/de\/wp-json\/wp\/v2\/comments?post=7047"}],"version-history":[{"count":11,"href":"https:\/\/euprevent.eu\/de\/wp-json\/wp\/v2\/pages\/7047\/revisions"}],"predecessor-version":[{"id":17768,"href":"https:\/\/euprevent.eu\/de\/wp-json\/wp\/v2\/pages\/7047\/revisions\/17768"}],"wp:attachment":[{"href":"https:\/\/euprevent.eu\/de\/wp-json\/wp\/v2\/media?parent=7047"}],"curies":[{"name":"wp","href":"https:\/\/api.w.org\/{rel}","templated":true}]}}