


{"id":4331,"date":"2018-05-24T10:23:29","date_gmt":"2018-05-24T10:23:29","guid":{"rendered":"https:\/\/euprevent.eu\/uitvoeringsplan-verkenning-euregionale-gezondheid\/"},"modified":"2022-02-10T17:15:24","modified_gmt":"2022-02-10T16:15:24","slug":"euregionaler-wissensmakler","status":"publish","type":"page","link":"https:\/\/euprevent.eu\/de\/euregionaler-wissensmakler\/","title":{"rendered":"Euregionaler Wissensmakler"},"content":{"rendered":"<section class=\"wpb-content-wrapper\"><p>[vc_row][vc_column][vc_single_image image=&#8220;2330&#8243; img_size=&#8220;medium&#8220; alignment=&#8220;right&#8220; onclick=&#8220;custom_link&#8220; img_link_target=&#8220;_blank&#8220; link=&#8220;https:\/\/www.limburg.nl\/onderwerpen\/gezondheid\/euregio-gezondheid\/&#8220;][vc_column_text]<\/p>\n<h1>Euregionaler Wissensmakler Gesundheit, Vitalit\u00e4t und Partizipation<\/h1>\n<h2>Limburg ist das Tor Europas!<\/h2>\n<p>Die <a href=\"https:\/\/www.limburg.nl\/onderwerpen\/gezondheid\/euregio-gezondheid\/\" target=\"_blank\" rel=\"noopener\">Provinz Limburg (NL)<\/a> eine intensivere Zusammenarbeit im Gesundheitsbereich in den Euroregionen an. Dieses Ziel ist im Koalitionsvertrag 2015-2019 enthalten.<\/p>\n<p>2017 hat euPrevent f\u00fcr Limburg untersucht, welche Aktivit\u00e4ten auf euregionaler und europ\u00e4ischer Ebene im Bereich der Zusammenarbeit im Gesundheitswesen umgesetzt werden. Im Jahr 2018 wurde euPrevent von der Provinz Limburg euregionalen Wissensmakler ernannt, um dieses Ziel zu verwirklichen.[\/vc_column_text][\/vc_column][\/vc_row][vc_row gap=&#8220;25&#8243;][vc_column width=&#8220;1\/2&#8243; css=&#8220;.vc_custom_1509467339928{padding-top: 25px !important;background-color: #f3f3f3 !important;border-radius: 5px !important;}&#8220;][vc_column_text css=&#8220;.vc_custom_1544688290805{margin-bottom: 5px !important;padding-bottom: 5px !important;}&#8220;]<\/p>\n<h3>Projektrahmen Sondierung<\/h3>\n<p><strong>Zielgruppe:<\/strong>\u00a0 B\u00fcrger der Region Limburg (NL) sowie Stakeholder in Limburg und in den angrenzenden L\u00e4ndern.<br \/>\n<strong>Laufzeit:<\/strong> M\u00e4rz 2017 \u2013 Dezember 2017<br \/>\nFinanzierung: Provinz Limburg (NL)<br \/>\n<strong>Partner:<\/strong> Provinz Limburg (NL), euPrevent (EMR)[\/vc_column_text][\/vc_column][vc_column width=&#8220;1\/2&#8243; css=&#8220;.vc_custom_1544688246796{padding-top: 25px !important;background-color: #f3f3f3 !important;border-radius: 5px !important;}&#8220;][vc_column_text css=&#8220;.vc_custom_1621254764220{margin-bottom: 5px !important;padding-bottom: 5px !important;}&#8220;]<\/p>\n<h3>Projektrahmen Wissensmakler<\/h3>\n<p><strong>Zielgruppe:<\/strong>\u00a0 B\u00fcrger der Region Limburg (NL) sowie Stakeholder in Limburg und in den angrenzenden L\u00e4ndern.<br \/>\n<strong>Laufzeit:<\/strong> 1. May 2018 \u2013 31. Juni 2021<br \/>\nFinanzierung: Provinz Limburg (NL)<br \/>\n<strong>Partner:<\/strong> Provinz Limburg (NL), euPrevent (EMR)[\/vc_column_text][\/vc_column][\/vc_row][vc_row][vc_column][vc_empty_space][vc_column_text]<\/p>\n<h2>Ziel der Projekte<\/h2>\n<p>Der euregionale Wissensmakler Gesundheit, Vitalit\u00e4t und Partizipation tr\u00e4gt durch Forschung, Tagungen, Strukturentwicklung und Beratung zu einem sozialen Strukturwandel in Limburg (NL) bei. Eine \u00c4nderung, die bis 2025 die ersten Gesundheits- und Partizipationsl\u00fccken verkleinert haben wird. Auf zu einem vitaleren Limburg.[\/vc_column_text][\/vc_column][\/vc_row][vc_row][vc_column width=&#8220;1\/2&#8243;][vc_column_text]<\/p>\n<h3>Studie<\/h3>\n<p>Im Jahr 2017 f\u00fchrte euPrevent eine praxisorientierte Sondierung der Themen Gesundheitsvorsorge und Partizipation, Wissensaustausch und Netzwerkentwicklung durch. Die Untersuchung gab einen besseren Einblick in die Erwartungen und M\u00f6glichkeiten der verschiedenen Interessengruppen in Limburg und den angrenzenden Gebieten bez\u00fcglich der Themen:<\/p>\n<ul>\n<li>Mehrwert der euregionalen Zusammenarbeit f\u00fcr B\u00fcrger und Interessengruppen.<\/li>\n<li>Mehrwert der Zusammenarbeit mit den euroregionalen und europ\u00e4ischen Institutionen bei der Erreichung der Ziele der Provinz.<\/li>\n<li>Bestrebungen der Nachbarregionen und und die Frage nach der \u00dcbereinstimmung mit den Bestrebungen der Provinz.<\/li>\n<li>Ansatz f\u00fcr die grenz\u00fcberschreitende Zusammenarbeit in den Euroregionen.<\/li>\n<\/ul>\n<p>[\/vc_column_text][vc_column_text]<\/p>\n<h3>Umsetzungsplan\u00a02018-2019<\/h3>\n<p>Die Studie wurde mit einem <a href=\"https:\/\/euprevent.eu\/wp-content\/uploads\/2018\/12\/181113-Umsetzungsplan-Sondierung-DE.pdf\">Umsetzungsplan zur Erforschung der euroregionalen Gesundheit<\/a> abgeschlossen. Themen sind u.a.:<\/p>\n<ul>\n<li>der Sachstand aus dem Jahr 2017 bez\u00fcglich der Zusammenarbeit im Rahmen der Sozialagenda und der Zusammenarbeit auf euregionaler und europ\u00e4ischer Ebene,<\/li>\n<li>konkrete Vorschl\u00e4ge f\u00fcr die Provinz, um ihre Ziele f\u00fcr 2018 und 2019 weiter zu konkretisieren.<\/li>\n<\/ul>\n<p>[\/vc_column_text][\/vc_column][vc_column width=&#8220;1\/2&#8243;][vc_column_text]<\/p>\n<h3>Wissensmakler<\/h3>\n<p>Der Wissensmakler erweitert und vertieft die nachhaltige euroregionale Zusammenarbeit in der Euregio Maas-Rhein und der Euregio Rhein-Maas-Nord. Die Ambitionen der Provinz Limburg im Bereich Gesundheit, Vitalit\u00e4t und Partizipation sind von gr\u00f6\u00dfter Bedeutung und das Konzept der positiven Gesundheit ist dabei inhaltlich handlungsleitend. Der Wissensmakler konzentriert sich auf:<\/p>\n<ul>\n<li>Abstimmung unter den bestehenden euroregionalen Netzwerken,<\/li>\n<li>Aufbau eines nachhaltigen euroregionalen Netzwerks in der Euregio Rhein-Maas-Nord mit Initiativen zu Positiver Gesundheit, Daten und Jugend,<\/li>\n<li>Einbindung und Unterst\u00fctzung der Kommunen in ihre euroregionalen Kooperationen,<\/li>\n<li>Unterst\u00fctzung der Provinz beim <a href=\"https:\/\/euprevent.eu\/de\/who-rhn-adr-konferenz\/\">Konferenz des WHO-Netzwerks Regionen f\u00fcr Gesundheit &#8211; Ausschuss der Regionen<\/a> im Juni 2019,<\/li>\n<li>Entwicklung eines Aktionsplans f\u00fcr eine nachhaltige euroregionale Zusammenarbeit.<\/li>\n<\/ul>\n<p>[\/vc_column_text][vc_column_text]<\/p>\n<h3>Zusammenarbeit<\/h3>\n<p>Die Provinz Limburg und euPrevent arbeiten eng zusammen, um die Bestrebungen der Provinz in Bezug auf Gesundheit, Beteiligung und Vitalit\u00e4t ihrer B\u00fcrger zu verwirklichen. Es werden so viele Interessengruppen wie m\u00f6glich aus Limburg und den umliegenden Regionen einbezogen, wie z.B.:<\/p>\n<ul>\n<li>Regierungen, wie z.B. Gemeinden, Provinzen, Netzwerkverb\u00e4nde und Ministerien,<\/li>\n<li>\u00f6ffentliche Gesundheitsorganisationen, wie GGDs und \u00e4hnliche Organisationen aus Deutschland und Belgien,<\/li>\n<li>Krankenh\u00e4user,<\/li>\n<li>psychiatrische Einrichtungen,<\/li>\n<li>B\u00fcrgerinitiativen,<\/li>\n<li>Hochschulen und Universit\u00e4ten,<\/li>\n<li>arbeitsmarktbezogene Institute und Experten,<\/li>\n<li>Euroregionen,<\/li>\n<li>Politische Vertreter\/-innen der Provinzen Belgiens und der Kreise auf deutscher Seite.<\/li>\n<\/ul>\n<p>[\/vc_column_text][\/vc_column][\/vc_row][vc_row][vc_column][vc_column_text]\t<div class=\"clearfix\"><\/div>\r\n\t<div class=\"panel-events_and_news\">\r\n\t\t<div class=\"row\">\r\n\r\n            \r\n            \t\t\t<div class=\"col-sm-12 col-md-6\" id=\"events\">\r\n\t\t\t\t<h3>Veranstaltungen<\/h3>\r\n\t\t\t\t\t\t\t\t\t\t\t\t\t\t\t\t<h2><span class=\"hidden\">Veranstaltungen - <\/span>R\u00fcckblick<\/h2>\r\n\t\t\t\t\t\t\t\r\n\t\t\t\t\t\t<div class=\"event media past\">\r\n\t\t\t\t\t\t\t<a class=\"overlay\" href=\"https:\/\/euprevent.eu\/de\/event\/bijeenkomst-euregionale-samenwerking-en-gezondheid\/\"><\/a>\r\n\t\t\t\t\t\t\t\t\t\t\t\t\t\t<div class=\"thumb pull-left\" style=\"background-image: url('https:\/\/euprevent.eu\/wp-content\/uploads\/2021\/04\/the-province-of-limburg-5234639_1920.jpg');\"><\/div>\r\n\t\t\t\t\t\t\t<div class=\"event-info-table\">\r\n\t\t\t\t\t\t\t\t<div class=\"event-info-table-row\">\r\n\t\t\t\t\t\t\t\t\t<div class=\"event-info-table-cell\">\r\n\t\t\t\t\t\t\t\t\t\t<h3>Conference: Euregional cooperation and Health<\/h3>\r\n                                        <p>10 Juni 2021<\/p>\r\n\t\t\t\t\t\t\t\t\t<\/div>\r\n\t\t\t\t\t\t\t\t<\/div>\r\n\t\t\t\t\t\t\t<\/div>\r\n\t\t\t\t\t\t<\/div>\r\n\r\n\t\t\t\t\t\t\r\n\t\t\t\t\t\t<div class=\"event media past\">\r\n\t\t\t\t\t\t\t<a class=\"overlay\" href=\"https:\/\/euprevent.eu\/de\/who-rhn-adr-konferenz\/\"><\/a>\r\n\t\t\t\t\t\t\t\t\t\t\t\t\t\t<div class=\"thumb pull-left\" style=\"background-image: url('https:\/\/euprevent.eu\/wp-content\/uploads\/2018\/12\/EMR-kleurrijk.jpg');\"><\/div>\r\n\t\t\t\t\t\t\t<div class=\"event-info-table\">\r\n\t\t\t\t\t\t\t\t<div class=\"event-info-table-row\">\r\n\t\t\t\t\t\t\t\t\t<div class=\"event-info-table-cell\">\r\n\t\t\t\t\t\t\t\t\t\t<h3>WHO RHN-CoR Conference<\/h3>\r\n                                        <p>26 Juni 2019 - 28 Juni 2019<\/p>\r\n\t\t\t\t\t\t\t\t\t<\/div>\r\n\t\t\t\t\t\t\t\t<\/div>\r\n\t\t\t\t\t\t\t<\/div>\r\n\t\t\t\t\t\t<\/div>\r\n\r\n\t\t\t\t\t\t\r\n\t\t\t\t\t\t<div class=\"event media past\">\r\n\t\t\t\t\t\t\t<a class=\"overlay\" href=\"https:\/\/euprevent.eu\/de\/who-rhn-adr-konferenz\/\"><\/a>\r\n\t\t\t\t\t\t\t\t\t\t\t\t\t\t<div class=\"thumb pull-left\" style=\"background-image: url('https:\/\/euprevent.eu\/wp-content\/uploads\/2018\/12\/who-cor.jpg');\"><\/div>\r\n\t\t\t\t\t\t\t<div class=\"event-info-table\">\r\n\t\t\t\t\t\t\t\t<div class=\"event-info-table-row\">\r\n\t\t\t\t\t\t\t\t\t<div class=\"event-info-table-cell\">\r\n\t\t\t\t\t\t\t\t\t\t<h3>B\u00fcrgergipfel<\/h3>\r\n                                        <p>9 Februar 2019 - 16 Februar 2019<\/p>\r\n\t\t\t\t\t\t\t\t\t<\/div>\r\n\t\t\t\t\t\t\t\t<\/div>\r\n\t\t\t\t\t\t\t<\/div>\r\n\t\t\t\t\t\t<\/div>\r\n\r\n\t\t\t\t\t\t\t\t\t\t\t<div class=\"text-center p-5\"><a class=\"btn btn-sm btn-default\" href=\"https:\/\/euprevent.eu\/de\/event\/\">alle Veranstaltungen<\/a><\/div>\r\n\t\t\t\t\t\t\t\t<\/div>\r\n\r\n            \r\n            \t\t\t<div class=\"col-sm-12 col-md-6\" id=\"news\">\r\n\t\t\t\t<h3>News<\/h3>\r\n\t\t\t\t\t\t\t\t\t\t\t\t\t\t\t<div class=\"newsitem\">\r\n\t\t\t\t\t\t\t<a class=\"overlay\" href=\"https:\/\/euprevent.eu\/de\/missed-the-conference-euregional-cooperation-and-health-watch-now\/\"><\/a>\r\n                            <div class=\"thumb pull-left\" style=\"background-image: url('https:\/\/euprevent.eu\/wp-content\/uploads\/2021\/06\/0.jpg');\"><\/div>\r\n\t\t\t\t\t\t\t<div class=\"news-info-table\">\r\n\t\t\t\t\t\t\t\t<div class=\"news-info-table-row\">\r\n\t\t\t\t\t\t\t\t\t<div class=\"news-info-table-cell\">\r\n\t\t\t\t\t\t\t\t\t\t<p>28 June 2021<\/p>\r\n\t\t\t\t\t\t\t\t\t\t<h3>Missed the conference 'Euregional cooperation and Health'? Watch now<\/h3>\r\n\t\t\t\t\t\t\t\t\t<\/div>\r\n\t\t\t\t\t\t\t\t<\/div>\r\n\t\t\t\t\t\t\t<\/div>\r\n\t\t\t\t\t\t<\/div>\r\n\t\t\t\t\t\t\t\t\t\t\t\t<div class=\"newsitem\">\r\n\t\t\t\t\t\t\t<a class=\"overlay\" href=\"https:\/\/euprevent.eu\/de\/succesful-first-citizen-summit\/\"><\/a>\r\n                            <div class=\"thumb pull-left\" style=\"background-image: url('https:\/\/euprevent.eu\/wp-content\/uploads\/2019\/02\/PHOTO-2019-02-09-13-37-12.jpg');\"><\/div>\r\n\t\t\t\t\t\t\t<div class=\"news-info-table\">\r\n\t\t\t\t\t\t\t\t<div class=\"news-info-table-row\">\r\n\t\t\t\t\t\t\t\t\t<div class=\"news-info-table-cell\">\r\n\t\t\t\t\t\t\t\t\t\t<p>14 February 2019<\/p>\r\n\t\t\t\t\t\t\t\t\t\t<h3>Successful First Citizen Summit<\/h3>\r\n\t\t\t\t\t\t\t\t\t<\/div>\r\n\t\t\t\t\t\t\t\t<\/div>\r\n\t\t\t\t\t\t\t<\/div>\r\n\t\t\t\t\t\t<\/div>\r\n\t\t\t\t\t\t\t\t\t\t\t\t<div class=\"newsitem\">\r\n\t\t\t\t\t\t\t<a class=\"overlay\" href=\"https:\/\/euprevent.eu\/de\/jahreskonferenz-who-rhn-und-adr\/\"><\/a>\r\n                            <div class=\"thumb pull-left\" style=\"background-image: url('https:\/\/euprevent.eu\/wp-content\/uploads\/2018\/12\/who-cor.jpg');\"><\/div>\r\n\t\t\t\t\t\t\t<div class=\"news-info-table\">\r\n\t\t\t\t\t\t\t\t<div class=\"news-info-table-row\">\r\n\t\t\t\t\t\t\t\t\t<div class=\"news-info-table-cell\">\r\n\t\t\t\t\t\t\t\t\t\t<p>13 December 2018<\/p>\r\n\t\t\t\t\t\t\t\t\t\t<h3>Jahreskonferenz WHO RHN  und AdR<\/h3>\r\n\t\t\t\t\t\t\t\t\t<\/div>\r\n\t\t\t\t\t\t\t\t<\/div>\r\n\t\t\t\t\t\t\t<\/div>\r\n\t\t\t\t\t\t<\/div>\r\n\t\t\t\t\t\t\t\t\t\t\t<div class=\"text-center p-5\"><a class=\"btn btn-sm btn-default\" href=\"https:\/\/euprevent.eu\/de\/neuigkeiten\/\">Alle Nachrichten<\/a><\/div>\r\n\t\t\t\t\t\t\t\t<\/div>\r\n            \r\n\t\t<\/div>\r\n\t<\/div>\r\n\r\n\t[\/vc_column_text][\/vc_column][\/vc_row][vc_row][vc_column][vc_column_text]        <div class=\"clearfix\"><\/div>\n\n        <h2>In den Medien<\/h2>\n        <div class=\"expandable-wrapper\">\n            <ul class=\"list-mediapublications list-mediapublications-month list-group  \">\n                                    <li class=\"list-group-item\">\n                        <a href=\"https:\/\/aha24x7.com\/provincie-limburg-gesprek-met-burgers-grensoverschrijdende-activiteiten\/\" target=\"_blank\">\n                            <div class=\"row vcenter\">\n                                <div class=\"col-xs-11\">\n                                    <div class=\"mediapublication-title\">Provincie Limburg in gesprek met burgers over grensoverschrijdende activiteiten<\/div>\n                                    <div class=\"mediapublication-subtitle\"><span class=\"text-muted\">\n                                                09-09-2017<\/span> - AHA24x7.com                                    <\/div>\n                                <\/div>\n                                <div class=\"col-xs-1\">\n                                                                            <span class=\"label label-light\"><i\n                                                    class=\"fa fa-link\"><\/i><\/span>\n                                                                        <\/div>\n                            <\/div>\n                        <\/a>\n                    <\/li>\n                    \n            <\/ul>\n                    <\/div>\n\n        [\/vc_column_text][\/vc_column][\/vc_row]<\/p>\n<\/section>","protected":false},"excerpt":{"rendered":"<p>[vc_row][vc_column][vc_single_image image=&#8220;2330&#8243; img_size=&#8220;medium&#8220; alignment=&#8220;right&#8220; onclick=&#8220;custom_link&#8220; img_link_target=&#8220;_blank&#8220; link=&#8220;https:\/\/www.limburg.nl\/onderwerpen\/gezondheid\/euregio-gezondheid\/&#8220;][vc_column_text] Euregionaler Wissensmakler Gesundheit, Vitalit\u00e4t und Partizipation Limburg ist das Tor Europas! Die Provinz Limburg (NL) eine intensivere Zusammenarbeit im Gesundheitsbereich in den Euroregionen an. Dieses Ziel ist im Koalitionsvertrag 2015-2019 enthalten. 2017 hat euPrevent f\u00fcr Limburg untersucht, welche Aktivit\u00e4ten auf euregionaler und europ\u00e4ischer Ebene im Bereich der Zusammenarbeit [&hellip;]<\/p>\n","protected":false},"author":1,"featured_media":0,"parent":0,"menu_order":0,"comment_status":"closed","ping_status":"closed","template":"","meta":{"_acf_changed":false,"footnotes":""},"class_list":["post-4331","page","type-page","status-publish","hentry","programmes-crossing-programmes"],"acf":[],"yoast_head":"<!-- This site is optimized with the Yoast SEO plugin v27.5 - https:\/\/yoast.com\/product\/yoast-seo-wordpress\/ -->\n<title>Euregionaler Wissensmakler - euPrevent<\/title>\n<meta name=\"robots\" content=\"index, follow, max-snippet:-1, max-image-preview:large, max-video-preview:-1\" \/>\n<link rel=\"canonical\" href=\"https:\/\/euprevent.eu\/de\/euregionaler-wissensmakler\/\" \/>\n<meta property=\"og:locale\" content=\"de_DE\" \/>\n<meta property=\"og:type\" content=\"article\" \/>\n<meta property=\"og:title\" content=\"Euregionaler Wissensmakler - euPrevent\" \/>\n<meta property=\"og:description\" content=\"[vc_row][vc_column][vc_single_image image=&#8220;2330&#8243; img_size=&#8220;medium&#8220; alignment=&#8220;right&#8220; onclick=&#8220;custom_link&#8220; img_link_target=&#8220;_blank&#8220; link=&#8220;https:\/\/www.limburg.nl\/onderwerpen\/gezondheid\/euregio-gezondheid\/&#8220;][vc_column_text] Euregionaler Wissensmakler Gesundheit, Vitalit\u00e4t und Partizipation Limburg ist das Tor Europas! Die Provinz Limburg (NL) eine intensivere Zusammenarbeit im Gesundheitsbereich in den Euroregionen an. Dieses Ziel ist im Koalitionsvertrag 2015-2019 enthalten. 2017 hat euPrevent f\u00fcr Limburg untersucht, welche Aktivit\u00e4ten auf euregionaler und europ\u00e4ischer Ebene im Bereich der Zusammenarbeit [&hellip;]\" \/>\n<meta property=\"og:url\" content=\"https:\/\/euprevent.eu\/de\/euregionaler-wissensmakler\/\" \/>\n<meta property=\"og:site_name\" content=\"euPrevent\" \/>\n<meta property=\"article:modified_time\" content=\"2022-02-10T16:15:24+00:00\" \/>\n<meta name=\"twitter:card\" content=\"summary_large_image\" \/>\n<meta name=\"twitter:label1\" content=\"Gesch\u00e4tzte Lesezeit\" \/>\n\t<meta name=\"twitter:data1\" content=\"3\u00a0Minuten\" \/>\n<script type=\"application\/ld+json\" class=\"yoast-schema-graph\">{\"@context\":\"https:\\\/\\\/schema.org\",\"@graph\":[{\"@type\":\"WebPage\",\"@id\":\"https:\\\/\\\/euprevent.eu\\\/de\\\/euregionaler-wissensmakler\\\/\",\"url\":\"https:\\\/\\\/euprevent.eu\\\/de\\\/euregionaler-wissensmakler\\\/\",\"name\":\"Euregionaler Wissensmakler - euPrevent\",\"isPartOf\":{\"@id\":\"https:\\\/\\\/euprevent.eu\\\/de\\\/#website\"},\"datePublished\":\"2018-05-24T10:23:29+00:00\",\"dateModified\":\"2022-02-10T16:15:24+00:00\",\"breadcrumb\":{\"@id\":\"https:\\\/\\\/euprevent.eu\\\/de\\\/euregionaler-wissensmakler\\\/#breadcrumb\"},\"inLanguage\":\"de\",\"potentialAction\":[{\"@type\":\"ReadAction\",\"target\":[\"https:\\\/\\\/euprevent.eu\\\/de\\\/euregionaler-wissensmakler\\\/\"]}]},{\"@type\":\"BreadcrumbList\",\"@id\":\"https:\\\/\\\/euprevent.eu\\\/de\\\/euregionaler-wissensmakler\\\/#breadcrumb\",\"itemListElement\":[{\"@type\":\"ListItem\",\"position\":1,\"name\":\"Home\",\"item\":\"https:\\\/\\\/euprevent.eu\\\/de\\\/\"},{\"@type\":\"ListItem\",\"position\":2,\"name\":\"Euregionaler Wissensmakler\"}]},{\"@type\":\"WebSite\",\"@id\":\"https:\\\/\\\/euprevent.eu\\\/de\\\/#website\",\"url\":\"https:\\\/\\\/euprevent.eu\\\/de\\\/\",\"name\":\"euPrevent\",\"description\":\"euPrevent is a Euroregional network that focuses on promoting health. Within this network, sustainable partnerships seek to increase the quality of life of residents in the border region between the Netherlands, Belgium and Germany.\",\"potentialAction\":[{\"@type\":\"SearchAction\",\"target\":{\"@type\":\"EntryPoint\",\"urlTemplate\":\"https:\\\/\\\/euprevent.eu\\\/de\\\/?s={search_term_string}\"},\"query-input\":{\"@type\":\"PropertyValueSpecification\",\"valueRequired\":true,\"valueName\":\"search_term_string\"}}],\"inLanguage\":\"de\"}]}<\/script>\n<!-- \/ Yoast SEO plugin. -->","yoast_head_json":{"title":"Euregionaler Wissensmakler - euPrevent","robots":{"index":"index","follow":"follow","max-snippet":"max-snippet:-1","max-image-preview":"max-image-preview:large","max-video-preview":"max-video-preview:-1"},"canonical":"https:\/\/euprevent.eu\/de\/euregionaler-wissensmakler\/","og_locale":"de_DE","og_type":"article","og_title":"Euregionaler Wissensmakler - euPrevent","og_description":"[vc_row][vc_column][vc_single_image image=&#8220;2330&#8243; img_size=&#8220;medium&#8220; alignment=&#8220;right&#8220; onclick=&#8220;custom_link&#8220; img_link_target=&#8220;_blank&#8220; link=&#8220;https:\/\/www.limburg.nl\/onderwerpen\/gezondheid\/euregio-gezondheid\/&#8220;][vc_column_text] Euregionaler Wissensmakler Gesundheit, Vitalit\u00e4t und Partizipation Limburg ist das Tor Europas! Die Provinz Limburg (NL) eine intensivere Zusammenarbeit im Gesundheitsbereich in den Euroregionen an. Dieses Ziel ist im Koalitionsvertrag 2015-2019 enthalten. 2017 hat euPrevent f\u00fcr Limburg untersucht, welche Aktivit\u00e4ten auf euregionaler und europ\u00e4ischer Ebene im Bereich der Zusammenarbeit [&hellip;]","og_url":"https:\/\/euprevent.eu\/de\/euregionaler-wissensmakler\/","og_site_name":"euPrevent","article_modified_time":"2022-02-10T16:15:24+00:00","twitter_card":"summary_large_image","twitter_misc":{"Gesch\u00e4tzte Lesezeit":"3\u00a0Minuten"},"schema":{"@context":"https:\/\/schema.org","@graph":[{"@type":"WebPage","@id":"https:\/\/euprevent.eu\/de\/euregionaler-wissensmakler\/","url":"https:\/\/euprevent.eu\/de\/euregionaler-wissensmakler\/","name":"Euregionaler Wissensmakler - euPrevent","isPartOf":{"@id":"https:\/\/euprevent.eu\/de\/#website"},"datePublished":"2018-05-24T10:23:29+00:00","dateModified":"2022-02-10T16:15:24+00:00","breadcrumb":{"@id":"https:\/\/euprevent.eu\/de\/euregionaler-wissensmakler\/#breadcrumb"},"inLanguage":"de","potentialAction":[{"@type":"ReadAction","target":["https:\/\/euprevent.eu\/de\/euregionaler-wissensmakler\/"]}]},{"@type":"BreadcrumbList","@id":"https:\/\/euprevent.eu\/de\/euregionaler-wissensmakler\/#breadcrumb","itemListElement":[{"@type":"ListItem","position":1,"name":"Home","item":"https:\/\/euprevent.eu\/de\/"},{"@type":"ListItem","position":2,"name":"Euregionaler Wissensmakler"}]},{"@type":"WebSite","@id":"https:\/\/euprevent.eu\/de\/#website","url":"https:\/\/euprevent.eu\/de\/","name":"euPrevent","description":"euPrevent is a Euroregional network that focuses on promoting health. Within this network, sustainable partnerships seek to increase the quality of life of residents in the border region between the Netherlands, Belgium and Germany.","potentialAction":[{"@type":"SearchAction","target":{"@type":"EntryPoint","urlTemplate":"https:\/\/euprevent.eu\/de\/?s={search_term_string}"},"query-input":{"@type":"PropertyValueSpecification","valueRequired":true,"valueName":"search_term_string"}}],"inLanguage":"de"}]}},"_links":{"self":[{"href":"https:\/\/euprevent.eu\/de\/wp-json\/wp\/v2\/pages\/4331","targetHints":{"allow":["GET"]}}],"collection":[{"href":"https:\/\/euprevent.eu\/de\/wp-json\/wp\/v2\/pages"}],"about":[{"href":"https:\/\/euprevent.eu\/de\/wp-json\/wp\/v2\/types\/page"}],"author":[{"embeddable":true,"href":"https:\/\/euprevent.eu\/de\/wp-json\/wp\/v2\/users\/1"}],"replies":[{"embeddable":true,"href":"https:\/\/euprevent.eu\/de\/wp-json\/wp\/v2\/comments?post=4331"}],"version-history":[{"count":15,"href":"https:\/\/euprevent.eu\/de\/wp-json\/wp\/v2\/pages\/4331\/revisions"}],"predecessor-version":[{"id":17753,"href":"https:\/\/euprevent.eu\/de\/wp-json\/wp\/v2\/pages\/4331\/revisions\/17753"}],"wp:attachment":[{"href":"https:\/\/euprevent.eu\/de\/wp-json\/wp\/v2\/media?parent=4331"}],"curies":[{"name":"wp","href":"https:\/\/api.w.org\/{rel}","templated":true}]}}