


{"id":16916,"date":"2022-01-03T12:33:54","date_gmt":"2022-01-03T11:33:54","guid":{"rendered":"https:\/\/euprevent.eu\/?page_id=16916"},"modified":"2024-05-30T08:59:15","modified_gmt":"2024-05-30T07:59:15","slug":"euprevent-stiftung","status":"publish","type":"page","link":"https:\/\/euprevent.eu\/de\/ueber-euprevent\/netzwerk\/euprevent-stiftung\/","title":{"rendered":"Stiftung euPrevent"},"content":{"rendered":"<section class=\"wpb-content-wrapper\"><p>[vc_row][vc_column][vc_column_text]<\/p>\n<h1>euPrevent Stiftung<\/h1>\n<p>Um das Netzwerk optimal zu unterst\u00fctzen, wurde im Jahr 2010 die euPrevent-Stiftung gegr\u00fcndet.[\/vc_column_text][\/vc_column][\/vc_row][vc_row][vc_column el_class=&#8220;grey-block&#8220; css=&#8220;.vc_custom_1632834352539{padding: 30px !important;background-color: #f6f6f6 !important;border-radius: 15px !important;}&#8220;][vc_column_text]<\/p>\n<h2>Stiftungsrat<\/h2>\n<p>Aufgrund des euregionalen Charakters der Stiftung euPrevent besteht der Vorstand aus Personen aus der gesamten Euregio Maas-Rhein. Die Vorstandsmitglieder verf\u00fcgen \u00fcber gute Kenntnisse der Gesundheitsthemen, die in den Programmen von euPrevent behandelt werden. Sie haben auch Einfluss auf den Arbeitsbereich.[\/vc_column_text][\/vc_column][\/vc_row][vc_row equal_height=&#8220;yes&#8220;][vc_column width=&#8220;1\/4&#8243; el_class=&#8220;grey-block&#8220; css=&#8220;.vc_custom_1632834352539{padding: 30px !important;background-color: #f6f6f6 !important;border-radius: 15px !important;}&#8220;][vc_single_image image=&#8220;17477&#8243; img_size=&#8220;medium&#8220;][vc_empty_space height=&#8220;30px&#8220;][vc_column_text]<\/p>\n<p style=\"text-align: center;\"><strong>Nanne de Vries<\/strong><\/p>\n<p style=\"text-align: center;\">Professor f\u00fcr Gesundheitsf\u00f6rderung, Universit\u00e4t Maastricht (Niederlande)<br \/>\nVorsitzender<\/p>\n<p>[\/vc_column_text][\/vc_column][vc_column width=&#8220;1\/4&#8243; el_class=&#8220;grey-block&#8220; css=&#8220;.vc_custom_1643285305780{padding: 30px !important;background-color: #f6f6f6 !important;border-radius: 15px !important;}&#8220;][vc_single_image img_size=&#8220;medium&#8220;][vc_empty_space height=&#8220;30px&#8220;][vc_column_text]<\/p>\n<p style=\"text-align: center;\"><strong>Sara Reekmans<\/strong><\/p>\n<p style=\"text-align: center;\">Vertreterin f\u00fcr Flandern (Belgien)<br \/>\nSekret\u00e4r<\/p>\n<p>[\/vc_column_text][\/vc_column][vc_column width=&#8220;1\/4&#8243; el_class=&#8220;grey-block&#8220; css=&#8220;.vc_custom_1643285295057{padding: 30px !important;background-color: #f6f6f6 !important;border-radius: 15px !important;}&#8220;][vc_single_image image=&#8220;22427&#8243; img_size=&#8220;medium&#8220;][vc_empty_space height=&#8220;30px&#8220;][vc_column_text]<\/p>\n<p style=\"text-align: center;\"><strong>Frank Klaassen<\/strong><\/p>\n<p style=\"text-align: center;\">Direktor GGD Zuid Limburg (Niederlande)<br \/>\nSchatzmeister<\/p>\n<p>[\/vc_column_text][\/vc_column][vc_column width=&#8220;1\/4&#8243; el_class=&#8220;grey-block&#8220; css=&#8220;.vc_custom_1643285318012{padding: 30px !important;background-color: #f6f6f6 !important;border-radius: 15px !important;}&#8220;][vc_single_image image=&#8220;17377&#8243; img_size=&#8220;medium&#8220;][vc_empty_space height=&#8220;30px&#8220;][vc_column_text]<\/p>\n<p style=\"text-align: center;\"><strong>Markus Klamminger<\/strong><\/p>\n<p style=\"text-align: center;\">Direktor N\u00d6 LGA (\u00d6sterreich)<\/p>\n<p>[\/vc_column_text][\/vc_column][\/vc_row][vc_row equal_height=&#8220;yes&#8220;][vc_column width=&#8220;1\/4&#8243; el_class=&#8220;grey-block&#8220; css=&#8220;.vc_custom_1632834352539{padding: 30px !important;background-color: #f6f6f6 !important;border-radius: 15px !important;}&#8220;][vc_single_image image=&#8220;17381&#8243; img_size=&#8220;medium&#8220;][vc_empty_space height=&#8220;30px&#8220;][vc_column_text]<\/p>\n<p style=\"text-align: center;\"><strong>Hanno Kehren<\/strong><\/p>\n<p style=\"text-align: center;\">Vorsitzender Region Aachen (Deutschland)<\/p>\n<p>[\/vc_column_text][\/vc_column][vc_column width=&#8220;1\/4&#8243; el_class=&#8220;grey-block&#8220; css=&#8220;.vc_custom_1643285305780{padding: 30px !important;background-color: #f6f6f6 !important;border-radius: 15px !important;}&#8220;][vc_single_image image=&#8220;17465&#8243; img_size=&#8220;medium&#8220;][vc_empty_space height=&#8220;30px&#8220;][vc_column_text]<\/p>\n<p style=\"text-align: center;\"><strong>Anja Montforts<\/strong><\/p>\n<p style=\"text-align: center;\">Kreis Heinsberg (Deutschland)<\/p>\n<p>[\/vc_column_text][\/vc_column][vc_column width=&#8220;1\/4&#8243; el_class=&#8220;grey-block&#8220; css=&#8220;.vc_custom_1643285295057{padding: 30px !important;background-color: #f6f6f6 !important;border-radius: 15px !important;}&#8220;][vc_single_image image=&#8220;17836&#8243; img_size=&#8220;medium&#8220; alignment=&#8220;center&#8220;][vc_empty_space height=&#8220;30px&#8220;][vc_column_text]<\/p>\n<p style=\"text-align: center;\"><strong>Antonios Antoniadis<\/strong><\/p>\n<p style=\"text-align: center;\">Minister Regierung von Ostbelgien (Belgien)<\/p>\n<p>[\/vc_column_text][\/vc_column][vc_column width=&#8220;1\/4&#8243; el_class=&#8220;grey-block&#8220; css=&#8220;.vc_custom_1643285318012{padding: 30px !important;background-color: #f6f6f6 !important;border-radius: 15px !important;}&#8220;][vc_single_image image=&#8220;17469&#8243; img_size=&#8220;medium&#8220;][vc_empty_space height=&#8220;30px&#8220;][vc_column_text]<\/p>\n<p style=\"text-align: center;\"><strong>Kathy Firquet<\/strong><\/p>\n<p style=\"text-align: center;\">Abgeordneter der Provinz L\u00fcttich (Belgien)<\/p>\n<p>[\/vc_column_text][\/vc_column][\/vc_row][vc_row][vc_column el_class=&#8220;grey-block&#8220; css=&#8220;.vc_custom_1632834352539{padding: 30px !important;background-color: #f6f6f6 !important;border-radius: 15px !important;}&#8220;][vc_column_text]<\/p>\n<h2>Unterst\u00fctzungsb\u00fcro<\/h2>\n<p>Die Mitarbeiter des euPrevent Unterst\u00fctzungsb\u00fcro unterst\u00fctzen die Partner bei den Programmen und laufenden Aktivit\u00e4ten und sorgen f\u00fcr die nachhaltige Sicherung der Produkte.[\/vc_column_text][\/vc_column][\/vc_row][vc_row equal_height=&#8220;yes&#8220;][vc_column width=&#8220;1\/4&#8243; el_class=&#8220;grey-block&#8220; css=&#8220;.vc_custom_1632834352539{padding: 30px !important;background-color: #f6f6f6 !important;border-radius: 15px !important;}&#8220;][vc_single_image image=&#8220;22904&#8243; img_size=&#8220;medium&#8220;][vc_empty_space height=&#8220;30px&#8220;][vc_column_text]<\/p>\n<p style=\"text-align: center;\"><strong>Brigitte van der Zanden<\/strong><\/p>\n<p style=\"text-align: center;\">Direktorin<\/p>\n<p>[\/vc_column_text][\/vc_column][vc_column width=&#8220;1\/4&#8243; el_class=&#8220;grey-block&#8220; css=&#8220;.vc_custom_1643285318012{padding: 30px !important;background-color: #f6f6f6 !important;border-radius: 15px !important;}&#8220;][vc_single_image image=&#8220;22912&#8243; img_size=&#8220;medium&#8220;][vc_empty_space height=&#8220;30px&#8220;][vc_column_text]<\/p>\n<p style=\"text-align: center;\"><strong>Hui Wang<\/strong><\/p>\n<p style=\"text-align: center;\">Projektassistentin<\/p>\n<p>[\/vc_column_text][\/vc_column][vc_column width=&#8220;1\/4&#8243; el_class=&#8220;grey-block&#8220; css=&#8220;.vc_custom_1717055952581{padding: 30px !important;background-color: #f6f6f6 !important;border-radius: 15px !important;}&#8220;][vc_single_image image=&#8220;22908&#8243; img_size=&#8220;medium&#8220;][vc_empty_space height=&#8220;30px&#8220;][vc_column_text]<\/p>\n<p style=\"text-align: center;\"><strong>Marleen Struss<\/strong><\/p>\n<p style=\"text-align: center;\">Projektassistentin<\/p>\n<p>[\/vc_column_text][\/vc_column][\/vc_row][vc_row][vc_column][vc_column_text]Die Stichting euPrevent ist bei der niederl\u00e4ndischen Handelskammer unter der Nummer 50357468 eingetragen. Der Name euPrevent und das Logo sind in der Europ\u00e4ischen Union eingetragen und gesch\u00fctzt.[\/vc_column_text][\/vc_column][\/vc_row]<\/p>\n<\/section>","protected":false},"excerpt":{"rendered":"<p>[vc_row][vc_column][vc_column_text] euPrevent Stiftung Um das Netzwerk optimal zu unterst\u00fctzen, wurde im Jahr 2010 die euPrevent-Stiftung gegr\u00fcndet.[\/vc_column_text][\/vc_column][\/vc_row][vc_row][vc_column el_class=&#8220;grey-block&#8220; css=&#8220;.vc_custom_1632834352539{padding: 30px !important;background-color: #f6f6f6 !important;border-radius: 15px !important;}&#8220;][vc_column_text] Stiftungsrat Aufgrund des euregionalen Charakters der Stiftung euPrevent besteht der Vorstand aus Personen aus der gesamten Euregio Maas-Rhein. Die Vorstandsmitglieder verf\u00fcgen \u00fcber gute Kenntnisse der Gesundheitsthemen, die in den Programmen von [&hellip;]<\/p>\n","protected":false},"author":3,"featured_media":0,"parent":16978,"menu_order":0,"comment_status":"closed","ping_status":"closed","template":"page-with-about-menu.php","meta":{"_acf_changed":false,"footnotes":""},"class_list":["post-16916","page","type-page","status-publish","hentry"],"acf":[],"yoast_head":"<!-- This site is optimized with the Yoast SEO plugin v27.5 - https:\/\/yoast.com\/product\/yoast-seo-wordpress\/ -->\n<title>Stiftung euPrevent - euPrevent<\/title>\n<meta name=\"robots\" content=\"noindex, nofollow\" \/>\n<meta property=\"og:locale\" content=\"de_DE\" \/>\n<meta property=\"og:type\" content=\"article\" \/>\n<meta property=\"og:title\" content=\"Stiftung euPrevent - euPrevent\" \/>\n<meta property=\"og:description\" content=\"[vc_row][vc_column][vc_column_text] euPrevent Stiftung Um das Netzwerk optimal zu unterst\u00fctzen, wurde im Jahr 2010 die euPrevent-Stiftung gegr\u00fcndet.[\/vc_column_text][\/vc_column][\/vc_row][vc_row][vc_column el_class=&#8220;grey-block&#8220; css=&#8220;.vc_custom_1632834352539{padding: 30px !important;background-color: #f6f6f6 !important;border-radius: 15px !important;}&#8220;][vc_column_text] Stiftungsrat Aufgrund des euregionalen Charakters der Stiftung euPrevent besteht der Vorstand aus Personen aus der gesamten Euregio Maas-Rhein. Die Vorstandsmitglieder verf\u00fcgen \u00fcber gute Kenntnisse der Gesundheitsthemen, die in den Programmen von [&hellip;]\" \/>\n<meta property=\"og:url\" content=\"https:\/\/euprevent.eu\/de\/ueber-euprevent\/netzwerk\/euprevent-stiftung\/\" \/>\n<meta property=\"og:site_name\" content=\"euPrevent\" \/>\n<meta property=\"article:modified_time\" content=\"2024-05-30T07:59:15+00:00\" \/>\n<meta name=\"twitter:card\" content=\"summary_large_image\" \/>\n<meta name=\"twitter:label1\" content=\"Gesch\u00e4tzte Lesezeit\" \/>\n\t<meta name=\"twitter:data1\" content=\"3\u00a0Minuten\" \/>\n<script type=\"application\/ld+json\" class=\"yoast-schema-graph\">{\"@context\":\"https:\\\/\\\/schema.org\",\"@graph\":[{\"@type\":\"WebPage\",\"@id\":\"https:\\\/\\\/euprevent.eu\\\/de\\\/ueber-euprevent\\\/netzwerk\\\/euprevent-stiftung\\\/\",\"url\":\"https:\\\/\\\/euprevent.eu\\\/de\\\/ueber-euprevent\\\/netzwerk\\\/euprevent-stiftung\\\/\",\"name\":\"Stiftung euPrevent - euPrevent\",\"isPartOf\":{\"@id\":\"https:\\\/\\\/euprevent.eu\\\/de\\\/#website\"},\"datePublished\":\"2022-01-03T11:33:54+00:00\",\"dateModified\":\"2024-05-30T07:59:15+00:00\",\"breadcrumb\":{\"@id\":\"https:\\\/\\\/euprevent.eu\\\/de\\\/ueber-euprevent\\\/netzwerk\\\/euprevent-stiftung\\\/#breadcrumb\"},\"inLanguage\":\"de\",\"potentialAction\":[{\"@type\":\"ReadAction\",\"target\":[\"https:\\\/\\\/euprevent.eu\\\/de\\\/ueber-euprevent\\\/netzwerk\\\/euprevent-stiftung\\\/\"]}]},{\"@type\":\"BreadcrumbList\",\"@id\":\"https:\\\/\\\/euprevent.eu\\\/de\\\/ueber-euprevent\\\/netzwerk\\\/euprevent-stiftung\\\/#breadcrumb\",\"itemListElement\":[{\"@type\":\"ListItem\",\"position\":1,\"name\":\"Home\",\"item\":\"https:\\\/\\\/euprevent.eu\\\/de\\\/\"},{\"@type\":\"ListItem\",\"position\":2,\"name\":\"\u00dcber euPrevent\",\"item\":\"https:\\\/\\\/euprevent.eu\\\/de\\\/ueber-euprevent\\\/\"},{\"@type\":\"ListItem\",\"position\":3,\"name\":\"Netzwerk\",\"item\":\"https:\\\/\\\/euprevent.eu\\\/de\\\/ueber-euprevent\\\/netzwerk\\\/\"},{\"@type\":\"ListItem\",\"position\":4,\"name\":\"Stiftung euPrevent\"}]},{\"@type\":\"WebSite\",\"@id\":\"https:\\\/\\\/euprevent.eu\\\/de\\\/#website\",\"url\":\"https:\\\/\\\/euprevent.eu\\\/de\\\/\",\"name\":\"euPrevent\",\"description\":\"euPrevent is a Euroregional network that focuses on promoting health. Within this network, sustainable partnerships seek to increase the quality of life of residents in the border region between the Netherlands, Belgium and Germany.\",\"potentialAction\":[{\"@type\":\"SearchAction\",\"target\":{\"@type\":\"EntryPoint\",\"urlTemplate\":\"https:\\\/\\\/euprevent.eu\\\/de\\\/?s={search_term_string}\"},\"query-input\":{\"@type\":\"PropertyValueSpecification\",\"valueRequired\":true,\"valueName\":\"search_term_string\"}}],\"inLanguage\":\"de\"}]}<\/script>\n<!-- \/ Yoast SEO plugin. -->","yoast_head_json":{"title":"Stiftung euPrevent - euPrevent","robots":{"index":"noindex","follow":"nofollow"},"og_locale":"de_DE","og_type":"article","og_title":"Stiftung euPrevent - euPrevent","og_description":"[vc_row][vc_column][vc_column_text] euPrevent Stiftung Um das Netzwerk optimal zu unterst\u00fctzen, wurde im Jahr 2010 die euPrevent-Stiftung gegr\u00fcndet.[\/vc_column_text][\/vc_column][\/vc_row][vc_row][vc_column el_class=&#8220;grey-block&#8220; css=&#8220;.vc_custom_1632834352539{padding: 30px !important;background-color: #f6f6f6 !important;border-radius: 15px !important;}&#8220;][vc_column_text] Stiftungsrat Aufgrund des euregionalen Charakters der Stiftung euPrevent besteht der Vorstand aus Personen aus der gesamten Euregio Maas-Rhein. Die Vorstandsmitglieder verf\u00fcgen \u00fcber gute Kenntnisse der Gesundheitsthemen, die in den Programmen von [&hellip;]","og_url":"https:\/\/euprevent.eu\/de\/ueber-euprevent\/netzwerk\/euprevent-stiftung\/","og_site_name":"euPrevent","article_modified_time":"2024-05-30T07:59:15+00:00","twitter_card":"summary_large_image","twitter_misc":{"Gesch\u00e4tzte Lesezeit":"3\u00a0Minuten"},"schema":{"@context":"https:\/\/schema.org","@graph":[{"@type":"WebPage","@id":"https:\/\/euprevent.eu\/de\/ueber-euprevent\/netzwerk\/euprevent-stiftung\/","url":"https:\/\/euprevent.eu\/de\/ueber-euprevent\/netzwerk\/euprevent-stiftung\/","name":"Stiftung euPrevent - euPrevent","isPartOf":{"@id":"https:\/\/euprevent.eu\/de\/#website"},"datePublished":"2022-01-03T11:33:54+00:00","dateModified":"2024-05-30T07:59:15+00:00","breadcrumb":{"@id":"https:\/\/euprevent.eu\/de\/ueber-euprevent\/netzwerk\/euprevent-stiftung\/#breadcrumb"},"inLanguage":"de","potentialAction":[{"@type":"ReadAction","target":["https:\/\/euprevent.eu\/de\/ueber-euprevent\/netzwerk\/euprevent-stiftung\/"]}]},{"@type":"BreadcrumbList","@id":"https:\/\/euprevent.eu\/de\/ueber-euprevent\/netzwerk\/euprevent-stiftung\/#breadcrumb","itemListElement":[{"@type":"ListItem","position":1,"name":"Home","item":"https:\/\/euprevent.eu\/de\/"},{"@type":"ListItem","position":2,"name":"\u00dcber euPrevent","item":"https:\/\/euprevent.eu\/de\/ueber-euprevent\/"},{"@type":"ListItem","position":3,"name":"Netzwerk","item":"https:\/\/euprevent.eu\/de\/ueber-euprevent\/netzwerk\/"},{"@type":"ListItem","position":4,"name":"Stiftung euPrevent"}]},{"@type":"WebSite","@id":"https:\/\/euprevent.eu\/de\/#website","url":"https:\/\/euprevent.eu\/de\/","name":"euPrevent","description":"euPrevent is a Euroregional network that focuses on promoting health. Within this network, sustainable partnerships seek to increase the quality of life of residents in the border region between the Netherlands, Belgium and Germany.","potentialAction":[{"@type":"SearchAction","target":{"@type":"EntryPoint","urlTemplate":"https:\/\/euprevent.eu\/de\/?s={search_term_string}"},"query-input":{"@type":"PropertyValueSpecification","valueRequired":true,"valueName":"search_term_string"}}],"inLanguage":"de"}]}},"_links":{"self":[{"href":"https:\/\/euprevent.eu\/de\/wp-json\/wp\/v2\/pages\/16916","targetHints":{"allow":["GET"]}}],"collection":[{"href":"https:\/\/euprevent.eu\/de\/wp-json\/wp\/v2\/pages"}],"about":[{"href":"https:\/\/euprevent.eu\/de\/wp-json\/wp\/v2\/types\/page"}],"author":[{"embeddable":true,"href":"https:\/\/euprevent.eu\/de\/wp-json\/wp\/v2\/users\/3"}],"replies":[{"embeddable":true,"href":"https:\/\/euprevent.eu\/de\/wp-json\/wp\/v2\/comments?post=16916"}],"version-history":[{"count":17,"href":"https:\/\/euprevent.eu\/de\/wp-json\/wp\/v2\/pages\/16916\/revisions"}],"predecessor-version":[{"id":22919,"href":"https:\/\/euprevent.eu\/de\/wp-json\/wp\/v2\/pages\/16916\/revisions\/22919"}],"up":[{"embeddable":true,"href":"https:\/\/euprevent.eu\/de\/wp-json\/wp\/v2\/pages\/16978"}],"wp:attachment":[{"href":"https:\/\/euprevent.eu\/de\/wp-json\/wp\/v2\/media?parent=16916"}],"curies":[{"name":"wp","href":"https:\/\/api.w.org\/{rel}","templated":true}]}}