


{"id":14113,"date":"2021-03-15T09:06:07","date_gmt":"2021-03-15T09:06:07","guid":{"rendered":"https:\/\/euprevent.eu\/?page_id=14113"},"modified":"2021-04-08T09:47:47","modified_gmt":"2021-04-08T09:47:47","slug":"summits-covid","status":"publish","type":"page","link":"https:\/\/euprevent.eu\/de\/summits-covid\/","title":{"rendered":"B\u00fcrgergipfel: Corona-Erfahrungen"},"content":{"rendered":"<section class=\"wpb-content-wrapper\"><p>[vc_row css_animation=&#8220;none&#8220; css=&#8220;.vc_custom_1557822818338{margin-right: 0px !important;margin-left: 0px !important;background-image: url(https:\/\/euprevent.eu\/wp-content\/uploads\/2019\/05\/header-new.jpg?id=8846) !important;background-position: center !important;background-repeat: no-repeat !important;background-size: cover !important;}&#8220; el_class=&#8220;event-header&#8220;][vc_column][vc_column_text]<\/p>\n<h1>B\u00fcrgergipfel: Corona-Erfahrungen<\/h1>\n<p>[\/vc_column_text][\/vc_column][\/vc_row][vc_row css=&#8220;.vc_custom_1544439585677{margin-top: 0px !important;margin-bottom: 0px !important;padding-top: 0px !important;padding-bottom: 0px !important;}&#8220;][vc_column css=&#8220;.vc_custom_1544439773644{padding-top: 10px !important;padding-bottom: 60px !important;}&#8220;][vc_single_image image=&#8220;9547&#8243; img_size=&#8220;full&#8220; alignment=&#8220;center&#8220; css=&#8220;.vc_custom_1560338276244{margin-bottom: 0px !important;}&#8220;][\/vc_column][\/vc_row][vc_row][vc_column][vc_tta_tour][vc_tta_section title=&#8220;Allgemeine Informationen&#8220; tab_id=&#8220;1544446108348-7446cd86-24db&#8220;][vc_row_inner][vc_column_inner][vc_column_text]<\/p>\n<h3>Allgemeine Informationen<\/h3>\n<p>Das Projekt &#8222;euPrevent COVID&#8220; veranstaltet in Zusammenarbeit mit den lokalen Gesundheits\u00e4mtern mehrere B\u00fcrgergipfel zur COVID-19-Pandemie in der Euregio Maas-Rhein (Aachen, D\u00fcren, Eupen, Hasselt, Heinsberg, L\u00fcttich und Maastricht). Ziel dieser B\u00fcrgergipfel ist es, den in Grenzregionen lebenden B\u00fcrger*innen die M\u00f6glichkeit zu geben, ihre pers\u00f6nlichen Erfahrungen w\u00e4hrend der Koronazeit auszutauschen.<\/p>\n<p>Die B\u00fcrgergipfel finden an einem Samstagvormittag statt und dauern etwa drei Stunden (09:30-12:30). Nach einer informativen Einf\u00fchrung k\u00f6nne Sie Ihre Erfahrungen und Meinungen in kleinen Gruppen austauschen. Diese Gespr\u00e4chsrunden werden von speziell ausgebildeten Moderatoren begleitet. Die B\u00fcrgergipfel werden in der jeweiligen Landessprache des Veranstaltungsortes abgehalten.<\/p>\n<p>Es k\u00f6nnen 25 B\u00fcrger*innen pro Gipfel teilnehmen. Daher wird die Registrierung geschlossen, sobald sich 25 Menschen angemeldet haben. Abh\u00e4ngig von der nationalen COVID-Politik zum Zeitpunkt der Veranstaltung, finden die Veranstaltungen entweder physisch in einem Veranstaltungsraum oder online als Videokonferenz statt. Die tats\u00e4chliche Form der Veranstaltung wird Ihnen zwei Wochen vor dem Termin des B\u00fcrgergipfels mitgeteilt. Aufgrund der unvorhergesehenen Umst\u00e4nde ist es f\u00fcr uns hilfreich, Ihre Privatadresse bei der Anmeldung zu haben. F\u00fcr den Fall, dass der B\u00fcrgergipfel digital stattfindet, werden wir den teilnehmenden B\u00fcrger*innen einige Goodie-Bags an ihre Privatadressen schicken. Wir werden sicherstellen, dass die Adressen nur f\u00fcr den Zweck der Organisation der Veranstaltung und nicht f\u00fcr andere Zwecke als den B\u00fcrgergipfel verwendet werden.[\/vc_column_text][vc_separator][vc_column_text]<\/p>\n<h3>Zeitplan<\/h3>\n<table class=\"table\">\n<tbody>\n<tr>\n<td><strong>Regio<\/strong><\/td>\n<td><strong>Datum<\/strong><\/td>\n<td><strong>Sprache<\/strong><\/td>\n<\/tr>\n<tr>\n<td>Aachen<\/td>\n<td>8. Mai 2021<\/td>\n<td>Deutsch<\/td>\n<\/tr>\n<tr>\n<td>Maastricht<\/td>\n<td>5. Juni &amp; 25. September 2021<\/td>\n<td>Niederl\u00e4ndisch<\/td>\n<\/tr>\n<tr>\n<td>Li\u00e8ge<\/td>\n<td>12. Juni 2021<\/td>\n<td>Franz\u00f6sisch<\/td>\n<\/tr>\n<tr>\n<td>Hasselt<\/td>\n<td>19. Juni 2021<\/td>\n<td>Niederl\u00e4ndisch<\/td>\n<\/tr>\n<tr>\n<td>D\u00fcren<\/td>\n<td>4. September 2021<\/td>\n<td>Deutsch<\/td>\n<\/tr>\n<tr>\n<td>Heinsberg<\/td>\n<td>11. September 2021<\/td>\n<td>Deutsch<\/td>\n<\/tr>\n<tr>\n<td>Eupen<\/td>\n<td>18. September 2021<\/td>\n<td>Deutsch<\/td>\n<\/tr>\n<\/tbody>\n<\/table>\n<p>[\/vc_column_text][vc_separator][vc_column_text]<\/p>\n<h3>Anmeldung<\/h3>\n<p>Hier ist der Link zur Anmeldung und Sie k\u00f6nnen w\u00e4hlen, an welchem B\u00fcrgergipfel Sie teilnehmen m\u00f6chten:[\/vc_column_text]\n<div class=\"wpcf7 no-js\" id=\"wpcf7-f14200-o1\" lang=\"en-US\" dir=\"ltr\" data-wpcf7-id=\"14200\">\n<div class=\"screen-reader-response\"><p role=\"status\" aria-live=\"polite\" aria-atomic=\"true\"><\/p> <ul><\/ul><\/div>\n<form action=\"\/de\/wp-json\/wp\/v2\/pages\/14113#wpcf7-f14200-o1\" method=\"post\" class=\"wpcf7-form init\" aria-label=\"Contact form\" novalidate=\"novalidate\" data-status=\"init\">\n<fieldset class=\"hidden-fields-container\"><input type=\"hidden\" name=\"_wpcf7\" value=\"14200\" \/><input type=\"hidden\" name=\"_wpcf7_version\" value=\"6.1.5\" \/><input type=\"hidden\" name=\"_wpcf7_locale\" value=\"en_US\" \/><input type=\"hidden\" name=\"_wpcf7_unit_tag\" value=\"wpcf7-f14200-o1\" \/><input type=\"hidden\" name=\"_wpcf7_container_post\" value=\"0\" \/><input type=\"hidden\" name=\"_wpcf7_posted_data_hash\" value=\"\" \/>\n<\/fieldset>\n<p><label> Nachname*<br \/>\n<span class=\"wpcf7-form-control-wrap\" data-name=\"your-lastname\"><input size=\"40\" maxlength=\"400\" class=\"wpcf7-form-control wpcf7-text wpcf7-validates-as-required\" aria-required=\"true\" aria-invalid=\"false\" value=\"\" type=\"text\" name=\"your-lastname\" \/><\/span> <\/label>\n<\/p>\n<p><label> Vorname*<br \/>\n<span class=\"wpcf7-form-control-wrap\" data-name=\"your-firstname\"><input size=\"40\" maxlength=\"400\" class=\"wpcf7-form-control wpcf7-text wpcf7-validates-as-required\" aria-required=\"true\" aria-invalid=\"false\" value=\"\" type=\"text\" name=\"your-firstname\" \/><\/span> <\/label>\n<\/p>\n<p><label> E-mail*<br \/>\n<span class=\"wpcf7-form-control-wrap\" data-name=\"your-email\"><input size=\"40\" maxlength=\"400\" class=\"wpcf7-form-control wpcf7-email wpcf7-validates-as-required wpcf7-text wpcf7-validates-as-email\" aria-required=\"true\" aria-invalid=\"false\" value=\"\" type=\"email\" name=\"your-email\" \/><\/span> <\/label>\n<\/p>\n<p><label> Best\u00e4tigung der E-Mail*<br \/>\n<span class=\"wpcf7-form-control-wrap\" data-name=\"your-email-confirm\"><input size=\"40\" maxlength=\"400\" class=\"wpcf7-form-control wpcf7-email wpcf7-validates-as-required wpcf7-text wpcf7-validates-as-email\" aria-required=\"true\" aria-invalid=\"false\" value=\"\" type=\"email\" name=\"your-email-confirm\" \/><\/span> <\/label>\n<\/p>\n<p><label>Adresse (Hinweis: Wir verwenden Ihre Adresse nur f\u00fcr den Zweck der Organisation im Falle einer digitalen Veranstaltung und nicht f\u00fcr andere Zwecke als den B\u00fcrgergipfel.)*<br \/>\n<span class=\"wpcf7-form-control-wrap\" data-name=\"adress\"><textarea cols=\"40\" rows=\"10\" maxlength=\"2000\" class=\"wpcf7-form-control wpcf7-textarea wpcf7-validates-as-required\" aria-required=\"true\" aria-invalid=\"false\" name=\"adress\"><\/textarea><\/span><\/label>\n<\/p>\n<p><label> Land*<br \/>\n<span class=\"wpcf7-form-control-wrap\" data-name=\"Country\"><select class=\"wpcf7-form-control wpcf7-select wpcf7-validates-as-required\" aria-required=\"true\" aria-invalid=\"false\" name=\"Country\"><option value=\"\"><\/option><option value=\"Belgien\">Belgien<\/option><option value=\"Deutschland\">Deutschland<\/option><option value=\"Die Niederlande\">Die Niederlande<\/option><\/select><\/span> <\/label>\n<\/p>\n<p><label> Sprache*<br \/>\n<span class=\"wpcf7-form-control-wrap\" data-name=\"Language\"><select class=\"wpcf7-form-control wpcf7-select wpcf7-validates-as-required\" aria-required=\"true\" aria-invalid=\"false\" name=\"Language\"><option value=\"\"><\/option><option value=\"Niederl\u00e4ndisch\">Niederl\u00e4ndisch<\/option><option value=\"Franz\u00f6sisch\">Franz\u00f6sisch<\/option><option value=\"Deutsch\">Deutsch<\/option><\/select><\/span> <\/label>\n<\/p>\n<p><label> W\u00e4hlen Sie einen B\u00fcrgergipfel zur Teilnahme aus*<br \/>\n<span class=\"wpcf7-form-control-wrap\" data-name=\"events\"><select class=\"wpcf7-form-control wpcf7-select wpcf7-validates-as-required\" aria-required=\"true\" aria-invalid=\"false\" name=\"events\"><option value=\"\">&#8212;Please choose an option&#8212;<\/option><\/select><\/span> <\/label>\n<\/p>\n<p><label><span class=\"wpcf7-form-control-wrap\" data-name=\"mailinglist\"><span class=\"wpcf7-form-control wpcf7-checkbox wpcf7-validates-as-required\"><span class=\"wpcf7-list-item first last\"><input type=\"checkbox\" name=\"mailinglist[]\" value=\"Einige Tage vor der Veranstaltung erhalten Sie eine E-Mail mit den letzten Details. Ich bin damit einverstanden, Informationen, Einladungen und Neuigkeiten von euPrevent per E-Mail zu erhalten\" \/><span class=\"wpcf7-list-item-label\">Einige Tage vor der Veranstaltung erhalten Sie eine E-Mail mit den letzten Details. Ich bin damit einverstanden, Informationen, Einladungen und Neuigkeiten von euPrevent per E-Mail zu erhalten<\/span><\/span><\/span><\/span><\/label>\n<\/p>\n<div class=\"cf7-cf-turnstile\" style=\"margin-top: 0px; margin-bottom: -15px;\"> <div id=\"cf-turnstile-cf7-923551212\" class=\"cf-turnstile\" data-sitekey=\"0x4AAAAAABWOBhmjwWma09Np\" data-theme=\"light\" data-language=\"auto\" data-size=\"normal\" data-retry=\"auto\" data-retry-interval=\"1000\" data-refresh-expired=\"auto\" data-refresh-timeout=\"auto\" data-action=\"contact-form-7\" data-callback=\"turnstileCF7Callback\" data-appearance=\"always\"><\/div> <script>document.addEventListener(\"DOMContentLoaded\", function() { setTimeout(function(){ var e=document.getElementById(\"cf-turnstile-cf7-923551212\"); if(e&&!e.innerHTML.trim()){turnstile.render(e, {sitekey:\"0x4AAAAAABWOBhmjwWma09Np\"});} }, 200); });<\/script> <br class=\"cf-turnstile-br cf-turnstile-br-cf7-923551212\"> <style>#cf-turnstile-cf7-923551212 { margin-left: -15px; }<\/style> <script>document.addEventListener(\"DOMContentLoaded\",function(){document.querySelectorAll('.wpcf7-form').forEach(function(e){e.addEventListener('submit',function(){if(document.getElementById('cf-turnstile-cf7-923551212')){setTimeout(function(){turnstile.reset('#cf-turnstile-cf7-923551212');},1000)}})})});<\/script> <\/div><br\/><input class=\"wpcf7-form-control wpcf7-submit has-spinner btn btn-cf\" type=\"submit\" value=\"Senden\" \/>\n<\/p><div class=\"wpcf7-response-output\" aria-hidden=\"true\"><\/div>\n<\/form>\n<\/div>\n[\/vc_column_inner][\/vc_row_inner][\/vc_tta_section][\/vc_tta_tour][\/vc_column][\/vc_row]<\/p>\n<\/section>","protected":false},"excerpt":{"rendered":"<p>[vc_row css_animation=&#8220;none&#8220; css=&#8220;.vc_custom_1557822818338{margin-right: 0px !important;margin-left: 0px !important;background-image: url(https:\/\/euprevent.eu\/wp-content\/uploads\/2019\/05\/header-new.jpg?id=8846) !important;background-position: center !important;background-repeat: no-repeat !important;background-size: cover !important;}&#8220; el_class=&#8220;event-header&#8220;][vc_column][vc_column_text] B\u00fcrgergipfel: Corona-Erfahrungen [\/vc_column_text][\/vc_column][\/vc_row][vc_row css=&#8220;.vc_custom_1544439585677{margin-top: 0px !important;margin-bottom: 0px !important;padding-top: 0px !important;padding-bottom: 0px !important;}&#8220;][vc_column css=&#8220;.vc_custom_1544439773644{padding-top: 10px !important;padding-bottom: 60px !important;}&#8220;][vc_single_image image=&#8220;9547&#8243; img_size=&#8220;full&#8220; alignment=&#8220;center&#8220; css=&#8220;.vc_custom_1560338276244{margin-bottom: 0px !important;}&#8220;][\/vc_column][\/vc_row][vc_row][vc_column][vc_tta_tour][vc_tta_section title=&#8220;Allgemeine Informationen&#8220; tab_id=&#8220;1544446108348-7446cd86-24db&#8220;][vc_row_inner][vc_column_inner][vc_column_text] Allgemeine Informationen Das Projekt &#8222;euPrevent COVID&#8220; veranstaltet in Zusammenarbeit mit den lokalen Gesundheits\u00e4mtern [&hellip;]<\/p>\n","protected":false},"author":1,"featured_media":0,"parent":0,"menu_order":0,"comment_status":"closed","ping_status":"closed","template":"","meta":{"_acf_changed":false,"footnotes":""},"class_list":["post-14113","page","type-page","status-publish","hentry","programmes-infectious-diseases"],"acf":[],"yoast_head":"<!-- This site is optimized with the Yoast SEO plugin v27.5 - https:\/\/yoast.com\/product\/yoast-seo-wordpress\/ -->\n<title>B\u00fcrgergipfel: Corona-Erfahrungen - euPrevent<\/title>\n<meta name=\"robots\" content=\"index, follow, max-snippet:-1, max-image-preview:large, max-video-preview:-1\" \/>\n<link rel=\"canonical\" href=\"https:\/\/euprevent.eu\/de\/summits-covid\/\" \/>\n<meta property=\"og:locale\" content=\"de_DE\" \/>\n<meta property=\"og:type\" content=\"article\" \/>\n<meta property=\"og:title\" content=\"B\u00fcrgergipfel: Corona-Erfahrungen - euPrevent\" \/>\n<meta property=\"og:description\" content=\"[vc_row css_animation=&#8220;none&#8220; css=&#8220;.vc_custom_1557822818338{margin-right: 0px !important;margin-left: 0px !important;background-image: url(https:\/\/euprevent.eu\/wp-content\/uploads\/2019\/05\/header-new.jpg?id=8846) !important;background-position: center !important;background-repeat: no-repeat !important;background-size: cover !important;}&#8220; el_class=&#8220;event-header&#8220;][vc_column][vc_column_text] B\u00fcrgergipfel: Corona-Erfahrungen [\/vc_column_text][\/vc_column][\/vc_row][vc_row css=&#8220;.vc_custom_1544439585677{margin-top: 0px !important;margin-bottom: 0px !important;padding-top: 0px !important;padding-bottom: 0px !important;}&#8220;][vc_column css=&#8220;.vc_custom_1544439773644{padding-top: 10px !important;padding-bottom: 60px !important;}&#8220;][vc_single_image image=&#8220;9547&#8243; img_size=&#8220;full&#8220; alignment=&#8220;center&#8220; css=&#8220;.vc_custom_1560338276244{margin-bottom: 0px !important;}&#8220;][\/vc_column][\/vc_row][vc_row][vc_column][vc_tta_tour][vc_tta_section title=&#8220;Allgemeine Informationen&#8220; tab_id=&#8220;1544446108348-7446cd86-24db&#8220;][vc_row_inner][vc_column_inner][vc_column_text] Allgemeine Informationen Das Projekt &#8222;euPrevent COVID&#8220; veranstaltet in Zusammenarbeit mit den lokalen Gesundheits\u00e4mtern [&hellip;]\" \/>\n<meta property=\"og:url\" content=\"https:\/\/euprevent.eu\/de\/summits-covid\/\" \/>\n<meta property=\"og:site_name\" content=\"euPrevent\" \/>\n<meta property=\"article:modified_time\" content=\"2021-04-08T09:47:47+00:00\" \/>\n<meta name=\"twitter:card\" content=\"summary_large_image\" \/>\n<meta name=\"twitter:label1\" content=\"Gesch\u00e4tzte Lesezeit\" \/>\n\t<meta name=\"twitter:data1\" content=\"2\u00a0Minuten\" \/>\n<script type=\"application\/ld+json\" class=\"yoast-schema-graph\">{\"@context\":\"https:\\\/\\\/schema.org\",\"@graph\":[{\"@type\":\"WebPage\",\"@id\":\"https:\\\/\\\/euprevent.eu\\\/de\\\/summits-covid\\\/\",\"url\":\"https:\\\/\\\/euprevent.eu\\\/de\\\/summits-covid\\\/\",\"name\":\"B\u00fcrgergipfel: Corona-Erfahrungen - euPrevent\",\"isPartOf\":{\"@id\":\"https:\\\/\\\/euprevent.eu\\\/de\\\/#website\"},\"datePublished\":\"2021-03-15T09:06:07+00:00\",\"dateModified\":\"2021-04-08T09:47:47+00:00\",\"breadcrumb\":{\"@id\":\"https:\\\/\\\/euprevent.eu\\\/de\\\/summits-covid\\\/#breadcrumb\"},\"inLanguage\":\"de\",\"potentialAction\":[{\"@type\":\"ReadAction\",\"target\":[\"https:\\\/\\\/euprevent.eu\\\/de\\\/summits-covid\\\/\"]}]},{\"@type\":\"BreadcrumbList\",\"@id\":\"https:\\\/\\\/euprevent.eu\\\/de\\\/summits-covid\\\/#breadcrumb\",\"itemListElement\":[{\"@type\":\"ListItem\",\"position\":1,\"name\":\"Home\",\"item\":\"https:\\\/\\\/euprevent.eu\\\/de\\\/\"},{\"@type\":\"ListItem\",\"position\":2,\"name\":\"B\u00fcrgergipfel: Corona-Erfahrungen\"}]},{\"@type\":\"WebSite\",\"@id\":\"https:\\\/\\\/euprevent.eu\\\/de\\\/#website\",\"url\":\"https:\\\/\\\/euprevent.eu\\\/de\\\/\",\"name\":\"euPrevent\",\"description\":\"euPrevent is a Euroregional network that focuses on promoting health. Within this network, sustainable partnerships seek to increase the quality of life of residents in the border region between the Netherlands, Belgium and Germany.\",\"potentialAction\":[{\"@type\":\"SearchAction\",\"target\":{\"@type\":\"EntryPoint\",\"urlTemplate\":\"https:\\\/\\\/euprevent.eu\\\/de\\\/?s={search_term_string}\"},\"query-input\":{\"@type\":\"PropertyValueSpecification\",\"valueRequired\":true,\"valueName\":\"search_term_string\"}}],\"inLanguage\":\"de\"}]}<\/script>\n<!-- \/ Yoast SEO plugin. -->","yoast_head_json":{"title":"B\u00fcrgergipfel: Corona-Erfahrungen - euPrevent","robots":{"index":"index","follow":"follow","max-snippet":"max-snippet:-1","max-image-preview":"max-image-preview:large","max-video-preview":"max-video-preview:-1"},"canonical":"https:\/\/euprevent.eu\/de\/summits-covid\/","og_locale":"de_DE","og_type":"article","og_title":"B\u00fcrgergipfel: Corona-Erfahrungen - euPrevent","og_description":"[vc_row css_animation=&#8220;none&#8220; css=&#8220;.vc_custom_1557822818338{margin-right: 0px !important;margin-left: 0px !important;background-image: url(https:\/\/euprevent.eu\/wp-content\/uploads\/2019\/05\/header-new.jpg?id=8846) !important;background-position: center !important;background-repeat: no-repeat !important;background-size: cover !important;}&#8220; el_class=&#8220;event-header&#8220;][vc_column][vc_column_text] B\u00fcrgergipfel: Corona-Erfahrungen [\/vc_column_text][\/vc_column][\/vc_row][vc_row css=&#8220;.vc_custom_1544439585677{margin-top: 0px !important;margin-bottom: 0px !important;padding-top: 0px !important;padding-bottom: 0px !important;}&#8220;][vc_column css=&#8220;.vc_custom_1544439773644{padding-top: 10px !important;padding-bottom: 60px !important;}&#8220;][vc_single_image image=&#8220;9547&#8243; img_size=&#8220;full&#8220; alignment=&#8220;center&#8220; css=&#8220;.vc_custom_1560338276244{margin-bottom: 0px !important;}&#8220;][\/vc_column][\/vc_row][vc_row][vc_column][vc_tta_tour][vc_tta_section title=&#8220;Allgemeine Informationen&#8220; tab_id=&#8220;1544446108348-7446cd86-24db&#8220;][vc_row_inner][vc_column_inner][vc_column_text] Allgemeine Informationen Das Projekt &#8222;euPrevent COVID&#8220; veranstaltet in Zusammenarbeit mit den lokalen Gesundheits\u00e4mtern [&hellip;]","og_url":"https:\/\/euprevent.eu\/de\/summits-covid\/","og_site_name":"euPrevent","article_modified_time":"2021-04-08T09:47:47+00:00","twitter_card":"summary_large_image","twitter_misc":{"Gesch\u00e4tzte Lesezeit":"2\u00a0Minuten"},"schema":{"@context":"https:\/\/schema.org","@graph":[{"@type":"WebPage","@id":"https:\/\/euprevent.eu\/de\/summits-covid\/","url":"https:\/\/euprevent.eu\/de\/summits-covid\/","name":"B\u00fcrgergipfel: Corona-Erfahrungen - euPrevent","isPartOf":{"@id":"https:\/\/euprevent.eu\/de\/#website"},"datePublished":"2021-03-15T09:06:07+00:00","dateModified":"2021-04-08T09:47:47+00:00","breadcrumb":{"@id":"https:\/\/euprevent.eu\/de\/summits-covid\/#breadcrumb"},"inLanguage":"de","potentialAction":[{"@type":"ReadAction","target":["https:\/\/euprevent.eu\/de\/summits-covid\/"]}]},{"@type":"BreadcrumbList","@id":"https:\/\/euprevent.eu\/de\/summits-covid\/#breadcrumb","itemListElement":[{"@type":"ListItem","position":1,"name":"Home","item":"https:\/\/euprevent.eu\/de\/"},{"@type":"ListItem","position":2,"name":"B\u00fcrgergipfel: Corona-Erfahrungen"}]},{"@type":"WebSite","@id":"https:\/\/euprevent.eu\/de\/#website","url":"https:\/\/euprevent.eu\/de\/","name":"euPrevent","description":"euPrevent is a Euroregional network that focuses on promoting health. Within this network, sustainable partnerships seek to increase the quality of life of residents in the border region between the Netherlands, Belgium and Germany.","potentialAction":[{"@type":"SearchAction","target":{"@type":"EntryPoint","urlTemplate":"https:\/\/euprevent.eu\/de\/?s={search_term_string}"},"query-input":{"@type":"PropertyValueSpecification","valueRequired":true,"valueName":"search_term_string"}}],"inLanguage":"de"}]}},"_links":{"self":[{"href":"https:\/\/euprevent.eu\/de\/wp-json\/wp\/v2\/pages\/14113","targetHints":{"allow":["GET"]}}],"collection":[{"href":"https:\/\/euprevent.eu\/de\/wp-json\/wp\/v2\/pages"}],"about":[{"href":"https:\/\/euprevent.eu\/de\/wp-json\/wp\/v2\/types\/page"}],"author":[{"embeddable":true,"href":"https:\/\/euprevent.eu\/de\/wp-json\/wp\/v2\/users\/1"}],"replies":[{"embeddable":true,"href":"https:\/\/euprevent.eu\/de\/wp-json\/wp\/v2\/comments?post=14113"}],"version-history":[{"count":7,"href":"https:\/\/euprevent.eu\/de\/wp-json\/wp\/v2\/pages\/14113\/revisions"}],"predecessor-version":[{"id":14356,"href":"https:\/\/euprevent.eu\/de\/wp-json\/wp\/v2\/pages\/14113\/revisions\/14356"}],"wp:attachment":[{"href":"https:\/\/euprevent.eu\/de\/wp-json\/wp\/v2\/media?parent=14113"}],"curies":[{"name":"wp","href":"https:\/\/api.w.org\/{rel}","templated":true}]}}