


{"id":13769,"date":"2020-12-19T07:49:33","date_gmt":"2020-12-19T07:49:33","guid":{"rendered":"https:\/\/euprevent.eu\/?page_id=13769"},"modified":"2022-02-10T17:03:16","modified_gmt":"2022-02-10T16:03:16","slug":"coronaforschung-in-der-grenzregion","status":"publish","type":"page","link":"https:\/\/euprevent.eu\/de\/coronaforschung-in-der-grenzregion\/","title":{"rendered":"Coronaforschung in der Grenzregion"},"content":{"rendered":"<section class=\"wpb-content-wrapper\"><p>[vc_row][vc_column][vc_column_text]<\/p>\n<h1>Forschungsauftrag &#8218;Coronaforschung in der Grenzregion Nordrhein-Westfalen-Niederlande&#8216; (NRW-NL)<\/h1>\n<p>Grenzregionen haben unter den Auswirkungen von COVID-19 gelitten. Dieser Forschungsauftrag soll daher die Auswirkungen der Ausbreitung des Coronavirus in den Grenzregionen von Nordrhein-Westfalen-Niederlande untersuchen. Durch die Analyse der Ausbreitung des Virus in diesen Grenzregionen, und auch im Vergleich mit den inl\u00e4ndischen Mustern, soll dieses Projekt einen Einblick in die relevanten politischen Ma\u00dfnahmen (z.B. Schlie\u00dfung der Grenzen) geben und Aufschluss geben, ob sie bei der Kontrolle der Ausbreitung des Virus effektiv sind. Es bleibt zu hoffen, dass die aus dieser Arbeit gewonnenen Erkenntnisse f\u00fcr zuk\u00fcnftige politische Entscheidungen im Umgang mit \u00e4hnlichen Krisen von Nutzen sein k\u00f6nnen.[\/vc_column_text][\/vc_column][\/vc_row][vc_row][vc_column][vc_column_text]<\/p>\n<h2>Hintergrund<\/h2>\n<p>Die Regierungen von Nordrhein-Westfalen und den Niederlanden arbeiten bei der Bew\u00e4ltigung der COVID-19-Krise eng zusammen. F\u00fcr die grenz\u00fcberschreitende Zusammenarbeit in der Grenzregion zwischen den Niederlanden und Nordrhein-Westfalen wurde eine eigene Struktur entwickelt, die sogenannte GROS-Governance NRW-NL. Diese GROS-Governance umfasst einen Lenkungsausschuss, in dem die folgenden Vorstandsmitglieder mitarbeiten:<\/p>\n<ul>\n<li>Minister Holthoff-Porter aus Nordrhein-Westfalen,<\/li>\n<li>Staatssekret\u00e4r der Niederlande Knops,<\/li>\n<li>K\u00f6niglicher Kommissar Bovens f\u00fcr die Provinz Limburg im Namen der drei Grenzprovinzen Overijssel, Gelderland und Limburg.<\/li>\n<\/ul>\n<p>Dieser Lenkungsausschuss hat in seiner Sitzung im September 2020 weitere Untersuchungen im Zusammenhang mit Corona (COVID-19) gefordert. Die Provinz Limburg ist Vertragspartner im Auftrag der drei oben genannten Parteien. Vor diesem Hintergrund wurde die Stiftung euPrevent mit der Erarbeitung dieses Forschungsprojektsbeauftragt.[\/vc_column_text][\/vc_column][\/vc_row][vc_row][vc_column][vc_column_text]<\/p>\n<h2>Rahmen<\/h2>\n<p><strong>Endg\u00fcltige Zielgruppe: <\/strong>B\u00fcrger der Grenzregionen Nordrhein-Westfalen-Niederlande und des belgischen Limburg; Experten aus diesen Grenzregionen zu COVID-19-bezogenen Themen.<\/p>\n<p><strong>Dauer:<\/strong> 15. Dezember 2020 &#8211; 31. Mai 2021<\/p>\n<p><strong>Geldgebende Stelle: <\/strong>Provinz Limburg als Vertragspartner f\u00fcr diesen Auftrag<\/p>\n<p><strong>Partner: <\/strong>euPrevent (Leitung), GGD S\u00fcdlimburg, Sciensano, UM[\/vc_column_text][\/vc_column][\/vc_row][vc_row][vc_column][vc_column_text]<\/p>\n<h2>Fokus der Zuordnung<\/h2>\n<p>Dieses Projekt konzentriert sich auf die Analyse der grenz\u00fcberschreitenden Dimension der Virusausbreitung in der Grenzregion Nordrhein-Westfalen-Niederlande, wobei auch die Grenzregion Belgien-Limburg als Bezugsrahmen einbezogen wird.[\/vc_column_text][\/vc_column][\/vc_row][vc_row][vc_column][vc_column_text]<\/p>\n<h2>Forschung<\/h2>\n<p>In diesem Auftrag werden sowohl qualitative als auch quantitative Untersuchungen durchgef\u00fchrt. Die wichtigsten zu untersuchenden Forschungsfragen sind: ob es signifikante Unterschiede in der Ausbreitung von COVID-19 in den Niederlanden und in Nordrhein-Westfalen gibt und ob, und wie, diese mit den unterschiedlichen politischen Ma\u00dfnahmen zusammenh\u00e4ngen; ob sich die Virusausbreitung in den Grenzregionen von der Ausbreitung im Inland unterscheidet.<\/p>\n<p>F\u00fcr die quantitative Forschung werden bestehende Datenquellen genutzt und verschiedene Indikatoren einbezogen, wie die Anzahl der getesteten Personen, die Anzahl der Infektionen, die Anzahl der Krankenhausaufenthalte und die Anzahl der Todesf\u00e4lle im Zusammenhang mit COVID-19.<\/p>\n<p>F\u00fcr die qualitative Forschung werden relevante Experten in den Grenzgebieten befragt.[\/vc_column_text][\/vc_column][\/vc_row][vc_row][vc_column][vc_column_text]<\/p>\n<h2>Ergebnisse<\/h2>\n<p>Die beiden wichtigsten Ergebnisse werden sein:<\/p>\n<ol>\n<li>Es wird ein Abschlussbericht geliefert, der die Ergebnisse der qualitativen und quantitativen Studien umfasst, Antworten auf die zentralen Forschungsfragen gibt und politische Empfehlungen formuliert.<\/li>\n<li>Karten des Grenzgebiets zur Visualisierung der Indikatoren, die ab M\u00e4rz 2020 alle zwei Wochen aktualisiert werden.<\/li>\n<\/ol>\n<p>[\/vc_column_text][\/vc_column][\/vc_row][vc_row][vc_column][vc_column_text]\t<div class=\"clearfix\"><\/div>\r\n\t<div class=\"panel-events_and_news\">\r\n\t\t<div class=\"row\">\r\n\r\n            \r\n            \t\t\t<div class=\"col-sm-12 col-md-6\" id=\"events\">\r\n\t\t\t\t<h3>Veranstaltungen<\/h3>\r\n\t\t\t\t\t\t\t\t\t<p class=\"text-muted text-center\" style=\"margin:60px 0;\">Keine Veranstaltungen<\/p>\r\n\t\t\t\t\t\t\t\t<\/div>\r\n\r\n            \r\n            \t\t\t<div class=\"col-sm-12 col-md-6\" id=\"news\">\r\n\t\t\t\t<h3>News<\/h3>\r\n\t\t\t\t\t\t\t\t\t\t\t\t\t\t\t<div class=\"newsitem\">\r\n\t\t\t\t\t\t\t<a class=\"overlay\" href=\"https:\/\/euprevent.eu\/de\/neuer-bericht-die-entwicklung-von-covid-19-im-grenzgebiet-der-niederlande-nordrhein-westfalens-und-belgiens\/\"><\/a>\r\n                            <div class=\"thumb pull-left\" style=\"background-image: url('https:\/\/euprevent.eu\/wp-content\/uploads\/2021\/09\/Euregio-Dashboard-Covid_19_A3_spread_web.jpg');\"><\/div>\r\n\t\t\t\t\t\t\t<div class=\"news-info-table\">\r\n\t\t\t\t\t\t\t\t<div class=\"news-info-table-row\">\r\n\t\t\t\t\t\t\t\t\t<div class=\"news-info-table-cell\">\r\n\t\t\t\t\t\t\t\t\t\t<p>22 October 2021<\/p>\r\n\t\t\t\t\t\t\t\t\t\t<h3>Neuer Bericht: Die Entwicklung von COVID-19 im Grenzgebiet der Niederlande, Nordrhein-Westfalens und Belgiens<\/h3>\r\n\t\t\t\t\t\t\t\t\t<\/div>\r\n\t\t\t\t\t\t\t\t<\/div>\r\n\t\t\t\t\t\t\t<\/div>\r\n\t\t\t\t\t\t<\/div>\r\n\t\t\t\t\t\t\t\t\t\t\t\t<div class=\"newsitem\">\r\n\t\t\t\t\t\t\t<a class=\"overlay\" href=\"https:\/\/euprevent.eu\/de\/beyond-borders-breakfast-debate-on-public-service-delivery-and-cooperation-during-the-covid-19-pandemic\/\"><\/a>\r\n                            <div class=\"thumb pull-left\" style=\"background-image: url('https:\/\/euprevent.eu\/wp-content\/uploads\/2021\/02\/Capture.png');\"><\/div>\r\n\t\t\t\t\t\t\t<div class=\"news-info-table\">\r\n\t\t\t\t\t\t\t\t<div class=\"news-info-table-row\">\r\n\t\t\t\t\t\t\t\t\t<div class=\"news-info-table-cell\">\r\n\t\t\t\t\t\t\t\t\t\t<p>9 February 2021<\/p>\r\n\t\t\t\t\t\t\t\t\t\t<h3>\u201cJenseits der Grenzen: Fr\u00fchst\u00fccksdebatte\" \u00fcber die Erbringung \u00f6ffentlicher Dienstleistungen und Zusammenarbeit w\u00e4hrend der COVID-19-Pandemie<\/h3>\r\n\t\t\t\t\t\t\t\t\t<\/div>\r\n\t\t\t\t\t\t\t\t<\/div>\r\n\t\t\t\t\t\t\t<\/div>\r\n\t\t\t\t\t\t<\/div>\r\n\t\t\t\t\t\t\t\t\t\t\t\t<div class=\"newsitem\">\r\n\t\t\t\t\t\t\t<a class=\"overlay\" href=\"https:\/\/euprevent.eu\/de\/assignment-corona-research-in-the-border-region-of-north-rhine-westphalia-netherlands\/\"><\/a>\r\n                            <div class=\"thumb pull-left\" style=\"background-image: url('');\"><\/div>\r\n\t\t\t\t\t\t\t<div class=\"news-info-table\">\r\n\t\t\t\t\t\t\t\t<div class=\"news-info-table-row\">\r\n\t\t\t\t\t\t\t\t\t<div class=\"news-info-table-cell\">\r\n\t\t\t\t\t\t\t\t\t\t<p>19 December 2020<\/p>\r\n\t\t\t\t\t\t\t\t\t\t<h3>Forschungsauftrag 'Coronaforschung in der Grenzregion Nordrhein-Westfalen-Niederlande'<\/h3>\r\n\t\t\t\t\t\t\t\t\t<\/div>\r\n\t\t\t\t\t\t\t\t<\/div>\r\n\t\t\t\t\t\t\t<\/div>\r\n\t\t\t\t\t\t<\/div>\r\n\t\t\t\t\t\t\t\t\t\t\t<div class=\"text-center p-5\"><a class=\"btn btn-sm btn-default\" href=\"https:\/\/euprevent.eu\/de\/neuigkeiten\/\">Alle Nachrichten<\/a><\/div>\r\n\t\t\t\t\t\t\t\t<\/div>\r\n            \r\n\t\t<\/div>\r\n\t<\/div>\r\n\r\n\t[\/vc_column_text][\/vc_column][\/vc_row][vc_row][vc_column][vc_column_text]        <div class=\"clearfix\"><\/div>\n\n        <h2>Publikationen<\/h2>\n        <div class=\"expandable-wrapper\">\n            <ul class=\"list-publications list-publications-month list-group  list-publications-gradienteffect\">\n                                    <li class=\"list-group-item\">\n                        <a href=\"https:\/\/euprevent.eu\/wp-content\/uploads\/2021\/09\/Euregio-Dashboard-Covid_19_A3_spread_web.pdf\" target=\"_blank\">\n                            <div class=\"row vcenter\">\n                                <div class=\"col-img col-xs-1 text-center\"><img decoding=\"async\"\n                                            src=\"https:\/\/euprevent.eu\/wp-content\/uploads\/2021\/09\/Euregio-Dashboard-Covid_19_A3_spread_web.jpg\"\/>\n                                <\/div>\n                                <div class=\"col-xs-10\">\n                                    <div class=\"publication-title\">The COVID-19 Euregional Atlas (EN, NL, DE and FR)<\/div>\n                                <\/div>\n                                <div class=\"col-xs-1\">\n                                                                            <span class=\"label label-light\"><i\n                                                    class=\"fa fa-download\"><\/i><\/span>\n                                                                        <\/div>\n                            <\/div>\n                        <\/a>\n                    <\/li>\n                                        <li class=\"list-group-item\">\n                        <a href=\"https:\/\/euprevent.eu\/wp-content\/uploads\/2021\/10\/Bericht-Covid-im-Grenzgebiet-NL-NRW-BE-1.pdf\" target=\"_blank\">\n                            <div class=\"row vcenter\">\n                                <div class=\"col-img col-xs-1 text-center\"><img decoding=\"async\"\n                                            src=\"https:\/\/euprevent.eu\/wp-content\/uploads\/2021\/09\/Euregio-Dashboard-Covid_19_A3_spread_web.jpg\"\/>\n                                <\/div>\n                                <div class=\"col-xs-10\">\n                                    <div class=\"publication-title\">Die Entwicklung von COVID-19 im Grenzgebiet der Niederlande, Nordrhein-Westfalens und Belgiens (DE)<\/div>\n                                <\/div>\n                                <div class=\"col-xs-1\">\n                                                                            <span class=\"label label-light\"><i\n                                                    class=\"fa fa-download\"><\/i><\/span>\n                                                                        <\/div>\n                            <\/div>\n                        <\/a>\n                    <\/li>\n                                        <li class=\"list-group-item\">\n                        <a href=\"https:\/\/euprevent.eu\/wp-content\/uploads\/2021\/10\/rapport-covid-NL-NRW-BE-FR.pdf\" target=\"_blank\">\n                            <div class=\"row vcenter\">\n                                <div class=\"col-img col-xs-1 text-center\"><img decoding=\"async\"\n                                            src=\"https:\/\/euprevent.eu\/wp-content\/uploads\/2021\/09\/Euregio-Dashboard-Covid_19_A3_spread_web.jpg\"\/>\n                                <\/div>\n                                <div class=\"col-xs-10\">\n                                    <div class=\"publication-title\">Le d\u00e9veloppement de la COVID-19 dans la zone frontali\u00e8re des Pays-Bas, de la Rh\u00e9nanie du Nord-Westphalie et de la Belgique (FR)<\/div>\n                                <\/div>\n                                <div class=\"col-xs-1\">\n                                                                            <span class=\"label label-light\"><i\n                                                    class=\"fa fa-download\"><\/i><\/span>\n                                                                        <\/div>\n                            <\/div>\n                        <\/a>\n                    <\/li>\n                                        <li class=\"list-group-item\">\n                        <a href=\"https:\/\/euprevent.eu\/wp-content\/uploads\/2021\/10\/Rapport-Covid-in-het-grensgebied-NL-NRW-BE.pdf\" target=\"_blank\">\n                            <div class=\"row vcenter\">\n                                <div class=\"col-img col-xs-1 text-center\"><img decoding=\"async\"\n                                            src=\"https:\/\/euprevent.eu\/wp-content\/uploads\/2021\/09\/Euregio-Dashboard-Covid_19_A3_spread_web.jpg\"\/>\n                                <\/div>\n                                <div class=\"col-xs-10\">\n                                    <div class=\"publication-title\">Rapport: De ontwikkeling van COVID-19 in het grensgebied van Nederland, Noordrijn-Westfalen en Belgi\u00eb (NL)<\/div>\n                                <\/div>\n                                <div class=\"col-xs-1\">\n                                                                            <span class=\"label label-light\"><i\n                                                    class=\"fa fa-download\"><\/i><\/span>\n                                                                        <\/div>\n                            <\/div>\n                        <\/a>\n                    <\/li>\n                                        <li class=\"list-group-item\">\n                        <a href=\"https:\/\/euprevent.eu\/wp-content\/uploads\/2021\/10\/report-covid-in-the-border-region-NL-NRW-BE-2.pdf\" target=\"_blank\">\n                            <div class=\"row vcenter\">\n                                <div class=\"col-img col-xs-1 text-center\"><img decoding=\"async\"\n                                            src=\"https:\/\/euprevent.eu\/wp-content\/uploads\/2021\/09\/Euregio-Dashboard-Covid_19_A3_spread_web.jpg\"\/>\n                                <\/div>\n                                <div class=\"col-xs-10\">\n                                    <div class=\"publication-title\">The development of COVID-19 in the border area of the Netherlands, North Rhine-Westphalia and Belgium (EN)<\/div>\n                                <\/div>\n                                <div class=\"col-xs-1\">\n                                                                            <span class=\"label label-light\"><i\n                                                    class=\"fa fa-download\"><\/i><\/span>\n                                                                        <\/div>\n                            <\/div>\n                        <\/a>\n                    <\/li>\n                    \n            <\/ul>\n                            <div class=\"text-center\">\n                    <a href=\"javascript:void(0);\"\n                       class=\"btn btn-sm btn-default openmore-list-publications\"> zeigt alles<\/a>\n                <\/div>\n                        <\/div>\n\n        [\/vc_column_text][\/vc_column][\/vc_row][vc_row][vc_column][vc_column_text]        <div class=\"clearfix\"><\/div>\n\n        <h2>In den Medien<\/h2>\n        <div class=\"expandable-wrapper\">\n            <ul class=\"list-mediapublications list-mediapublications-month list-group  \">\n                                    <li class=\"list-group-item\">\n                        <a href=\"https:\/\/www.euro.who.int\/en\/about-us\/networks\/regions-for-health-network-rhn\/news\/news\/2022\/01\/impact-of-covid-19-on-cross-border-regions-meuse-rhine-euroregion\" target=\"_blank\">\n                            <div class=\"row vcenter\">\n                                <div class=\"col-xs-11\">\n                                    <div class=\"mediapublication-title\">Impact of COVID-19 on cross-border regions: Meuse-Rhine Euroregion<\/div>\n                                    <div class=\"mediapublication-subtitle\"><span class=\"text-muted\">\n                                                12-01-2022<\/span> - WHO Regions for Health Network (RHN)                                    <\/div>\n                                <\/div>\n                                <div class=\"col-xs-1\">\n                                                                            <span class=\"label label-light\"><i\n                                                    class=\"fa fa-link\"><\/i><\/span>\n                                                                        <\/div>\n                            <\/div>\n                        <\/a>\n                    <\/li>\n                                        <li class=\"list-group-item\">\n                        <a href=\"https:\/\/www.rijksoverheid.nl\/actueel\/nieuws\/2021\/09\/30\/gezamenlijke-corona-verklaring-gepresenteerd-op-grenslandconferentie\" target=\"_blank\">\n                            <div class=\"row vcenter\">\n                                <div class=\"col-xs-11\">\n                                    <div class=\"mediapublication-title\">Gezamenlijke Corona-verklaring gepresenteerd op Grenslandconferentie<\/div>\n                                    <div class=\"mediapublication-subtitle\"><span class=\"text-muted\">\n                                                30-09-2021<\/span> - Rijksoverheid                                    <\/div>\n                                <\/div>\n                                <div class=\"col-xs-1\">\n                                                                            <span class=\"label label-light\"><i\n                                                    class=\"fa fa-link\"><\/i><\/span>\n                                                                        <\/div>\n                            <\/div>\n                        <\/a>\n                    <\/li>\n                                        <li class=\"list-group-item\">\n                        <a href=\"https:\/\/www.duesseldorf.de\/gesundheitsamt\/aktuelles\/news\/newsdetail\/deutsch-niederlaendische-kooperation-eu-projekt-nachhaltig-gesunde-euregio-rhein-maas-nord.html\" target=\"_blank\">\n                            <div class=\"row vcenter\">\n                                <div class=\"col-xs-11\">\n                                    <div class=\"mediapublication-title\">Deutsch-niederl\u00e4ndische Kooperation: EU-Projekt nachhaltig gesunde Euregio Rhein-Maas-Nord<\/div>\n                                    <div class=\"mediapublication-subtitle\"><span class=\"text-muted\">\n                                                07-10-2020<\/span> - Landeshauptstadt D\u00fcsseldorf                                    <\/div>\n                                <\/div>\n                                <div class=\"col-xs-1\">\n                                                                            <span class=\"label label-light\"><i\n                                                    class=\"fa fa-link\"><\/i><\/span>\n                                                                        <\/div>\n                            <\/div>\n                        <\/a>\n                    <\/li>\n                                        <li class=\"list-group-item\">\n                        <a href=\"https:\/\/www.grenspostdusseldorf.nl\/wp-content\/uploads\/2020\/08\/Covid-rapport-NRW-7-augustus-2020.pdf\" target=\"_blank\">\n                            <div class=\"row vcenter\">\n                                <div class=\"col-xs-11\">\n                                    <div class=\"mediapublication-title\">COVID Rapport NRW 7 augustus 2020<\/div>\n                                    <div class=\"mediapublication-subtitle\"><span class=\"text-muted\">\n                                                07-08-2020<\/span> - Grenspost Dusseldorf                                    <\/div>\n                                <\/div>\n                                <div class=\"col-xs-1\">\n                                                                            <span class=\"label label-light\"><i\n                                                    class=\"fa fa-link\"><\/i><\/span>\n                                                                        <\/div>\n                            <\/div>\n                        <\/a>\n                    <\/li>\n                    \n            <\/ul>\n                    <\/div>\n\n        [\/vc_column_text][\/vc_column][\/vc_row]<\/p>\n<\/section>","protected":false},"excerpt":{"rendered":"<p>[vc_row][vc_column][vc_column_text] Forschungsauftrag &#8218;Coronaforschung in der Grenzregion Nordrhein-Westfalen-Niederlande&#8216; (NRW-NL) Grenzregionen haben unter den Auswirkungen von COVID-19 gelitten. Dieser Forschungsauftrag soll daher die Auswirkungen der Ausbreitung des Coronavirus in den Grenzregionen von Nordrhein-Westfalen-Niederlande untersuchen. Durch die Analyse der Ausbreitung des Virus in diesen Grenzregionen, und auch im Vergleich mit den inl\u00e4ndischen Mustern, soll dieses Projekt einen Einblick [&hellip;]<\/p>\n","protected":false},"author":3,"featured_media":0,"parent":0,"menu_order":0,"comment_status":"closed","ping_status":"closed","template":"","meta":{"_acf_changed":false,"footnotes":""},"class_list":["post-13769","page","type-page","status-publish","hentry","programmes-infectious-diseases"],"acf":[],"yoast_head":"<!-- This site is optimized with the Yoast SEO plugin v27.5 - https:\/\/yoast.com\/product\/yoast-seo-wordpress\/ -->\n<title>Coronaforschung in der Grenzregion - euPrevent<\/title>\n<meta name=\"robots\" content=\"index, follow, max-snippet:-1, max-image-preview:large, max-video-preview:-1\" \/>\n<link rel=\"canonical\" href=\"https:\/\/euprevent.eu\/de\/coronaforschung-in-der-grenzregion\/\" \/>\n<meta property=\"og:locale\" content=\"de_DE\" \/>\n<meta property=\"og:type\" content=\"article\" \/>\n<meta property=\"og:title\" content=\"Coronaforschung in der Grenzregion - euPrevent\" \/>\n<meta property=\"og:description\" content=\"[vc_row][vc_column][vc_column_text] Forschungsauftrag &#8218;Coronaforschung in der Grenzregion Nordrhein-Westfalen-Niederlande&#8216; (NRW-NL) Grenzregionen haben unter den Auswirkungen von COVID-19 gelitten. Dieser Forschungsauftrag soll daher die Auswirkungen der Ausbreitung des Coronavirus in den Grenzregionen von Nordrhein-Westfalen-Niederlande untersuchen. Durch die Analyse der Ausbreitung des Virus in diesen Grenzregionen, und auch im Vergleich mit den inl\u00e4ndischen Mustern, soll dieses Projekt einen Einblick [&hellip;]\" \/>\n<meta property=\"og:url\" content=\"https:\/\/euprevent.eu\/de\/coronaforschung-in-der-grenzregion\/\" \/>\n<meta property=\"og:site_name\" content=\"euPrevent\" \/>\n<meta property=\"article:modified_time\" content=\"2022-02-10T16:03:16+00:00\" \/>\n<meta name=\"twitter:card\" content=\"summary_large_image\" \/>\n<meta name=\"twitter:label1\" content=\"Gesch\u00e4tzte Lesezeit\" \/>\n\t<meta name=\"twitter:data1\" content=\"2\u00a0Minuten\" \/>\n<script type=\"application\/ld+json\" class=\"yoast-schema-graph\">{\"@context\":\"https:\\\/\\\/schema.org\",\"@graph\":[{\"@type\":\"WebPage\",\"@id\":\"https:\\\/\\\/euprevent.eu\\\/de\\\/coronaforschung-in-der-grenzregion\\\/\",\"url\":\"https:\\\/\\\/euprevent.eu\\\/de\\\/coronaforschung-in-der-grenzregion\\\/\",\"name\":\"Coronaforschung in der Grenzregion - euPrevent\",\"isPartOf\":{\"@id\":\"https:\\\/\\\/euprevent.eu\\\/de\\\/#website\"},\"datePublished\":\"2020-12-19T07:49:33+00:00\",\"dateModified\":\"2022-02-10T16:03:16+00:00\",\"breadcrumb\":{\"@id\":\"https:\\\/\\\/euprevent.eu\\\/de\\\/coronaforschung-in-der-grenzregion\\\/#breadcrumb\"},\"inLanguage\":\"de\",\"potentialAction\":[{\"@type\":\"ReadAction\",\"target\":[\"https:\\\/\\\/euprevent.eu\\\/de\\\/coronaforschung-in-der-grenzregion\\\/\"]}]},{\"@type\":\"BreadcrumbList\",\"@id\":\"https:\\\/\\\/euprevent.eu\\\/de\\\/coronaforschung-in-der-grenzregion\\\/#breadcrumb\",\"itemListElement\":[{\"@type\":\"ListItem\",\"position\":1,\"name\":\"Home\",\"item\":\"https:\\\/\\\/euprevent.eu\\\/de\\\/\"},{\"@type\":\"ListItem\",\"position\":2,\"name\":\"Coronaforschung in der Grenzregion\"}]},{\"@type\":\"WebSite\",\"@id\":\"https:\\\/\\\/euprevent.eu\\\/de\\\/#website\",\"url\":\"https:\\\/\\\/euprevent.eu\\\/de\\\/\",\"name\":\"euPrevent\",\"description\":\"euPrevent is a Euroregional network that focuses on promoting health. Within this network, sustainable partnerships seek to increase the quality of life of residents in the border region between the Netherlands, Belgium and Germany.\",\"potentialAction\":[{\"@type\":\"SearchAction\",\"target\":{\"@type\":\"EntryPoint\",\"urlTemplate\":\"https:\\\/\\\/euprevent.eu\\\/de\\\/?s={search_term_string}\"},\"query-input\":{\"@type\":\"PropertyValueSpecification\",\"valueRequired\":true,\"valueName\":\"search_term_string\"}}],\"inLanguage\":\"de\"}]}<\/script>\n<!-- \/ Yoast SEO plugin. -->","yoast_head_json":{"title":"Coronaforschung in der Grenzregion - euPrevent","robots":{"index":"index","follow":"follow","max-snippet":"max-snippet:-1","max-image-preview":"max-image-preview:large","max-video-preview":"max-video-preview:-1"},"canonical":"https:\/\/euprevent.eu\/de\/coronaforschung-in-der-grenzregion\/","og_locale":"de_DE","og_type":"article","og_title":"Coronaforschung in der Grenzregion - euPrevent","og_description":"[vc_row][vc_column][vc_column_text] Forschungsauftrag &#8218;Coronaforschung in der Grenzregion Nordrhein-Westfalen-Niederlande&#8216; (NRW-NL) Grenzregionen haben unter den Auswirkungen von COVID-19 gelitten. Dieser Forschungsauftrag soll daher die Auswirkungen der Ausbreitung des Coronavirus in den Grenzregionen von Nordrhein-Westfalen-Niederlande untersuchen. Durch die Analyse der Ausbreitung des Virus in diesen Grenzregionen, und auch im Vergleich mit den inl\u00e4ndischen Mustern, soll dieses Projekt einen Einblick [&hellip;]","og_url":"https:\/\/euprevent.eu\/de\/coronaforschung-in-der-grenzregion\/","og_site_name":"euPrevent","article_modified_time":"2022-02-10T16:03:16+00:00","twitter_card":"summary_large_image","twitter_misc":{"Gesch\u00e4tzte Lesezeit":"2\u00a0Minuten"},"schema":{"@context":"https:\/\/schema.org","@graph":[{"@type":"WebPage","@id":"https:\/\/euprevent.eu\/de\/coronaforschung-in-der-grenzregion\/","url":"https:\/\/euprevent.eu\/de\/coronaforschung-in-der-grenzregion\/","name":"Coronaforschung in der Grenzregion - euPrevent","isPartOf":{"@id":"https:\/\/euprevent.eu\/de\/#website"},"datePublished":"2020-12-19T07:49:33+00:00","dateModified":"2022-02-10T16:03:16+00:00","breadcrumb":{"@id":"https:\/\/euprevent.eu\/de\/coronaforschung-in-der-grenzregion\/#breadcrumb"},"inLanguage":"de","potentialAction":[{"@type":"ReadAction","target":["https:\/\/euprevent.eu\/de\/coronaforschung-in-der-grenzregion\/"]}]},{"@type":"BreadcrumbList","@id":"https:\/\/euprevent.eu\/de\/coronaforschung-in-der-grenzregion\/#breadcrumb","itemListElement":[{"@type":"ListItem","position":1,"name":"Home","item":"https:\/\/euprevent.eu\/de\/"},{"@type":"ListItem","position":2,"name":"Coronaforschung in der Grenzregion"}]},{"@type":"WebSite","@id":"https:\/\/euprevent.eu\/de\/#website","url":"https:\/\/euprevent.eu\/de\/","name":"euPrevent","description":"euPrevent is a Euroregional network that focuses on promoting health. Within this network, sustainable partnerships seek to increase the quality of life of residents in the border region between the Netherlands, Belgium and Germany.","potentialAction":[{"@type":"SearchAction","target":{"@type":"EntryPoint","urlTemplate":"https:\/\/euprevent.eu\/de\/?s={search_term_string}"},"query-input":{"@type":"PropertyValueSpecification","valueRequired":true,"valueName":"search_term_string"}}],"inLanguage":"de"}]}},"_links":{"self":[{"href":"https:\/\/euprevent.eu\/de\/wp-json\/wp\/v2\/pages\/13769","targetHints":{"allow":["GET"]}}],"collection":[{"href":"https:\/\/euprevent.eu\/de\/wp-json\/wp\/v2\/pages"}],"about":[{"href":"https:\/\/euprevent.eu\/de\/wp-json\/wp\/v2\/types\/page"}],"author":[{"embeddable":true,"href":"https:\/\/euprevent.eu\/de\/wp-json\/wp\/v2\/users\/3"}],"replies":[{"embeddable":true,"href":"https:\/\/euprevent.eu\/de\/wp-json\/wp\/v2\/comments?post=13769"}],"version-history":[{"count":7,"href":"https:\/\/euprevent.eu\/de\/wp-json\/wp\/v2\/pages\/13769\/revisions"}],"predecessor-version":[{"id":17749,"href":"https:\/\/euprevent.eu\/de\/wp-json\/wp\/v2\/pages\/13769\/revisions\/17749"}],"wp:attachment":[{"href":"https:\/\/euprevent.eu\/de\/wp-json\/wp\/v2\/media?parent=13769"}],"curies":[{"name":"wp","href":"https:\/\/api.w.org\/{rel}","templated":true}]}}