


{"id":12794,"date":"2020-02-10T15:54:31","date_gmt":"2020-02-10T15:54:31","guid":{"rendered":"https:\/\/euprevent.eu\/?page_id=12794"},"modified":"2022-01-13T12:24:36","modified_gmt":"2022-01-13T11:24:36","slug":"activiteiten-dementie-en-ouderdomsdepressie","status":"publish","type":"page","link":"https:\/\/euprevent.eu\/de\/sfc\/activiteiten-dementie-en-ouderdomsdepressie\/","title":{"rendered":"Aktivit\u00e4ten Demenz und altersbedingte Depression"},"content":{"rendered":"<section class=\"wpb-content-wrapper\"><p>[vc_row][vc_column][vc_column_text]<\/p>\n<h1>Aktivit\u00e4ten Demenz und altersbedingte Depression<\/h1>\n<p>Im Rahmen des euPrevent-Projekts <a href=\"https:\/\/euprevent.eu\/de\/sfc\/\">Senior Friendly Communities<\/a> (SFC) wurde ein Aktivit\u00e4tenbuffet mit 15 konkreten, bereits bestehenden Pr\u00e4ventionsaktivit\u00e4ten erstellt, die sich an \u00e4ltere Menschen mit Demenz und altersbedingten Depressionen und ihre Betreuer richten. Die Aktivit\u00e4ten lassen sich in den Rahmen des &#8222;<a href=\"https:\/\/apps.who.int\/iris\/bitstream\/handle\/10665\/67215\/WHO_NMH_NPH_02.8.pdf;jsessionid=225261991DC13473A0A7C06B8A4D9184?sequence=1\">Aktiven Alterns<\/a>&#8220; der Weltgesundheitsorganisation einordnen. Die drei S\u00e4ulen des &#8222;Aktiven Alterns&#8220; sind: Gesundheit, Partizipation und Sicherheit.[\/vc_column_text][\/vc_column][\/vc_row][vc_row][vc_column][vc_single_image image=&#8220;12730&#8243; img_size=&#8220;full&#8220;][\/vc_column][\/vc_row][vc_row][vc_column][vc_column_text]Diese Aktivit\u00e4ten werden auch weiterhin in Belgien, Deutschland und den Niederlanden durchgef\u00fchrt. In der nachstehenden \u00dcbersicht finden Sie eine kurze Beschreibung der einzelnen Aktivit\u00e4ten. M\u00f6chten Sie mehr \u00fcber die Durchf\u00fchrung einer dieser Aktivit\u00e4ten in Ihrer Gemeinde erfahren? Senden Sie dann eine E-Mail an die genannte Kontaktperson. Hintergrundinformationen zu den einzelnen Aktivit\u00e4ten finden Sie in der &#8222;<a href=\"https:\/\/euprevent.eu\/wp-content\/uploads\/2018\/02\/WEB-Brochure-Activiteitencongres-DE.pdf\">Informationsbrosch\u00fcre Aktivit\u00e4ten<\/a>&#8222;.[\/vc_column_text][\/vc_column][\/vc_row][vc_row][vc_column][vc_column_text]<\/p>\n<h2><strong>\u00dcbersicht Aktivit\u00e4ten Demenz und altersbedingte Depression (euPrevent SFC)<\/strong><\/h2>\n<p>[\/vc_column_text][\/vc_column][\/vc_row][vc_row][vc_column][vc_empty_space][\/vc_column][\/vc_row][vc_row][vc_column][vc_column_text]<\/p>\n<h2><strong>Beratung \u00fcber Demenz<br \/>\n<\/strong><\/h2>\n<p>[\/vc_column_text][\/vc_column][\/vc_row][vc_row][vc_column width=&#8220;1\/3&#8243;][vc_single_image image=&#8220;12611&#8243; img_size=&#8220;full&#8220;][\/vc_column][vc_column width=&#8220;1\/3&#8243;][vc_column_text]<\/p>\n<h3>Kontakt<\/h3>\n<p>Frans Verhey und Marjolein de Vugt (NL):<br \/>\n<a href=\"mailto:info@alzheimercentrumlimburg.nl\" target=\"_blank\" rel=\"noopener noreferrer\">info@alzheimercentrumlimburg.nl<\/a><\/p>\n<h3>Hintergrundinformationen<\/h3>\n<p><a href=\"https:\/\/euprevent.eu\/wp-content\/uploads\/2018\/02\/WEB-Brochure-Activiteitencongres-DE.pdf\">Seite 9<\/a> (PDF).[\/vc_column_text][\/vc_column][vc_column width=&#8220;1\/3&#8243;][vc_column_text]<\/p>\n<h3>Bereich<\/h3>\n<p>Demenz<\/p>\n<h3>Diese Gemeinden sind vor Ihnen gegangen:<\/h3>\n<p>BE: Hamont-Achel<br \/>\nDE: Stolberg<br \/>\nNL: Maastricht, Meerssen[\/vc_column_text][\/vc_column][\/vc_row][vc_row][vc_column][vc_separator color=&#8220;blue&#8220;][\/vc_column][\/vc_row][vc_row][vc_column][vc_column_text]<\/p>\n<h2><strong>Beratung \u00fcber die Pr\u00e4vention von Altersdepressionen<br \/>\n<\/strong><\/h2>\n<p>[\/vc_column_text][\/vc_column][\/vc_row][vc_row][vc_column width=&#8220;1\/3&#8243;][vc_single_image image=&#8220;12615&#8243; img_size=&#8220;full&#8220;][\/vc_column][vc_column width=&#8220;1\/3&#8243;][vc_column_text]<\/p>\n<h3>Kontakt<\/h3>\n<p>Fran\u00e7ois Galand (FR, DE, NL): <a href=\"mailto:francois.galand@mc.be\" target=\"_blank\" rel=\"noopener noreferrer\">francois.galand@mc.be<\/a><br \/>\nFrank Willems (NL):<a href=\"mailto:Frank.willems@logolimburg.be\" target=\"_blank\" rel=\"noopener noreferrer\"> Frank.willems@logolimburg.be<\/a><\/p>\n<h3>Hintergrundinformationen<\/h3>\n<p><a href=\"https:\/\/euprevent.eu\/wp-content\/uploads\/2018\/02\/WEB-Brochure-Activiteitencongres-DE.pdf\" target=\"_blank\" rel=\"noopener noreferrer\">Seite 10<\/a> (PDF).[\/vc_column_text][\/vc_column][vc_column width=&#8220;1\/3&#8243;][vc_column_text]<\/p>\n<h3>Bereich<\/h3>\n<p>Depressionen<\/p>\n<h3>Diese Gemeinden sind vor Ihnen gegangen:<\/h3>\n<p>BE: As, Hamont-Achel, Hasselt, Plombi\u00e8res, Tessenderlo, Thimister<br \/>\nDE: &#8211;<br \/>\nNL: Beek, Eijsden-Margraten, Maastricht, Roermond[\/vc_column_text][\/vc_column][\/vc_row][vc_row][vc_column][vc_separator color=&#8220;blue&#8220;][\/vc_column][\/vc_row][vc_row][vc_column][vc_column_text]<\/p>\n<h2><strong>Konfetti im Kopf<br \/>\n<\/strong><\/h2>\n<p>[\/vc_column_text][\/vc_column][\/vc_row][vc_row][vc_column width=&#8220;1\/3&#8243;][vc_single_image image=&#8220;12619&#8243; img_size=&#8220;full&#8220;][\/vc_column][vc_column width=&#8220;1\/3&#8243;][vc_column_text]<\/p>\n<h3>Kontakt<\/h3>\n<p>Michael Hagedorn (DE):<br \/>\n<a href=\"mailto:mh@konfetti-im-kopf.de\" target=\"_blank\" rel=\"noopener noreferrer\">mh@konfetti-im-kopf.de<\/a><\/p>\n<h3>Hintergrundinformationen<\/h3>\n<p><a href=\"https:\/\/euprevent.eu\/wp-content\/uploads\/2018\/02\/WEB-Brochure-Activiteitencongres-DE.pdf\" target=\"_blank\" rel=\"noopener noreferrer\">Seite 11 <\/a>(PDF).[\/vc_column_text][\/vc_column][vc_column width=&#8220;1\/3&#8243;][vc_column_text]<\/p>\n<h3>Bereich<\/h3>\n<p>Demenz<\/p>\n<h3>Diese Gemeinden sind vor Ihnen gegangen:<\/h3>\n<p>BE: Tessenderlo<br \/>\nDE: Dahlem<br \/>\nNL: Maastricht, Mook en Middelaar[\/vc_column_text][\/vc_column][\/vc_row][vc_row][vc_column][vc_separator color=&#8220;blue&#8220;][\/vc_column][\/vc_row][vc_row][vc_column][vc_column_text]<\/p>\n<h2><strong>Zusammenf\u00fchrung und Organisation lokaler Seniorengruppen<\/strong><\/h2>\n<p>[\/vc_column_text][\/vc_column][\/vc_row][vc_row][vc_column width=&#8220;1\/3&#8243;][vc_single_image image=&#8220;12623&#8243; img_size=&#8220;full&#8220;][\/vc_column][vc_column width=&#8220;1\/3&#8243;][vc_column_text]<\/p>\n<h3>Kontakt<\/h3>\n<p>Fran\u00e7ois Galand (FR, DE, NL): <a href=\"mailto:francois.galand@mc.be\" target=\"_blank\" rel=\"noopener noreferrer\">francois.galand@mc.be<\/a><\/p>\n<h3>Hintergrundinformationen<\/h3>\n<p><a href=\"https:\/\/euprevent.eu\/wp-content\/uploads\/2018\/02\/WEB-Brochure-Activiteitencongres-DE.pdf\" target=\"_blank\" rel=\"noopener noreferrer\">Seite 12-13<\/a> (PDF).[\/vc_column_text][\/vc_column][vc_column width=&#8220;1\/3&#8243;][vc_column_text]<\/p>\n<h3>Bereich<\/h3>\n<p>Depressionen<\/p>\n<h3>Diese Gemeinden sind vor Ihnen gegangen:<\/h3>\n<p>BE: &#8211;<br \/>\nDE: Stolberg<br \/>\nNL: Beek[\/vc_column_text][\/vc_column][\/vc_row][vc_row][vc_column][vc_separator color=&#8220;blue&#8220;][\/vc_column][\/vc_row][vc_row][vc_column][vc_column_text]<\/p>\n<h2><strong>\u201eCrossing Borders in Health\u201c (Grenzen \u00fcberschreiten in der Gesundheitsversorgung)<\/strong><\/h2>\n<p>[\/vc_column_text][\/vc_column][\/vc_row][vc_row][vc_column width=&#8220;1\/3&#8243;][vc_single_image image=&#8220;12627&#8243; img_size=&#8220;full&#8220;][\/vc_column][vc_column width=&#8220;1\/3&#8243;][vc_column_text]<\/p>\n<h3>Kontakt<\/h3>\n<p>Brigitte van der Zanden (NL, DE, EN):\u00a0 <a href=\"mailto:info@euprevent.eu\" target=\"_blank\" rel=\"noopener noreferrer\">info@euprevent.eu<\/a><\/p>\n<h3>Hintergrundinformationen<\/h3>\n<p><a href=\"https:\/\/euprevent.eu\/wp-content\/uploads\/2018\/02\/WEB-Brochure-Activiteitencongres-DE.pdf\" target=\"_blank\" rel=\"noopener noreferrer\">Seite 14<\/a> (PDF).[\/vc_column_text][\/vc_column][vc_column width=&#8220;1\/3&#8243;][vc_column_text]<\/p>\n<h3>Bereich<\/h3>\n<p>Demenz und Depressionen<\/p>\n<h3>Diese Gemeinden sind vor Ihnen gegangen:<\/h3>\n<p>BE: L\u00fcttich, Tessenderlo<br \/>\nDE: &#8211;<br \/>\nNL: -[\/vc_column_text][\/vc_column][\/vc_row][vc_row][vc_column][vc_separator color=&#8220;blue&#8220;][\/vc_column][\/vc_row][vc_row][vc_column][vc_column_text]<\/p>\n<h2><strong>Umgang und Kommunikation mit demenzkranken Personen<\/strong><\/h2>\n<p>[\/vc_column_text][\/vc_column][\/vc_row][vc_row][vc_column width=&#8220;1\/3&#8243;][vc_single_image image=&#8220;12631&#8243; img_size=&#8220;full&#8220;][\/vc_column][vc_column width=&#8220;1\/3&#8243;][vc_column_text]<\/p>\n<h3>Kontakt<\/h3>\n<p>Eric Salmon (FR): <a href=\"mailto:Eric.Salmon@chuliege.be\" target=\"_blank\" rel=\"noopener noreferrer\">Eric.Salmon@chuliege.be<\/a><br \/>\nFran\u00e7ois Galand (FR, DE, NL): <a href=\"mailto:francois.galand@mc.be\" target=\"_blank\" rel=\"noopener noreferrer\">francois.galand@mc.be<\/a><\/p>\n<h3>Hintergrundinformationen<\/h3>\n<p><a href=\"https:\/\/euprevent.eu\/wp-content\/uploads\/2018\/02\/WEB-Brochure-Activiteitencongres-DE.pdf\" target=\"_blank\" rel=\"noopener noreferrer\">Seite 15<\/a> (PDF).[\/vc_column_text][\/vc_column][vc_column width=&#8220;1\/3&#8243;][vc_column_text]<\/p>\n<h3>Bereich<\/h3>\n<p>Demenz<\/p>\n<h3>Diese Gemeinden sind vor Ihnen gegangen:<\/h3>\n<p>BE: L\u00fcttich, Plombi\u00e8re, Thimister-Clermont<br \/>\nDE: &#8211;<br \/>\nNL: -[\/vc_column_text][\/vc_column][\/vc_row][vc_row][vc_column][vc_separator color=&#8220;blue&#8220;][\/vc_column][\/vc_row][vc_row][vc_column][vc_column_text]<\/p>\n<h2><strong>Sensibilisierungsunterricht in Schulen<\/strong><\/h2>\n<p>[\/vc_column_text][\/vc_column][\/vc_row][vc_row][vc_column width=&#8220;1\/3&#8243;][vc_single_image image=&#8220;12635&#8243; img_size=&#8220;full&#8220;][\/vc_column][vc_column width=&#8220;1\/3&#8243;][vc_column_text]<\/p>\n<h3>Kontakt<\/h3>\n<p>Marja Veenstra (NL): <a href=\"mailto:info@burgerkrachtlimburg.nl\" target=\"_blank\" rel=\"noopener noreferrer\">info@burgerkrachtlimburg.nl<\/a><br \/>\nFrank Willems (NL): <a href=\"mailto:Frank.willems@logolimburg.be\" target=\"_blank\" rel=\"noopener noreferrer\">Frank.willems@logolimburg.be<\/a><br \/>\nKarl-Heinz Grimm (DE, NL): <a href=\"mailto:Karl-Heinz.Grimm@kreis-heinsberg.de\" target=\"_blank\" rel=\"noopener noreferrer\">Karl-Heinz.Grimm@kreis-heinsberg.de<\/a><br \/>\nFran\u00e7ois Galand (FR, DE, NL): <a href=\"mailto:francois.galand@mc.be\" target=\"_blank\" rel=\"noopener noreferrer\">francois.galand@mc.be<\/a><br \/>\nEric Salmon (FR): <a href=\"mailto:Eric.Salmon@chuliege.be\" target=\"_blank\" rel=\"noopener noreferrer\">Eric.Salmon@chuliege.be<\/a><\/p>\n<h3>Hintergrundinformationen<\/h3>\n<p><a href=\"https:\/\/euprevent.eu\/wp-content\/uploads\/2018\/02\/WEB-Brochure-Activiteitencongres-DE.pdf\" target=\"_blank\" rel=\"noopener noreferrer\">Seite 16<\/a> (PDF).[\/vc_column_text][\/vc_column][vc_column width=&#8220;1\/3&#8243;][vc_column_text]<\/p>\n<h3>Bereich<\/h3>\n<p>Demenz und Depressionen<\/p>\n<h3>Diese Gemeinden sind vor Ihnen gegangen:<\/h3>\n<p>BE: Hasselt, Kelmis, L\u00fcttich, Plombi\u00e8res, Thimister<br \/>\nDE: Dahlem, Euskirchen, Stolberg, Wegberg<br \/>\nNL: Beesel, Venlo[\/vc_column_text][\/vc_column][\/vc_row][vc_row][vc_column][vc_separator color=&#8220;blue&#8220;][\/vc_column][\/vc_row][vc_row][vc_column][vc_column_text]<\/p>\n<h2><strong>Inlife<\/strong><\/h2>\n<p>[\/vc_column_text][\/vc_column][\/vc_row][vc_row][vc_column width=&#8220;1\/3&#8243;][vc_single_image image=&#8220;12639&#8243; img_size=&#8220;full&#8220;][\/vc_column][vc_column width=&#8220;1\/3&#8243;][vc_column_text]<\/p>\n<h3>Kontakt<\/h3>\n<p>Marjolein de Vugt (NL): <a href=\"mailto:m.devugt@maastrichtuniversity.nl\" target=\"_blank\" rel=\"noopener noreferrer\">m.devugt@maastrichtuniversity.nl<\/a><\/p>\n<h3>Hintergrundinformationen<\/h3>\n<p><a href=\"https:\/\/euprevent.eu\/wp-content\/uploads\/2018\/02\/WEB-Brochure-Activiteitencongres-DE.pdf\" target=\"_blank\" rel=\"noopener noreferrer\">Seite 17-18<\/a> (PDF).[\/vc_column_text][\/vc_column][vc_column width=&#8220;1\/3&#8243;][vc_column_text]<\/p>\n<h3>Bereich<\/h3>\n<p>Demenz<\/p>\n<h3>Diese Gemeinden sind vor Ihnen gegangen:<\/h3>\n<p>BE: Hamont-Achel, Verviers<br \/>\nDE: Euskirchen<br \/>\nNL: -[\/vc_column_text][\/vc_column][\/vc_row][vc_row][vc_column][vc_separator color=&#8220;blue&#8220;][\/vc_column][\/vc_row][vc_row][vc_column][vc_column_text]<\/p>\n<h2><strong>\u201e It\u2019s raining on my nose &#8220; <\/strong><\/h2>\n<p>[\/vc_column_text][\/vc_column][\/vc_row][vc_row][vc_column width=&#8220;1\/3&#8243;][vc_single_image image=&#8220;12643&#8243; img_size=&#8220;full&#8220;][\/vc_column][vc_column width=&#8220;1\/3&#8243;][vc_column_text]<\/p>\n<h3>Kontakt<\/h3>\n<p>Frank Willems (NL): <a href=\"mailto:Frank.willems@logolimburg.be\" target=\"_blank\" rel=\"noopener noreferrer\">Frank.willems@logolimburg.be<\/a><\/p>\n<h3>Hintergrundinformationen<\/h3>\n<p><a href=\"https:\/\/euprevent.eu\/wp-content\/uploads\/2018\/02\/WEB-Brochure-Activiteitencongres-DE.pdf\" target=\"_blank\" rel=\"noopener noreferrer\">Seite 19<\/a> (PDF).<\/p>\n<p>[\/vc_column_text][\/vc_column][vc_column width=&#8220;1\/3&#8243;][vc_column_text]<\/p>\n<h3>Bereich<\/h3>\n<p>Depressionen<\/p>\n<h3>Diese Gemeinden sind vor Ihnen gegangen:<\/h3>\n<p>BE: As, Kelmis, Plombi\u00e8res<br \/>\nDE: Herzogenrath, J\u00fclich<br \/>\nNL: Eijsden-Margraten, Kerkrade[\/vc_column_text][\/vc_column][\/vc_row][vc_row][vc_column][vc_separator color=&#8220;blue&#8220;][\/vc_column][\/vc_row][vc_row][vc_column][vc_column_text]<\/p>\n<h2><strong>Partner in Balance<\/strong><\/h2>\n<p>[\/vc_column_text][\/vc_column][\/vc_row][vc_row][vc_column width=&#8220;1\/3&#8243;][vc_single_image image=&#8220;12647&#8243;][\/vc_column][vc_column width=&#8220;1\/3&#8243;][vc_column_text]<\/p>\n<h3>Kontakt<\/h3>\n<p>Marjolein de Vugt (NL): <a href=\"mailto:m.devugt@maastrichtuniversity.nl\" target=\"_blank\" rel=\"noopener noreferrer\">m.devugt@maastrichtuniversity.nl\u00a0<\/a><\/p>\n<h3>Achtergondinformatie<\/h3>\n<p><a href=\"https:\/\/euprevent.eu\/wp-content\/uploads\/2018\/02\/WEB-Brochure-Activiteitencongres-DE.pdf\" target=\"_blank\" rel=\"noopener noreferrer\">Seite 20-21<\/a> (PDF).<\/p>\n<p>[\/vc_column_text][\/vc_column][vc_column width=&#8220;1\/3&#8243;][vc_column_text]<\/p>\n<h3>Bereich<\/h3>\n<p>Demenz<\/p>\n<h3>Diese Gemeinden sind vor Ihnen gegangen:<\/h3>\n<p>BE: As<br \/>\nDE: H\u00fcckelhoven<br \/>\nNL: Beekdaelen, Roermond, Venray[\/vc_column_text][\/vc_column][\/vc_row][vc_row][vc_column][vc_separator color=&#8220;blue&#8220;][\/vc_column][\/vc_row][vc_row][vc_column][vc_column_text]<\/p>\n<h2><strong>Positive Gesundheit<\/strong><\/h2>\n<p>[\/vc_column_text][\/vc_column][\/vc_row][vc_row][vc_column width=&#8220;1\/3&#8243;][vc_single_image image=&#8220;12651&#8243; img_size=&#8220;full&#8220;][\/vc_column][vc_column width=&#8220;1\/3&#8243;][vc_column_text]<\/p>\n<h3>Kontakt<\/h3>\n<p>Marja Veenstra (NL):<a href=\"mailto:info@burgerkrachtlimburg.nl\" target=\"_blank\" rel=\"noopener noreferrer\"> info@burgerkrachtlimburg.nl<\/a><br \/>\nFrank Willems (NL): <a href=\"mailto:Frank.willems@logolimburg.be\" target=\"_blank\" rel=\"noopener noreferrer\">Frank.willems@logolimburg.be<\/a><br \/>\nFran\u00e7ois Galand (FR, DE, NL): <a href=\"mailto:francois.galand@mc.be\" target=\"_blank\" rel=\"noopener noreferrer\">francois.galand@mc.be<\/a><br \/>\nKarl-Heinz Grimm (DE, NL): <a href=\"mailto:Karl-Heinz.Grimm@kreis-heinsberg.de\" target=\"_blank\" rel=\"noopener noreferrer\">Karl-Heinz.Grimm@kreis-heinsberg.de<\/a><\/p>\n<h3>Hintergrundinformationen<\/h3>\n<p><a href=\"https:\/\/euprevent.eu\/wp-content\/uploads\/2018\/02\/WEB-Brochure-Activiteitencongres-DE.pdf\" target=\"_blank\" rel=\"noopener noreferrer\">Seite 22-23<\/a> (PDF).[\/vc_column_text][\/vc_column][vc_column width=&#8220;1\/3&#8243;][vc_column_text]<\/p>\n<h3>Bereich<\/h3>\n<p>Demenz und Depressionen<\/p>\n<h3>Diese Gemeinden sind vor Ihnen gegangen:<\/h3>\n<p>BE: As, Hamont-Achel, Hasselt, Tessenderlo, Plombi\u00e8res, Thimister, Verviers<br \/>\nDE: Euskirchen, Herzogenrath, J\u00fclich, Wegberg<br \/>\nNL: Beek, Beekdaelen, Eijsden-Margraten, Kerkrade, Maastricht, Mook en Middelaar, Roermond, Valkenburg, Weert[\/vc_column_text][\/vc_column][\/vc_row][vc_row][vc_column][vc_separator color=&#8220;blue&#8220;][\/vc_column][\/vc_row][vc_row][vc_column][vc_column_text]<\/p>\n<h2><strong>Psychop\u00e4dagogik des Ged\u00e4chtnisses<\/strong><\/h2>\n<p>[\/vc_column_text][\/vc_column][\/vc_row][vc_row][vc_column width=&#8220;1\/3&#8243;][vc_single_image image=&#8220;12655&#8243; img_size=&#8220;full&#8220;][\/vc_column][vc_column width=&#8220;1\/3&#8243;][vc_column_text]<\/p>\n<h3>Kontakt<\/h3>\n<p>Eric Salmon (FR): <a href=\"mailto:Eric.Salmon@chuliege.be\" target=\"_blank\" rel=\"noopener noreferrer\">Eric.Salmon@chuliege.be<\/a><\/p>\n<h3>Hintergrundinformationen<\/h3>\n<p><a href=\"https:\/\/euprevent.eu\/wp-content\/uploads\/2018\/02\/WEB-Brochure-Activiteitencongres-DE.pdf\" target=\"_blank\" rel=\"noopener noreferrer\">Seite 24<\/a> (PDF).[\/vc_column_text][\/vc_column][vc_column width=&#8220;1\/3&#8243;][vc_column_text]<\/p>\n<h3>Bereich<\/h3>\n<p>Demenz und Depressionen<\/p>\n<h3>Diese Gemeinden sind vor Ihnen gegangen:<\/h3>\n<p>BE: Hasselt, Verviers<br \/>\nDE: &#8211;<br \/>\nNL: Venray[\/vc_column_text][\/vc_column][\/vc_row][vc_row][vc_column][vc_separator color=&#8220;blue&#8220;][\/vc_column][\/vc_row][vc_row][vc_column][vc_column_text]<\/p>\n<h2><strong>Telefon-star<\/strong><\/h2>\n<p>[\/vc_column_text][\/vc_column][\/vc_row][vc_row][vc_column width=&#8220;1\/3&#8243;][vc_single_image image=&#8220;12659&#8243; img_size=&#8220;full&#8220;][\/vc_column][vc_column width=&#8220;1\/3&#8243;][vc_column_text]<\/p>\n<h3>Kontakt<\/h3>\n<p>Frank Willems (NL): <a href=\"mailto:Frank.willems@logolimburg.be\" target=\"_blank\" rel=\"noopener noreferrer\">Frank.willems@logolimburg.be<\/a><\/p>\n<h3>Hintergrundinformationen<\/h3>\n<p><a href=\"https:\/\/euprevent.eu\/wp-content\/uploads\/2018\/02\/WEB-Brochure-Activiteitencongres-DE.pdf\" target=\"_blank\" rel=\"noopener noreferrer\">Seite 25<\/a> (PDF).<\/p>\n<p>[\/vc_column_text][\/vc_column][vc_column width=&#8220;1\/3&#8243;][vc_column_text]<\/p>\n<h3>Bereich<\/h3>\n<p>Depressionen<\/p>\n<h3>Diese Gemeinden sind vor Ihnen gegangen:<\/h3>\n<p>BE: Amel<br \/>\nDE: Herzogenrath, H\u00fcckelhoven, J\u00fclich, Wegberg<br \/>\nNL: Beekdaelen, Kerkrade, Valkenburg aan de Geul<\/p>\n<p>[\/vc_column_text][\/vc_column][\/vc_row][vc_row][vc_column][vc_separator color=&#8220;blue&#8220;][\/vc_column][\/vc_row][vc_row][vc_column][vc_column_text]<\/p>\n<h2><strong>Theater<\/strong><\/h2>\n<p>[\/vc_column_text][\/vc_column][\/vc_row][vc_row][vc_column width=&#8220;1\/3&#8243;][vc_single_image image=&#8220;12663&#8243; img_size=&#8220;full&#8220;][\/vc_column][vc_column width=&#8220;1\/3&#8243;][vc_column_text]<\/p>\n<h3>Kontakt<\/h3>\n<p>An Geenen (alle Sprachen): <a href=\"mailto:an@setheater.nl\" target=\"_blank\" rel=\"noopener noreferrer\">an@setheater.nl<\/a><\/p>\n<h3>Hintergrundinformationen<\/h3>\n<p><a href=\"https:\/\/euprevent.eu\/wp-content\/uploads\/2018\/02\/WEB-Brochure-Activiteitencongres-DE.pdf\" target=\"_blank\" rel=\"noopener noreferrer\">Seite 26-27<\/a> (PDF).[\/vc_column_text][\/vc_column][vc_column width=&#8220;1\/3&#8243;][vc_column_text]<\/p>\n<h3>Bereich<\/h3>\n<p>Demenz und Depressionen<\/p>\n<h3>Diese Gemeinden sind vor Ihnen gegangen:<\/h3>\n<p>BE: Amel, As, Diepenbeek, Eupen, Halen, Hasselt, Hechtel-Ecksel, Kelmis, L\u00fcttich, Maaseik, Maasmechelen, Oudsbergen, Plombi\u00e8res, Riemst, Beringen, Sint-Truiden, St. Vith, Verviers, Thimister, Voeren, Zutendaal<br \/>\nDE: Dahlem, Geilenkirchen, Heinsberg, Herzogenrath, H\u00fcckelhoven, J\u00fcllich, Stolberg, Ubach-Palenberg<br \/>\nNL: Beesel, Geleen, Kerkrade, Maastricht, Mook en Middelaar, Panningen, Tegelen, Venlo, Venray, Voerendaal, Weert[\/vc_column_text][\/vc_column][\/vc_row][vc_row][vc_column][vc_separator color=&#8220;blue&#8220;][\/vc_column][\/vc_row][vc_row][vc_column][vc_column_text]<\/p>\n<h2><strong>Wohlbefinden auf Verschreibung<\/strong><\/h2>\n<p>[\/vc_column_text][\/vc_column][\/vc_row][vc_row][vc_column width=&#8220;1\/3&#8243;][vc_single_image image=&#8220;12667&#8243; img_size=&#8220;full&#8220;][\/vc_column][vc_column width=&#8220;1\/3&#8243;][vc_column_text]<\/p>\n<h3>Kontakt<\/h3>\n<p>Frank Willems (NL): <a href=\"mailto:Frank.willems@logolimburg.be\" target=\"_blank\" rel=\"noopener noreferrer\">Frank.willems@logolimburg.be<\/a><\/p>\n<h3>Hintergrundinformationen<\/h3>\n<p><a href=\"https:\/\/euprevent.eu\/wp-content\/uploads\/2018\/02\/WEB-Brochure-Activiteitencongres-DE.pdf\" target=\"_blank\" rel=\"noopener noreferrer\">Seite 28<\/a> (PDF).[\/vc_column_text][\/vc_column][vc_column width=&#8220;1\/3&#8243;][vc_column_text]<\/p>\n<h3>Bereich<\/h3>\n<p>Depressionen<\/p>\n<h3>Diese Gemeinden sind vor Ihnen gegangen:<\/h3>\n<p>BE: L\u00fcttich<br \/>\nDE: Wegberg<br \/>\nNL: Beekdaelen, Kerkrade, Valkenburg aan de Geul[\/vc_column_text][\/vc_column][\/vc_row][vc_row][vc_column][vc_separator color=&#8220;blue&#8220;][\/vc_column][\/vc_row][vc_row][vc_column][vc_column_text]<\/p>\n<h2><strong>Allgemeine Fragen<\/strong><\/h2>\n<p>Haben Sie allgemeine Informationen \u00fcber das Projekt &#8222;euPrevent Seniorenfreundliche Gemeinden&#8220; oder \u00fcber die Nutzung der Aktivit\u00e4ten? Wenden Sie sich dann an die Partnerorganisation in Ihrer Region:<\/p>\n<ul>\n<li>Provinz L\u00fcttich und Ostbelgien: Mutualit\u00e9 Chr\u00e9tienne Verviers-Eupen \u2013 <a href=\"mailto:francois.galand@mc.be\">francois.galand@mc.be<\/a> (Sprachen: FR, DE, NL)<\/li>\n<li>Provinz Belgisch-Limburg: Logo Limburg \u2013 <a href=\"mailto:Frank.willems@logolimburg.be\">Frank.willems@logolimburg.be<\/a><\/li>\n<li>Provinz Niederl\u00e4ndisch-Limburg: Burgerkracht \u2013 <a href=\"mailto:info@burgerkrachtlimburg.nl\">info@burgerkrachtlimburg.nl<\/a><\/li>\n<li>Region Aachen: Gesundheitsamt Heinsberg \u2013 <a href=\"mailto:Karl-Heinz.Grimm@kreis-heinsberg.de\">Karl-Heinz.Grimm@kreis-heinsberg.de<\/a><\/li>\n<\/ul>\n<p>[\/vc_column_text][\/vc_column][\/vc_row]<\/p>\n<\/section>","protected":false},"excerpt":{"rendered":"<p>[vc_row][vc_column][vc_column_text] Aktivit\u00e4ten Demenz und altersbedingte Depression Im Rahmen des euPrevent-Projekts Senior Friendly Communities (SFC) wurde ein Aktivit\u00e4tenbuffet mit 15 konkreten, bereits bestehenden Pr\u00e4ventionsaktivit\u00e4ten erstellt, die sich an \u00e4ltere Menschen mit Demenz und altersbedingten Depressionen und ihre Betreuer richten. Die Aktivit\u00e4ten lassen sich in den Rahmen des &#8222;Aktiven Alterns&#8220; der Weltgesundheitsorganisation einordnen. Die drei S\u00e4ulen des [&hellip;]<\/p>\n","protected":false},"author":5,"featured_media":0,"parent":764,"menu_order":0,"comment_status":"closed","ping_status":"closed","template":"","meta":{"_acf_changed":false,"footnotes":""},"class_list":["post-12794","page","type-page","status-publish","hentry","programmes-mental-health"],"acf":[],"yoast_head":"<!-- This site is optimized with the Yoast SEO plugin v27.5 - https:\/\/yoast.com\/product\/yoast-seo-wordpress\/ -->\n<title>Aktivit\u00e4ten Demenz und altersbedingte Depression - euPrevent<\/title>\n<meta name=\"robots\" content=\"index, follow, max-snippet:-1, max-image-preview:large, max-video-preview:-1\" \/>\n<link rel=\"canonical\" href=\"https:\/\/euprevent.eu\/de\/sfc\/activiteiten-dementie-en-ouderdomsdepressie\/\" \/>\n<meta property=\"og:locale\" content=\"de_DE\" \/>\n<meta property=\"og:type\" content=\"article\" \/>\n<meta property=\"og:title\" content=\"Aktivit\u00e4ten Demenz und altersbedingte Depression - euPrevent\" \/>\n<meta property=\"og:description\" content=\"[vc_row][vc_column][vc_column_text] Aktivit\u00e4ten Demenz und altersbedingte Depression Im Rahmen des euPrevent-Projekts Senior Friendly Communities (SFC) wurde ein Aktivit\u00e4tenbuffet mit 15 konkreten, bereits bestehenden Pr\u00e4ventionsaktivit\u00e4ten erstellt, die sich an \u00e4ltere Menschen mit Demenz und altersbedingten Depressionen und ihre Betreuer richten. Die Aktivit\u00e4ten lassen sich in den Rahmen des &#8222;Aktiven Alterns&#8220; der Weltgesundheitsorganisation einordnen. Die drei S\u00e4ulen des [&hellip;]\" \/>\n<meta property=\"og:url\" content=\"https:\/\/euprevent.eu\/de\/sfc\/activiteiten-dementie-en-ouderdomsdepressie\/\" \/>\n<meta property=\"og:site_name\" content=\"euPrevent\" \/>\n<meta property=\"article:modified_time\" content=\"2022-01-13T11:24:36+00:00\" \/>\n<meta name=\"twitter:card\" content=\"summary_large_image\" \/>\n<meta name=\"twitter:label1\" content=\"Gesch\u00e4tzte Lesezeit\" \/>\n\t<meta name=\"twitter:data1\" content=\"4\u00a0Minuten\" \/>\n<script type=\"application\/ld+json\" class=\"yoast-schema-graph\">{\"@context\":\"https:\\\/\\\/schema.org\",\"@graph\":[{\"@type\":\"WebPage\",\"@id\":\"https:\\\/\\\/euprevent.eu\\\/de\\\/sfc\\\/activiteiten-dementie-en-ouderdomsdepressie\\\/\",\"url\":\"https:\\\/\\\/euprevent.eu\\\/de\\\/sfc\\\/activiteiten-dementie-en-ouderdomsdepressie\\\/\",\"name\":\"Aktivit\u00e4ten Demenz und altersbedingte Depression - euPrevent\",\"isPartOf\":{\"@id\":\"https:\\\/\\\/euprevent.eu\\\/de\\\/#website\"},\"datePublished\":\"2020-02-10T15:54:31+00:00\",\"dateModified\":\"2022-01-13T11:24:36+00:00\",\"breadcrumb\":{\"@id\":\"https:\\\/\\\/euprevent.eu\\\/de\\\/sfc\\\/activiteiten-dementie-en-ouderdomsdepressie\\\/#breadcrumb\"},\"inLanguage\":\"de\",\"potentialAction\":[{\"@type\":\"ReadAction\",\"target\":[\"https:\\\/\\\/euprevent.eu\\\/de\\\/sfc\\\/activiteiten-dementie-en-ouderdomsdepressie\\\/\"]}]},{\"@type\":\"BreadcrumbList\",\"@id\":\"https:\\\/\\\/euprevent.eu\\\/de\\\/sfc\\\/activiteiten-dementie-en-ouderdomsdepressie\\\/#breadcrumb\",\"itemListElement\":[{\"@type\":\"ListItem\",\"position\":1,\"name\":\"Home\",\"item\":\"https:\\\/\\\/euprevent.eu\\\/de\\\/\"},{\"@type\":\"ListItem\",\"position\":2,\"name\":\"Projekt Senior Friendly Communities\",\"item\":\"https:\\\/\\\/euprevent.eu\\\/de\\\/sfc\\\/\"},{\"@type\":\"ListItem\",\"position\":3,\"name\":\"Aktivit\u00e4ten Demenz und altersbedingte Depression\"}]},{\"@type\":\"WebSite\",\"@id\":\"https:\\\/\\\/euprevent.eu\\\/de\\\/#website\",\"url\":\"https:\\\/\\\/euprevent.eu\\\/de\\\/\",\"name\":\"euPrevent\",\"description\":\"euPrevent is a Euroregional network that focuses on promoting health. Within this network, sustainable partnerships seek to increase the quality of life of residents in the border region between the Netherlands, Belgium and Germany.\",\"potentialAction\":[{\"@type\":\"SearchAction\",\"target\":{\"@type\":\"EntryPoint\",\"urlTemplate\":\"https:\\\/\\\/euprevent.eu\\\/de\\\/?s={search_term_string}\"},\"query-input\":{\"@type\":\"PropertyValueSpecification\",\"valueRequired\":true,\"valueName\":\"search_term_string\"}}],\"inLanguage\":\"de\"}]}<\/script>\n<!-- \/ Yoast SEO plugin. -->","yoast_head_json":{"title":"Aktivit\u00e4ten Demenz und altersbedingte Depression - euPrevent","robots":{"index":"index","follow":"follow","max-snippet":"max-snippet:-1","max-image-preview":"max-image-preview:large","max-video-preview":"max-video-preview:-1"},"canonical":"https:\/\/euprevent.eu\/de\/sfc\/activiteiten-dementie-en-ouderdomsdepressie\/","og_locale":"de_DE","og_type":"article","og_title":"Aktivit\u00e4ten Demenz und altersbedingte Depression - euPrevent","og_description":"[vc_row][vc_column][vc_column_text] Aktivit\u00e4ten Demenz und altersbedingte Depression Im Rahmen des euPrevent-Projekts Senior Friendly Communities (SFC) wurde ein Aktivit\u00e4tenbuffet mit 15 konkreten, bereits bestehenden Pr\u00e4ventionsaktivit\u00e4ten erstellt, die sich an \u00e4ltere Menschen mit Demenz und altersbedingten Depressionen und ihre Betreuer richten. Die Aktivit\u00e4ten lassen sich in den Rahmen des &#8222;Aktiven Alterns&#8220; der Weltgesundheitsorganisation einordnen. Die drei S\u00e4ulen des [&hellip;]","og_url":"https:\/\/euprevent.eu\/de\/sfc\/activiteiten-dementie-en-ouderdomsdepressie\/","og_site_name":"euPrevent","article_modified_time":"2022-01-13T11:24:36+00:00","twitter_card":"summary_large_image","twitter_misc":{"Gesch\u00e4tzte Lesezeit":"4\u00a0Minuten"},"schema":{"@context":"https:\/\/schema.org","@graph":[{"@type":"WebPage","@id":"https:\/\/euprevent.eu\/de\/sfc\/activiteiten-dementie-en-ouderdomsdepressie\/","url":"https:\/\/euprevent.eu\/de\/sfc\/activiteiten-dementie-en-ouderdomsdepressie\/","name":"Aktivit\u00e4ten Demenz und altersbedingte Depression - euPrevent","isPartOf":{"@id":"https:\/\/euprevent.eu\/de\/#website"},"datePublished":"2020-02-10T15:54:31+00:00","dateModified":"2022-01-13T11:24:36+00:00","breadcrumb":{"@id":"https:\/\/euprevent.eu\/de\/sfc\/activiteiten-dementie-en-ouderdomsdepressie\/#breadcrumb"},"inLanguage":"de","potentialAction":[{"@type":"ReadAction","target":["https:\/\/euprevent.eu\/de\/sfc\/activiteiten-dementie-en-ouderdomsdepressie\/"]}]},{"@type":"BreadcrumbList","@id":"https:\/\/euprevent.eu\/de\/sfc\/activiteiten-dementie-en-ouderdomsdepressie\/#breadcrumb","itemListElement":[{"@type":"ListItem","position":1,"name":"Home","item":"https:\/\/euprevent.eu\/de\/"},{"@type":"ListItem","position":2,"name":"Projekt Senior Friendly Communities","item":"https:\/\/euprevent.eu\/de\/sfc\/"},{"@type":"ListItem","position":3,"name":"Aktivit\u00e4ten Demenz und altersbedingte Depression"}]},{"@type":"WebSite","@id":"https:\/\/euprevent.eu\/de\/#website","url":"https:\/\/euprevent.eu\/de\/","name":"euPrevent","description":"euPrevent is a Euroregional network that focuses on promoting health. Within this network, sustainable partnerships seek to increase the quality of life of residents in the border region between the Netherlands, Belgium and Germany.","potentialAction":[{"@type":"SearchAction","target":{"@type":"EntryPoint","urlTemplate":"https:\/\/euprevent.eu\/de\/?s={search_term_string}"},"query-input":{"@type":"PropertyValueSpecification","valueRequired":true,"valueName":"search_term_string"}}],"inLanguage":"de"}]}},"_links":{"self":[{"href":"https:\/\/euprevent.eu\/de\/wp-json\/wp\/v2\/pages\/12794","targetHints":{"allow":["GET"]}}],"collection":[{"href":"https:\/\/euprevent.eu\/de\/wp-json\/wp\/v2\/pages"}],"about":[{"href":"https:\/\/euprevent.eu\/de\/wp-json\/wp\/v2\/types\/page"}],"author":[{"embeddable":true,"href":"https:\/\/euprevent.eu\/de\/wp-json\/wp\/v2\/users\/5"}],"replies":[{"embeddable":true,"href":"https:\/\/euprevent.eu\/de\/wp-json\/wp\/v2\/comments?post=12794"}],"version-history":[{"count":7,"href":"https:\/\/euprevent.eu\/de\/wp-json\/wp\/v2\/pages\/12794\/revisions"}],"predecessor-version":[{"id":17104,"href":"https:\/\/euprevent.eu\/de\/wp-json\/wp\/v2\/pages\/12794\/revisions\/17104"}],"up":[{"embeddable":true,"href":"https:\/\/euprevent.eu\/de\/wp-json\/wp\/v2\/pages\/764"}],"wp:attachment":[{"href":"https:\/\/euprevent.eu\/de\/wp-json\/wp\/v2\/media?parent=12794"}],"curies":[{"name":"wp","href":"https:\/\/api.w.org\/{rel}","templated":true}]}}